{"id":14273,"date":"2013-10-25T17:21:17","date_gmt":"2013-10-25T15:21:17","guid":{"rendered":"https:\/\/www.rendezvousbundesplatz.ch\/hotels-restaurants\/"},"modified":"2025-11-26T14:04:27","modified_gmt":"2025-11-26T13:04:27","slug":"hotels-restaurants","status":"publish","type":"page","link":"https:\/\/www.rendezvousbundesplatz.ch\/en\/hotels-restaurants\/","title":{"rendered":"Our hotel and restaurant partners"},"content":{"rendered":"<div class=\"wpb-content-wrapper\"><p>[vc_row css_animation=&#8221;&#8221; row_type=&#8221;row&#8221; use_row_as_full_screen_section=&#8221;no&#8221; type=&#8221;grid&#8221; angled_section=&#8221;no&#8221; text_align=&#8221;center&#8221; background_image_as_pattern=&#8221;without_pattern&#8221; z_index=&#8221;&#8221;][vc_column offset=&#8221;vc_hidden-lg vc_hidden-md vc_hidden-sm vc_hidden-xs&#8221;][vc_empty_space][vc_column_text css=&#8221;&#8221;]<\/p>\n<h2 style=\"text-align: center;\">Bistro Rendez-vous Bundesplatz<\/h2>\n<p>[\/vc_column_text][vc_column_text css=&#8221;&#8221;]<strong>Two reservation slots daily from 18 October to 22 November<\/strong><\/p>\n<p>Starlight Events GmbH and the Catering Service of Migros Lucerne Region Aare cordially invite you to experience this year&#8217;s light spectacle on the Bundesplatz. We would like to inspire you not only visually, but also with culinary delights.<\/p>\n<p>Secure your table at the Bistro Rendez-vous.[\/vc_column_text][vc_empty_space]<a  itemprop=\"url\" href=\"https:\/\/forms.office.com\/e\/agZFpUkj7N\" target=\"_blank\"  class=\"qbutton  default\" style=\"\">Book your table now<\/a>[vc_empty_space][vc_separator type=&#8221;normal&#8221; color=&#8221;#000000&#8243; transparency=&#8221;0.3&#8243; thickness=&#8221;1&#8243; up=&#8221;32&#8243; down=&#8221;32&#8243;][\/vc_column][\/vc_row][vc_row css_animation=&#8221;&#8221; row_type=&#8221;row&#8221; use_row_as_full_screen_section=&#8221;no&#8221; type=&#8221;grid&#8221; angled_section=&#8221;no&#8221; text_align=&#8221;center&#8221; background_image_as_pattern=&#8221;without_pattern&#8221; z_index=&#8221;&#8221;][vc_column][vc_empty_space][vc_column_text]<\/p>\n<h2 style=\"text-align: center;\">Hotels in Bern<\/h2>\n<p>[\/vc_column_text][vc_column_text]Sleep well in Bern&#8217;s city centre.\u00a0Our partner hotels on Bundesplatz look forward to your reservation. You benefit from better conditions when booking directly at the hotel:<\/p>\n<p><strong>Book now!<\/strong>[\/vc_column_text][vc_empty_space][\/vc_column][\/vc_row][vc_row css_animation=&#8221;&#8221; row_type=&#8221;row&#8221; use_row_as_full_screen_section=&#8221;no&#8221; type=&#8221;grid&#8221; angled_section=&#8221;no&#8221; text_align=&#8221;center&#8221; background_image_as_pattern=&#8221;without_pattern&#8221; z_index=&#8221;&#8221;][vc_column width=&#8221;1\/4&#8243;][vc_single_image image=&#8221;17875&#8243; img_size=&#8221;full&#8221; alignment=&#8221;center&#8221; onclick=&#8221;custom_link&#8221; img_link_target=&#8221;_blank&#8221; css=&#8221;&#8221; qode_css_animation=&#8221;&#8221; link=&#8221;https:\/\/www.baerenbern.ch\/en\/&#8221;][vc_empty_space][\/vc_column][vc_column width=&#8221;1\/4&#8243;][vc_single_image image=&#8221;18901&#8243; img_size=&#8221;full&#8221; alignment=&#8221;center&#8221; onclick=&#8221;custom_link&#8221; img_link_target=&#8221;_blank&#8221; css=&#8221;&#8221; qode_css_animation=&#8221;&#8221; link=&#8221;https:\/\/www.bellevue-palace.ch\/en&#8221;][vc_empty_space][\/vc_column][vc_column width=&#8221;1\/4&#8243;][vc_single_image image=&#8221;17884&#8243; img_size=&#8221;full&#8221; alignment=&#8221;center&#8221; onclick=&#8221;custom_link&#8221; img_link_target=&#8221;_blank&#8221; css=&#8221;&#8221; qode_css_animation=&#8221;&#8221; link=&#8221;https:\/\/www.hotelbern.ch\/en\/&#8221;][vc_empty_space][\/vc_column][vc_column width=&#8221;1\/4&#8243;][vc_single_image image=&#8221;17888&#8243; img_size=&#8221;full&#8221; alignment=&#8221;center&#8221; onclick=&#8221;custom_link&#8221; img_link_target=&#8221;_blank&#8221; css=&#8221;&#8221; qode_css_animation=&#8221;&#8221; link=&#8221;https:\/\/www.nh-hotels.com\/en\/hotel\/nh-bern-the-bristol&#8221;][vc_empty_space][\/vc_column][\/vc_row][vc_row css_animation=&#8221;&#8221; row_type=&#8221;row&#8221; use_row_as_full_screen_section=&#8221;no&#8221; type=&#8221;grid&#8221; angled_section=&#8221;no&#8221; text_align=&#8221;center&#8221; background_image_as_pattern=&#8221;without_pattern&#8221; z_index=&#8221;&#8221;][vc_column][vc_empty_space][vc_separator type=&#8221;normal&#8221; color=&#8221;#000000&#8243; transparency=&#8221;0.3&#8243; thickness=&#8221;1&#8243; up=&#8221;32&#8243; down=&#8221;32&#8243;][vc_column_text]<\/p>\n<h2 style=\"text-align: center;\">This is where you will be treated to culinary delights<\/h2>\n<p>[\/vc_column_text][vc_column_text css=&#8221;&#8221;]The following restaurants supported this great cultural event and look forward to welcoming you.<\/p>\n<p><strong>Book now!<\/strong>[\/vc_column_text][vc_empty_space][\/vc_column][\/vc_row][vc_row css_animation=&#8221;&#8221; row_type=&#8221;row&#8221; use_row_as_full_screen_section=&#8221;no&#8221; type=&#8221;grid&#8221; angled_section=&#8221;no&#8221; text_align=&#8221;left&#8221; background_image_as_pattern=&#8221;without_pattern&#8221; z_index=&#8221;&#8221;][vc_column width=&#8221;1\/4&#8243;][vc_single_image image=&#8221;19077&#8243; img_size=&#8221;full&#8221; alignment=&#8221;center&#8221; onclick=&#8221;custom_link&#8221; img_link_target=&#8221;_blank&#8221; css=&#8221;&#8221; qode_css_animation=&#8221;&#8221; link=&#8221;https:\/\/dabucolo.ch\/&#8221;][vc_column_text css=&#8221;&#8221;]<\/p>\n<p style=\"text-align: center;\"><strong>Da Bucolo<br \/>\n<\/strong>Amthausgasse 10<br \/>\n<a href=\"https:\/\/dabucolo.ch\/\" target=\"_blank\" rel=\"noopener\">www.dabucolo.ch<\/a><br \/>\n<a href=\"tel:+41313328282\">031 332 82 82<\/a><\/p>\n<p>[\/vc_column_text][vc_empty_space height=&#8221;16px&#8221;][\/vc_column][vc_column width=&#8221;1\/4&#8243;][vc_single_image image=&#8221;18694&#8243; img_size=&#8221;full&#8221; alignment=&#8221;center&#8221; onclick=&#8221;custom_link&#8221; img_link_target=&#8221;_blank&#8221; css=&#8221;&#8221; qode_css_animation=&#8221;&#8221; link=&#8221;https:\/\/www.della-casa.ch\/&#8221;][vc_column_text css=&#8221;&#8221;]<\/p>\n<p style=\"text-align: center;\"><strong>Restaurant Della Casa<br \/>\n<\/strong>Schauplatzgasse 16<br \/>\n<a href=\"https:\/\/www.della-casa.ch\/\" target=\"_blank\" rel=\"noopener\">www.della-casa.ch<\/a><br \/>\n<a href=\"tel:+41313112142\">031 311 21 42<\/a><\/p>\n<p>[\/vc_column_text][vc_empty_space height=&#8221;16px&#8221;][\/vc_column][vc_column width=&#8221;1\/4&#8243;][vc_single_image image=&#8221;17900&#8243; img_size=&#8221;full&#8221; alignment=&#8221;center&#8221; onclick=&#8221;custom_link&#8221; img_link_target=&#8221;_blank&#8221; css=&#8221;&#8221; qode_css_animation=&#8221;&#8221; link=&#8221;https:\/\/entrecote.ch\/language\/en\/&#8221;][vc_column_text]<\/p>\n<p style=\"text-align: center;\"><strong>Entrec\u00f4te Caf\u00e9 F\u00e9d\u00e9ral<br \/>\n<\/strong>B\u00e4renplatz 31<br \/>\n<a href=\"https:\/\/entrecote.ch\/\" target=\"_blank\" rel=\"noopener noreferrer\">www.entrecote.ch<\/a><br \/>\n<a href=\"tel:0041313111624\" target=\"_blank\" rel=\"noopener\">031 311 16 24<\/a><\/p>\n<p>[\/vc_column_text][vc_empty_space height=&#8221;16px&#8221;][\/vc_column][vc_column width=&#8221;1\/4&#8243;][vc_single_image image=&#8221;17904&#8243; img_size=&#8221;full&#8221; alignment=&#8221;center&#8221; onclick=&#8221;custom_link&#8221; img_link_target=&#8221;_blank&#8221; css=&#8221;&#8221; qode_css_animation=&#8221;&#8221; link=&#8221;https:\/\/www.bindella.ch\/gastronomie\/kornhauskeller&#8221;][vc_column_text css=&#8221;&#8221;]<\/p>\n<p style=\"text-align: center;\"><strong>Kornhauskeller<br \/>\n<\/strong>Kornhausplatz 18<br \/>\n<a href=\"https:\/\/www.bindella.ch\/gastronomie\/kornhauskeller\" target=\"_blank\" rel=\"noopener noreferrer\">www.bindella.ch<\/a><br \/>\n<a href=\"tel:0041313277272\" target=\"_blank\" rel=\"noopener\">031 327 72 72<\/a><\/p>\n<p>[\/vc_column_text][vc_empty_space height=&#8221;16px&#8221;][\/vc_column][\/vc_row][vc_row css_animation=&#8221;&#8221; row_type=&#8221;row&#8221; use_row_as_full_screen_section=&#8221;no&#8221; type=&#8221;grid&#8221; angled_section=&#8221;no&#8221; text_align=&#8221;left&#8221; background_image_as_pattern=&#8221;without_pattern&#8221; z_index=&#8221;&#8221; css=&#8221;.vc_custom_1630685362506{margin-top: 32px !important;}&#8221;][vc_column width=&#8221;1\/4&#8243;][vc_single_image image=&#8221;17908&#8243; img_size=&#8221;full&#8221; alignment=&#8221;center&#8221; onclick=&#8221;custom_link&#8221; img_link_target=&#8221;_blank&#8221; css=&#8221;&#8221; qode_css_animation=&#8221;&#8221; link=&#8221;https:\/\/www.bindella.ch\/gastronomie\/lorenzini&#8221;][vc_column_text]<\/p>\n<p style=\"text-align: center;\"><strong>Lorenzini<br \/>\n<\/strong>Hotelgasse 10<br \/>\n<a href=\"https:\/\/www.bindella.ch\/de\/lorenzini.html\" target=\"_blank\" rel=\"noopener noreferrer\">www.bindella.ch<\/a><br \/>\n<a href=\"tel:0041313185067\" target=\"_blank\" rel=\"noopener\">031 318 50 67<\/a><\/p>\n<p>[\/vc_column_text][vc_empty_space height=&#8221;16px&#8221;][\/vc_column][vc_column width=&#8221;1\/4&#8243;][vc_single_image image=&#8221;17916&#8243; img_size=&#8221;full&#8221; alignment=&#8221;center&#8221; onclick=&#8221;custom_link&#8221; img_link_target=&#8221;_blank&#8221; css=&#8221;&#8221; qode_css_animation=&#8221;&#8221; link=&#8221;https:\/\/nido-ristorante.ch\/en\/&#8221;][vc_column_text css=&#8221;&#8221;]<\/p>\n<p style=\"text-align: center;\"><strong>Ristorante NIDO AG<\/strong><br \/>\nAuf dem LOEB-Dach<br \/>\nSpitalgasse 47-51<br \/>\n<a href=\"https:\/\/nido-ristorante.ch\/\" target=\"_blank\" rel=\"noopener noreferrer\">www.nido-ristorante.ch<\/a><br \/>\n<a href=\"tel:0041313201212\" target=\"_blank\" rel=\"noopener\">031 320 12 12<\/a><\/p>\n<p>\n[\/vc_column_text][\/vc_column][vc_column width=&#8221;1\/4&#8243;][vc_single_image image=&#8221;17920&#8243; img_size=&#8221;full&#8221; alignment=&#8221;center&#8221; onclick=&#8221;custom_link&#8221; img_link_target=&#8221;_blank&#8221; css=&#8221;&#8221; qode_css_animation=&#8221;&#8221; link=&#8221;https:\/\/piazzaitalia.ch\/&#8221;][vc_column_text css=&#8221;&#8221;]<\/p>\n<p style=\"text-align: center;\"><b>Piazza Italia<br \/>\n<\/b>B\u00e4renplatz 3<br \/>\n<a href=\"https:\/\/piazzaitalia.ch\/\" target=\"_blank\" rel=\"noopener noreferrer\">piazzaitalia.ch<\/a><br \/>\n<a href=\"tel:0041313181000\" target=\"_blank\" rel=\"noopener\">031 318 10 00<\/a><\/p>\n<p>\n[\/vc_column_text][vc_empty_space height=&#8221;16px&#8221;][\/vc_column][vc_column width=&#8221;1\/4&#8243;][vc_single_image image=&#8221;17924&#8243; img_size=&#8221;full&#8221; alignment=&#8221;center&#8221; onclick=&#8221;custom_link&#8221; img_link_target=&#8221;_blank&#8221; css=&#8221;&#8221; qode_css_animation=&#8221;&#8221; link=&#8221;https:\/\/www.piu-ristorante.ch\/piu-kornhaus-bern\/&#8221;][vc_column_text]<\/p>\n<p style=\"text-align: center;\"><strong>pi\u00f9 kornhaus<br \/>\n<\/strong>Kornhausplatz 18<br \/>\n<a href=\"https:\/\/www.piu-ristorante.ch\/piu-kornhaus\" target=\"_blank\" rel=\"noopener noreferrer\">www.piu-ristorante.ch<\/a><br \/>\n<a href=\"tel:0041313277270\" target=\"_blank\" rel=\"noopener\">031 327 72 70<\/a><\/p>\n<p>[\/vc_column_text][vc_empty_space height=&#8221;16px&#8221;][\/vc_column][\/vc_row][vc_row css_animation=&#8221;&#8221; row_type=&#8221;row&#8221; use_row_as_full_screen_section=&#8221;no&#8221; type=&#8221;grid&#8221; angled_section=&#8221;no&#8221; text_align=&#8221;left&#8221; background_image_as_pattern=&#8221;without_pattern&#8221; z_index=&#8221;&#8221; css=&#8221;.vc_custom_1630685362506{margin-top: 32px !important;}&#8221;][vc_column width=&#8221;1\/4&#8243;][vc_single_image image=&#8221;17928&#8243; img_size=&#8221;full&#8221; alignment=&#8221;center&#8221; onclick=&#8221;custom_link&#8221; img_link_target=&#8221;_blank&#8221; css=&#8221;&#8221; qode_css_animation=&#8221;&#8221; link=&#8221;https:\/\/www.roeschtigrabe.ch\/&#8221;][vc_column_text]<\/p>\n<p style=\"text-align: center;\"><strong>Restaurant R\u00f6schtigrabe<\/strong><br \/>\nB\u00e4renplatz 11<br \/>\n<a href=\"https:\/\/www.roeschtigrabe.ch\" target=\"_blank\" rel=\"noopener\">www.roeschtigrabe.ch<\/a><br \/>\n<a href=\"tel:0041313282020\" target=\"_blank\" rel=\"noopener\">031 328 20 20<\/a><\/p>\n<p>[\/vc_column_text][vc_empty_space height=&#8221;16px&#8221;][\/vc_column][vc_column width=&#8221;1\/4&#8243;][vc_single_image image=&#8221;17932&#8243; img_size=&#8221;full&#8221; alignment=&#8221;center&#8221; onclick=&#8221;custom_link&#8221; img_link_target=&#8221;_blank&#8221; css=&#8221;&#8221; qode_css_animation=&#8221;&#8221; link=&#8221;https:\/\/www.bindella.ch\/gastronomie\/santa-lucia-bern&#8221;][vc_column_text]<\/p>\n<p style=\"text-align: center;\"><strong>Santa Lucia Bern<br \/>\n<\/strong>B\u00e4renplatz 7<br \/>\n<a href=\"https:\/\/www.bindella.ch\/de\/santa-lucia-bern.html\" target=\"_blank\" rel=\"noopener noreferrer\">www.santalucia.ch<\/a><br \/>\n<a href=\"tel:0041313122050\" target=\"_blank\" rel=\"noopener\">031 312 20 50<\/a><\/p>\n<p>[\/vc_column_text][vc_empty_space height=&#8221;16px&#8221;][\/vc_column][vc_column width=&#8221;1\/4&#8243;][vc_single_image image=&#8221;18736&#8243; img_size=&#8221;full&#8221; alignment=&#8221;center&#8221; onclick=&#8221;custom_link&#8221; img_link_target=&#8221;_blank&#8221; css=&#8221;&#8221; qode_css_animation=&#8221;&#8221; link=&#8221;https:\/\/www.bindella.ch\/gastronomie\/trattoria-sempre-bern&#8221;][vc_column_text css=&#8221;&#8221;]<\/p>\n<p style=\"text-align: center;\"><strong>Trattoria Sempre<\/strong><br \/>\nKornhausplatz 7<br \/>\n<a href=\"https:\/\/www.bindella.ch\/gastronomie\/trattoria-sempre-bern\" target=\"_blank\" rel=\"noopener\">www.bindella.ch<\/a><br \/>\n<a href=\"tel:+41313125455\">031 312 54 55<\/a><\/p>\n<p>\n[\/vc_column_text][vc_empty_space height=&#8221;16px&#8221;][\/vc_column][vc_column width=&#8221;1\/4&#8243;][vc_single_image image=&#8221;17940&#8243; img_size=&#8221;full&#8221; alignment=&#8221;center&#8221; onclick=&#8221;custom_link&#8221; img_link_target=&#8221;_blank&#8221; css=&#8221;&#8221; qode_css_animation=&#8221;&#8221; link=&#8221;https:\/\/www.tre-fratelli-bern.ch\/en\/&#8221;][vc_column_text css=&#8221;&#8221;]<\/p>\n<p style=\"text-align: center;\"><strong>Locanda Tre Fratelli<br \/>\n<\/strong>Laupenstrasse 17<br \/>\n<a href=\"https:\/\/www.tre-fratelli-bern.ch\/en\/\" target=\"_blank\" rel=\"noopener noreferrer\">tre-fratelli-bern.ch<\/a><br \/>\n<a href=\"tel:0041313812573\" target=\"_blank\" rel=\"noopener\">031 381 25 73<\/a><\/p>\n<p>[\/vc_column_text][vc_empty_space height=&#8221;16px&#8221;][\/vc_column][\/vc_row][vc_row css_animation=&#8221;&#8221; row_type=&#8221;row&#8221; use_row_as_full_screen_section=&#8221;no&#8221; type=&#8221;grid&#8221; angled_section=&#8221;no&#8221; text_align=&#8221;left&#8221; background_image_as_pattern=&#8221;without_pattern&#8221; z_index=&#8221;&#8221; css=&#8221;.vc_custom_1630685362506{margin-top: 32px !important;}&#8221;][vc_column width=&#8221;1\/4&#8243;][vc_single_image image=&#8221;18730&#8243; img_size=&#8221;full&#8221; alignment=&#8221;center&#8221; onclick=&#8221;custom_link&#8221; img_link_target=&#8221;_blank&#8221; css=&#8221;&#8221; qode_css_animation=&#8221;&#8221; link=&#8221;https:\/\/www.bindella.ch\/gastronomie\/verdi&#8221;][vc_column_text css=&#8221;&#8221;]<\/p>\n<p style=\"text-align: center;\"><span class=\"Shedule-section__contact-item\"><strong>Ristorante Verdi<\/strong><br \/>\nGerechtigkeitsgasse 7<\/span><span class=\"Shedule-section__contact-item\">3<br \/>\n<a href=\"https:\/\/www.bindella.ch\/gastronomie\/verdi\" target=\"_blank\" rel=\"noopener\">www.bindella.ch<\/a><br \/>\n<\/span><a href=\"tel:+41313126368\">031 312 63 68<\/a><\/p>\n<p>\n[\/vc_column_text][vc_empty_space height=&#8221;16px&#8221;][\/vc_column][vc_column width=&#8221;1\/4&#8243;][vc_single_image image=&#8221;18711&#8243; img_size=&#8221;full&#8221; alignment=&#8221;center&#8221; onclick=&#8221;custom_link&#8221; img_link_target=&#8221;_blank&#8221; css=&#8221;&#8221; qode_css_animation=&#8221;&#8221; link=&#8221;https:\/\/www.volkshausbern.ch\/en\/&#8221;][vc_column_text css=&#8221;&#8221;]<\/p>\n<p style=\"text-align: center;\"><strong>Restaurant Volkshaus 1914<\/strong><br \/>\nZeughausgasse 9<br \/>\n<a href=\"https:\/\/www.volkshausbern.ch\/en\/\" target=\"_blank\" rel=\"noopener\">www.volkshausbern.ch<\/a><br \/>\n<a href=\"tel:+41313292233\">031 329 22 33<\/a><\/p>\n<p>[\/vc_column_text][vc_empty_space height=&#8221;16px&#8221;][\/vc_column][vc_column width=&#8221;1\/4&#8243;][\/vc_column][vc_column width=&#8221;1\/4&#8243;][\/vc_column][\/vc_row][vc_row css_animation=&#8221;&#8221; row_type=&#8221;row&#8221; use_row_as_full_screen_section=&#8221;no&#8221; type=&#8221;full_width&#8221; angled_section=&#8221;no&#8221; text_align=&#8221;left&#8221; background_image_as_pattern=&#8221;without_pattern&#8221;][vc_column][vc_empty_space height=&#8221;80px&#8221;][\/vc_column][\/vc_row]<\/p>\n<\/div>","protected":false},"excerpt":{"rendered":"<p>[vc_row css_animation=&#8221;&#8221; row_type=&#8221;row&#8221; use_row_as_full_screen_section=&#8221;no&#8221; type=&#8221;grid&#8221; angled_section=&#8221;no&#8221; text_align=&#8221;center&#8221; background_image_as_pattern=&#8221;without_pattern&#8221; z_index=&#8221;&#8221;][vc_column offset=&#8221;vc_hidden-lg vc_hidden-md vc_hidden-sm vc_hidden-xs&#8221;][vc_empty_space][vc_column_text css=&#8221;&#8221;] Bistro Rendez-vous Bundesplatz [\/vc_column_text][vc_column_text css=&#8221;&#8221;]Two reservation slots daily from 18 October to 22 November Starlight Events GmbH and the Catering Service of Migros Lucerne Region Aare cordially invite you to experience&#8230;<\/p>\n","protected":false},"author":2,"featured_media":0,"parent":0,"menu_order":0,"comment_status":"closed","ping_status":"closed","template":"full_width.php","meta":{"footnotes":""},"class_list":["post-14273","page","type-page","status-publish","hentry"],"yoast_head":"<!-- This site is optimized with the Yoast SEO plugin v27.0 - https:\/\/yoast.com\/product\/yoast-seo-wordpress\/ -->\n<title>Our hotel and restaurant partners - Rendez-vous Bundesplatz<\/title>\n<meta name=\"robots\" content=\"index, follow, max-snippet:-1, max-image-preview:large, max-video-preview:-1\" \/>\n<link rel=\"canonical\" href=\"https:\/\/www.rendezvousbundesplatz.ch\/en\/hotels-restaurants\/\" \/>\n<meta property=\"og:locale\" content=\"en_US\" \/>\n<meta property=\"og:type\" content=\"article\" \/>\n<meta property=\"og:title\" content=\"Our hotel and restaurant partners - Rendez-vous Bundesplatz\" \/>\n<meta property=\"og:description\" content=\"[vc_row css_animation=&#8221;&#8221; row_type=&#8221;row&#8221; use_row_as_full_screen_section=&#8221;no&#8221; type=&#8221;grid&#8221; angled_section=&#8221;no&#8221; text_align=&#8221;center&#8221; background_image_as_pattern=&#8221;without_pattern&#8221; z_index=&#8221;&#8221;][vc_column offset=&#8221;vc_hidden-lg vc_hidden-md vc_hidden-sm vc_hidden-xs&#8221;][vc_empty_space][vc_column_text css=&#8221;&#8221;] Bistro Rendez-vous Bundesplatz [\/vc_column_text][vc_column_text css=&#8221;&#8221;]Two reservation slots daily from 18 October to 22 November Starlight Events GmbH and the Catering Service of Migros Lucerne Region Aare cordially invite you to experience...\" \/>\n<meta property=\"og:url\" content=\"https:\/\/www.rendezvousbundesplatz.ch\/en\/hotels-restaurants\/\" \/>\n<meta property=\"og:site_name\" content=\"Rendez-vous Bundesplatz\" \/>\n<meta property=\"article:modified_time\" content=\"2025-11-26T13:04:27+00:00\" \/>\n<meta name=\"twitter:label1\" content=\"Est. reading time\" \/>\n\t<meta name=\"twitter:data1\" content=\"7 minutes\" \/>\n<script type=\"application\/ld+json\" class=\"yoast-schema-graph\">{\"@context\":\"https:\/\/schema.org\",\"@graph\":[{\"@type\":\"WebPage\",\"@id\":\"https:\/\/www.rendezvousbundesplatz.ch\/en\/hotels-restaurants\/\",\"url\":\"https:\/\/www.rendezvousbundesplatz.ch\/en\/hotels-restaurants\/\",\"name\":\"Our hotel and restaurant partners - Rendez-vous Bundesplatz\",\"isPartOf\":{\"@id\":\"https:\/\/www.rendezvousbundesplatz.ch\/#website\"},\"datePublished\":\"2013-10-25T15:21:17+00:00\",\"dateModified\":\"2025-11-26T13:04:27+00:00\",\"breadcrumb\":{\"@id\":\"https:\/\/www.rendezvousbundesplatz.ch\/en\/hotels-restaurants\/#breadcrumb\"},\"inLanguage\":\"en-US\",\"potentialAction\":[{\"@type\":\"ReadAction\",\"target\":[\"https:\/\/www.rendezvousbundesplatz.ch\/en\/hotels-restaurants\/\"]}]},{\"@type\":\"BreadcrumbList\",\"@id\":\"https:\/\/www.rendezvousbundesplatz.ch\/en\/hotels-restaurants\/#breadcrumb\",\"itemListElement\":[{\"@type\":\"ListItem\",\"position\":1,\"name\":\"Home\",\"item\":\"https:\/\/www.rendezvousbundesplatz.ch\/en\/welcome\/\"},{\"@type\":\"ListItem\",\"position\":2,\"name\":\"Our hotel and restaurant partners\"}]},{\"@type\":\"WebSite\",\"@id\":\"https:\/\/www.rendezvousbundesplatz.ch\/#website\",\"url\":\"https:\/\/www.rendezvousbundesplatz.ch\/\",\"name\":\"Rendez-vous Bundesplatz\",\"description\":\"17 October to 21 November 2026\",\"potentialAction\":[{\"@type\":\"SearchAction\",\"target\":{\"@type\":\"EntryPoint\",\"urlTemplate\":\"https:\/\/www.rendezvousbundesplatz.ch\/?s={search_term_string}\"},\"query-input\":{\"@type\":\"PropertyValueSpecification\",\"valueRequired\":true,\"valueName\":\"search_term_string\"}}],\"inLanguage\":\"en-US\"}]}<\/script>\n<!-- \/ Yoast SEO plugin. -->","yoast_head_json":{"title":"Our hotel and restaurant partners - Rendez-vous Bundesplatz","robots":{"index":"index","follow":"follow","max-snippet":"max-snippet:-1","max-image-preview":"max-image-preview:large","max-video-preview":"max-video-preview:-1"},"canonical":"https:\/\/www.rendezvousbundesplatz.ch\/en\/hotels-restaurants\/","og_locale":"en_US","og_type":"article","og_title":"Our hotel and restaurant partners - Rendez-vous Bundesplatz","og_description":"[vc_row css_animation=&#8221;&#8221; row_type=&#8221;row&#8221; use_row_as_full_screen_section=&#8221;no&#8221; type=&#8221;grid&#8221; angled_section=&#8221;no&#8221; text_align=&#8221;center&#8221; background_image_as_pattern=&#8221;without_pattern&#8221; z_index=&#8221;&#8221;][vc_column offset=&#8221;vc_hidden-lg vc_hidden-md vc_hidden-sm vc_hidden-xs&#8221;][vc_empty_space][vc_column_text css=&#8221;&#8221;] Bistro Rendez-vous Bundesplatz [\/vc_column_text][vc_column_text css=&#8221;&#8221;]Two reservation slots daily from 18 October to 22 November Starlight Events GmbH and the Catering Service of Migros Lucerne Region Aare cordially invite you to experience...","og_url":"https:\/\/www.rendezvousbundesplatz.ch\/en\/hotels-restaurants\/","og_site_name":"Rendez-vous Bundesplatz","article_modified_time":"2025-11-26T13:04:27+00:00","twitter_misc":{"Est. reading time":"7 minutes"},"schema":{"@context":"https:\/\/schema.org","@graph":[{"@type":"WebPage","@id":"https:\/\/www.rendezvousbundesplatz.ch\/en\/hotels-restaurants\/","url":"https:\/\/www.rendezvousbundesplatz.ch\/en\/hotels-restaurants\/","name":"Our hotel and restaurant partners - Rendez-vous Bundesplatz","isPartOf":{"@id":"https:\/\/www.rendezvousbundesplatz.ch\/#website"},"datePublished":"2013-10-25T15:21:17+00:00","dateModified":"2025-11-26T13:04:27+00:00","breadcrumb":{"@id":"https:\/\/www.rendezvousbundesplatz.ch\/en\/hotels-restaurants\/#breadcrumb"},"inLanguage":"en-US","potentialAction":[{"@type":"ReadAction","target":["https:\/\/www.rendezvousbundesplatz.ch\/en\/hotels-restaurants\/"]}]},{"@type":"BreadcrumbList","@id":"https:\/\/www.rendezvousbundesplatz.ch\/en\/hotels-restaurants\/#breadcrumb","itemListElement":[{"@type":"ListItem","position":1,"name":"Home","item":"https:\/\/www.rendezvousbundesplatz.ch\/en\/welcome\/"},{"@type":"ListItem","position":2,"name":"Our hotel and restaurant partners"}]},{"@type":"WebSite","@id":"https:\/\/www.rendezvousbundesplatz.ch\/#website","url":"https:\/\/www.rendezvousbundesplatz.ch\/","name":"Rendez-vous Bundesplatz","description":"17 October to 21 November 2026","potentialAction":[{"@type":"SearchAction","target":{"@type":"EntryPoint","urlTemplate":"https:\/\/www.rendezvousbundesplatz.ch\/?s={search_term_string}"},"query-input":{"@type":"PropertyValueSpecification","valueRequired":true,"valueName":"search_term_string"}}],"inLanguage":"en-US"}]}},"_links":{"self":[{"href":"https:\/\/www.rendezvousbundesplatz.ch\/en\/wp-json\/wp\/v2\/pages\/14273","targetHints":{"allow":["GET"]}}],"collection":[{"href":"https:\/\/www.rendezvousbundesplatz.ch\/en\/wp-json\/wp\/v2\/pages"}],"about":[{"href":"https:\/\/www.rendezvousbundesplatz.ch\/en\/wp-json\/wp\/v2\/types\/page"}],"author":[{"embeddable":true,"href":"https:\/\/www.rendezvousbundesplatz.ch\/en\/wp-json\/wp\/v2\/users\/2"}],"replies":[{"embeddable":true,"href":"https:\/\/www.rendezvousbundesplatz.ch\/en\/wp-json\/wp\/v2\/comments?post=14273"}],"version-history":[{"count":91,"href":"https:\/\/www.rendezvousbundesplatz.ch\/en\/wp-json\/wp\/v2\/pages\/14273\/revisions"}],"predecessor-version":[{"id":19275,"href":"https:\/\/www.rendezvousbundesplatz.ch\/en\/wp-json\/wp\/v2\/pages\/14273\/revisions\/19275"}],"wp:attachment":[{"href":"https:\/\/www.rendezvousbundesplatz.ch\/en\/wp-json\/wp\/v2\/media?parent=14273"}],"curies":[{"name":"wp","href":"https:\/\/api.w.org\/{rel}","templated":true}]}}