{"id":20077,"date":"2019-07-01T13:39:37","date_gmt":"2019-07-01T11:39:37","guid":{"rendered":"https:\/\/2k231ucfore.preview.infomaniak.website\/willkommen\/"},"modified":"2026-08-19T14:29:46","modified_gmt":"2026-08-19T12:29:46","slug":"welcome-2","status":"publish","type":"page","link":"https:\/\/www.rendezvousbundesplatz.ch\/en\/","title":{"rendered":"Welcome"},"content":{"rendered":"\t\t<div data-elementor-type=\"wp-page\" data-elementor-id=\"20077\" class=\"elementor elementor-20077 elementor-11881\" data-elementor-post-type=\"page\">\n\t\t\t\t<div class=\"elementor-element elementor-element-5292cbc e-con-full elementor-repeater-item-ang_container_no_padding e-flex sk-none elementor-repeater-item-none elementor-repeater-item-none_hover e-con e-parent\" data-id=\"5292cbc\" data-element_type=\"container\" data-e-type=\"container\" data-settings=\"{&quot;ang_container_spacing_size&quot;:&quot;ang_container_no_padding&quot;,&quot;background_background&quot;:&quot;classic&quot;}\">\n\t\t\t\t<div class=\"elementor-element elementor-element-5727660 elementor-repeater-item-none elementor-repeater-item-none_hover elementor-widget elementor-widget-slider_revolution\" data-id=\"5727660\" data-element_type=\"widget\" data-e-type=\"widget\" data-widget_type=\"slider_revolution.default\">\n\t\t\t\t<div class=\"elementor-widget-container\">\n\t\t\t\t\t\n\t\t<div class=\"wp-block-themepunch-revslider\">\n\t\t\t\t<p class=\"rs-p-wp-fix\"><\/p>\n\t\t\t\t<sr7-module data-alias=\"welcome-fr-2026-natur-pur-n-1\" data-id=\"52\" id=\"SR7_52_1\" class=\"rs-ov-hidden\" data-version=\"6.7.57\">\n\t\t\t\t\t<sr7-adjuster><\/sr7-adjuster>\n\t\t\t\t\t<sr7-content>\n\t\t\t\t\t\t<sr7-slide id=\"SR7_52_1-80\" data-key=\"80\">\n\t\t\t\t\t\t\t<sr7-bg id=\"SR7_52_1-80-27\" class=\"sr7-layer\"><noscript><img decoding=\"async\" src=\"https:\/\/www.rendezvousbundesplatz.ch\/wp-content\/uploads\/2026\/04\/slider-keyvisuals-2026.jpg\" alt=\"\" title=\"slider-keyvisuals-2026\"><\/noscript><\/sr7-bg>\n\t\t\t\t\t\t\t<sr7-txt id=\"SR7_52_1-80-0\" class=\"sr7-layer\">Every day at 7 pm, 8 pm et 9 pm<br \/>\n<br \/>\n<\/sr7-txt>\n\t\t\t\t\t\t\t<sr7-txt id=\"SR7_52_1-80-1\" class=\"sr7-layer\">from 17.10. to 21.11.2026<\/sr7-txt>\n\t\t\t\t\t\t<\/sr7-slide>\n\t\t\t\t\t\t<sr7-slide id=\"SR7_52_1-82\" data-key=\"82\">\n\t\t\t\t\t\t<\/sr7-slide>\n\t\t\t\t\t<\/sr7-content>\n\t\t\t\t\t<image_lists style=\"display:none\">\n\t\t\t\t\t\t<img data-src=\"\/\/www.rendezvousbundesplatz.ch\/wp-content\/uploads\/2026\/08\/img-naturpur-neu.png\" data-libid=\"19903\" data-lib=\"medialibrary\" title=\"img-naturpur-neu\" width=\"0\" height=\"0\" data-dbsrc=\"Ly93d3cucmVuZGV6dm91c2J1bmRlc3BsYXR6LmNoL3dwLWNvbnRlbnQvdXBsb2Fkcy8yMDI2LzA4L2ltZy1uYXR1cnB1ci1uZXUucG5n\"\/>\n\t\t\t\t\t\t<img data-src=\"\/\/www.rendezvousbundesplatz.ch\/wp-content\/uploads\/2026\/08\/img-rendezvous-neu.png\" data-libid=\"19870\" data-lib=\"medialibrary\" title=\"img-rendezvous-neu\" width=\"0\" height=\"0\" data-dbsrc=\"Ly93d3cucmVuZGV6dm91c2J1bmRlc3BsYXR6LmNoL3dwLWNvbnRlbnQvdXBsb2Fkcy8yMDI2LzA4L2ltZy1yZW5kZXp2b3VzLW5ldS5wbmc=\"\/>\n\t\t\t\t\t\t<img data-src=\"\/\/www.rendezvousbundesplatz.ch\/wp-content\/uploads\/2026\/08\/img-bundesplatz-neu.png\" data-libid=\"19878\" data-lib=\"medialibrary\" title=\"img-bundesplatz-neu\" width=\"0\" height=\"0\" data-dbsrc=\"Ly93d3cucmVuZGV6dm91c2J1bmRlc3BsYXR6LmNoL3dwLWNvbnRlbnQvdXBsb2Fkcy8yMDI2LzA4L2ltZy1idW5kZXNwbGF0ei1uZXUucG5n\"\/>\n\t\t\t\t\t\t<img loading=\"lazy\" data-src=\"\/\/www.rendezvousbundesplatz.ch\/wp-content\/uploads\/2019\/10\/slider_publikum_rendezvous_bundesplatz.png\" data-libid=\"12688\" title=\"slider_publikum_rendezvous_bundesplatz\" width=\"0\" height=\"0\" data-dbsrc=\"Ly93d3cucmVuZGV6dm91c2J1bmRlc3BsYXR6LmNoL3dwLWNvbnRlbnQvdXBsb2Fkcy8yMDE5LzEwL3NsaWRlcl9wdWJsaWt1bV9yZW5kZXp2b3VzX2J1bmRlc3BsYXR6LnBuZw==\"\/>\n\t\t\t\t\t\t<img loading=\"lazy\" data-src=\"\/\/www.rendezvousbundesplatz.ch\/wp-content\/uploads\/2026\/04\/slider-keyvisuals-2026.jpg\" data-libid=\"19429\" data-lib=\"medialibrary\" title=\"slider-keyvisuals-2026\" width=\"0\" height=\"0\" data-dbsrc=\"Ly93d3cucmVuZGV6dm91c2J1bmRlc3BsYXR6LmNoL3dwLWNvbnRlbnQvdXBsb2Fkcy8yMDI2LzA0L3NsaWRlci1rZXl2aXN1YWxzLTIwMjYuanBn\"\/>\n\t\t\t\t\t<\/image_lists>\n\t\t\t\t<\/sr7-module>\n\t\t\t\t<script>\n\t\t\t\t\twindow.SR7 ??={};SR7.PMH ??={}; SR7.PMH[\"SR7_52_1\"] = {cn:100,state:false,fn: function() { if (window._tpt!==undefined && window._tpt.prepareModuleHeight !== undefined) {  _tpt.prepareModuleHeight({id:\"SR7_52_1\",el:[700,700,768,960,720],type:'hero',shdw:'0',gh:[700,700,768,960,720],gw:[1500,1500,1024,778,480],vpt:['-200px&#039;,&#039;-200px&#039;,&#039;-200px&#039;,&#039;-200px&#039;,&#039;-200px'],size:{fullWidth:false, fullHeight:false},mh:'0',onh:0,onw:0,bg:{color:'{\"orig\":\"transparent\",\"type\":\"solid\",\"string\":\"transparent\"}'},plType:'3',plColor:'#99ecff'});   SR7.PMH[\"SR7_52_1\"].state=true;} else if(SR7.PMH[\"SR7_52_1\"].cn-->0)\tsetTimeout( SR7.PMH[\"SR7_52_1\"].fn,19);}};SR7.PMH[\"SR7_52_1\" ].fn();\n\t\t\t\t<\/script>\n<\/div>\n\n\t\t\t\t\t\t<\/div>\n\t\t\t\t<\/div>\n\t\t\t\t<\/div>\n\t\t<div class=\"elementor-element elementor-element-1f70159 e-con-full e-flex elementor-repeater-item-default_padding sk-none elementor-repeater-item-none elementor-repeater-item-none_hover e-con e-parent\" data-id=\"1f70159\" data-element_type=\"container\" data-e-type=\"container\" data-settings=\"{&quot;background_background&quot;:&quot;classic&quot;,&quot;ang_container_spacing_size&quot;:&quot;default_padding&quot;}\">\n\t\t\t\t<div class=\"elementor-element elementor-element-caaf151 elementor-repeater-item-none elementor-repeater-item-none_hover elementor-widget elementor-widget-heading\" data-id=\"caaf151\" data-element_type=\"widget\" data-e-type=\"widget\" data-widget_type=\"heading.default\">\n\t\t\t\t<div class=\"elementor-widget-container\">\n\t\t\t\t\t<div class=\"elementor-heading-title elementor-size-default\">Premiere in:<\/div>\t\t\t\t<\/div>\n\t\t\t\t<\/div>\n\t\t\t\t<div class=\"elementor-element elementor-element-d87d8ce elementor-countdown--label-block elementor-repeater-item-none elementor-repeater-item-none_hover elementor-widget elementor-widget-countdown\" data-id=\"d87d8ce\" data-element_type=\"widget\" data-e-type=\"widget\" data-widget_type=\"countdown.default\">\n\t\t\t\t<div class=\"elementor-widget-container\">\n\t\t\t\t\t\t\t<div class=\"elementor-countdown-wrapper\" data-date=\"1792256400\">\n\t\t\t<div class=\"elementor-countdown-item\"><span class=\"elementor-countdown-digits elementor-countdown-days\"><\/span> <span class=\"elementor-countdown-label\">Days<\/span><\/div><div class=\"elementor-countdown-item\"><span class=\"elementor-countdown-digits elementor-countdown-hours\"><\/span> <span class=\"elementor-countdown-label\">Hours<\/span><\/div><div class=\"elementor-countdown-item\"><span class=\"elementor-countdown-digits elementor-countdown-minutes\"><\/span> <span class=\"elementor-countdown-label\">Minutes<\/span><\/div><div class=\"elementor-countdown-item\"><span class=\"elementor-countdown-digits elementor-countdown-seconds\"><\/span> <span class=\"elementor-countdown-label\">Seconds<\/span><\/div>\t\t<\/div>\n\t\t\t\t\t\t<\/div>\n\t\t\t\t<\/div>\n\t\t\t\t<\/div>\n\t\t<div class=\"elementor-element elementor-element-d65485e e-con-full elementor-repeater-item-ang_container_padding_1 startseite e-flex sk-none elementor-repeater-item-none elementor-repeater-item-none_hover e-con e-parent\" data-id=\"d65485e\" data-element_type=\"container\" data-e-type=\"container\" data-settings=\"{&quot;ang_container_spacing_size&quot;:&quot;ang_container_padding_1&quot;,&quot;background_background&quot;:&quot;classic&quot;}\">\n\t\t<div class=\"elementor-element elementor-element-605b18a elementor-repeater-item-none_hover e-flex e-con-boxed elementor-repeater-item-default_padding elementor-repeater-item-none e-con e-child\" data-id=\"605b18a\" data-element_type=\"container\" data-e-type=\"container\" data-settings=\"{&quot;ang_container_spacing_size&quot;:&quot;default_padding&quot;}\">\n\t\t\t\t\t<div class=\"e-con-inner\">\n\t\t\t\t<div class=\"elementor-element elementor-element-228f68c elementor-repeater-item-none elementor-repeater-item-none_hover elementor-widget elementor-widget-heading\" data-id=\"228f68c\" data-element_type=\"widget\" data-e-type=\"widget\" data-widget_type=\"heading.default\">\n\t\t\t\t<div class=\"elementor-widget-container\">\n\t\t\t\t\t<span class=\"elementor-heading-title elementor-size-default\">The 16th Rendez-vous Bundesplatz<\/span>\t\t\t\t<\/div>\n\t\t\t\t<\/div>\n\t\t\t\t<div class=\"elementor-element elementor-element-fbb02cc elementor-repeater-item-none elementor-repeater-item-none_hover elementor-widget elementor-widget-heading\" data-id=\"fbb02cc\" data-element_type=\"widget\" data-e-type=\"widget\" data-widget_type=\"heading.default\">\n\t\t\t\t<div class=\"elementor-widget-container\">\n\t\t\t\t\t<h2 class=\"elementor-heading-title elementor-size-default\">The Federal Palace of Switzerland as a living ecosystem<\/h2>\t\t\t\t<\/div>\n\t\t\t\t<\/div>\n\t\t\t\t<div class=\"elementor-element elementor-element-947a437 elementor-repeater-item-none elementor-repeater-item-none_hover elementor-widget elementor-widget-heading\" data-id=\"947a437\" data-element_type=\"widget\" data-e-type=\"widget\" data-widget_type=\"heading.default\">\n\t\t\t\t<div class=\"elementor-widget-container\">\n\t\t\t\t\t<p class=\"elementor-heading-title elementor-size-default\">From 17 October to 21 November 2026, the show \"Natur Pur\" will transform the Federal Palace into an immersive world of light, sound and living nature \u2013 every day, free of charge and open to all.<\/p>\t\t\t\t<\/div>\n\t\t\t\t<\/div>\n\t\t\t\t<div class=\"elementor-element elementor-element-d7b2941 elementor-repeater-item-none elementor-repeater-item-none_hover elementor-widget elementor-widget-button\" data-id=\"d7b2941\" data-element_type=\"widget\" data-e-type=\"widget\" data-widget_type=\"button.default\">\n\t\t\t\t<div class=\"elementor-widget-container\">\n\t\t\t\t\t\t\t\t\t<div class=\"elementor-button-wrapper\">\n\t\t\t\t\t<a class=\"elementor-button elementor-button-link elementor-size-sm\" href=\"https:\/\/www.rendezvousbundesplatz.ch\/en\/storyboard-2026-2\/\">\n\t\t\t\t\t\t<span class=\"elementor-button-content-wrapper\">\n\t\t\t\t\t\t\t\t\t<span class=\"elementor-button-text\">Storyboard 2026 \u2192<\/span>\n\t\t\t\t\t<\/span>\n\t\t\t\t\t<\/a>\n\t\t\t\t<\/div>\n\t\t\t\t\t\t\t\t<\/div>\n\t\t\t\t<\/div>\n\t\t\t\t\t<\/div>\n\t\t\t\t<\/div>\n\t\t<div class=\"elementor-element elementor-element-e1ecfc3 e-grid e-con-boxed elementor-repeater-item-default_padding elementor-repeater-item-none elementor-repeater-item-none_hover e-con e-child\" data-id=\"e1ecfc3\" data-element_type=\"container\" data-e-type=\"container\" data-settings=\"{&quot;ang_container_spacing_size&quot;:&quot;default_padding&quot;}\">\n\t\t\t\t\t<div class=\"e-con-inner\">\n\t\t<div class=\"elementor-element elementor-element-f17e7c0 e-con-full elementor-repeater-item-none_hover e-flex elementor-repeater-item-default_padding elementor-repeater-item-none e-con e-child\" data-id=\"f17e7c0\" data-element_type=\"container\" data-e-type=\"container\" data-settings=\"{&quot;ang_container_spacing_size&quot;:&quot;default_padding&quot;}\">\n\t\t\t\t<div class=\"elementor-element elementor-element-1b4812d elementor-repeater-item-none elementor-repeater-item-none_hover elementor-widget elementor-widget-heading\" data-id=\"1b4812d\" data-element_type=\"widget\" data-e-type=\"widget\" data-widget_type=\"heading.default\">\n\t\t\t\t<div class=\"elementor-widget-container\">\n\t\t\t\t\t<h3 class=\"elementor-heading-title elementor-size-default\">16.<\/h3>\t\t\t\t<\/div>\n\t\t\t\t<\/div>\n\t\t\t\t<div class=\"elementor-element elementor-element-29bbddf elementor-repeater-item-none elementor-repeater-item-none_hover elementor-widget elementor-widget-heading\" data-id=\"29bbddf\" data-element_type=\"widget\" data-e-type=\"widget\" data-widget_type=\"heading.default\">\n\t\t\t\t<div class=\"elementor-widget-container\">\n\t\t\t\t\t<div class=\"elementor-heading-title elementor-size-default\">Edition<\/div>\t\t\t\t<\/div>\n\t\t\t\t<\/div>\n\t\t\t\t<\/div>\n\t\t<div class=\"elementor-element elementor-element-734c69a e-con-full elementor-repeater-item-none_hover e-flex elementor-repeater-item-default_padding elementor-repeater-item-none e-con e-child\" data-id=\"734c69a\" data-element_type=\"container\" data-e-type=\"container\" data-settings=\"{&quot;ang_container_spacing_size&quot;:&quot;default_padding&quot;}\">\n\t\t\t\t<div class=\"elementor-element elementor-element-af367f9 elementor-repeater-item-none elementor-repeater-item-none_hover elementor-widget elementor-widget-heading\" data-id=\"af367f9\" data-element_type=\"widget\" data-e-type=\"widget\" data-widget_type=\"heading.default\">\n\t\t\t\t<div class=\"elementor-widget-container\">\n\t\t\t\t\t<h3 class=\"elementor-heading-title elementor-size-default\">36<\/h3>\t\t\t\t<\/div>\n\t\t\t\t<\/div>\n\t\t\t\t<div class=\"elementor-element elementor-element-49ddeba elementor-repeater-item-none elementor-repeater-item-none_hover elementor-widget elementor-widget-heading\" data-id=\"49ddeba\" data-element_type=\"widget\" data-e-type=\"widget\" data-widget_type=\"heading.default\">\n\t\t\t\t<div class=\"elementor-widget-container\">\n\t\t\t\t\t<div class=\"elementor-heading-title elementor-size-default\">Evenings<\/div>\t\t\t\t<\/div>\n\t\t\t\t<\/div>\n\t\t\t\t<\/div>\n\t\t<div class=\"elementor-element elementor-element-33e0b20 e-con-full elementor-repeater-item-none_hover e-flex elementor-repeater-item-default_padding elementor-repeater-item-none e-con e-child\" data-id=\"33e0b20\" data-element_type=\"container\" data-e-type=\"container\" data-settings=\"{&quot;ang_container_spacing_size&quot;:&quot;default_padding&quot;}\">\n\t\t\t\t<div class=\"elementor-element elementor-element-b315f4d elementor-repeater-item-none elementor-repeater-item-none_hover elementor-widget elementor-widget-heading\" data-id=\"b315f4d\" data-element_type=\"widget\" data-e-type=\"widget\" data-widget_type=\"heading.default\">\n\t\t\t\t<div class=\"elementor-widget-container\">\n\t\t\t\t\t<h3 class=\"elementor-heading-title elementor-size-default\">3 \u00d7<\/h3>\t\t\t\t<\/div>\n\t\t\t\t<\/div>\n\t\t\t\t<div class=\"elementor-element elementor-element-7b7cb5e elementor-repeater-item-none elementor-repeater-item-none_hover elementor-widget elementor-widget-heading\" data-id=\"7b7cb5e\" data-element_type=\"widget\" data-e-type=\"widget\" data-widget_type=\"heading.default\">\n\t\t\t\t<div class=\"elementor-widget-container\">\n\t\t\t\t\t<div class=\"elementor-heading-title elementor-size-default\">Shows every day<\/div>\t\t\t\t<\/div>\n\t\t\t\t<\/div>\n\t\t\t\t<\/div>\n\t\t<div class=\"elementor-element elementor-element-27ad165 e-con-full elementor-repeater-item-none_hover e-flex elementor-repeater-item-default_padding elementor-repeater-item-none e-con e-child\" data-id=\"27ad165\" data-element_type=\"container\" data-e-type=\"container\" data-settings=\"{&quot;ang_container_spacing_size&quot;:&quot;default_padding&quot;}\">\n\t\t\t\t<div class=\"elementor-element elementor-element-0cb95c5 elementor-repeater-item-none elementor-repeater-item-none_hover elementor-widget elementor-widget-heading\" data-id=\"0cb95c5\" data-element_type=\"widget\" data-e-type=\"widget\" data-widget_type=\"heading.default\">\n\t\t\t\t<div class=\"elementor-widget-container\">\n\t\t\t\t\t<h3 class=\"elementor-heading-title elementor-size-default\">0.\u2013<\/h3>\t\t\t\t<\/div>\n\t\t\t\t<\/div>\n\t\t\t\t<div class=\"elementor-element elementor-element-d461757 elementor-repeater-item-none elementor-repeater-item-none_hover elementor-widget elementor-widget-heading\" data-id=\"d461757\" data-element_type=\"widget\" data-e-type=\"widget\" data-widget_type=\"heading.default\">\n\t\t\t\t<div class=\"elementor-widget-container\">\n\t\t\t\t\t<div class=\"elementor-heading-title elementor-size-default\">Admission<\/div>\t\t\t\t<\/div>\n\t\t\t\t<\/div>\n\t\t\t\t<\/div>\n\t\t\t\t\t<\/div>\n\t\t\t\t<\/div>\n\t\t\t\t<\/div>\n\t\t<div class=\"elementor-element elementor-element-a879b12 e-con-full elementor-repeater-item-ang_container_no_padding startseite e-flex sk-none elementor-repeater-item-none elementor-repeater-item-none_hover e-con e-parent\" data-id=\"a879b12\" data-element_type=\"container\" data-e-type=\"container\" data-settings=\"{&quot;ang_container_spacing_size&quot;:&quot;ang_container_no_padding&quot;,&quot;background_background&quot;:&quot;classic&quot;}\">\n\t\t<div class=\"elementor-element elementor-element-fb0dd62 e-con-full elementor-repeater-item-ang_container_padding_2 elementor-repeater-item-none_hover e-flex elementor-repeater-item-none e-con e-child\" data-id=\"fb0dd62\" data-element_type=\"container\" data-e-type=\"container\" data-settings=\"{&quot;ang_container_spacing_size&quot;:&quot;ang_container_padding_2&quot;}\">\n\t\t\t\t<div class=\"elementor-element elementor-element-fa8eb2d elementor-repeater-item-none elementor-repeater-item-none_hover elementor-widget elementor-widget-heading\" data-id=\"fa8eb2d\" data-element_type=\"widget\" data-e-type=\"widget\" data-widget_type=\"heading.default\">\n\t\t\t\t<div class=\"elementor-widget-container\">\n\t\t\t\t\t<span class=\"elementor-heading-title elementor-size-default\">The show<\/span>\t\t\t\t<\/div>\n\t\t\t\t<\/div>\n\t\t\t\t<div class=\"elementor-element elementor-element-84ee993 elementor-repeater-item-none elementor-repeater-item-none_hover elementor-widget elementor-widget-heading\" data-id=\"84ee993\" data-element_type=\"widget\" data-e-type=\"widget\" data-widget_type=\"heading.default\">\n\t\t\t\t<div class=\"elementor-widget-container\">\n\t\t\t\t\t<h3 class=\"elementor-heading-title elementor-size-default\">Natur Pur 2026<\/h3>\t\t\t\t<\/div>\n\t\t\t\t<\/div>\n\t\t\t\t<div class=\"elementor-element elementor-element-2012c02 elementor-repeater-item-none elementor-repeater-item-none_hover elementor-widget elementor-widget-heading\" data-id=\"2012c02\" data-element_type=\"widget\" data-e-type=\"widget\" data-widget_type=\"heading.default\">\n\t\t\t\t<div class=\"elementor-widget-container\">\n\t\t\t\t\t<p class=\"elementor-heading-title elementor-size-default\">The Bundeshaus (Federal Palace) is transformed into a living ecosystem \u2013 light, sound and nature all in one.<\/p>\t\t\t\t<\/div>\n\t\t\t\t<\/div>\n\t\t\t\t<div data-dce-title-color=\"#E8741A\" class=\"elementor-element elementor-element-a45508c elementor-repeater-item-none elementor-repeater-item-none_hover elementor-widget elementor-widget-heading\" data-id=\"a45508c\" data-element_type=\"widget\" data-e-type=\"widget\" data-widget_type=\"heading.default\">\n\t\t\t\t<div class=\"elementor-widget-container\">\n\t\t\t\t\t<span class=\"elementor-heading-title elementor-size-default\"><a href=\"https:\/\/www.rendezvousbundesplatz.ch\/natur-pur\/\">Find out more \u2192<\/a><\/span>\t\t\t\t<\/div>\n\t\t\t\t<\/div>\n\t\t\t\t<\/div>\n\t\t<div class=\"elementor-element elementor-element-b4dd0f8 e-con-full elementor-repeater-item-ang_container_padding_2 elementor-repeater-item-none_hover e-flex elementor-repeater-item-none e-con e-child\" data-id=\"b4dd0f8\" data-element_type=\"container\" data-e-type=\"container\" data-settings=\"{&quot;ang_container_spacing_size&quot;:&quot;ang_container_padding_2&quot;}\">\n\t\t\t\t<div class=\"elementor-element elementor-element-cec1c35 elementor-repeater-item-none elementor-repeater-item-none_hover elementor-widget elementor-widget-heading\" data-id=\"cec1c35\" data-element_type=\"widget\" data-e-type=\"widget\" data-widget_type=\"heading.default\">\n\t\t\t\t<div class=\"elementor-widget-container\">\n\t\t\t\t\t<span class=\"elementor-heading-title elementor-size-default\">Hotels &amp; restaurants<\/span>\t\t\t\t<\/div>\n\t\t\t\t<\/div>\n\t\t\t\t<div class=\"elementor-element elementor-element-d5512ec elementor-repeater-item-none elementor-repeater-item-none_hover elementor-widget elementor-widget-heading\" data-id=\"d5512ec\" data-element_type=\"widget\" data-e-type=\"widget\" data-widget_type=\"heading.default\">\n\t\t\t\t<div class=\"elementor-widget-container\">\n\t\t\t\t\t<h3 class=\"elementor-heading-title elementor-size-default\">Make the evening last longer<\/h3>\t\t\t\t<\/div>\n\t\t\t\t<\/div>\n\t\t\t\t<div class=\"elementor-element elementor-element-b39303d elementor-repeater-item-none elementor-repeater-item-none_hover elementor-widget elementor-widget-heading\" data-id=\"b39303d\" data-element_type=\"widget\" data-e-type=\"widget\" data-widget_type=\"heading.default\">\n\t\t\t\t<div class=\"elementor-widget-container\">\n\t\t\t\t\t<p class=\"elementor-heading-title elementor-size-default\">Recommendations for hotels and restaurants in Bern around the Bundesplatz.<\/p>\t\t\t\t<\/div>\n\t\t\t\t<\/div>\n\t\t\t\t<div data-dce-title-color=\"#E8741A\" class=\"elementor-element elementor-element-82a6d6e elementor-repeater-item-none elementor-repeater-item-none_hover elementor-widget elementor-widget-heading\" data-id=\"82a6d6e\" data-element_type=\"widget\" data-e-type=\"widget\" data-widget_type=\"heading.default\">\n\t\t\t\t<div class=\"elementor-widget-container\">\n\t\t\t\t\t<span class=\"elementor-heading-title elementor-size-default\"><a href=\"https:\/\/www.rendezvousbundesplatz.ch\/hotels-restaurants\/\">Overview \u2192<\/a><\/span>\t\t\t\t<\/div>\n\t\t\t\t<\/div>\n\t\t\t\t<\/div>\n\t\t<div class=\"elementor-element elementor-element-d3ec155 e-con-full elementor-repeater-item-ang_container_padding_2 elementor-repeater-item-none_hover e-flex elementor-repeater-item-none e-con e-child\" data-id=\"d3ec155\" data-element_type=\"container\" data-e-type=\"container\" data-settings=\"{&quot;ang_container_spacing_size&quot;:&quot;ang_container_padding_2&quot;}\">\n\t\t\t\t<div class=\"elementor-element elementor-element-c237515 elementor-repeater-item-none elementor-repeater-item-none_hover elementor-widget elementor-widget-heading\" data-id=\"c237515\" data-element_type=\"widget\" data-e-type=\"widget\" data-widget_type=\"heading.default\">\n\t\t\t\t<div class=\"elementor-widget-container\">\n\t\t\t\t\t<span class=\"elementor-heading-title elementor-size-default\">Arrival &amp; informations<\/span>\t\t\t\t<\/div>\n\t\t\t\t<\/div>\n\t\t\t\t<div class=\"elementor-element elementor-element-c45555a elementor-repeater-item-none elementor-repeater-item-none_hover elementor-widget elementor-widget-heading\" data-id=\"c45555a\" data-element_type=\"widget\" data-e-type=\"widget\" data-widget_type=\"heading.default\">\n\t\t\t\t<div class=\"elementor-widget-container\">\n\t\t\t\t\t<h3 class=\"elementor-heading-title elementor-size-default\">Good to know<\/h3>\t\t\t\t<\/div>\n\t\t\t\t<\/div>\n\t\t\t\t<div class=\"elementor-element elementor-element-cf2e148 elementor-repeater-item-none elementor-repeater-item-none_hover elementor-widget elementor-widget-heading\" data-id=\"cf2e148\" data-element_type=\"widget\" data-e-type=\"widget\" data-widget_type=\"heading.default\">\n\t\t\t\t<div class=\"elementor-widget-container\">\n\t\t\t\t\t<p class=\"elementor-heading-title elementor-size-default\">Bundesplatz, Bern \u2013 easily accessible by public transport. Accessibility, FAQs and more.<\/p>\t\t\t\t<\/div>\n\t\t\t\t<\/div>\n\t\t\t\t<div data-dce-title-color=\"#E8741A\" class=\"elementor-element elementor-element-dda9121 elementor-repeater-item-none elementor-repeater-item-none_hover elementor-widget elementor-widget-heading\" data-id=\"dda9121\" data-element_type=\"widget\" data-e-type=\"widget\" data-widget_type=\"heading.default\">\n\t\t\t\t<div class=\"elementor-widget-container\">\n\t\t\t\t\t<span class=\"elementor-heading-title elementor-size-default\"><a href=\"https:\/\/www.rendezvousbundesplatz.ch\/gut-zu-wissen\/\">All the details \u2192<\/a><\/span>\t\t\t\t<\/div>\n\t\t\t\t<\/div>\n\t\t\t\t<\/div>\n\t\t\t\t<\/div>\n\t\t<div class=\"elementor-element elementor-element-be5d63f e-con-full elementor-repeater-item-ang_container_padding_2 startseite e-flex sk-none elementor-repeater-item-none elementor-repeater-item-none_hover e-con e-parent\" data-id=\"be5d63f\" data-element_type=\"container\" data-e-type=\"container\" data-settings=\"{&quot;ang_container_spacing_size&quot;:&quot;ang_container_padding_2&quot;,&quot;background_background&quot;:&quot;classic&quot;}\">\n\t\t\t\t<div class=\"elementor-element elementor-element-feb2585 elementor-repeater-item-none elementor-repeater-item-none_hover elementor-widget elementor-widget-heading\" data-id=\"feb2585\" data-element_type=\"widget\" data-e-type=\"widget\" data-widget_type=\"heading.default\">\n\t\t\t\t<div class=\"elementor-widget-container\">\n\t\t\t\t\t<h3 class=\"elementor-heading-title elementor-size-default\">@rendezvousbundesplatz on Instagram<\/h3>\t\t\t\t<\/div>\n\t\t\t\t<\/div>\n\t\t\t\t<div class=\"elementor-element elementor-element-326eab3 elementor-repeater-item-none elementor-repeater-item-none_hover elementor-widget elementor-widget-ucaddon_uc_tiles_grid_image\" data-id=\"326eab3\" data-element_type=\"widget\" data-e-type=\"widget\" data-widget_type=\"ucaddon_uc_tiles_grid_image.default\">\n\t\t\t\t<div class=\"elementor-widget-container\">\n\t\t\t\t\t\n<!-- start Tile Gallery -->\n\t\t<link id='font-awesome-css' href='https:\/\/www.rendezvousbundesplatz.ch\/wp-content\/plugins\/unlimited-elements-for-elementor__\/assets_libraries\/font-awesome6\/fontawesome-all.min.css' type='text\/css' rel='stylesheet' >\n\t\t<link id='font-awesome-4-shim-css' href='https:\/\/www.rendezvousbundesplatz.ch\/wp-content\/plugins\/unlimited-elements-for-elementor__\/assets_libraries\/font-awesome6\/fontawesome-v4-shims.min.css' type='text\/css' rel='stylesheet' >\n\t\t<link id='unitegallery-css' href='https:\/\/www.rendezvousbundesplatz.ch\/wp-content\/plugins\/unlimited-elements-for-elementor__\/assets_libraries\/unitegallery\/css\/unite-gallery.css' type='text\/css' rel='stylesheet' >\n\n<style>\/* widget: Tile Gallery *\/\n\n#uc_uc_tiles_grid_image_elementor_326eab3-wrapper{\n  min-height: 1px;\n}\n\n#uc_uc_tiles_grid_image_elementor_326eab3{\n  margin:0 auto;\n  direction:ltr;\n  display: none;\n}\n\n\n\n<\/style>\n\n<div id=\"uc_uc_tiles_grid_image_elementor_326eab3-wrapper\">\n  <div id=\"uc_uc_tiles_grid_image_elementor_326eab3\" class=\"uc-items-wrapper\" data-custom-sethtml=\"true\" >\n    \n<a href=\"https:\/\/www.instagram.com\/p\/DcOM7ljiBlo\/\">\n<img decoding=\"async\" alt=\"Hast du schon bemerkt, dass wir unsere Website \u00fcberarbeitet und auch aktualisiert haben?\nDu findest dort alle wichtigen Angaben zum neuen Spektakel &quot;NaturPur&quot;: https:\/\/www.rendezvousbundesplatz.ch\/\nAlso los - Besuche die Website und gib uns doch eine R\u00fcckmeldung.\"\n   src=\"https:\/\/scontent-zrh1-1.cdninstagram.com\/v\/t51.82787-15\/775243999_18622132582049537_355026692305782845_n.jpg?stp=dst-jpg_e35_tt6&#038;_nc_cat=101&#038;ccb=7-5&#038;_nc_sid=18de74&#038;efg=eyJlZmdfdGFnIjoiRkVFRC5iZXN0X2ltYWdlX3VybGdlbi5DMyJ9&#038;_nc_ohc=dmdVw594mJsQ7kNvwHFPPeL&#038;_nc_oc=AdqTPCXbfrg4Z-QOtErQRfucTpC9kPRfdItbbyl-U892sJOo55hvuLdXgJ0tbmjGfsMN31kxJpF24D-Y_CpGk6Ed&#038;_nc_zt=23&#038;_nc_ht=scontent-zrh1-1.cdninstagram.com&#038;edm=ANo9K5cEAAAA&#038;_nc_gid=M6O2D4BSQhLPMvYiGeLoOw&#038;_nc_tpa=Q5bMBQKy9azVxvoxVzfDyuKl_wzzEQvD9h30n9-1NVIEno6tPGopr_AoXv6J7WQvcuGVn8IhBD47jBFO&#038;oh=00_AQLGwejYmFrkbW4qVYm_7SSy5pJNzWUPjV6KhX5_7Fk3HQ&#038;oe=6A9AC1B3\"\n    data-image=\"https:\/\/scontent-zrh1-1.cdninstagram.com\/v\/t51.82787-15\/775243999_18622132582049537_355026692305782845_n.jpg?stp=dst-jpg_e35_tt6&#038;_nc_cat=101&#038;ccb=7-5&#038;_nc_sid=18de74&#038;efg=eyJlZmdfdGFnIjoiRkVFRC5iZXN0X2ltYWdlX3VybGdlbi5DMyJ9&#038;_nc_ohc=dmdVw594mJsQ7kNvwHFPPeL&#038;_nc_oc=AdqTPCXbfrg4Z-QOtErQRfucTpC9kPRfdItbbyl-U892sJOo55hvuLdXgJ0tbmjGfsMN31kxJpF24D-Y_CpGk6Ed&#038;_nc_zt=23&#038;_nc_ht=scontent-zrh1-1.cdninstagram.com&#038;edm=ANo9K5cEAAAA&#038;_nc_gid=M6O2D4BSQhLPMvYiGeLoOw&#038;_nc_tpa=Q5bMBQKy9azVxvoxVzfDyuKl_wzzEQvD9h30n9-1NVIEno6tPGopr_AoXv6J7WQvcuGVn8IhBD47jBFO&#038;oh=00_AQLGwejYmFrkbW4qVYm_7SSy5pJNzWUPjV6KhX5_7Fk3HQ&#038;oe=6A9AC1B3\"\n    data-title=\"Hast du schon bemerkt, dass wir unsere Website \u00fcberarbeitet und auch aktualisiert haben?\nDu findest dort alle wichtigen Angaben zum neuen Spektakel &quot;NaturPur&quot;: https:\/\/www.rendezvousbundesplatz.ch\/\nAlso los - Besuche die Website und gib uns doch eine R\u00fcckmeldung.\"><\/a>\n\n<a href=\"https:\/\/www.instagram.com\/p\/DRWw1ZjDH9r\/\">\n<img decoding=\"async\" alt=\"Heute letzte M\u00f6glichkeit, das @rendezvousbundesplatz  zu besuchen!\nWunderbares Wetter - um 19.00 \/ 20.00 und 21.00 Uhr k\u00f6nnt ihr euch noch einmal eine Reise rund um die Welt geniessen.\nGestern besuchten nicht weniger als 31&#039;000 Personen das @rendezvousbundesplatz - kann diese Zahl heute noch \u00fcberboten werden?\n\n#rendezvousbundesplatz2025 #voyage #fotografie #madeinbern #gastro #ilovebern #tollebilder #lumine #bekb\"\n   src=\"https:\/\/scontent-zrh1-1.cdninstagram.com\/v\/t39.30808-6\/586254552_1287358916753516_1164693645215123808_n.jpg?stp=dst-jpg_e35_tt6&#038;_nc_cat=102&#038;ccb=7-5&#038;_nc_sid=18de74&#038;efg=eyJlZmdfdGFnIjoiRkVFRC5iZXN0X2ltYWdlX3VybGdlbi5DMyJ9&#038;_nc_ohc=GJi12TSUxjwQ7kNvwEXtr-u&#038;_nc_oc=AdrBse_T_QrkWdH5JpsifPWa2tVdqMilpyVpAxBoCiZOBDsGyzHjZRhKQOAJsj1jEHQGpZ1oyLz1Jn0tlaz20DB_&#038;_nc_zt=23&#038;_nc_ht=scontent-zrh1-1.cdninstagram.com&#038;edm=ANo9K5cEAAAA&#038;_nc_gid=M6O2D4BSQhLPMvYiGeLoOw&#038;_nc_tpa=Q5bMBQLx06GlTdpS70b9y08vrI1toegziIod3SqDz6I99aMwWxZbVKyOEtVUzLhYkMzRZmLikz-e-0wG&#038;oh=00_AQJEfDscbtKiKVNS01Dvf-yyreTO9REnekcDYW9I6Fz9zg&#038;oe=6A9AF52A\"\n    data-image=\"https:\/\/scontent-zrh1-1.cdninstagram.com\/v\/t39.30808-6\/586254552_1287358916753516_1164693645215123808_n.jpg?stp=dst-jpg_e35_tt6&#038;_nc_cat=102&#038;ccb=7-5&#038;_nc_sid=18de74&#038;efg=eyJlZmdfdGFnIjoiRkVFRC5iZXN0X2ltYWdlX3VybGdlbi5DMyJ9&#038;_nc_ohc=GJi12TSUxjwQ7kNvwEXtr-u&#038;_nc_oc=AdrBse_T_QrkWdH5JpsifPWa2tVdqMilpyVpAxBoCiZOBDsGyzHjZRhKQOAJsj1jEHQGpZ1oyLz1Jn0tlaz20DB_&#038;_nc_zt=23&#038;_nc_ht=scontent-zrh1-1.cdninstagram.com&#038;edm=ANo9K5cEAAAA&#038;_nc_gid=M6O2D4BSQhLPMvYiGeLoOw&#038;_nc_tpa=Q5bMBQLx06GlTdpS70b9y08vrI1toegziIod3SqDz6I99aMwWxZbVKyOEtVUzLhYkMzRZmLikz-e-0wG&#038;oh=00_AQJEfDscbtKiKVNS01Dvf-yyreTO9REnekcDYW9I6Fz9zg&#038;oe=6A9AF52A\"\n    data-title=\"Heute letzte M\u00f6glichkeit, das @rendezvousbundesplatz  zu besuchen!\nWunderbares Wetter - um 19.00 \/ 20.00 und 21.00 Uhr k\u00f6nnt ihr euch noch einmal eine Reise rund um die Welt geniessen.\nGestern besuchten nicht weniger als 31&#039;000 Personen das @rendezvousbundesplatz - kann diese Zahl heute noch \u00fcberboten werden?\n\n#rendezvousbundesplatz2025 #voyage #fotografie #madeinbern #gastro #ilovebern #tollebilder #lumine #bekb\"><\/a>\n\n<a href=\"https:\/\/www.instagram.com\/p\/DQ_joe_Dc4-\/\">\n<img decoding=\"async\" alt=\"Hast du das diesj\u00e4hrige @rendezvousbundesplatz  bereits besucht? Wenn nicht, ist es allerh\u00f6chste Zeit!! Schon bald steigt der Ballon nicht mehr in die H\u00f6he.\nNoch bis am 22. November hast du jeden Abend drei Mal die M\u00f6glichkeit das Spektakel zu sehen oder das Erlebnis zu wiederholen. Lass dich in ferne L\u00e4nder entf\u00fchren. \n\n#rendezvousbundesplatz2025 #voyage #fotografie #gastrobern #madeinbern #gastro #ilovebern #tollebilder #lumine #bekb\"\n   src=\"https:\/\/scontent-zrh1-1.cdninstagram.com\/v\/t39.30808-6\/583050792_1280038434152231_5342066707737541821_n.jpg?stp=dst-jpg_e35_tt6&#038;_nc_cat=104&#038;ccb=7-5&#038;_nc_sid=18de74&#038;efg=eyJlZmdfdGFnIjoiQ0FST1VTRUxfSVRFTS5iZXN0X2ltYWdlX3VybGdlbi5DMyJ9&#038;_nc_ohc=8BXV5Xl8n9YQ7kNvwFKFthz&#038;_nc_oc=AdqX7M_LqOMHNq4ltNm8R8I66aUxSZ2EqnU_Nu2Ej03HL0TQj_od3pr-DFB3sI4ttPKsCMHQpqrTgfiTWNr5hOlR&#038;_nc_zt=23&#038;_nc_ht=scontent-zrh1-1.cdninstagram.com&#038;edm=ANo9K5cEAAAA&#038;_nc_gid=M6O2D4BSQhLPMvYiGeLoOw&#038;_nc_tpa=Q5bMBQItk7WdgsUaK0NOH3bMgH4t-QYzEpdkJRBxR2odNtW7luli5l0tGMHLzL8hbFYlX5dOQI3gNA66&#038;oh=00_AQIsJaXX0oiVhY4smAoZSVap8pjzrOwrBDWrqrkQHt8gkQ&#038;oe=6A9AEFFB\"\n    data-image=\"https:\/\/scontent-zrh1-1.cdninstagram.com\/v\/t39.30808-6\/583050792_1280038434152231_5342066707737541821_n.jpg?stp=dst-jpg_e35_tt6&#038;_nc_cat=104&#038;ccb=7-5&#038;_nc_sid=18de74&#038;efg=eyJlZmdfdGFnIjoiQ0FST1VTRUxfSVRFTS5iZXN0X2ltYWdlX3VybGdlbi5DMyJ9&#038;_nc_ohc=8BXV5Xl8n9YQ7kNvwFKFthz&#038;_nc_oc=AdqX7M_LqOMHNq4ltNm8R8I66aUxSZ2EqnU_Nu2Ej03HL0TQj_od3pr-DFB3sI4ttPKsCMHQpqrTgfiTWNr5hOlR&#038;_nc_zt=23&#038;_nc_ht=scontent-zrh1-1.cdninstagram.com&#038;edm=ANo9K5cEAAAA&#038;_nc_gid=M6O2D4BSQhLPMvYiGeLoOw&#038;_nc_tpa=Q5bMBQItk7WdgsUaK0NOH3bMgH4t-QYzEpdkJRBxR2odNtW7luli5l0tGMHLzL8hbFYlX5dOQI3gNA66&#038;oh=00_AQIsJaXX0oiVhY4smAoZSVap8pjzrOwrBDWrqrkQHt8gkQ&#038;oe=6A9AEFFB\"\n    data-title=\"Hast du das diesj\u00e4hrige @rendezvousbundesplatz  bereits besucht? Wenn nicht, ist es allerh\u00f6chste Zeit!! Schon bald steigt der Ballon nicht mehr in die H\u00f6he.\nNoch bis am 22. November hast du jeden Abend drei Mal die M\u00f6glichkeit das Spektakel zu sehen oder das Erlebnis zu wiederholen. Lass dich in ferne L\u00e4nder entf\u00fchren. \n\n#rendezvousbundesplatz2025 #voyage #fotografie #gastrobern #madeinbern #gastro #ilovebern #tollebilder #lumine #bekb\"><\/a>\n\n<a href=\"https:\/\/www.instagram.com\/p\/DQT-qVXE_Xu\/\">\n<img decoding=\"async\" alt=\"Was gibt es Sch\u00f6neres, als w\u00e4rmende Bilder, wenn uns ein kalter Wind um die Ohren pfeift. Lasst euch durch das schlechte Wetter nicht beirren und geniesst das Spektakel auf dem Bundesplatz. \nEinen Vorteil hat das Ganze doch auch: in der Regel versperrt euch keine grossgewachsene Person direkt vor euch die Sicht \ud83d\ude02\ud83d\ude02\ud83d\ude02\"\n   src=\"https:\/\/scontent-zrh1-1.cdninstagram.com\/v\/t39.30808-6\/571102894_1265098675646207_3481058354967138745_n.jpg?stp=dst-jpg_e35_tt6&#038;_nc_cat=108&#038;ccb=7-5&#038;_nc_sid=18de74&#038;efg=eyJlZmdfdGFnIjoiQ0FST1VTRUxfSVRFTS5iZXN0X2ltYWdlX3VybGdlbi5DMyJ9&#038;_nc_ohc=Xvjz4Zf5W5MQ7kNvwG-NzYQ&#038;_nc_oc=AdqaX-okF2hwYuizOqok3fzRWicTcBXb5ZanO0tQcqOJxF6fyET9PImv_6BxcnZvXPdDmygkVsehwrBQuDd3o8yl&#038;_nc_zt=23&#038;_nc_ht=scontent-zrh1-1.cdninstagram.com&#038;edm=ANo9K5cEAAAA&#038;_nc_gid=M6O2D4BSQhLPMvYiGeLoOw&#038;_nc_tpa=Q5bMBQI-TM2HbJUgIKPVEJ7cgamd6PUZ0SKAJh8NBOvbkgCmVDrcrEG1YMIJcF4orTnFEG67bHqw0SSj&#038;oh=00_AQJ1REtnNZ8u4YGFQVSYYhIit0uCNQIogAveoogO0NHOsQ&#038;oe=6A9AC6D3\"\n    data-image=\"https:\/\/scontent-zrh1-1.cdninstagram.com\/v\/t39.30808-6\/571102894_1265098675646207_3481058354967138745_n.jpg?stp=dst-jpg_e35_tt6&#038;_nc_cat=108&#038;ccb=7-5&#038;_nc_sid=18de74&#038;efg=eyJlZmdfdGFnIjoiQ0FST1VTRUxfSVRFTS5iZXN0X2ltYWdlX3VybGdlbi5DMyJ9&#038;_nc_ohc=Xvjz4Zf5W5MQ7kNvwG-NzYQ&#038;_nc_oc=AdqaX-okF2hwYuizOqok3fzRWicTcBXb5ZanO0tQcqOJxF6fyET9PImv_6BxcnZvXPdDmygkVsehwrBQuDd3o8yl&#038;_nc_zt=23&#038;_nc_ht=scontent-zrh1-1.cdninstagram.com&#038;edm=ANo9K5cEAAAA&#038;_nc_gid=M6O2D4BSQhLPMvYiGeLoOw&#038;_nc_tpa=Q5bMBQI-TM2HbJUgIKPVEJ7cgamd6PUZ0SKAJh8NBOvbkgCmVDrcrEG1YMIJcF4orTnFEG67bHqw0SSj&#038;oh=00_AQJ1REtnNZ8u4YGFQVSYYhIit0uCNQIogAveoogO0NHOsQ&#038;oe=6A9AC6D3\"\n    data-title=\"Was gibt es Sch\u00f6neres, als w\u00e4rmende Bilder, wenn uns ein kalter Wind um die Ohren pfeift. Lasst euch durch das schlechte Wetter nicht beirren und geniesst das Spektakel auf dem Bundesplatz. \nEinen Vorteil hat das Ganze doch auch: in der Regel versperrt euch keine grossgewachsene Person direkt vor euch die Sicht \ud83d\ude02\ud83d\ude02\ud83d\ude02\"><\/a>\n\n<a href=\"https:\/\/www.instagram.com\/p\/DQLuaUCESJy\/\">\n<img decoding=\"async\" alt=\"Bei uns k\u00f6nnt ihr nicht nur geniessen, sondern auch gewinnen!\nMacht unbedingt an diesem Wettbewerb mit, es winken wunderbare kulinarische Preise!\n...und wer gewinnt, kann uns ja einladen \ud83d\ude07\ud83d\ude07 ( @gastrobern \/ @bindella.vinoteca \/ @piu_ristorante )\n&gt;&gt; Hier geht es direkt zum Wettbewerb: https:\/\/www.bindella.ch\/wettbewerb-rendez-vous-2025\n\n#rendezvousbundesplatz2025 #voyage #fotografie #gastrobern #madeinbern #mis_baern_exklusiv #gastro #ilovebern #tollebilder #lumine #bekb\"\n   src=\"https:\/\/scontent-zrh1-1.cdninstagram.com\/v\/t39.30808-6\/571219221_1262302609259147_6402438325363469479_n.jpg?stp=dst-jpg_e35_tt6&#038;_nc_cat=111&#038;ccb=7-5&#038;_nc_sid=18de74&#038;efg=eyJlZmdfdGFnIjoiQ0FST1VTRUxfSVRFTS5iZXN0X2ltYWdlX3VybGdlbi5DMyJ9&#038;_nc_ohc=SIGE_nSIMbwQ7kNvwEnax5a&#038;_nc_oc=AdqtaiTVQIgbupaYOAMqwBLV9BsdWP6zZpbb0OTnkF0lWAVoUi4l_ihNcYqI8VzoL9On2J3Q57uwAe1YlHbdO_QI&#038;_nc_zt=23&#038;_nc_ht=scontent-zrh1-1.cdninstagram.com&#038;edm=ANo9K5cEAAAA&#038;_nc_gid=M6O2D4BSQhLPMvYiGeLoOw&#038;_nc_tpa=Q5bMBQKCJ5aYtHpOAZ8nC3T8sF0nO5hr55x1fKVtHbVsIFKb3_JdKbNL1Ukkgwu9m3jz5dwDS7uqwagP&#038;oh=00_AQJMZRLWbsD0IN0jqZ_nntc1JlTGHwE4i8VYZY23mLZWJA&#038;oe=6A9AC313\"\n    data-image=\"https:\/\/scontent-zrh1-1.cdninstagram.com\/v\/t39.30808-6\/571219221_1262302609259147_6402438325363469479_n.jpg?stp=dst-jpg_e35_tt6&#038;_nc_cat=111&#038;ccb=7-5&#038;_nc_sid=18de74&#038;efg=eyJlZmdfdGFnIjoiQ0FST1VTRUxfSVRFTS5iZXN0X2ltYWdlX3VybGdlbi5DMyJ9&#038;_nc_ohc=SIGE_nSIMbwQ7kNvwEnax5a&#038;_nc_oc=AdqtaiTVQIgbupaYOAMqwBLV9BsdWP6zZpbb0OTnkF0lWAVoUi4l_ihNcYqI8VzoL9On2J3Q57uwAe1YlHbdO_QI&#038;_nc_zt=23&#038;_nc_ht=scontent-zrh1-1.cdninstagram.com&#038;edm=ANo9K5cEAAAA&#038;_nc_gid=M6O2D4BSQhLPMvYiGeLoOw&#038;_nc_tpa=Q5bMBQKCJ5aYtHpOAZ8nC3T8sF0nO5hr55x1fKVtHbVsIFKb3_JdKbNL1Ukkgwu9m3jz5dwDS7uqwagP&#038;oh=00_AQJMZRLWbsD0IN0jqZ_nntc1JlTGHwE4i8VYZY23mLZWJA&#038;oe=6A9AC313\"\n    data-title=\"Bei uns k\u00f6nnt ihr nicht nur geniessen, sondern auch gewinnen!\nMacht unbedingt an diesem Wettbewerb mit, es winken wunderbare kulinarische Preise!\n...und wer gewinnt, kann uns ja einladen \ud83d\ude07\ud83d\ude07 ( @gastrobern \/ @bindella.vinoteca \/ @piu_ristorante )\n&gt;&gt; Hier geht es direkt zum Wettbewerb: https:\/\/www.bindella.ch\/wettbewerb-rendez-vous-2025\n\n#rendezvousbundesplatz2025 #voyage #fotografie #gastrobern #madeinbern #mis_baern_exklusiv #gastro #ilovebern #tollebilder #lumine #bekb\"><\/a>\n\n<a href=\"https:\/\/www.instagram.com\/p\/DQEK7OXjcb6\/\">\n<img decoding=\"async\" alt=\"Als kleines Dankesch\u00f6n k\u00f6nnen wir dank der @bekb.ch  jeweils unsere Partner und Unterst\u00fctzer zu einem Ap\u00e9ro im @bellevuepalace  einladen.\nVielleicht m\u00f6chtest du mit deiner Firma oder deiner Organisation in Zukunft das Rendez-vous Bundesplatz ebenfalls unterst\u00fctzen. Melde dich doch einfach: info@starlightevents.ch\n\n#rendezvousbundesplatz2025 #voyage #fotografie #plattformj #kulturprozentmigros #gastrobern #burgergemeindebern #bgbern #bernerkantonalbank #madeinbern #mis_baern_exklusiv #gastro #ilovebern #tollebilder #lumine #bekb\"\n   src=\"https:\/\/scontent-zrh1-1.cdninstagram.com\/v\/t39.30808-6\/568380904_1259635576192517_7170083426176374886_n.jpg?stp=dst-jpg_e35_tt6&#038;_nc_cat=107&#038;ccb=7-5&#038;_nc_sid=18de74&#038;efg=eyJlZmdfdGFnIjoiQ0FST1VTRUxfSVRFTS5iZXN0X2ltYWdlX3VybGdlbi5DMyJ9&#038;_nc_ohc=zE8-auhCoCgQ7kNvwH3SaQw&#038;_nc_oc=Adov87ba81HtKk69lfOlJ8E5cZOSJkmDcZQcvI5aELsV4jyU7PrJkjpLr84fQaSLnaVotzGdToKyH7cHf91GItM_&#038;_nc_zt=23&#038;_nc_ht=scontent-zrh1-1.cdninstagram.com&#038;edm=ANo9K5cEAAAA&#038;_nc_gid=M6O2D4BSQhLPMvYiGeLoOw&#038;_nc_tpa=Q5bMBQI2iieWUDtIYpc5mfSWvmaKU3WWpcJC7UYZDRd_UyFrxdM42AY7upKbdBxtsQYRh1dRQWnT9lRo&#038;oh=00_AQIiNFje__cz2xis9zoewwPFNkJ9S0i-tgEAwmSepuiueA&#038;oe=6A9AEC6A\"\n    data-image=\"https:\/\/scontent-zrh1-1.cdninstagram.com\/v\/t39.30808-6\/568380904_1259635576192517_7170083426176374886_n.jpg?stp=dst-jpg_e35_tt6&#038;_nc_cat=107&#038;ccb=7-5&#038;_nc_sid=18de74&#038;efg=eyJlZmdfdGFnIjoiQ0FST1VTRUxfSVRFTS5iZXN0X2ltYWdlX3VybGdlbi5DMyJ9&#038;_nc_ohc=zE8-auhCoCgQ7kNvwH3SaQw&#038;_nc_oc=Adov87ba81HtKk69lfOlJ8E5cZOSJkmDcZQcvI5aELsV4jyU7PrJkjpLr84fQaSLnaVotzGdToKyH7cHf91GItM_&#038;_nc_zt=23&#038;_nc_ht=scontent-zrh1-1.cdninstagram.com&#038;edm=ANo9K5cEAAAA&#038;_nc_gid=M6O2D4BSQhLPMvYiGeLoOw&#038;_nc_tpa=Q5bMBQI2iieWUDtIYpc5mfSWvmaKU3WWpcJC7UYZDRd_UyFrxdM42AY7upKbdBxtsQYRh1dRQWnT9lRo&#038;oh=00_AQIiNFje__cz2xis9zoewwPFNkJ9S0i-tgEAwmSepuiueA&#038;oe=6A9AEC6A\"\n    data-title=\"Als kleines Dankesch\u00f6n k\u00f6nnen wir dank der @bekb.ch  jeweils unsere Partner und Unterst\u00fctzer zu einem Ap\u00e9ro im @bellevuepalace  einladen.\nVielleicht m\u00f6chtest du mit deiner Firma oder deiner Organisation in Zukunft das Rendez-vous Bundesplatz ebenfalls unterst\u00fctzen. Melde dich doch einfach: info@starlightevents.ch\n\n#rendezvousbundesplatz2025 #voyage #fotografie #plattformj #kulturprozentmigros #gastrobern #burgergemeindebern #bgbern #bernerkantonalbank #madeinbern #mis_baern_exklusiv #gastro #ilovebern #tollebilder #lumine #bekb\"><\/a>\n\n<a href=\"https:\/\/www.instagram.com\/p\/DQBreLpjNtw\/\">\n<img decoding=\"async\" alt=\"Nun sind wir auf eure Hilfe angewiesen:\nZwar besuchten am ersten Abend nicht weniger als 21&#039;000 Personen das Rendez-vous Bundesplatz, doch nun gilt es die Eindr\u00fccke, die wunderbaren Bilder oder auch die Erfahrungen weit zu streuen. Erstellt Beitr\u00e4ge in den sozialen Medien, begeistert euer Umfeld die Show zu besuchen oder unterst\u00fctzt uns, damit wir auch in den kommenden Jahren das Rendez-vous Bundesplatz weiterhin durchf\u00fchren k\u00f6nnen.\n\n#rendezvousbundesplatz2025 #voyage #fotografie #gastrobern #madeinbern #ilovebern #tollebilder #lumine #bekb\"\n   src=\"https:\/\/scontent-zrh1-1.cdninstagram.com\/v\/t39.30808-6\/568351440_1258685036287571_5445383279049761081_n.jpg?stp=dst-jpg_e35_tt6&#038;_nc_cat=107&#038;ccb=7-5&#038;_nc_sid=18de74&#038;efg=eyJlZmdfdGFnIjoiQ0FST1VTRUxfSVRFTS5iZXN0X2ltYWdlX3VybGdlbi5DMyJ9&#038;_nc_ohc=H7tGRzOnAR8Q7kNvwEvFmRI&#038;_nc_oc=Ado5vQh9UWsSVuvWo-180QsK1u5r-GuxHjEsN9DwsR1q43CST85qEwSZrZjENa24F-P1aGZl4-5GwdKYl0nfJjSr&#038;_nc_zt=23&#038;_nc_ht=scontent-zrh1-1.cdninstagram.com&#038;edm=ANo9K5cEAAAA&#038;_nc_gid=M6O2D4BSQhLPMvYiGeLoOw&#038;_nc_tpa=Q5bMBQKpWbUXP8uEmQZBOZogUj06PKhZ9_qkVDHwfm0xXIWvXHOuYrcSeRwIhcyl9j9QvAFiuPIIEBrh&#038;oh=00_AQJJMRt7DImW70J8aVB939ADqD3gtHt1mmoaw1ZRic1oHQ&#038;oe=6A9AD898\"\n    data-image=\"https:\/\/scontent-zrh1-1.cdninstagram.com\/v\/t39.30808-6\/568351440_1258685036287571_5445383279049761081_n.jpg?stp=dst-jpg_e35_tt6&#038;_nc_cat=107&#038;ccb=7-5&#038;_nc_sid=18de74&#038;efg=eyJlZmdfdGFnIjoiQ0FST1VTRUxfSVRFTS5iZXN0X2ltYWdlX3VybGdlbi5DMyJ9&#038;_nc_ohc=H7tGRzOnAR8Q7kNvwEvFmRI&#038;_nc_oc=Ado5vQh9UWsSVuvWo-180QsK1u5r-GuxHjEsN9DwsR1q43CST85qEwSZrZjENa24F-P1aGZl4-5GwdKYl0nfJjSr&#038;_nc_zt=23&#038;_nc_ht=scontent-zrh1-1.cdninstagram.com&#038;edm=ANo9K5cEAAAA&#038;_nc_gid=M6O2D4BSQhLPMvYiGeLoOw&#038;_nc_tpa=Q5bMBQKpWbUXP8uEmQZBOZogUj06PKhZ9_qkVDHwfm0xXIWvXHOuYrcSeRwIhcyl9j9QvAFiuPIIEBrh&#038;oh=00_AQJJMRt7DImW70J8aVB939ADqD3gtHt1mmoaw1ZRic1oHQ&#038;oe=6A9AD898\"\n    data-title=\"Nun sind wir auf eure Hilfe angewiesen:\nZwar besuchten am ersten Abend nicht weniger als 21&#039;000 Personen das Rendez-vous Bundesplatz, doch nun gilt es die Eindr\u00fccke, die wunderbaren Bilder oder auch die Erfahrungen weit zu streuen. Erstellt Beitr\u00e4ge in den sozialen Medien, begeistert euer Umfeld die Show zu besuchen oder unterst\u00fctzt uns, damit wir auch in den kommenden Jahren das Rendez-vous Bundesplatz weiterhin durchf\u00fchren k\u00f6nnen.\n\n#rendezvousbundesplatz2025 #voyage #fotografie #gastrobern #madeinbern #ilovebern #tollebilder #lumine #bekb\"><\/a>\n\n<a href=\"https:\/\/www.instagram.com\/p\/DP9Z18sDaVU\/\">\n<img decoding=\"async\" alt=\"Die Premiere liegt hinter uns, die Zuschauerinnen und Zuschauer waren begeistert und allen, welche nicht vor Ort waren, bieten sich noch viele M\u00f6glichkeiten, die Show zu besuchen.\nUm den Besuch schmackhaft zu machen, zeigen wir euch hier gerne eine kleine Auswahl von Bildern, welche w\u00e4hrend der Vorf\u00fchrung entstanden sind.\n\n#rendezvousbundesplatz2025 #voyage #fotografie #gastrobern #madeinbern #gastro #ilovebern #tollebilder #lumine #bekb\"\n   src=\"https:\/\/scontent-zrh1-1.cdninstagram.com\/v\/t39.30808-6\/568126956_1257049356451139_1633899755215312412_n.jpg?stp=dst-jpg_e35_tt6&#038;_nc_cat=105&#038;ccb=7-5&#038;_nc_sid=18de74&#038;efg=eyJlZmdfdGFnIjoiQ0FST1VTRUxfSVRFTS5iZXN0X2ltYWdlX3VybGdlbi5DMyJ9&#038;_nc_ohc=gJnMoueBDrQQ7kNvwHgpbcF&#038;_nc_oc=Adp9Zs8xoabvDMpH4E2QoOvc5WtaS7XO8t8HYBuChWHLzgOKTNuXhtll10lbiMvyDn5zJs5Fymkp4v1TgjoiWLhs&#038;_nc_zt=23&#038;_nc_ht=scontent-zrh1-1.cdninstagram.com&#038;edm=ANo9K5cEAAAA&#038;_nc_gid=M6O2D4BSQhLPMvYiGeLoOw&#038;_nc_tpa=Q5bMBQKBs3LtvyAD9UmMgWCGq8v7pgRKB3azll--we0I59tlGcgcye4ONK82AuOwN3eFQQNM-roeXPz0&#038;oh=00_AQLe5VMhqgEC_6HvCHmKd6tqsSjrlFLQjYZbhAfMgLX_vQ&#038;oe=6A9AE5BF\"\n    data-image=\"https:\/\/scontent-zrh1-1.cdninstagram.com\/v\/t39.30808-6\/568126956_1257049356451139_1633899755215312412_n.jpg?stp=dst-jpg_e35_tt6&#038;_nc_cat=105&#038;ccb=7-5&#038;_nc_sid=18de74&#038;efg=eyJlZmdfdGFnIjoiQ0FST1VTRUxfSVRFTS5iZXN0X2ltYWdlX3VybGdlbi5DMyJ9&#038;_nc_ohc=gJnMoueBDrQQ7kNvwHgpbcF&#038;_nc_oc=Adp9Zs8xoabvDMpH4E2QoOvc5WtaS7XO8t8HYBuChWHLzgOKTNuXhtll10lbiMvyDn5zJs5Fymkp4v1TgjoiWLhs&#038;_nc_zt=23&#038;_nc_ht=scontent-zrh1-1.cdninstagram.com&#038;edm=ANo9K5cEAAAA&#038;_nc_gid=M6O2D4BSQhLPMvYiGeLoOw&#038;_nc_tpa=Q5bMBQKBs3LtvyAD9UmMgWCGq8v7pgRKB3azll--we0I59tlGcgcye4ONK82AuOwN3eFQQNM-roeXPz0&#038;oh=00_AQLe5VMhqgEC_6HvCHmKd6tqsSjrlFLQjYZbhAfMgLX_vQ&#038;oe=6A9AE5BF\"\n    data-title=\"Die Premiere liegt hinter uns, die Zuschauerinnen und Zuschauer waren begeistert und allen, welche nicht vor Ort waren, bieten sich noch viele M\u00f6glichkeiten, die Show zu besuchen.\nUm den Besuch schmackhaft zu machen, zeigen wir euch hier gerne eine kleine Auswahl von Bildern, welche w\u00e4hrend der Vorf\u00fchrung entstanden sind.\n\n#rendezvousbundesplatz2025 #voyage #fotografie #gastrobern #madeinbern #gastro #ilovebern #tollebilder #lumine #bekb\"><\/a>\n\n<a href=\"https:\/\/www.instagram.com\/p\/DP8RSbbDSSC\/\">\n<img decoding=\"async\" alt=\"Nur noch wenige Stunden trennen uns von der offiziellen Premiere.\nDamit hoffentlich alles klappt, fand gestern die Hauptprobe statt, zu der auch die Medienschaffenden eingeladen waren. \nErfreulicherweise sendete  das @srfschweizerradioundfernsehen (Schweiz aktuell) direkt vom Bundesplatz.\nNat\u00fcrlich fanden sich auch schon zahlreiche Besucherinnen und Besucher ein, so dass in den sozialen Medien bereits zahlreiche Bilder zu finden sind.\n\n#srf #schweizaktuell #rendezvousbundesplatz2025 #voyage #fotografie #gastrobern #madeinbern #gastro #ilovebern #tollebilder #lumine #bekb\"\n   src=\"https:\/\/scontent-zrh1-1.cdninstagram.com\/v\/t39.30808-6\/566323016_1256903253132416_8153817099716369402_n.jpg?stp=dst-jpg_e35_tt6&#038;_nc_cat=110&#038;ccb=7-5&#038;_nc_sid=18de74&#038;efg=eyJlZmdfdGFnIjoiQ0FST1VTRUxfSVRFTS5iZXN0X2ltYWdlX3VybGdlbi5DMyJ9&#038;_nc_ohc=K4cVFVexRJoQ7kNvwHU57EH&#038;_nc_oc=AdqtJA81zCt8lWNhAHb8od4Czz6cj3PzwYP8zIepw8Rf19w5J0gwU1bgoEmHW3CTghr0iwkFSWqzIr-wP_lE3S-Z&#038;_nc_zt=23&#038;_nc_ht=scontent-zrh1-1.cdninstagram.com&#038;edm=ANo9K5cEAAAA&#038;_nc_gid=M6O2D4BSQhLPMvYiGeLoOw&#038;_nc_tpa=Q5bMBQIaeC5nMgtTC2JOQowf6eH2SU9ZWcCx6clq4ziNqtNIt7zRpm_irdAG8AY-Af_LrT9iFZQUpnxN&#038;oh=00_AQJoltHhOc7NoZ-uN8pXn3ILriK89chcrTY4c6_juUbRXA&#038;oe=6A9ADB57\"\n    data-image=\"https:\/\/scontent-zrh1-1.cdninstagram.com\/v\/t39.30808-6\/566323016_1256903253132416_8153817099716369402_n.jpg?stp=dst-jpg_e35_tt6&#038;_nc_cat=110&#038;ccb=7-5&#038;_nc_sid=18de74&#038;efg=eyJlZmdfdGFnIjoiQ0FST1VTRUxfSVRFTS5iZXN0X2ltYWdlX3VybGdlbi5DMyJ9&#038;_nc_ohc=K4cVFVexRJoQ7kNvwHU57EH&#038;_nc_oc=AdqtJA81zCt8lWNhAHb8od4Czz6cj3PzwYP8zIepw8Rf19w5J0gwU1bgoEmHW3CTghr0iwkFSWqzIr-wP_lE3S-Z&#038;_nc_zt=23&#038;_nc_ht=scontent-zrh1-1.cdninstagram.com&#038;edm=ANo9K5cEAAAA&#038;_nc_gid=M6O2D4BSQhLPMvYiGeLoOw&#038;_nc_tpa=Q5bMBQIaeC5nMgtTC2JOQowf6eH2SU9ZWcCx6clq4ziNqtNIt7zRpm_irdAG8AY-Af_LrT9iFZQUpnxN&#038;oh=00_AQJoltHhOc7NoZ-uN8pXn3ILriK89chcrTY4c6_juUbRXA&#038;oe=6A9ADB57\"\n    data-title=\"Nur noch wenige Stunden trennen uns von der offiziellen Premiere.\nDamit hoffentlich alles klappt, fand gestern die Hauptprobe statt, zu der auch die Medienschaffenden eingeladen waren. \nErfreulicherweise sendete  das @srfschweizerradioundfernsehen (Schweiz aktuell) direkt vom Bundesplatz.\nNat\u00fcrlich fanden sich auch schon zahlreiche Besucherinnen und Besucher ein, so dass in den sozialen Medien bereits zahlreiche Bilder zu finden sind.\n\n#srf #schweizaktuell #rendezvousbundesplatz2025 #voyage #fotografie #gastrobern #madeinbern #gastro #ilovebern #tollebilder #lumine #bekb\"><\/a>\n\n<a href=\"https:\/\/www.instagram.com\/p\/DP3UTAZDZI6\/\">\n<img decoding=\"async\" alt=\"Die Spannung steigt: Noch k\u00f6nnen wir hier nur &quot;Ersatzbilder&quot; des Spektakels pr\u00e4sentieren. Wir freuen uns aber, schon bald Aufnahmen (Videos oder Fotos) zeigen zu k\u00f6nnen, welche direkt vor der Fassade des Bundeshauses entstanden sind.\nNat\u00fcrlich sind wir gespannt, was ihr besonders sch\u00f6n findet und in den sozialen Medien ver\u00f6ffentlicht. Nicht vergessen, jeweils alle Beitr\u00e4ge mit dem @rendezvousbundesplatz  zu verkn\u00fcpfen.\n\n#rendezvousbundesplatz2025 #voyage #fotografie #plattformj #gastrobern #burgergemeindebern #bgbern #madeinbern #gastro #ilovebern #tollebilder #lumine #bekb\"\n   src=\"https:\/\/scontent-zrh1-1.cdninstagram.com\/v\/t39.30808-6\/565121544_1255198156636259_6860055602962682295_n.jpg?stp=dst-jpg_e35_tt6&#038;_nc_cat=108&#038;ccb=7-5&#038;_nc_sid=18de74&#038;efg=eyJlZmdfdGFnIjoiQ0FST1VTRUxfSVRFTS5iZXN0X2ltYWdlX3VybGdlbi5DMyJ9&#038;_nc_ohc=IQA-EVm-NLoQ7kNvwERYvqy&#038;_nc_oc=Adp8YAZQiFFGMpDdpNbhDBDYHTvmiQG5kudqqSV1b5G2x2yeIDUT-0fuwLo3-gCf26w7muIVtNQHAW4ep8k7bAS9&#038;_nc_zt=23&#038;_nc_ht=scontent-zrh1-1.cdninstagram.com&#038;edm=ANo9K5cEAAAA&#038;_nc_gid=M6O2D4BSQhLPMvYiGeLoOw&#038;_nc_tpa=Q5bMBQKButqI7WQ9eeVM3UWe1vPTQL2kc8prlAN9yJyJaTX3IXmINdPtIKmnyQy-ohx-_ef5yJhJHtt8&#038;oh=00_AQL6v_n9d9SPqO6pgYwXOHXF_sBZcgWwDHB8PYYdvTVDVg&#038;oe=6A9AF102\"\n    data-image=\"https:\/\/scontent-zrh1-1.cdninstagram.com\/v\/t39.30808-6\/565121544_1255198156636259_6860055602962682295_n.jpg?stp=dst-jpg_e35_tt6&#038;_nc_cat=108&#038;ccb=7-5&#038;_nc_sid=18de74&#038;efg=eyJlZmdfdGFnIjoiQ0FST1VTRUxfSVRFTS5iZXN0X2ltYWdlX3VybGdlbi5DMyJ9&#038;_nc_ohc=IQA-EVm-NLoQ7kNvwERYvqy&#038;_nc_oc=Adp8YAZQiFFGMpDdpNbhDBDYHTvmiQG5kudqqSV1b5G2x2yeIDUT-0fuwLo3-gCf26w7muIVtNQHAW4ep8k7bAS9&#038;_nc_zt=23&#038;_nc_ht=scontent-zrh1-1.cdninstagram.com&#038;edm=ANo9K5cEAAAA&#038;_nc_gid=M6O2D4BSQhLPMvYiGeLoOw&#038;_nc_tpa=Q5bMBQKButqI7WQ9eeVM3UWe1vPTQL2kc8prlAN9yJyJaTX3IXmINdPtIKmnyQy-ohx-_ef5yJhJHtt8&#038;oh=00_AQL6v_n9d9SPqO6pgYwXOHXF_sBZcgWwDHB8PYYdvTVDVg&#038;oe=6A9AF102\"\n    data-title=\"Die Spannung steigt: Noch k\u00f6nnen wir hier nur &quot;Ersatzbilder&quot; des Spektakels pr\u00e4sentieren. Wir freuen uns aber, schon bald Aufnahmen (Videos oder Fotos) zeigen zu k\u00f6nnen, welche direkt vor der Fassade des Bundeshauses entstanden sind.\nNat\u00fcrlich sind wir gespannt, was ihr besonders sch\u00f6n findet und in den sozialen Medien ver\u00f6ffentlicht. Nicht vergessen, jeweils alle Beitr\u00e4ge mit dem @rendezvousbundesplatz  zu verkn\u00fcpfen.\n\n#rendezvousbundesplatz2025 #voyage #fotografie #plattformj #gastrobern #burgergemeindebern #bgbern #madeinbern #gastro #ilovebern #tollebilder #lumine #bekb\"><\/a>\n\n<a href=\"https:\/\/www.instagram.com\/p\/DPv95bcCNr-\/\">\n<img decoding=\"async\" alt=\"Die Aufbauarbeiten f\u00fcr das @rendezvousbundesplatz sind im vollen Gang...\n\n#rendezvousbundesplatz #voyage #bundeshaus  #bundesplatz #bekb #burgergemeindebern #bgbern #gastro #gastrobern\"\n   src=\"https:\/\/scontent-zrh1-1.cdninstagram.com\/v\/t51.82787-15\/565924742_18537270274049537_5152629624735201382_n.heic?stp=dst-jpg_e35_tt6&#038;_nc_cat=105&#038;ccb=7-5&#038;_nc_sid=18de74&#038;efg=eyJlZmdfdGFnIjoiQ0FST1VTRUxfSVRFTS5iZXN0X2ltYWdlX3VybGdlbi5DMyJ9&#038;_nc_ohc=AlpLDiiXqVgQ7kNvwFGL-Ta&#038;_nc_oc=AdoL8_q8xWaOlsfBLj-qBEySPTO9DnGofBNpOqJDbJd-LOUObwqpMDh-ck-WWmIjzxsB1x2RU2KbbR11WS8O7UMd&#038;_nc_zt=23&#038;_nc_ht=scontent-zrh1-1.cdninstagram.com&#038;edm=ANo9K5cEAAAA&#038;_nc_gid=M6O2D4BSQhLPMvYiGeLoOw&#038;_nc_tpa=Q5bMBQIb9Ebem8FKIM6mgpF9SDnHYuDhjA5Yi7FHkAUhS0iGnt_dhKS2lWpcahC2TZ7D6B0hgBtXu6oa&#038;oh=00_AQLr5xnjjKMslSPGDqrO_TeMoiLZezBTj3meDeloxXdm7Q&#038;oe=6A9AC96F\"\n    data-image=\"https:\/\/scontent-zrh1-1.cdninstagram.com\/v\/t51.82787-15\/565924742_18537270274049537_5152629624735201382_n.heic?stp=dst-jpg_e35_tt6&#038;_nc_cat=105&#038;ccb=7-5&#038;_nc_sid=18de74&#038;efg=eyJlZmdfdGFnIjoiQ0FST1VTRUxfSVRFTS5iZXN0X2ltYWdlX3VybGdlbi5DMyJ9&#038;_nc_ohc=AlpLDiiXqVgQ7kNvwFGL-Ta&#038;_nc_oc=AdoL8_q8xWaOlsfBLj-qBEySPTO9DnGofBNpOqJDbJd-LOUObwqpMDh-ck-WWmIjzxsB1x2RU2KbbR11WS8O7UMd&#038;_nc_zt=23&#038;_nc_ht=scontent-zrh1-1.cdninstagram.com&#038;edm=ANo9K5cEAAAA&#038;_nc_gid=M6O2D4BSQhLPMvYiGeLoOw&#038;_nc_tpa=Q5bMBQIb9Ebem8FKIM6mgpF9SDnHYuDhjA5Yi7FHkAUhS0iGnt_dhKS2lWpcahC2TZ7D6B0hgBtXu6oa&#038;oh=00_AQLr5xnjjKMslSPGDqrO_TeMoiLZezBTj3meDeloxXdm7Q&#038;oe=6A9AC96F\"\n    data-title=\"Die Aufbauarbeiten f\u00fcr das @rendezvousbundesplatz sind im vollen Gang...\n\n#rendezvousbundesplatz #voyage #bundeshaus  #bundesplatz #bekb #burgergemeindebern #bgbern #gastro #gastrobern\"><\/a>\n\n<a href=\"https:\/\/www.instagram.com\/p\/DPeiBN2jjU0\/\">\n<img decoding=\"async\" alt=\"Viele k\u00f6nnen es kaum erwarten: Ab dem 18. Oktober begeben wir uns endlich auf unsere Weltreise. Zum ersten Mal mit Live-Musik und -Gesang.\nLade doch deine Freunde und Bekannte zu diesem Anlass ein und teile unseren Beitrag fleissig!\n\n#rendezvousbundesplatz2025 #voyage #fotografie #gastrobern #madeinbern #gastro #ilovebern #tollebilder #lumine #bekb #weltreise\"\n   src=\"https:\/\/scontent-zrh1-1.cdninstagram.com\/v\/t39.30808-6\/560599958_1245686924254049_2886582222480786556_n.jpg?stp=dst-jpg_e35_tt6&#038;_nc_cat=102&#038;ccb=7-5&#038;_nc_sid=18de74&#038;efg=eyJlZmdfdGFnIjoiQ0FST1VTRUxfSVRFTS5iZXN0X2ltYWdlX3VybGdlbi5DMyJ9&#038;_nc_ohc=zwvmksUBGksQ7kNvwG1WceC&#038;_nc_oc=Adq4WPzLYf3yVYaqwaDXh9tw4W5kcBOEE2Rot0DfRwrSRN67f7BvyOd6mFohBb3W7iTeGbWqj1p2F7ieB8E0DxF4&#038;_nc_zt=23&#038;_nc_ht=scontent-zrh1-1.cdninstagram.com&#038;edm=ANo9K5cEAAAA&#038;_nc_gid=M6O2D4BSQhLPMvYiGeLoOw&#038;_nc_tpa=Q5bMBQLEkVabPLK6wT9iakb4idEXCFDHOcoJRiflrFf5UvUCR5oOQN_IsPWMTX5KetKPbIokz4NZ29Op&#038;oh=00_AQJpQLoq1LG0vJVVpXxAOeNDpmPQeilTvJBQJgyOBIc6Yw&#038;oe=6A9AC6F8\"\n    data-image=\"https:\/\/scontent-zrh1-1.cdninstagram.com\/v\/t39.30808-6\/560599958_1245686924254049_2886582222480786556_n.jpg?stp=dst-jpg_e35_tt6&#038;_nc_cat=102&#038;ccb=7-5&#038;_nc_sid=18de74&#038;efg=eyJlZmdfdGFnIjoiQ0FST1VTRUxfSVRFTS5iZXN0X2ltYWdlX3VybGdlbi5DMyJ9&#038;_nc_ohc=zwvmksUBGksQ7kNvwG1WceC&#038;_nc_oc=Adq4WPzLYf3yVYaqwaDXh9tw4W5kcBOEE2Rot0DfRwrSRN67f7BvyOd6mFohBb3W7iTeGbWqj1p2F7ieB8E0DxF4&#038;_nc_zt=23&#038;_nc_ht=scontent-zrh1-1.cdninstagram.com&#038;edm=ANo9K5cEAAAA&#038;_nc_gid=M6O2D4BSQhLPMvYiGeLoOw&#038;_nc_tpa=Q5bMBQLEkVabPLK6wT9iakb4idEXCFDHOcoJRiflrFf5UvUCR5oOQN_IsPWMTX5KetKPbIokz4NZ29Op&#038;oh=00_AQJpQLoq1LG0vJVVpXxAOeNDpmPQeilTvJBQJgyOBIc6Yw&#038;oe=6A9AC6F8\"\n    data-title=\"Viele k\u00f6nnen es kaum erwarten: Ab dem 18. Oktober begeben wir uns endlich auf unsere Weltreise. Zum ersten Mal mit Live-Musik und -Gesang.\nLade doch deine Freunde und Bekannte zu diesem Anlass ein und teile unseren Beitrag fleissig!\n\n#rendezvousbundesplatz2025 #voyage #fotografie #gastrobern #madeinbern #gastro #ilovebern #tollebilder #lumine #bekb #weltreise\"><\/a>\n  \n  <\/div>\n<\/div>\n<!-- end Tile Gallery -->\t\t\t\t<\/div>\n\t\t\t\t<\/div>\n\t\t\t\t<\/div>\n\t\t<div class=\"elementor-element elementor-element-a548d68 e-con-full elementor-repeater-item-ang_container_no_padding startseite e-flex sk-none elementor-repeater-item-none elementor-repeater-item-none_hover e-con e-parent\" data-id=\"a548d68\" data-element_type=\"container\" data-e-type=\"container\" data-settings=\"{&quot;ang_container_spacing_size&quot;:&quot;ang_container_no_padding&quot;,&quot;background_background&quot;:&quot;classic&quot;}\">\n\t\t<div data-dce-background-color=\"#E8741A\" class=\"elementor-element elementor-element-b73742b e-con-full elementor-repeater-item-ang_container_padding_2 elementor-repeater-item-none_hover e-flex sk-none elementor-repeater-item-none e-con e-child\" data-id=\"b73742b\" data-element_type=\"container\" data-e-type=\"container\" data-settings=\"{&quot;ang_container_spacing_size&quot;:&quot;ang_container_padding_2&quot;,&quot;background_background&quot;:&quot;classic&quot;}\">\n\t\t\t\t<div class=\"elementor-element elementor-element-83099e9 elementor-repeater-item-none elementor-repeater-item-none_hover elementor-widget elementor-widget-heading\" data-id=\"83099e9\" data-element_type=\"widget\" data-e-type=\"widget\" data-widget_type=\"heading.default\">\n\t\t\t\t<div class=\"elementor-widget-container\">\n\t\t\t\t\t<h3 class=\"elementor-heading-title elementor-size-default\">Become a donor<\/h3>\t\t\t\t<\/div>\n\t\t\t\t<\/div>\n\t\t\t\t<div class=\"elementor-element elementor-element-e9297f2 elementor-repeater-item-none elementor-repeater-item-none_hover elementor-widget elementor-widget-heading\" data-id=\"e9297f2\" data-element_type=\"widget\" data-e-type=\"widget\" data-widget_type=\"heading.default\">\n\t\t\t\t<div class=\"elementor-widget-container\">\n\t\t\t\t\t<p class=\"elementor-heading-title elementor-size-default\">For years, the technical costs have been rising \u2013 but sponsorship funds have not. Please help us keep the lights on by making a donation.<\/p>\t\t\t\t<\/div>\n\t\t\t\t<\/div>\n\t\t\t\t<div class=\"elementor-element elementor-element-e78825d elementor-repeater-item-none elementor-repeater-item-none_hover elementor-widget elementor-widget-button\" data-id=\"e78825d\" data-element_type=\"widget\" data-e-type=\"widget\" data-widget_type=\"button.default\">\n\t\t\t\t<div class=\"elementor-widget-container\">\n\t\t\t\t\t\t\t\t\t<div class=\"elementor-button-wrapper\">\n\t\t\t\t\t<a class=\"elementor-button elementor-button-link elementor-size-sm\" href=\"https:\/\/www.rendezvousbundesplatz.ch\/en\/support\/\">\n\t\t\t\t\t\t<span class=\"elementor-button-content-wrapper\">\n\t\t\t\t\t\t\t\t\t<span class=\"elementor-button-text\">Donate now!<\/span>\n\t\t\t\t\t<\/span>\n\t\t\t\t\t<\/a>\n\t\t\t\t<\/div>\n\t\t\t\t\t\t\t\t<\/div>\n\t\t\t\t<\/div>\n\t\t\t\t<\/div>\n\t\t<div class=\"elementor-element elementor-element-a7467f1 e-con-full elementor-repeater-item-ang_container_padding_2 elementor-repeater-item-none_hover e-flex sk-none elementor-repeater-item-none e-con e-child\" data-id=\"a7467f1\" data-element_type=\"container\" data-e-type=\"container\" data-settings=\"{&quot;ang_container_spacing_size&quot;:&quot;ang_container_padding_2&quot;,&quot;background_background&quot;:&quot;classic&quot;}\">\n\t\t\t\t<div class=\"elementor-element elementor-element-72e1cf6 elementor-repeater-item-none elementor-repeater-item-none_hover elementor-widget elementor-widget-heading\" data-id=\"72e1cf6\" data-element_type=\"widget\" data-e-type=\"widget\" data-widget_type=\"heading.default\">\n\t\t\t\t<div class=\"elementor-widget-container\">\n\t\t\t\t\t<h3 class=\"elementor-heading-title elementor-size-default\">Follow us<\/h3>\t\t\t\t<\/div>\n\t\t\t\t<\/div>\n\t\t\t\t<div class=\"elementor-element elementor-element-7a8db7e elementor-repeater-item-none elementor-repeater-item-none_hover elementor-widget elementor-widget-heading\" data-id=\"7a8db7e\" data-element_type=\"widget\" data-e-type=\"widget\" data-widget_type=\"heading.default\">\n\t\t\t\t<div class=\"elementor-widget-container\">\n\t\t\t\t\t<p class=\"elementor-heading-title elementor-size-default\">Stay up to date \u2013 photos, behind-the-scenes footage and news from the show.<\/p>\t\t\t\t<\/div>\n\t\t\t\t<\/div>\n\t\t<div class=\"elementor-element elementor-element-01919a9 e-con-full e-flex elementor-repeater-item-default_padding elementor-repeater-item-none elementor-repeater-item-none_hover e-con e-child\" data-id=\"01919a9\" data-element_type=\"container\" data-e-type=\"container\" data-settings=\"{&quot;ang_container_spacing_size&quot;:&quot;default_padding&quot;}\">\n\t\t\t\t<div class=\"elementor-element elementor-element-9a0e016 elementor-repeater-item-none elementor-repeater-item-none_hover elementor-widget elementor-widget-button\" data-id=\"9a0e016\" data-element_type=\"widget\" data-e-type=\"widget\" data-widget_type=\"button.default\">\n\t\t\t\t<div class=\"elementor-widget-container\">\n\t\t\t\t\t\t\t\t\t<div class=\"elementor-button-wrapper\">\n\t\t\t\t\t<a class=\"elementor-button elementor-button-link elementor-size-sm\" href=\"https:\/\/www.facebook.com\/RendezVousBundesplatz\/\" target=\"_blank\">\n\t\t\t\t\t\t<span class=\"elementor-button-content-wrapper\">\n\t\t\t\t\t\t<span class=\"elementor-button-icon\">\n\t\t\t\t<i aria-hidden=\"true\" class=\"fab fa-facebook\"><\/i>\t\t\t<\/span>\n\t\t\t\t\t\t\t\t\t<span class=\"elementor-button-text\">Facebook<\/span>\n\t\t\t\t\t<\/span>\n\t\t\t\t\t<\/a>\n\t\t\t\t<\/div>\n\t\t\t\t\t\t\t\t<\/div>\n\t\t\t\t<\/div>\n\t\t\t\t<div class=\"elementor-element elementor-element-7430175 elementor-repeater-item-none elementor-repeater-item-none_hover elementor-widget elementor-widget-button\" data-id=\"7430175\" data-element_type=\"widget\" data-e-type=\"widget\" data-widget_type=\"button.default\">\n\t\t\t\t<div class=\"elementor-widget-container\">\n\t\t\t\t\t\t\t\t\t<div class=\"elementor-button-wrapper\">\n\t\t\t\t\t<a class=\"elementor-button elementor-button-link elementor-size-sm\" href=\"https:\/\/www.instagram.com\/rendezvousbundesplatz\/\" target=\"_blank\">\n\t\t\t\t\t\t<span class=\"elementor-button-content-wrapper\">\n\t\t\t\t\t\t<span class=\"elementor-button-icon\">\n\t\t\t\t<i aria-hidden=\"true\" class=\"fab fa-instagram\"><\/i>\t\t\t<\/span>\n\t\t\t\t\t\t\t\t\t<span class=\"elementor-button-text\">Instagram<\/span>\n\t\t\t\t\t<\/span>\n\t\t\t\t\t<\/a>\n\t\t\t\t<\/div>\n\t\t\t\t\t\t\t\t<\/div>\n\t\t\t\t<\/div>\n\t\t\t\t<\/div>\n\t\t\t\t<\/div>\n\t\t\t\t<\/div>\n\t\t<div data-dce-background-image-url=\"https:\/\/www.rendezvousbundesplatz.ch\/wp-content\/uploads\/2026\/04\/img-S-05-img-Schilflandimg-Schaft.jpg\" class=\"elementor-element elementor-element-7421b29 e-flex e-con-boxed elementor-repeater-item-default_padding sk-none elementor-repeater-item-none elementor-repeater-item-none_hover e-con e-parent\" data-id=\"7421b29\" data-element_type=\"container\" data-e-type=\"container\" data-settings=\"{&quot;background_background&quot;:&quot;classic&quot;,&quot;ang_container_spacing_size&quot;:&quot;default_padding&quot;}\">\n\t\t\t\t\t<div class=\"e-con-inner\">\n\t\t\t\t<div class=\"elementor-element elementor-element-b36eec9 elementor-repeater-item-none elementor-repeater-item-none_hover elementor-widget elementor-widget-spacer\" data-id=\"b36eec9\" data-element_type=\"widget\" data-e-type=\"widget\" data-widget_type=\"spacer.default\">\n\t\t\t\t<div class=\"elementor-widget-container\">\n\t\t\t\t\t\t\t<div class=\"elementor-spacer\">\n\t\t\t<div class=\"elementor-spacer-inner\"><\/div>\n\t\t<\/div>\n\t\t\t\t\t\t<\/div>\n\t\t\t\t<\/div>\n\t\t\t\t\t<\/div>\n\t\t\t\t<\/div>\n\t\t\t\t<\/div>\n\t\t","protected":false},"excerpt":{"rendered":"<p>Premiere in: Days Hours Minutes Seconds The 16th Rendez-vous Bundesplatz The Federal Palace of Switzerland as a living ecosystem From 17 October to 21 November 2026, the show &#8220;Natur Pur&#8221; will transform the Federal Palace into an immersive world of light, sound and living nature \u2013 every day, free of charge and open to all. [&hellip;]<\/p>\n","protected":false},"author":2,"featured_media":0,"parent":0,"menu_order":0,"comment_status":"closed","ping_status":"closed","template":"","meta":{"_acf_changed":false,"footnotes":""},"class_list":["post-20077","page","type-page","status-publish","hentry"],"acf":[],"yoast_head":"<!-- This site is optimized with the Yoast SEO plugin v28.3 - https:\/\/yoast.com\/product\/yoast-seo-wordpress\/ -->\n<title>Rendez-vous Bundesplatz<\/title>\n<meta name=\"description\" content=\"Sound and light show &quot;Rendez-vous Bundesplatz&quot; in Berne\" \/>\n<meta name=\"robots\" content=\"index, follow, max-snippet:-1, max-image-preview:large, max-video-preview:-1\" \/>\n<link rel=\"canonical\" href=\"https:\/\/www.rendezvousbundesplatz.ch\/en\/welcome-2\/\" \/>\n<meta property=\"og:locale\" content=\"en_US\" \/>\n<meta property=\"og:type\" content=\"article\" \/>\n<meta property=\"og:title\" content=\"Rendez-vous Bundesplatz\" \/>\n<meta property=\"og:description\" content=\"Sound and light show &quot;Rendez-vous Bundesplatz&quot; in Berne\" \/>\n<meta property=\"og:url\" content=\"https:\/\/www.rendezvousbundesplatz.ch\/en\/welcome-2\/\" \/>\n<meta property=\"og:site_name\" content=\"Rendez-vous Bundesplatz\" \/>\n<meta property=\"article:modified_time\" content=\"2026-08-19T12:29:46+00:00\" \/>\n<meta property=\"og:image\" content=\"https:\/\/scontent-zrh1-1.cdninstagram.com\/v\/t39.30808-6\/586254552_1287358916753516_1164693645215123808_n.jpg?stp=dst-jpg_e35_tt6&#038;_nc_cat=102&#038;ccb=7-5&#038;_nc_sid=18de74&#038;efg=eyJlZmdfdGFnIjoiRkVFRC5iZXN0X2ltYWdlX3VybGdlbi5DMyJ9&#038;_nc_ohc=XcKyH6heWz0Q7kNvwEmBjtJ&#038;_nc_oc=Adpwr_C0oat0e7ROwVDxMnArx5DvChnWJNrIZIns6542UXDV2fcufZoDB4M02lAEfNdTr-_Dsn6toYt8WGKstrM2&#038;_nc_zt=23&#038;_nc_ht=scontent-zrh1-1.cdninstagram.com&#038;edm=ANo9K5cEAAAA&#038;_nc_gid=Wu5lYE4E6ohHgAlH51Neiw&#038;_nc_tpa=Q5bMBQKi1qnhWcpKyw1dYJ4Tl9QudwlCQYneZgCqTSlG_7Ps-KxfEr2nHJ_M6ddVHiJJba_VsJQI0yYO&#038;oh=00_AQHYGNfK7aNwib5w3HDmeUHqv6ScEattx03Z_hyZNVcsvA&#038;oe=6A8B5B6A\" \/>\n<meta name=\"twitter:label1\" content=\"Est. reading time\" \/>\n\t<meta name=\"twitter:data1\" content=\"4 minutes\" \/>\n<script type=\"application\/ld+json\" class=\"yoast-schema-graph\">{\"@context\":\"https:\\\/\\\/schema.org\",\"@graph\":[{\"@type\":\"WebPage\",\"@id\":\"https:\\\/\\\/www.rendezvousbundesplatz.ch\\\/en\\\/welcome-2\\\/\",\"url\":\"https:\\\/\\\/www.rendezvousbundesplatz.ch\\\/en\\\/welcome-2\\\/\",\"name\":\"Rendez-vous Bundesplatz\",\"isPartOf\":{\"@id\":\"https:\\\/\\\/www.rendezvousbundesplatz.ch\\\/#website\"},\"primaryImageOfPage\":{\"@id\":\"https:\\\/\\\/www.rendezvousbundesplatz.ch\\\/en\\\/welcome-2\\\/#primaryimage\"},\"image\":{\"@id\":\"https:\\\/\\\/www.rendezvousbundesplatz.ch\\\/en\\\/welcome-2\\\/#primaryimage\"},\"thumbnailUrl\":\"https:\\\/\\\/scontent-zrh1-1.cdninstagram.com\\\/v\\\/t39.30808-6\\\/586254552_1287358916753516_1164693645215123808_n.jpg?stp=dst-jpg_e35_tt6&#038;_nc_cat=102&#038;ccb=7-5&#038;_nc_sid=18de74&#038;efg=eyJlZmdfdGFnIjoiRkVFRC5iZXN0X2ltYWdlX3VybGdlbi5DMyJ9&#038;_nc_ohc=XcKyH6heWz0Q7kNvwEmBjtJ&#038;_nc_oc=Adpwr_C0oat0e7ROwVDxMnArx5DvChnWJNrIZIns6542UXDV2fcufZoDB4M02lAEfNdTr-_Dsn6toYt8WGKstrM2&#038;_nc_zt=23&#038;_nc_ht=scontent-zrh1-1.cdninstagram.com&#038;edm=ANo9K5cEAAAA&#038;_nc_gid=Wu5lYE4E6ohHgAlH51Neiw&#038;_nc_tpa=Q5bMBQKi1qnhWcpKyw1dYJ4Tl9QudwlCQYneZgCqTSlG_7Ps-KxfEr2nHJ_M6ddVHiJJba_VsJQI0yYO&#038;oh=00_AQHYGNfK7aNwib5w3HDmeUHqv6ScEattx03Z_hyZNVcsvA&#038;oe=6A8B5B6A\",\"datePublished\":\"2019-07-01T11:39:37+00:00\",\"dateModified\":\"2026-08-19T12:29:46+00:00\",\"description\":\"Sound and light show \\\"Rendez-vous Bundesplatz\\\" in Berne\",\"breadcrumb\":{\"@id\":\"https:\\\/\\\/www.rendezvousbundesplatz.ch\\\/en\\\/welcome-2\\\/#breadcrumb\"},\"inLanguage\":\"en-US\",\"potentialAction\":[{\"@type\":\"ReadAction\",\"target\":[\"https:\\\/\\\/www.rendezvousbundesplatz.ch\\\/en\\\/welcome-2\\\/\"]}]},{\"@type\":\"ImageObject\",\"inLanguage\":\"en-US\",\"@id\":\"https:\\\/\\\/www.rendezvousbundesplatz.ch\\\/en\\\/welcome-2\\\/#primaryimage\",\"url\":\"https:\\\/\\\/scontent-zrh1-1.cdninstagram.com\\\/v\\\/t39.30808-6\\\/586254552_1287358916753516_1164693645215123808_n.jpg?stp=dst-jpg_e35_tt6&#038;_nc_cat=102&#038;ccb=7-5&#038;_nc_sid=18de74&#038;efg=eyJlZmdfdGFnIjoiRkVFRC5iZXN0X2ltYWdlX3VybGdlbi5DMyJ9&#038;_nc_ohc=XcKyH6heWz0Q7kNvwEmBjtJ&#038;_nc_oc=Adpwr_C0oat0e7ROwVDxMnArx5DvChnWJNrIZIns6542UXDV2fcufZoDB4M02lAEfNdTr-_Dsn6toYt8WGKstrM2&#038;_nc_zt=23&#038;_nc_ht=scontent-zrh1-1.cdninstagram.com&#038;edm=ANo9K5cEAAAA&#038;_nc_gid=Wu5lYE4E6ohHgAlH51Neiw&#038;_nc_tpa=Q5bMBQKi1qnhWcpKyw1dYJ4Tl9QudwlCQYneZgCqTSlG_7Ps-KxfEr2nHJ_M6ddVHiJJba_VsJQI0yYO&#038;oh=00_AQHYGNfK7aNwib5w3HDmeUHqv6ScEattx03Z_hyZNVcsvA&#038;oe=6A8B5B6A\",\"contentUrl\":\"https:\\\/\\\/scontent-zrh1-1.cdninstagram.com\\\/v\\\/t39.30808-6\\\/586254552_1287358916753516_1164693645215123808_n.jpg?stp=dst-jpg_e35_tt6&#038;_nc_cat=102&#038;ccb=7-5&#038;_nc_sid=18de74&#038;efg=eyJlZmdfdGFnIjoiRkVFRC5iZXN0X2ltYWdlX3VybGdlbi5DMyJ9&#038;_nc_ohc=XcKyH6heWz0Q7kNvwEmBjtJ&#038;_nc_oc=Adpwr_C0oat0e7ROwVDxMnArx5DvChnWJNrIZIns6542UXDV2fcufZoDB4M02lAEfNdTr-_Dsn6toYt8WGKstrM2&#038;_nc_zt=23&#038;_nc_ht=scontent-zrh1-1.cdninstagram.com&#038;edm=ANo9K5cEAAAA&#038;_nc_gid=Wu5lYE4E6ohHgAlH51Neiw&#038;_nc_tpa=Q5bMBQKi1qnhWcpKyw1dYJ4Tl9QudwlCQYneZgCqTSlG_7Ps-KxfEr2nHJ_M6ddVHiJJba_VsJQI0yYO&#038;oh=00_AQHYGNfK7aNwib5w3HDmeUHqv6ScEattx03Z_hyZNVcsvA&#038;oe=6A8B5B6A\"},{\"@type\":\"BreadcrumbList\",\"@id\":\"https:\\\/\\\/www.rendezvousbundesplatz.ch\\\/en\\\/welcome-2\\\/#breadcrumb\",\"itemListElement\":[{\"@type\":\"ListItem\",\"position\":1,\"name\":\"Home\",\"item\":\"https:\\\/\\\/www.rendezvousbundesplatz.ch\\\/en\\\/welcome-2\\\/\"},{\"@type\":\"ListItem\",\"position\":2,\"name\":\"Welcome\"}]},{\"@type\":\"WebSite\",\"@id\":\"https:\\\/\\\/www.rendezvousbundesplatz.ch\\\/#website\",\"url\":\"https:\\\/\\\/www.rendezvousbundesplatz.ch\\\/\",\"name\":\"Rendez-vous Bundesplatz\",\"description\":\"Vom 17. Oktober bis 21. November 2026\",\"publisher\":{\"@id\":\"https:\\\/\\\/www.rendezvousbundesplatz.ch\\\/#organization\"},\"potentialAction\":[{\"@type\":\"SearchAction\",\"target\":{\"@type\":\"EntryPoint\",\"urlTemplate\":\"https:\\\/\\\/www.rendezvousbundesplatz.ch\\\/?s={search_term_string}\"},\"query-input\":{\"@type\":\"PropertyValueSpecification\",\"valueRequired\":true,\"valueName\":\"search_term_string\"}}],\"inLanguage\":\"en-US\"},{\"@type\":\"Organization\",\"@id\":\"https:\\\/\\\/www.rendezvousbundesplatz.ch\\\/#organization\",\"name\":\"Rendez-vous Bundesplatz\",\"url\":\"https:\\\/\\\/www.rendezvousbundesplatz.ch\\\/\",\"logo\":{\"@type\":\"ImageObject\",\"inLanguage\":\"en-US\",\"@id\":\"https:\\\/\\\/www.rendezvousbundesplatz.ch\\\/#\\\/schema\\\/logo\\\/image\\\/\",\"url\":\"https:\\\/\\\/www.rendezvousbundesplatz.ch\\\/wp-content\\\/uploads\\\/2016\\\/05\\\/logo_rvb_neg_os.png\",\"contentUrl\":\"https:\\\/\\\/www.rendezvousbundesplatz.ch\\\/wp-content\\\/uploads\\\/2016\\\/05\\\/logo_rvb_neg_os.png\",\"width\":824,\"height\":381,\"caption\":\"Rendez-vous Bundesplatz\"},\"image\":{\"@id\":\"https:\\\/\\\/www.rendezvousbundesplatz.ch\\\/#\\\/schema\\\/logo\\\/image\\\/\"}}]}<\/script>\n<!-- \/ Yoast SEO plugin. -->","yoast_head_json":{"title":"Rendez-vous Bundesplatz","description":"Sound and light show \"Rendez-vous Bundesplatz\" in Berne","robots":{"index":"index","follow":"follow","max-snippet":"max-snippet:-1","max-image-preview":"max-image-preview:large","max-video-preview":"max-video-preview:-1"},"canonical":"https:\/\/www.rendezvousbundesplatz.ch\/en\/welcome-2\/","og_locale":"en_US","og_type":"article","og_title":"Rendez-vous Bundesplatz","og_description":"Sound and light show \"Rendez-vous Bundesplatz\" in Berne","og_url":"https:\/\/www.rendezvousbundesplatz.ch\/en\/welcome-2\/","og_site_name":"Rendez-vous Bundesplatz","article_modified_time":"2026-08-19T12:29:46+00:00","og_image":[{"url":"https:\/\/scontent-zrh1-1.cdninstagram.com\/v\/t39.30808-6\/586254552_1287358916753516_1164693645215123808_n.jpg?stp=dst-jpg_e35_tt6&#038;_nc_cat=102&#038;ccb=7-5&#038;_nc_sid=18de74&#038;efg=eyJlZmdfdGFnIjoiRkVFRC5iZXN0X2ltYWdlX3VybGdlbi5DMyJ9&#038;_nc_ohc=XcKyH6heWz0Q7kNvwEmBjtJ&#038;_nc_oc=Adpwr_C0oat0e7ROwVDxMnArx5DvChnWJNrIZIns6542UXDV2fcufZoDB4M02lAEfNdTr-_Dsn6toYt8WGKstrM2&#038;_nc_zt=23&#038;_nc_ht=scontent-zrh1-1.cdninstagram.com&#038;edm=ANo9K5cEAAAA&#038;_nc_gid=Wu5lYE4E6ohHgAlH51Neiw&#038;_nc_tpa=Q5bMBQKi1qnhWcpKyw1dYJ4Tl9QudwlCQYneZgCqTSlG_7Ps-KxfEr2nHJ_M6ddVHiJJba_VsJQI0yYO&#038;oh=00_AQHYGNfK7aNwib5w3HDmeUHqv6ScEattx03Z_hyZNVcsvA&#038;oe=6A8B5B6A","type":"","width":"","height":""}],"twitter_misc":{"Est. reading time":"4 minutes"},"schema":{"@context":"https:\/\/schema.org","@graph":[{"@type":"WebPage","@id":"https:\/\/www.rendezvousbundesplatz.ch\/en\/welcome-2\/","url":"https:\/\/www.rendezvousbundesplatz.ch\/en\/welcome-2\/","name":"Rendez-vous Bundesplatz","isPartOf":{"@id":"https:\/\/www.rendezvousbundesplatz.ch\/#website"},"primaryImageOfPage":{"@id":"https:\/\/www.rendezvousbundesplatz.ch\/en\/welcome-2\/#primaryimage"},"image":{"@id":"https:\/\/www.rendezvousbundesplatz.ch\/en\/welcome-2\/#primaryimage"},"thumbnailUrl":"https:\/\/scontent-zrh1-1.cdninstagram.com\/v\/t39.30808-6\/586254552_1287358916753516_1164693645215123808_n.jpg?stp=dst-jpg_e35_tt6&#038;_nc_cat=102&#038;ccb=7-5&#038;_nc_sid=18de74&#038;efg=eyJlZmdfdGFnIjoiRkVFRC5iZXN0X2ltYWdlX3VybGdlbi5DMyJ9&#038;_nc_ohc=XcKyH6heWz0Q7kNvwEmBjtJ&#038;_nc_oc=Adpwr_C0oat0e7ROwVDxMnArx5DvChnWJNrIZIns6542UXDV2fcufZoDB4M02lAEfNdTr-_Dsn6toYt8WGKstrM2&#038;_nc_zt=23&#038;_nc_ht=scontent-zrh1-1.cdninstagram.com&#038;edm=ANo9K5cEAAAA&#038;_nc_gid=Wu5lYE4E6ohHgAlH51Neiw&#038;_nc_tpa=Q5bMBQKi1qnhWcpKyw1dYJ4Tl9QudwlCQYneZgCqTSlG_7Ps-KxfEr2nHJ_M6ddVHiJJba_VsJQI0yYO&#038;oh=00_AQHYGNfK7aNwib5w3HDmeUHqv6ScEattx03Z_hyZNVcsvA&#038;oe=6A8B5B6A","datePublished":"2019-07-01T11:39:37+00:00","dateModified":"2026-08-19T12:29:46+00:00","description":"Sound and light show \"Rendez-vous Bundesplatz\" in Berne","breadcrumb":{"@id":"https:\/\/www.rendezvousbundesplatz.ch\/en\/welcome-2\/#breadcrumb"},"inLanguage":"en-US","potentialAction":[{"@type":"ReadAction","target":["https:\/\/www.rendezvousbundesplatz.ch\/en\/welcome-2\/"]}]},{"@type":"ImageObject","inLanguage":"en-US","@id":"https:\/\/www.rendezvousbundesplatz.ch\/en\/welcome-2\/#primaryimage","url":"https:\/\/scontent-zrh1-1.cdninstagram.com\/v\/t39.30808-6\/586254552_1287358916753516_1164693645215123808_n.jpg?stp=dst-jpg_e35_tt6&#038;_nc_cat=102&#038;ccb=7-5&#038;_nc_sid=18de74&#038;efg=eyJlZmdfdGFnIjoiRkVFRC5iZXN0X2ltYWdlX3VybGdlbi5DMyJ9&#038;_nc_ohc=XcKyH6heWz0Q7kNvwEmBjtJ&#038;_nc_oc=Adpwr_C0oat0e7ROwVDxMnArx5DvChnWJNrIZIns6542UXDV2fcufZoDB4M02lAEfNdTr-_Dsn6toYt8WGKstrM2&#038;_nc_zt=23&#038;_nc_ht=scontent-zrh1-1.cdninstagram.com&#038;edm=ANo9K5cEAAAA&#038;_nc_gid=Wu5lYE4E6ohHgAlH51Neiw&#038;_nc_tpa=Q5bMBQKi1qnhWcpKyw1dYJ4Tl9QudwlCQYneZgCqTSlG_7Ps-KxfEr2nHJ_M6ddVHiJJba_VsJQI0yYO&#038;oh=00_AQHYGNfK7aNwib5w3HDmeUHqv6ScEattx03Z_hyZNVcsvA&#038;oe=6A8B5B6A","contentUrl":"https:\/\/scontent-zrh1-1.cdninstagram.com\/v\/t39.30808-6\/586254552_1287358916753516_1164693645215123808_n.jpg?stp=dst-jpg_e35_tt6&#038;_nc_cat=102&#038;ccb=7-5&#038;_nc_sid=18de74&#038;efg=eyJlZmdfdGFnIjoiRkVFRC5iZXN0X2ltYWdlX3VybGdlbi5DMyJ9&#038;_nc_ohc=XcKyH6heWz0Q7kNvwEmBjtJ&#038;_nc_oc=Adpwr_C0oat0e7ROwVDxMnArx5DvChnWJNrIZIns6542UXDV2fcufZoDB4M02lAEfNdTr-_Dsn6toYt8WGKstrM2&#038;_nc_zt=23&#038;_nc_ht=scontent-zrh1-1.cdninstagram.com&#038;edm=ANo9K5cEAAAA&#038;_nc_gid=Wu5lYE4E6ohHgAlH51Neiw&#038;_nc_tpa=Q5bMBQKi1qnhWcpKyw1dYJ4Tl9QudwlCQYneZgCqTSlG_7Ps-KxfEr2nHJ_M6ddVHiJJba_VsJQI0yYO&#038;oh=00_AQHYGNfK7aNwib5w3HDmeUHqv6ScEattx03Z_hyZNVcsvA&#038;oe=6A8B5B6A"},{"@type":"BreadcrumbList","@id":"https:\/\/www.rendezvousbundesplatz.ch\/en\/welcome-2\/#breadcrumb","itemListElement":[{"@type":"ListItem","position":1,"name":"Home","item":"https:\/\/www.rendezvousbundesplatz.ch\/en\/welcome-2\/"},{"@type":"ListItem","position":2,"name":"Welcome"}]},{"@type":"WebSite","@id":"https:\/\/www.rendezvousbundesplatz.ch\/#website","url":"https:\/\/www.rendezvousbundesplatz.ch\/","name":"Rendez-vous Bundesplatz","description":"Vom 17. Oktober bis 21. November 2026","publisher":{"@id":"https:\/\/www.rendezvousbundesplatz.ch\/#organization"},"potentialAction":[{"@type":"SearchAction","target":{"@type":"EntryPoint","urlTemplate":"https:\/\/www.rendezvousbundesplatz.ch\/?s={search_term_string}"},"query-input":{"@type":"PropertyValueSpecification","valueRequired":true,"valueName":"search_term_string"}}],"inLanguage":"en-US"},{"@type":"Organization","@id":"https:\/\/www.rendezvousbundesplatz.ch\/#organization","name":"Rendez-vous Bundesplatz","url":"https:\/\/www.rendezvousbundesplatz.ch\/","logo":{"@type":"ImageObject","inLanguage":"en-US","@id":"https:\/\/www.rendezvousbundesplatz.ch\/#\/schema\/logo\/image\/","url":"https:\/\/www.rendezvousbundesplatz.ch\/wp-content\/uploads\/2016\/05\/logo_rvb_neg_os.png","contentUrl":"https:\/\/www.rendezvousbundesplatz.ch\/wp-content\/uploads\/2016\/05\/logo_rvb_neg_os.png","width":824,"height":381,"caption":"Rendez-vous Bundesplatz"},"image":{"@id":"https:\/\/www.rendezvousbundesplatz.ch\/#\/schema\/logo\/image\/"}}]}},"_links":{"self":[{"href":"https:\/\/www.rendezvousbundesplatz.ch\/en\/wp-json\/wp\/v2\/pages\/20077","targetHints":{"allow":["GET"]}}],"collection":[{"href":"https:\/\/www.rendezvousbundesplatz.ch\/en\/wp-json\/wp\/v2\/pages"}],"about":[{"href":"https:\/\/www.rendezvousbundesplatz.ch\/en\/wp-json\/wp\/v2\/types\/page"}],"author":[{"embeddable":true,"href":"https:\/\/www.rendezvousbundesplatz.ch\/en\/wp-json\/wp\/v2\/users\/2"}],"replies":[{"embeddable":true,"href":"https:\/\/www.rendezvousbundesplatz.ch\/en\/wp-json\/wp\/v2\/comments?post=20077"}],"version-history":[{"count":18,"href":"https:\/\/www.rendezvousbundesplatz.ch\/en\/wp-json\/wp\/v2\/pages\/20077\/revisions"}],"predecessor-version":[{"id":20850,"href":"https:\/\/www.rendezvousbundesplatz.ch\/en\/wp-json\/wp\/v2\/pages\/20077\/revisions\/20850"}],"wp:attachment":[{"href":"https:\/\/www.rendezvousbundesplatz.ch\/en\/wp-json\/wp\/v2\/media?parent=20077"}],"curies":[{"name":"wp","href":"https:\/\/api.w.org\/{rel}","templated":true}]}}