{"id":12536,"date":"2019-08-21T09:50:19","date_gmt":"2019-08-21T07:50:19","guid":{"rendered":"https:\/\/rvb2020.broux.cyon.site\/pleins-feux\/first-step\/"},"modified":"2026-08-18T17:58:51","modified_gmt":"2026-08-18T15:58:51","slug":"spectacle-2019","status":"publish","type":"page","link":"https:\/\/www.rendezvousbundesplatz.ch\/fr\/spectacle-2019\/","title":{"rendered":"Spectacle 2019"},"content":{"rendered":"<div class=\"wpb-content-wrapper\"><p>[vc_row_inner][vc_column_inner width=\u00a0\u00bb1\/3&Prime;][vc_single_image image=\u00a0\u00bb12227&Prime; img_size=\u00a0\u00bbfull\u00a0\u00bb alignment=\u00a0\u00bbcenter\u00a0\u00bb style=\u00a0\u00bbvc_box_border_grey\u00a0\u00bb][vc_empty_space height=\u00a0\u00bb10px\u00a0\u00bb][vc_column_text]<\/p>\n<p style=\"text-align: center;\">Depuis des milliers d&rsquo;ann\u00e9es, l&rsquo;homme s&rsquo;int\u00e9resse \u00e0 l&rsquo;univers, \u00e0 sa formation et \u00e0 l&rsquo;\u00e9tude des corps c\u00e9lestes.<\/p>\n<p>[\/vc_column_text][vc_empty_space][\/vc_column_inner][vc_column_inner width=\u00a0\u00bb1\/3&Prime;][vc_single_image image=\u00a0\u00bb12231&Prime; img_size=\u00a0\u00bbfull\u00a0\u00bb alignment=\u00a0\u00bbcenter\u00a0\u00bb style=\u00a0\u00bbvc_box_border_grey\u00a0\u00bb][vc_empty_space height=\u00a0\u00bb10px\u00a0\u00bb][vc_column_text]<\/p>\n<p style=\"text-align: center;\">La sph\u00e8re armillaire, \u00e9galement appel\u00e9e \u00ab machine du monde \u00bb, servait \u00e0 repr\u00e9senter les mouvements des corps c\u00e9lestes.<\/p>\n<p>[\/vc_column_text][vc_empty_space][\/vc_column_inner][vc_column_inner width=\u00a0\u00bb1\/3&Prime;][vc_single_image image=\u00a0\u00bb12235&Prime; img_size=\u00a0\u00bbfull\u00a0\u00bb alignment=\u00a0\u00bbcenter\u00a0\u00bb style=\u00a0\u00bbvc_box_border_grey\u00a0\u00bb][vc_empty_space height=\u00a0\u00bb10px\u00a0\u00bb][vc_column_text]<\/p>\n<p style=\"text-align: center;\">Le Palais f\u00e9d\u00e9ral se transforme en cin\u00e9ma d&rsquo;\u00e9poque : on y projette des visions d&rsquo;alunissages datant du XXe si\u00e8cle. De courts extraits du film \u00ab Le voyage dans la Lune \u00bb (1902) de Georges M\u00e9li\u00e8s, inspir\u00e9 de Jules Verne et H.G. Wells.<\/p>\n<p>[\/vc_column_text][vc_empty_space][\/vc_column_inner][\/vc_row_inner]<br \/>[vc_row_inner][vc_column_inner width=\u00a0\u00bb1\/3&Prime;][vc_single_image image=\u00a0\u00bb12239&Prime; img_size=\u00a0\u00bbfull\u00a0\u00bb alignment=\u00a0\u00bbcenter\u00a0\u00bb style=\u00a0\u00bbvc_box_border_grey\u00a0\u00bb][vc_empty_space height=\u00a0\u00bb10px\u00a0\u00bb][vc_column_text]<\/p>\n<p style=\"text-align: center;\">\u00ab Tintin \u00bb est bien s\u00fbr \u00e9galement au rendez-vous, avec un extrait de l&rsquo;album \u00ab Le Secret de la Lune \u00bb (1954). *<\/p>\n<p>[\/vc_column_text][vc_empty_space][\/vc_column_inner][vc_column_inner width=\u00a0\u00bb1\/3&Prime;][vc_single_image image=\u00a0\u00bb12243&Prime; img_size=\u00a0\u00bbfull\u00a0\u00bb alignment=\u00a0\u00bbcenter\u00a0\u00bb style=\u00a0\u00bbvc_box_border_grey\u00a0\u00bb][vc_empty_space height=\u00a0\u00bb10px\u00a0\u00bb][vc_column_text]<\/p>\n<p style=\"text-align: center;\">On voit appara\u00eetre une cam\u00e9ra destin\u00e9e \u00e0 filmer le voyage pr\u00e9vu vers la Lune. Son objectif refl\u00e8te d\u00e9j\u00e0 la destination de la mission : la Lune.<\/p>\n<p>[\/vc_column_text][vc_empty_space][\/vc_column_inner][vc_column_inner width=\u00a0\u00bb1\/3&Prime;][vc_single_image image=\u00a0\u00bb12247&Prime; img_size=\u00a0\u00bbfull\u00a0\u00bb alignment=\u00a0\u00bbcenter\u00a0\u00bb style=\u00a0\u00bbvc_box_border_grey\u00a0\u00bb][vc_empty_space height=\u00a0\u00bb10px\u00a0\u00bb][vc_column_text]<\/p>\n<p style=\"text-align: center;\">Dans d&rsquo;immenses entrep\u00f4ts, on travaille sur tout ce qui doit permettre le voyage vers la Lune. Parmi ces projets figure notamment la voile solaire mise au point \u00e0 Berne, qui fut la seule exp\u00e9rience non am\u00e9ricaine \u00e0 participer \u00e0 l&rsquo;alunissage.<\/p>\n<p>[\/vc_column_text][vc_empty_space][\/vc_column_inner][\/vc_row_inner]<br \/>[vc_row_inner][vc_column_inner width=\u00a0\u00bb1\/3&Prime;][vc_single_image image=\u00a0\u00bb12251&Prime; img_size=\u00a0\u00bbfull\u00a0\u00bb alignment=\u00a0\u00bbcenter\u00a0\u00bb style=\u00a0\u00bbvc_box_border_grey\u00a0\u00bb][vc_empty_space height=\u00a0\u00bb10px\u00a0\u00bb][vc_column_text]<\/p>\n<p style=\"text-align: center;\">La voile solaire recouvre l&rsquo;ensemble de la fa\u00e7ade du Palais F\u00e9d\u00e9ral.<\/p>\n<p>[\/vc_column_text][vc_empty_space][\/vc_column_inner][vc_column_inner width=\u00a0\u00bb1\/3&Prime;][vc_single_image image=\u00a0\u00bb12255&Prime; img_size=\u00a0\u00bbfull\u00a0\u00bb alignment=\u00a0\u00bbcenter\u00a0\u00bb style=\u00a0\u00bbvc_box_border_grey\u00a0\u00bb][vc_empty_space height=\u00a0\u00bb10px\u00a0\u00bb][vc_column_text]<\/p>\n<p style=\"text-align: center;\">Parall\u00e8lement, les astronautes se pr\u00e9parent eux aussi \u00e0 la mission. Afin de simuler l&rsquo;apesanteur, une partie de la formation se d\u00e9roule sous l&rsquo;eau.<\/p>\n<p>[\/vc_column_text][vc_empty_space][\/vc_column_inner][vc_column_inner width=\u00a0\u00bb1\/3&Prime;][vc_single_image image=\u00a0\u00bb12259&Prime; img_size=\u00a0\u00bbfull\u00a0\u00bb alignment=\u00a0\u00bbcenter\u00a0\u00bb style=\u00a0\u00bbvc_box_border_grey\u00a0\u00bb][vc_empty_space height=\u00a0\u00bb10px\u00a0\u00bb][vc_column_text]<\/p>\n<p style=\"text-align: center;\">La comparaison avec la cath\u00e9drale de Berne vise \u00e0 illustrer les dimensions gigantesques de la fus\u00e9e, qui mesure plus de 100 m\u00e8tres.<\/p>\n<p>[\/vc_column_text][vc_empty_space][\/vc_column_inner][\/vc_row_inner]<br \/>[vc_row_inner][vc_column_inner width=\u00a0\u00bb1\/3&Prime;][vc_single_image image=\u00a0\u00bb12263&Prime; img_size=\u00a0\u00bbfull\u00a0\u00bb alignment=\u00a0\u00bbcenter\u00a0\u00bb style=\u00a0\u00bbvc_box_border_grey\u00a0\u00bb][vc_empty_space height=\u00a0\u00bb10px\u00a0\u00bb][vc_column_text]<\/p>\n<p style=\"text-align: center;\">Le Palais f\u00e9d\u00e9ral se transforme en rampe de lancement. Apr\u00e8s un compte \u00e0 rebours, la fus\u00e9e s&rsquo;\u00e9lance vers l&rsquo;espace.<\/p>\n<p>[\/vc_column_text][vc_empty_space][\/vc_column_inner][vc_column_inner width=\u00a0\u00bb1\/3&Prime;][vc_single_image image=\u00a0\u00bb12267&Prime; img_size=\u00a0\u00bbfull\u00a0\u00bb alignment=\u00a0\u00bbcenter\u00a0\u00bb style=\u00a0\u00bbvc_box_border_grey\u00a0\u00bb][vc_empty_space height=\u00a0\u00bb10px\u00a0\u00bb][vc_column_text]<\/p>\n<p style=\"text-align: center;\">Le Palais F\u00e9d\u00e9ral se d\u00e9sagr\u00e8ge, ses diff\u00e9rentes parties commencent \u00e0 flotter. Derri\u00e8re, l&rsquo;espace appara\u00eet, et la Terre se d\u00e9voile. Les parties du b\u00e2timent glissent dans l&rsquo;espace.<\/p>\n<p>[\/vc_column_text][vc_empty_space][\/vc_column_inner][vc_column_inner width=\u00a0\u00bb1\/3&Prime;][vc_single_image image=\u00a0\u00bb12271&Prime; img_size=\u00a0\u00bbfull\u00a0\u00bb alignment=\u00a0\u00bbcenter\u00a0\u00bb style=\u00a0\u00bbvc_box_border_grey\u00a0\u00bb][vc_empty_space height=\u00a0\u00bb10px\u00a0\u00bb][vc_column_text]<\/p>\n<p style=\"text-align: center;\">Au cours de son voyage dans l&rsquo;espace, un astronaute s&rsquo;approche en flottant du public, lui fait signe et l&rsquo;invite \u00e0 l&rsquo;accompagner dans sa mission vers la Lune.<\/p>\n<p>[\/vc_column_text][vc_empty_space][\/vc_column_inner][\/vc_row_inner]<br \/>[vc_row_inner][vc_column_inner width=\u00a0\u00bb1\/3&Prime;][vc_single_image image=\u00a0\u00bb12275&Prime; img_size=\u00a0\u00bbfull\u00a0\u00bb alignment=\u00a0\u00bbcenter\u00a0\u00bb style=\u00a0\u00bbvc_box_border_grey\u00a0\u00bb][vc_empty_space height=\u00a0\u00bb10px\u00a0\u00bb][vc_column_text]<\/p>\n<p style=\"text-align: center;\">La face cach\u00e9e de la Lune fait \u00e9galement l&rsquo;objet de recherches. Le message radio \u00ab We&rsquo;ll see you on the other side \u00bb est rest\u00e9 c\u00e9l\u00e8bre. Sur la face cach\u00e9e de la Lune appara\u00eet un cadran dont les aiguilles indiquent, en acc\u00e9l\u00e9r\u00e9, la dur\u00e9e exacte et l&rsquo;heure de la premi\u00e8re orbite lunaire.<\/p>\n<p>[\/vc_column_text][vc_empty_space][\/vc_column_inner][vc_column_inner width=\u00a0\u00bb1\/3&Prime;][vc_single_image image=\u00a0\u00bb12279&Prime; img_size=\u00a0\u00bbfull\u00a0\u00bb alignment=\u00a0\u00bbcenter\u00a0\u00bb style=\u00a0\u00bbvc_box_border_grey\u00a0\u00bb][vc_empty_space height=\u00a0\u00bb10px\u00a0\u00bb][vc_column_text]<\/p>\n<p style=\"text-align: center;\">On assiste ensuite \u00e0 l&rsquo;approche du module de commande d&rsquo;Apollo 11 avec le module d&rsquo;alunissage Eagle. Le d\u00e9samarrage de la capsule d&rsquo;alunissage est montr\u00e9 du point de vue de la capsule de commande.<\/p>\n<p>[\/vc_column_text][vc_empty_space][\/vc_column_inner][vc_column_inner width=\u00a0\u00bb1\/3&Prime;][vc_single_image image=\u00a0\u00bb12283&Prime; img_size=\u00a0\u00bbfull\u00a0\u00bb alignment=\u00a0\u00bbcenter\u00a0\u00bb style=\u00a0\u00bbvc_box_border_grey\u00a0\u00bb][vc_empty_space height=\u00a0\u00bb10px\u00a0\u00bb][vc_column_text]<\/p>\n<p style=\"text-align: center;\">Un changement de perspective nous emm\u00e8ne \u00e0 l&rsquo;int\u00e9rieur du module d&rsquo;atterrissage. De l\u00e0, on peut observer l&rsquo;approche de la surface lunaire. Armstrong prend les commandes manuelles de l&rsquo;Eagle. S&rsquo;ensuit le message radio : \u00ab The Eagle has landed \u00bb.<\/p>\n<p>[\/vc_column_text][vc_empty_space][\/vc_column_inner][\/vc_row_inner]<br \/>[vc_row_inner][vc_column_inner width=\u00a0\u00bb1\/3&Prime;][vc_single_image image=\u00a0\u00bb12287&Prime; img_size=\u00a0\u00bbfull\u00a0\u00bb alignment=\u00a0\u00bbcenter\u00a0\u00bb style=\u00a0\u00bbvc_box_border_grey\u00a0\u00bb][vc_empty_space height=\u00a0\u00bb10px\u00a0\u00bb][vc_column_text]<\/p>\n<p style=\"text-align: center;\">Les ailes lat\u00e9rales du Palais f\u00e9d\u00e9ral se transforment en tours de t\u00e9l\u00e9vision : on y diffuse les images de la Lune retransmises dans le monde entier. Sur la fa\u00e7ade centrale appara\u00eet le c\u00f4t\u00e9 par lequel Armstrong est sorti de l&rsquo;Eagle. Armstrong descend l&rsquo;\u00e9chelle \u00e0 reculons jusqu&rsquo;\u00e0 ce que son pied recouvre la partie centrale de la fa\u00e7ade.<\/p>\n<p>[\/vc_column_text][vc_empty_space][\/vc_column_inner][vc_column_inner width=\u00a0\u00bb1\/3&Prime;][vc_single_image image=\u00a0\u00bb12291&Prime; img_size=\u00a0\u00bbfull\u00a0\u00bb alignment=\u00a0\u00bbcenter\u00a0\u00bb style=\u00a0\u00bbvc_box_border_grey\u00a0\u00bb][vc_empty_space height=\u00a0\u00bb10px\u00a0\u00bb][vc_column_text]<\/p>\n<p style=\"text-align: center;\">La cam\u00e9ra passe au pied de l&rsquo;astronaute, qui touche la surface lunaire : \u00ab C&rsquo;est un petit pas pour l&rsquo;homme, mais un bond de g\u00e9ant pour l&rsquo;humanit\u00e9. \u00bb<\/p>\n<p>[\/vc_column_text][vc_empty_space][\/vc_column_inner][vc_column_inner width=\u00a0\u00bb1\/3&Prime;][vc_single_image image=\u00a0\u00bb12295&Prime; img_size=\u00a0\u00bbfull\u00a0\u00bb alignment=\u00a0\u00bbcenter\u00a0\u00bb style=\u00a0\u00bbvc_box_border_grey\u00a0\u00bb][vc_empty_space height=\u00a0\u00bb10px\u00a0\u00bb][vc_column_text]<\/p>\n<p style=\"text-align: center;\">La premi\u00e8re empreinte de pas humaine appara\u00eet sur la Lune.<\/p>\n<p>[\/vc_column_text][vc_empty_space][\/vc_column_inner][\/vc_row_inner]<br \/>[vc_row_inner][vc_column_inner width=\u00a0\u00bb1\/3&Prime;][vc_single_image image=\u00a0\u00bb12301&Prime; img_size=\u00a0\u00bbfull\u00a0\u00bb alignment=\u00a0\u00bbcenter\u00a0\u00bb style=\u00a0\u00bbvc_box_border_grey\u00a0\u00bb][vc_empty_space height=\u00a0\u00bb10px\u00a0\u00bb][vc_column_text]<\/p>\n<p style=\"text-align: center;\">Le voyage \u00e0 la surface de la Lune commence alors, en passant devant la voile solaire. La Terre appara\u00eet \u00e0 l&rsquo;horizon lunaire.<\/p>\n<p>[\/vc_column_text][vc_empty_space][\/vc_column_inner][vc_column_inner width=\u00a0\u00bb1\/3&Prime;][vc_single_image image=\u00a0\u00bb12305&Prime; img_size=\u00a0\u00bbfull\u00a0\u00bb alignment=\u00a0\u00bbcenter\u00a0\u00bb style=\u00a0\u00bbvc_box_border_grey\u00a0\u00bb][vc_empty_space height=\u00a0\u00bb10px\u00a0\u00bb][vc_column_text]<\/p>\n<p style=\"text-align: center;\">Sur les mots de William Anders, astronaute d&rsquo;Apollo 8 : \u00ab Nous avons parcouru tout ce chemin pour explorer la Lune, et le plus important, c&rsquo;est que nous avons d\u00e9couvert la Terre \u00bb, une s\u00e9quence film\u00e9e depuis la Lune nous ram\u00e8ne vers la Terre, jusqu&rsquo;\u00e0 la Place f\u00e9d\u00e9rale.<\/p>\n<p>[\/vc_column_text][vc_empty_space][\/vc_column_inner][vc_column_inner width=\u00a0\u00bb1\/3&Prime;][vc_single_image image=\u00a0\u00bb12309&Prime; img_size=\u00a0\u00bbfull\u00a0\u00bb alignment=\u00a0\u00bbcenter\u00a0\u00bb style=\u00a0\u00bbvc_box_border_grey\u00a0\u00bb][vc_empty_space height=\u00a0\u00bb10px\u00a0\u00bb][vc_column_text]<\/p>\n<p style=\"text-align: center;\">Le voyage s&rsquo;ach\u00e8ve sur la Place F\u00e9d\u00e9rale \u00e0 Berne. \u00c0 travers la fa\u00e7ade du Palais f\u00e9d\u00e9ral, on voit la capsule de sauvetage amerrir, accompagn\u00e9e d&rsquo;un h\u00e9licopt\u00e8re de sauvetage.<\/p>\n<p>[\/vc_column_text][vc_empty_space][\/vc_column_inner][\/vc_row_inner]<br \/>[vc_row_inner][vc_column_inner width=\u00a0\u00bb1\/3&Prime;][vc_single_image image=\u00a0\u00bb12313&Prime; img_size=\u00a0\u00bbfull\u00a0\u00bb alignment=\u00a0\u00bbcenter\u00a0\u00bb style=\u00a0\u00bbvc_box_border_grey\u00a0\u00bb][vc_empty_space height=\u00a0\u00bb10px\u00a0\u00bb][vc_column_text]<\/p>\n<p style=\"text-align: center;\">L&rsquo;impact de la capsule provoque des \u00e9claboussures d&rsquo;eau. Une vitre s&#8217;embue et se couvre de gouttes d&rsquo;eau.<\/p>\n<p>[\/vc_column_text][vc_empty_space][\/vc_column_inner][vc_column_inner width=\u00a0\u00bb1\/3&Prime;][vc_single_image image=\u00a0\u00bb12317&Prime; img_size=\u00a0\u00bbfull\u00a0\u00bb alignment=\u00a0\u00bbcenter\u00a0\u00bb style=\u00a0\u00bbvc_box_border_grey\u00a0\u00bb][vc_empty_space height=\u00a0\u00bb10px\u00a0\u00bb][vc_column_text]<\/p>\n<p style=\"text-align: center;\">Trois mains dessinent de dos les silhouettes d&rsquo;astronautes et essuient la visi\u00e8re des casques dessin\u00e9s. Les visages souriants d&rsquo;Armstrong, d&rsquo;Aldrin et de Collins apparaissent.<\/p>\n<p>[\/vc_column_text][vc_empty_space][\/vc_column_inner][vc_column_inner width=\u00a0\u00bb1\/3&Prime;][vc_single_image image=\u00a0\u00bb12321&Prime; img_size=\u00a0\u00bbfull\u00a0\u00bb alignment=\u00a0\u00bbcenter\u00a0\u00bb style=\u00a0\u00bbvc_box_border_grey\u00a0\u00bb][vc_empty_space height=\u00a0\u00bb10px\u00a0\u00bb][vc_column_text]<\/p>\n<p style=\"text-align: center;\">Un parachute de sauvetage de la capsule recouvre le Palais f\u00e9d\u00e9ral comme un rideau surdimensionn\u00e9. Il descend en glissant depuis le Palais f\u00e9d\u00e9ral \u2013 et le b\u00e2timent s&rsquo;incline devant le public.<\/p>\n<p>[\/vc_column_text][vc_empty_space][\/vc_column_inner][\/vc_row_inner][vc_empty_space][vc_column_text]<\/p>\n<h2 style=\"text-align: center;\">Merci pour votre soutien<\/h2>\n<p>[\/vc_column_text][vc_empty_space height=\u00a0\u00bb16px\u00a0\u00bb][vc_column_text]<\/p>\n<p style=\"text-align: center;\">* Repr\u00e9sentations visuelles des \u0153uvres d&rsquo;Herg\u00e9 : \u00a9 Herg\u00e9-Moulinsart<\/p>\n<p><\/p>\n<p style=\"text-align: center;\"><strong><a href=\"https:\/\/www.nasa.gov\" target=\"_blank\" rel=\"noopener noreferrer\">NASA<\/a><\/strong><\/p>\n<p><\/p>\n<p style=\"text-align: center;\"><strong><a href=\"https:\/\/www.hasselblad.com\/\" target=\"_blank\" rel=\"noopener noreferrer\">Hasselblad AB<\/a><\/strong><\/p>\n<p>[\/vc_column_text][vc_empty_space][vc_row css_animation=\u00a0\u00bb\u00a0\u00bb row_type=\u00a0\u00bbrow\u00a0\u00bb use_row_as_full_screen_section=\u00a0\u00bbno\u00a0\u00bb type=\u00a0\u00bbfull_width\u00a0\u00bb angled_section=\u00a0\u00bbno\u00a0\u00bb text_align=\u00a0\u00bbcenter\u00a0\u00bb background_image_as_pattern=\u00a0\u00bbwithout_pattern\u00a0\u00bb z_index=\u00a0\u00bb\u00a0\u00bb][vc_column][vc_empty_space][vc_column_text]<\/p>\n<h2 style=\"text-align: center;\">Titres de chanson \u00ab Spectacle 2019 \u00bb<\/h2>\n<p>[\/vc_column_text][vc_empty_space height=\u00a0\u00bb16px\u00a0\u00bb][vc_column_text]<\/p>\n<p style=\"text-align: center;\">Prologue: <em>Ludovico Einaudi \u2013 Nuvole Nere<\/em><\/p>\n<p><\/p>\n<p style=\"text-align: center;\">Conception d&rsquo;un appareil photo: <em>Pink Floyd \u2013 Time<\/em><\/p>\n<p><\/p>\n<p style=\"text-align: center;\">Pr\u00e9paration des astronautes: <em>Van Morrison \u2013 Moondance<\/em><\/p>\n<p><\/p>\n<p style=\"text-align: center;\">Lancement de la fus\u00e9e: <em>L\u00e9o Delibes \u2013 Blumenduett aus Lakm\u00e9<\/em><\/p>\n<p><\/p>\n<p style=\"text-align: center;\">apesanteur: <em>David Bowie &#8211; Space Oddity<\/em><\/p>\n<p><\/p>\n<p style=\"text-align: center;\">Vole autour de la Lune : Apollo 8: <em>Pink Floyd \u2013 Breathe<\/em><\/p>\n<p><\/p>\n<p style=\"text-align: center;\">Alunissage: <em>Murcof \u2013 Unison<\/em><\/p>\n<p><\/p>\n<p style=\"text-align: center;\">\u00c9pilogue: Sido \u2013 <em>Astronaut (Instrumental mit Refrain)<br \/>\n<\/em><\/p>\n<p><\/p>\n<p style=\"text-align: center;\">G\u00e9n\u00e9rique de fin, salut du Palais F\u00e9d\u00e9ral<strong>:<\/strong> <em>Patent Ochsner \u2013 Apollo 11<\/em><\/p>\n<p>[\/vc_column_text][vc_empty_space][vc_empty_space]<\/p>\n<p>&nbsp;<\/p>\n<\/div>","protected":false},"excerpt":{"rendered":"<p>[vc_row_inner][vc_column_inner width=\u00a0\u00bb1\/3&Prime;][vc_single_image image=\u00a0\u00bb12227&Prime; img_size=\u00a0\u00bbfull\u00a0\u00bb alignment=\u00a0\u00bbcenter\u00a0\u00bb style=\u00a0\u00bbvc_box_border_grey\u00a0\u00bb][vc_empty_space height=\u00a0\u00bb10px\u00a0\u00bb][vc_column_text] Depuis des milliers d&rsquo;ann\u00e9es, l&rsquo;homme s&rsquo;int\u00e9resse \u00e0 l&rsquo;univers, \u00e0 sa formation et \u00e0 l&rsquo;\u00e9tude des corps c\u00e9lestes. [\/vc_column_text][vc_empty_space][\/vc_column_inner][vc_column_inner width=\u00a0\u00bb1\/3&Prime;][vc_single_image image=\u00a0\u00bb12231&Prime; img_size=\u00a0\u00bbfull\u00a0\u00bb alignment=\u00a0\u00bbcenter\u00a0\u00bb style=\u00a0\u00bbvc_box_border_grey\u00a0\u00bb][vc_empty_space height=\u00a0\u00bb10px\u00a0\u00bb][vc_column_text] La sph\u00e8re armillaire, \u00e9galement appel\u00e9e \u00ab machine du monde \u00bb, servait \u00e0 repr\u00e9senter les mouvements des corps c\u00e9lestes. [\/vc_column_text][vc_empty_space][\/vc_column_inner][vc_column_inner width=\u00a0\u00bb1\/3&Prime;][vc_single_image image=\u00a0\u00bb12235&Prime; img_size=\u00a0\u00bbfull\u00a0\u00bb alignment=\u00a0\u00bbcenter\u00a0\u00bb style=\u00a0\u00bbvc_box_border_grey\u00a0\u00bb][vc_empty_space [&hellip;]<\/p>\n","protected":false},"author":2,"featured_media":0,"parent":0,"menu_order":0,"comment_status":"closed","ping_status":"closed","template":"","meta":{"_acf_changed":false,"footnotes":""},"class_list":["post-12536","page","type-page","status-publish","hentry"],"acf":[],"yoast_head":"<!-- This site is optimized with the Yoast SEO plugin v28.3 - https:\/\/yoast.com\/product\/yoast-seo-wordpress\/ -->\n<title>Spectacle 2019 - Rendez-vous Bundesplatz<\/title>\n<meta name=\"robots\" content=\"index, follow, max-snippet:-1, max-image-preview:large, max-video-preview:-1\" \/>\n<link rel=\"canonical\" href=\"https:\/\/www.rendezvousbundesplatz.ch\/fr\/spectacle-2019\/\" \/>\n<meta property=\"og:locale\" content=\"fr_FR\" \/>\n<meta property=\"og:type\" content=\"article\" \/>\n<meta property=\"og:title\" content=\"Spectacle 2019 - Rendez-vous Bundesplatz\" \/>\n<meta property=\"og:description\" content=\"[vc_row_inner][vc_column_inner width=\u00a0\u00bb1\/3&Prime;][vc_single_image image=\u00a0\u00bb12227&Prime; img_size=\u00a0\u00bbfull\u00a0\u00bb alignment=\u00a0\u00bbcenter\u00a0\u00bb style=\u00a0\u00bbvc_box_border_grey\u00a0\u00bb][vc_empty_space height=\u00a0\u00bb10px\u00a0\u00bb][vc_column_text] Depuis des milliers d&rsquo;ann\u00e9es, l&rsquo;homme s&rsquo;int\u00e9resse \u00e0 l&rsquo;univers, \u00e0 sa formation et \u00e0 l&rsquo;\u00e9tude des corps c\u00e9lestes. [\/vc_column_text][vc_empty_space][\/vc_column_inner][vc_column_inner width=\u00a0\u00bb1\/3&Prime;][vc_single_image image=\u00a0\u00bb12231&Prime; img_size=\u00a0\u00bbfull\u00a0\u00bb alignment=\u00a0\u00bbcenter\u00a0\u00bb style=\u00a0\u00bbvc_box_border_grey\u00a0\u00bb][vc_empty_space height=\u00a0\u00bb10px\u00a0\u00bb][vc_column_text] La sph\u00e8re armillaire, \u00e9galement appel\u00e9e \u00ab machine du monde \u00bb, servait \u00e0 repr\u00e9senter les mouvements des corps c\u00e9lestes. [\/vc_column_text][vc_empty_space][\/vc_column_inner][vc_column_inner width=\u00a0\u00bb1\/3&Prime;][vc_single_image image=\u00a0\u00bb12235&Prime; img_size=\u00a0\u00bbfull\u00a0\u00bb alignment=\u00a0\u00bbcenter\u00a0\u00bb style=\u00a0\u00bbvc_box_border_grey\u00a0\u00bb][vc_empty_space [&hellip;]\" \/>\n<meta property=\"og:url\" content=\"https:\/\/www.rendezvousbundesplatz.ch\/fr\/spectacle-2019\/\" \/>\n<meta property=\"og:site_name\" content=\"Rendez-vous Bundesplatz\" \/>\n<meta property=\"article:modified_time\" content=\"2026-08-18T15:58:51+00:00\" \/>\n<meta name=\"twitter:label1\" content=\"Dur\u00e9e de lecture estim\u00e9e\" \/>\n\t<meta name=\"twitter:data1\" content=\"9 minutes\" \/>\n<script type=\"application\/ld+json\" class=\"yoast-schema-graph\">{\"@context\":\"https:\\\/\\\/schema.org\",\"@graph\":[{\"@type\":\"WebPage\",\"@id\":\"https:\\\/\\\/www.rendezvousbundesplatz.ch\\\/fr\\\/spectacle-2019\\\/\",\"url\":\"https:\\\/\\\/www.rendezvousbundesplatz.ch\\\/fr\\\/spectacle-2019\\\/\",\"name\":\"Spectacle 2019 - Rendez-vous Bundesplatz\",\"isPartOf\":{\"@id\":\"https:\\\/\\\/www.rendezvousbundesplatz.ch\\\/#website\"},\"datePublished\":\"2019-08-21T07:50:19+00:00\",\"dateModified\":\"2026-08-18T15:58:51+00:00\",\"breadcrumb\":{\"@id\":\"https:\\\/\\\/www.rendezvousbundesplatz.ch\\\/fr\\\/spectacle-2019\\\/#breadcrumb\"},\"inLanguage\":\"fr-FR\",\"potentialAction\":[{\"@type\":\"ReadAction\",\"target\":[\"https:\\\/\\\/www.rendezvousbundesplatz.ch\\\/fr\\\/spectacle-2019\\\/\"]}]},{\"@type\":\"BreadcrumbList\",\"@id\":\"https:\\\/\\\/www.rendezvousbundesplatz.ch\\\/fr\\\/spectacle-2019\\\/#breadcrumb\",\"itemListElement\":[{\"@type\":\"ListItem\",\"position\":1,\"name\":\"Home\",\"item\":\"https:\\\/\\\/www.rendezvousbundesplatz.ch\\\/fr\\\/bienvenue-2\\\/\"},{\"@type\":\"ListItem\",\"position\":2,\"name\":\"Spectacle 2019\"}]},{\"@type\":\"WebSite\",\"@id\":\"https:\\\/\\\/www.rendezvousbundesplatz.ch\\\/#website\",\"url\":\"https:\\\/\\\/www.rendezvousbundesplatz.ch\\\/\",\"name\":\"Rendez-vous Bundesplatz\",\"description\":\"17 octobre au 21 novembre 2026\",\"publisher\":{\"@id\":\"https:\\\/\\\/www.rendezvousbundesplatz.ch\\\/#organization\"},\"potentialAction\":[{\"@type\":\"SearchAction\",\"target\":{\"@type\":\"EntryPoint\",\"urlTemplate\":\"https:\\\/\\\/www.rendezvousbundesplatz.ch\\\/?s={search_term_string}\"},\"query-input\":{\"@type\":\"PropertyValueSpecification\",\"valueRequired\":true,\"valueName\":\"search_term_string\"}}],\"inLanguage\":\"fr-FR\"},{\"@type\":\"Organization\",\"@id\":\"https:\\\/\\\/www.rendezvousbundesplatz.ch\\\/#organization\",\"name\":\"Rendez-vous Bundesplatz\",\"url\":\"https:\\\/\\\/www.rendezvousbundesplatz.ch\\\/\",\"logo\":{\"@type\":\"ImageObject\",\"inLanguage\":\"fr-FR\",\"@id\":\"https:\\\/\\\/www.rendezvousbundesplatz.ch\\\/#\\\/schema\\\/logo\\\/image\\\/\",\"url\":\"https:\\\/\\\/www.rendezvousbundesplatz.ch\\\/wp-content\\\/uploads\\\/2016\\\/05\\\/logo_rvb_neg_os.png\",\"contentUrl\":\"https:\\\/\\\/www.rendezvousbundesplatz.ch\\\/wp-content\\\/uploads\\\/2016\\\/05\\\/logo_rvb_neg_os.png\",\"width\":824,\"height\":381,\"caption\":\"Rendez-vous Bundesplatz\"},\"image\":{\"@id\":\"https:\\\/\\\/www.rendezvousbundesplatz.ch\\\/#\\\/schema\\\/logo\\\/image\\\/\"}}]}<\/script>\n<!-- \/ Yoast SEO plugin. -->","yoast_head_json":{"title":"Spectacle 2019 - Rendez-vous Bundesplatz","robots":{"index":"index","follow":"follow","max-snippet":"max-snippet:-1","max-image-preview":"max-image-preview:large","max-video-preview":"max-video-preview:-1"},"canonical":"https:\/\/www.rendezvousbundesplatz.ch\/fr\/spectacle-2019\/","og_locale":"fr_FR","og_type":"article","og_title":"Spectacle 2019 - Rendez-vous Bundesplatz","og_description":"[vc_row_inner][vc_column_inner width=\u00a0\u00bb1\/3&Prime;][vc_single_image image=\u00a0\u00bb12227&Prime; img_size=\u00a0\u00bbfull\u00a0\u00bb alignment=\u00a0\u00bbcenter\u00a0\u00bb style=\u00a0\u00bbvc_box_border_grey\u00a0\u00bb][vc_empty_space height=\u00a0\u00bb10px\u00a0\u00bb][vc_column_text] Depuis des milliers d&rsquo;ann\u00e9es, l&rsquo;homme s&rsquo;int\u00e9resse \u00e0 l&rsquo;univers, \u00e0 sa formation et \u00e0 l&rsquo;\u00e9tude des corps c\u00e9lestes. [\/vc_column_text][vc_empty_space][\/vc_column_inner][vc_column_inner width=\u00a0\u00bb1\/3&Prime;][vc_single_image image=\u00a0\u00bb12231&Prime; img_size=\u00a0\u00bbfull\u00a0\u00bb alignment=\u00a0\u00bbcenter\u00a0\u00bb style=\u00a0\u00bbvc_box_border_grey\u00a0\u00bb][vc_empty_space height=\u00a0\u00bb10px\u00a0\u00bb][vc_column_text] La sph\u00e8re armillaire, \u00e9galement appel\u00e9e \u00ab machine du monde \u00bb, servait \u00e0 repr\u00e9senter les mouvements des corps c\u00e9lestes. [\/vc_column_text][vc_empty_space][\/vc_column_inner][vc_column_inner width=\u00a0\u00bb1\/3&Prime;][vc_single_image image=\u00a0\u00bb12235&Prime; img_size=\u00a0\u00bbfull\u00a0\u00bb alignment=\u00a0\u00bbcenter\u00a0\u00bb style=\u00a0\u00bbvc_box_border_grey\u00a0\u00bb][vc_empty_space [&hellip;]","og_url":"https:\/\/www.rendezvousbundesplatz.ch\/fr\/spectacle-2019\/","og_site_name":"Rendez-vous Bundesplatz","article_modified_time":"2026-08-18T15:58:51+00:00","twitter_misc":{"Dur\u00e9e de lecture estim\u00e9e":"9 minutes"},"schema":{"@context":"https:\/\/schema.org","@graph":[{"@type":"WebPage","@id":"https:\/\/www.rendezvousbundesplatz.ch\/fr\/spectacle-2019\/","url":"https:\/\/www.rendezvousbundesplatz.ch\/fr\/spectacle-2019\/","name":"Spectacle 2019 - Rendez-vous Bundesplatz","isPartOf":{"@id":"https:\/\/www.rendezvousbundesplatz.ch\/#website"},"datePublished":"2019-08-21T07:50:19+00:00","dateModified":"2026-08-18T15:58:51+00:00","breadcrumb":{"@id":"https:\/\/www.rendezvousbundesplatz.ch\/fr\/spectacle-2019\/#breadcrumb"},"inLanguage":"fr-FR","potentialAction":[{"@type":"ReadAction","target":["https:\/\/www.rendezvousbundesplatz.ch\/fr\/spectacle-2019\/"]}]},{"@type":"BreadcrumbList","@id":"https:\/\/www.rendezvousbundesplatz.ch\/fr\/spectacle-2019\/#breadcrumb","itemListElement":[{"@type":"ListItem","position":1,"name":"Home","item":"https:\/\/www.rendezvousbundesplatz.ch\/fr\/bienvenue-2\/"},{"@type":"ListItem","position":2,"name":"Spectacle 2019"}]},{"@type":"WebSite","@id":"https:\/\/www.rendezvousbundesplatz.ch\/#website","url":"https:\/\/www.rendezvousbundesplatz.ch\/","name":"Rendez-vous Bundesplatz","description":"17 octobre au 21 novembre 2026","publisher":{"@id":"https:\/\/www.rendezvousbundesplatz.ch\/#organization"},"potentialAction":[{"@type":"SearchAction","target":{"@type":"EntryPoint","urlTemplate":"https:\/\/www.rendezvousbundesplatz.ch\/?s={search_term_string}"},"query-input":{"@type":"PropertyValueSpecification","valueRequired":true,"valueName":"search_term_string"}}],"inLanguage":"fr-FR"},{"@type":"Organization","@id":"https:\/\/www.rendezvousbundesplatz.ch\/#organization","name":"Rendez-vous Bundesplatz","url":"https:\/\/www.rendezvousbundesplatz.ch\/","logo":{"@type":"ImageObject","inLanguage":"fr-FR","@id":"https:\/\/www.rendezvousbundesplatz.ch\/#\/schema\/logo\/image\/","url":"https:\/\/www.rendezvousbundesplatz.ch\/wp-content\/uploads\/2016\/05\/logo_rvb_neg_os.png","contentUrl":"https:\/\/www.rendezvousbundesplatz.ch\/wp-content\/uploads\/2016\/05\/logo_rvb_neg_os.png","width":824,"height":381,"caption":"Rendez-vous Bundesplatz"},"image":{"@id":"https:\/\/www.rendezvousbundesplatz.ch\/#\/schema\/logo\/image\/"}}]}},"_links":{"self":[{"href":"https:\/\/www.rendezvousbundesplatz.ch\/fr\/wp-json\/wp\/v2\/pages\/12536","targetHints":{"allow":["GET"]}}],"collection":[{"href":"https:\/\/www.rendezvousbundesplatz.ch\/fr\/wp-json\/wp\/v2\/pages"}],"about":[{"href":"https:\/\/www.rendezvousbundesplatz.ch\/fr\/wp-json\/wp\/v2\/types\/page"}],"author":[{"embeddable":true,"href":"https:\/\/www.rendezvousbundesplatz.ch\/fr\/wp-json\/wp\/v2\/users\/2"}],"replies":[{"embeddable":true,"href":"https:\/\/www.rendezvousbundesplatz.ch\/fr\/wp-json\/wp\/v2\/comments?post=12536"}],"version-history":[{"count":13,"href":"https:\/\/www.rendezvousbundesplatz.ch\/fr\/wp-json\/wp\/v2\/pages\/12536\/revisions"}],"predecessor-version":[{"id":20737,"href":"https:\/\/www.rendezvousbundesplatz.ch\/fr\/wp-json\/wp\/v2\/pages\/12536\/revisions\/20737"}],"wp:attachment":[{"href":"https:\/\/www.rendezvousbundesplatz.ch\/fr\/wp-json\/wp\/v2\/media?parent=12536"}],"curies":[{"name":"wp","href":"https:\/\/api.w.org\/{rel}","templated":true}]}}