{"id":14280,"date":"2013-10-25T17:21:17","date_gmt":"2013-10-25T15:21:17","guid":{"rendered":"https:\/\/www.rendezvousbundesplatz.ch\/hotels-restaurants\/"},"modified":"2025-11-26T14:04:27","modified_gmt":"2025-11-26T13:04:27","slug":"hotels-restaurants","status":"publish","type":"page","link":"https:\/\/www.rendezvousbundesplatz.ch\/fr\/hotels-restaurants\/","title":{"rendered":"Nos h\u00f4tels et restaurants partenaires"},"content":{"rendered":"<div class=\"wpb-content-wrapper\"><p>[vc_row css_animation=\u00a0\u00bb\u00a0\u00bb row_type=\u00a0\u00bbrow\u00a0\u00bb use_row_as_full_screen_section=\u00a0\u00bbno\u00a0\u00bb type=\u00a0\u00bbgrid\u00a0\u00bb angled_section=\u00a0\u00bbno\u00a0\u00bb text_align=\u00a0\u00bbcenter\u00a0\u00bb background_image_as_pattern=\u00a0\u00bbwithout_pattern\u00a0\u00bb z_index=\u00a0\u00bb\u00a0\u00bb][vc_column offset=\u00a0\u00bbvc_hidden-lg vc_hidden-md vc_hidden-sm vc_hidden-xs\u00a0\u00bb][vc_empty_space][vc_column_text css=\u00a0\u00bb\u00a0\u00bb]<\/p>\n<h2 style=\"text-align: center;\">Bistro Rendez-vous Bundesplatz<\/h2>\n<p>[\/vc_column_text][vc_column_text css=\u00a0\u00bb\u00a0\u00bb]<strong>Du 18 octobre au 22 novembre, deux cr\u00e9neaux de r\u00e9servation par jour<\/strong>.<\/p>\n<p>Starlight Events GmbH et le service de restauration de Migros Lucerne R\u00e9gion Aar vous invitent cordialement \u00e0 d\u00e9couvrir le spectacle lumineux de cette ann\u00e9e sur la Place f\u00e9d\u00e9rale. Nous souhaitons vous enthousiasmer non seulement sur le plan visuel, mais aussi sur le plan culinaire.<\/p>\n<p>R\u00e9servez votre table au Bistro Rendez-vous.[\/vc_column_text][vc_empty_space]<a  itemprop=\"url\" href=\"https:\/\/forms.office.com\/e\/agZFpUkj7N\" target=\"_blank\"  class=\"qbutton  default\" style=\"\">R\u00e9servez votre table maintenant<\/a>[vc_empty_space][vc_separator type=\u00a0\u00bbnormal\u00a0\u00bb color=\u00a0\u00bb#000000&Prime; transparency=\u00a0\u00bb0.3&Prime; thickness=\u00a0\u00bb1&Prime; up=\u00a0\u00bb32&Prime; down=\u00a0\u00bb32&Prime;][\/vc_column][\/vc_row][vc_row css_animation=\u00a0\u00bb\u00a0\u00bb row_type=\u00a0\u00bbrow\u00a0\u00bb use_row_as_full_screen_section=\u00a0\u00bbno\u00a0\u00bb type=\u00a0\u00bbgrid\u00a0\u00bb angled_section=\u00a0\u00bbno\u00a0\u00bb text_align=\u00a0\u00bbcenter\u00a0\u00bb background_image_as_pattern=\u00a0\u00bbwithout_pattern\u00a0\u00bb z_index=\u00a0\u00bb\u00a0\u00bb][vc_column][vc_empty_space][vc_column_text]<\/p>\n<h2 style=\"text-align: center;\">H\u00f4tels \u00e0 Berne<\/h2>\n<p>[\/vc_column_text][vc_column_text]Bien dormir au centre-ville de Berne. Nos h\u00f4tels partenaires sur la place f\u00e9d\u00e9rale se r\u00e9jouissent de votre r\u00e9servation. Si vous r\u00e9servez directement \u00e0 l\u2019h\u00f4tel, vous b\u00e9n\u00e9ficiez de meilleures conditions\u2009:[\/vc_column_text][vc_empty_space][\/vc_column][\/vc_row][vc_row css_animation=\u00a0\u00bb\u00a0\u00bb row_type=\u00a0\u00bbrow\u00a0\u00bb use_row_as_full_screen_section=\u00a0\u00bbno\u00a0\u00bb type=\u00a0\u00bbgrid\u00a0\u00bb angled_section=\u00a0\u00bbno\u00a0\u00bb text_align=\u00a0\u00bbcenter\u00a0\u00bb background_image_as_pattern=\u00a0\u00bbwithout_pattern\u00a0\u00bb z_index=\u00a0\u00bb\u00a0\u00bb][vc_column width=\u00a0\u00bb1\/4&Prime;][vc_single_image image=\u00a0\u00bb17876&Prime; img_size=\u00a0\u00bbfull\u00a0\u00bb alignment=\u00a0\u00bbcenter\u00a0\u00bb onclick=\u00a0\u00bbcustom_link\u00a0\u00bb img_link_target=\u00a0\u00bb_blank\u00a0\u00bb css=\u00a0\u00bb\u00a0\u00bb qode_css_animation=\u00a0\u00bb\u00a0\u00bb link=\u00a0\u00bbhttps:\/\/www.baerenbern.ch\/fr\/\u00a0\u00bb][vc_empty_space][\/vc_column][vc_column width=\u00a0\u00bb1\/4&Prime;][vc_single_image image=\u00a0\u00bb18902&Prime; img_size=\u00a0\u00bbfull\u00a0\u00bb alignment=\u00a0\u00bbcenter\u00a0\u00bb onclick=\u00a0\u00bbcustom_link\u00a0\u00bb img_link_target=\u00a0\u00bb_blank\u00a0\u00bb css=\u00a0\u00bb\u00a0\u00bb qode_css_animation=\u00a0\u00bb\u00a0\u00bb link=\u00a0\u00bbhttps:\/\/www.bellevue-palace.ch\/\u00a0\u00bb][vc_empty_space][\/vc_column][vc_column width=\u00a0\u00bb1\/4&Prime;][vc_single_image image=\u00a0\u00bb17885&Prime; img_size=\u00a0\u00bbfull\u00a0\u00bb alignment=\u00a0\u00bbcenter\u00a0\u00bb onclick=\u00a0\u00bbcustom_link\u00a0\u00bb img_link_target=\u00a0\u00bb_blank\u00a0\u00bb css=\u00a0\u00bb\u00a0\u00bb qode_css_animation=\u00a0\u00bb\u00a0\u00bb link=\u00a0\u00bbhttps:\/\/www.hotelbern.ch\/\u00a0\u00bb][vc_empty_space][\/vc_column][vc_column width=\u00a0\u00bb1\/4&Prime;][vc_single_image image=\u00a0\u00bb17889&Prime; img_size=\u00a0\u00bbfull\u00a0\u00bb alignment=\u00a0\u00bbcenter\u00a0\u00bb onclick=\u00a0\u00bbcustom_link\u00a0\u00bb img_link_target=\u00a0\u00bb_blank\u00a0\u00bb css=\u00a0\u00bb\u00a0\u00bb qode_css_animation=\u00a0\u00bb\u00a0\u00bb link=\u00a0\u00bbhttps:\/\/www.nh-hotels.com\/fr\/hotel\/nh-bern-the-bristol\u00a0\u00bb][vc_empty_space][\/vc_column][\/vc_row][vc_row css_animation=\u00a0\u00bb\u00a0\u00bb row_type=\u00a0\u00bbrow\u00a0\u00bb use_row_as_full_screen_section=\u00a0\u00bbno\u00a0\u00bb type=\u00a0\u00bbgrid\u00a0\u00bb angled_section=\u00a0\u00bbno\u00a0\u00bb text_align=\u00a0\u00bbcenter\u00a0\u00bb background_image_as_pattern=\u00a0\u00bbwithout_pattern\u00a0\u00bb z_index=\u00a0\u00bb\u00a0\u00bb][vc_column][vc_empty_space][vc_separator type=\u00a0\u00bbnormal\u00a0\u00bb color=\u00a0\u00bb#000000&Prime; transparency=\u00a0\u00bb0.3&Prime; thickness=\u00a0\u00bb1&Prime; up=\u00a0\u00bb32&Prime; down=\u00a0\u00bb32&Prime;][vc_column_text]<\/p>\n<h2 style=\"text-align: center;\">Ici, vous serez g\u00e2t\u00e9s par des d\u00e9lices culinaires<\/h2>\n<p>[\/vc_column_text][vc_column_text css=\u00a0\u00bb\u00a0\u00bb]Les restaurants suivants ont soutenu ce grand \u00e9v\u00e9nement culturel et se r\u00e9jouissent de vous accueillir.<\/p>\n<p><strong>Faites votre r\u00e9servation maintenant.<\/strong>[\/vc_column_text][vc_empty_space][\/vc_column][\/vc_row][vc_row css_animation=\u00a0\u00bb\u00a0\u00bb row_type=\u00a0\u00bbrow\u00a0\u00bb use_row_as_full_screen_section=\u00a0\u00bbno\u00a0\u00bb type=\u00a0\u00bbgrid\u00a0\u00bb angled_section=\u00a0\u00bbno\u00a0\u00bb text_align=\u00a0\u00bbleft\u00a0\u00bb background_image_as_pattern=\u00a0\u00bbwithout_pattern\u00a0\u00bb z_index=\u00a0\u00bb\u00a0\u00bb][vc_column width=\u00a0\u00bb1\/4&Prime;][vc_single_image image=\u00a0\u00bb19078&Prime; img_size=\u00a0\u00bbfull\u00a0\u00bb alignment=\u00a0\u00bbcenter\u00a0\u00bb onclick=\u00a0\u00bbcustom_link\u00a0\u00bb img_link_target=\u00a0\u00bb_blank\u00a0\u00bb css=\u00a0\u00bb\u00a0\u00bb qode_css_animation=\u00a0\u00bb\u00a0\u00bb link=\u00a0\u00bbhttps:\/\/dabucolo.ch\/\u00a0\u00bb][vc_column_text css=\u00a0\u00bb\u00a0\u00bb]<\/p>\n<p style=\"text-align: center;\"><strong>Da Bucolo<br \/>\n<\/strong>Amthausgasse 10<br \/>\n<a href=\"https:\/\/dabucolo.ch\/\" target=\"_blank\" rel=\"noopener\">www.dabucolo.ch<\/a><br \/>\n<a href=\"tel:+41313328282\">031 332 82 82<\/a><\/p>\n<p>[\/vc_column_text][vc_empty_space height=\u00a0\u00bb16px\u00a0\u00bb][\/vc_column][vc_column width=\u00a0\u00bb1\/4&Prime;][vc_single_image image=\u00a0\u00bb18695&Prime; img_size=\u00a0\u00bbfull\u00a0\u00bb alignment=\u00a0\u00bbcenter\u00a0\u00bb onclick=\u00a0\u00bbcustom_link\u00a0\u00bb img_link_target=\u00a0\u00bb_blank\u00a0\u00bb css=\u00a0\u00bb\u00a0\u00bb qode_css_animation=\u00a0\u00bb\u00a0\u00bb link=\u00a0\u00bbhttps:\/\/www.della-casa.ch\/\u00a0\u00bb][vc_column_text css=\u00a0\u00bb\u00a0\u00bb]<\/p>\n<p style=\"text-align: center;\"><strong>Restaurant Della Casa<br \/>\n<\/strong>Schauplatzgasse 16<br \/>\n<a href=\"https:\/\/www.della-casa.ch\/\" target=\"_blank\" rel=\"noopener\">www.della-casa.ch<\/a><br \/>\n<a href=\"tel:+41313112142\">031 311 21 42<\/a><\/p>\n<p>[\/vc_column_text][vc_empty_space height=\u00a0\u00bb16px\u00a0\u00bb][\/vc_column][vc_column width=\u00a0\u00bb1\/4&Prime;][vc_single_image image=\u00a0\u00bb17901&Prime; img_size=\u00a0\u00bbfull\u00a0\u00bb alignment=\u00a0\u00bbcenter\u00a0\u00bb onclick=\u00a0\u00bbcustom_link\u00a0\u00bb img_link_target=\u00a0\u00bb_blank\u00a0\u00bb css=\u00a0\u00bb\u00a0\u00bb qode_css_animation=\u00a0\u00bb\u00a0\u00bb link=\u00a0\u00bbhttps:\/\/entrecote.ch\/language\/fr\/\u00a0\u00bb][vc_column_text]<\/p>\n<p style=\"text-align: center;\"><strong>Entrec\u00f4te Caf\u00e9 F\u00e9d\u00e9ral<br \/>\n<\/strong>B\u00e4renplatz 31<br \/>\n<a href=\"https:\/\/entrecote.ch\/\" target=\"_blank\" rel=\"noopener noreferrer\">www.entrecote.ch<\/a><br \/>\n<a href=\"tel:0041313111624\" target=\"_blank\" rel=\"noopener\">031 311 16 24<\/a><\/p>\n<p>[\/vc_column_text][vc_empty_space height=\u00a0\u00bb16px\u00a0\u00bb][\/vc_column][vc_column width=\u00a0\u00bb1\/4&Prime;][vc_single_image image=\u00a0\u00bb17905&Prime; img_size=\u00a0\u00bbfull\u00a0\u00bb alignment=\u00a0\u00bbcenter\u00a0\u00bb onclick=\u00a0\u00bbcustom_link\u00a0\u00bb img_link_target=\u00a0\u00bb_blank\u00a0\u00bb css=\u00a0\u00bb\u00a0\u00bb qode_css_animation=\u00a0\u00bb\u00a0\u00bb link=\u00a0\u00bbhttps:\/\/www.bindella.ch\/gastronomie\/kornhauskeller\u00a0\u00bb][vc_column_text css=\u00a0\u00bb\u00a0\u00bb]<\/p>\n<p style=\"text-align: center;\"><strong>Kornhauskeller<br \/>\n<\/strong>Kornhausplatz 18<br \/>\n<a href=\"https:\/\/www.bindella.ch\/de\/kornhauskeller-galeriebar.html\" target=\"_blank\" rel=\"noopener noreferrer\">www.bindella.ch<\/a><br \/>\n<a href=\"tel:0041313277272\" target=\"_blank\" rel=\"noopener\">031 327 72 72<\/a><\/p>\n<p>[\/vc_column_text][vc_empty_space height=\u00a0\u00bb16px\u00a0\u00bb][\/vc_column][\/vc_row][vc_row css_animation=\u00a0\u00bb\u00a0\u00bb row_type=\u00a0\u00bbrow\u00a0\u00bb use_row_as_full_screen_section=\u00a0\u00bbno\u00a0\u00bb type=\u00a0\u00bbgrid\u00a0\u00bb angled_section=\u00a0\u00bbno\u00a0\u00bb text_align=\u00a0\u00bbleft\u00a0\u00bb background_image_as_pattern=\u00a0\u00bbwithout_pattern\u00a0\u00bb z_index=\u00a0\u00bb\u00a0\u00bb css=\u00a0\u00bb.vc_custom_1630685362506{margin-top: 32px !important;}\u00a0\u00bb][vc_column width=\u00a0\u00bb1\/4&Prime;][vc_single_image image=\u00a0\u00bb17909&Prime; img_size=\u00a0\u00bbfull\u00a0\u00bb alignment=\u00a0\u00bbcenter\u00a0\u00bb onclick=\u00a0\u00bbcustom_link\u00a0\u00bb img_link_target=\u00a0\u00bb_blank\u00a0\u00bb css=\u00a0\u00bb\u00a0\u00bb qode_css_animation=\u00a0\u00bb\u00a0\u00bb link=\u00a0\u00bbhttps:\/\/www.bindella.ch\/gastronomie\/lorenzini\u00a0\u00bb][vc_column_text]<\/p>\n<p style=\"text-align: center;\"><strong>Lorenzini<br \/>\n<\/strong>Hotelgasse 10<br \/>\n<a href=\"https:\/\/www.bindella.ch\/de\/lorenzini.html\" target=\"_blank\" rel=\"noopener noreferrer\">www.bindella.ch<\/a><br \/>\n<a href=\"tel:0041313185067\" target=\"_blank\" rel=\"noopener\">031 318 50 67<\/a><\/p>\n<p>[\/vc_column_text][vc_empty_space height=\u00a0\u00bb16px\u00a0\u00bb][\/vc_column][vc_column width=\u00a0\u00bb1\/4&Prime;][vc_single_image image=\u00a0\u00bb17917&Prime; img_size=\u00a0\u00bbfull\u00a0\u00bb alignment=\u00a0\u00bbcenter\u00a0\u00bb onclick=\u00a0\u00bbcustom_link\u00a0\u00bb img_link_target=\u00a0\u00bb_blank\u00a0\u00bb css=\u00a0\u00bb\u00a0\u00bb qode_css_animation=\u00a0\u00bb\u00a0\u00bb link=\u00a0\u00bbhttps:\/\/nido-ristorante.ch\/\u00a0\u00bb][vc_column_text css=\u00a0\u00bb\u00a0\u00bb]<\/p>\n<p style=\"text-align: center;\"><strong>Ristorante NIDO AG<\/strong><br \/>\nSur le toit de LOEB<br \/>\nSpitalgasse 47-51<br \/>\n<a href=\"https:\/\/nido-ristorante.ch\/fr\/\" target=\"_blank\" rel=\"noopener noreferrer\">www.nido-ristorante.ch<\/a><br \/>\n<a href=\"tel:0041313201212\" target=\"_blank\" rel=\"noopener\">031 320 12 12<\/a><\/p>\n<p>[\/vc_column_text][\/vc_column][vc_column width=\u00a0\u00bb1\/4&Prime;][vc_single_image image=\u00a0\u00bb17921&Prime; img_size=\u00a0\u00bbfull\u00a0\u00bb alignment=\u00a0\u00bbcenter\u00a0\u00bb onclick=\u00a0\u00bbcustom_link\u00a0\u00bb img_link_target=\u00a0\u00bb_blank\u00a0\u00bb css=\u00a0\u00bb\u00a0\u00bb qode_css_animation=\u00a0\u00bb\u00a0\u00bb link=\u00a0\u00bbhttps:\/\/piazzaitalia.ch\/\u00a0\u00bb][vc_column_text css=\u00a0\u00bb\u00a0\u00bb]<\/p>\n<p style=\"text-align: center;\"><b>Piazza Italia<br \/>\n<\/b>B\u00e4renplatz 3<br \/>\n<a href=\"https:\/\/piazzaitalia.ch\/\" target=\"_blank\" rel=\"noopener noreferrer\">piazzaitalia.ch<\/a><br \/>\n<a href=\"tel:0041313181000\" target=\"_blank\" rel=\"noopener\">031 318 10 00<\/a><\/p>\n<p>\n[\/vc_column_text][vc_empty_space height=\u00a0\u00bb16px\u00a0\u00bb][\/vc_column][vc_column width=\u00a0\u00bb1\/4&Prime;][vc_single_image image=\u00a0\u00bb17925&Prime; img_size=\u00a0\u00bbfull\u00a0\u00bb alignment=\u00a0\u00bbcenter\u00a0\u00bb onclick=\u00a0\u00bbcustom_link\u00a0\u00bb img_link_target=\u00a0\u00bb_blank\u00a0\u00bb css=\u00a0\u00bb\u00a0\u00bb qode_css_animation=\u00a0\u00bb\u00a0\u00bb link=\u00a0\u00bbhttps:\/\/www.piu-ristorante.ch\/piu-kornhaus-bern\/\u00a0\u00bb][vc_column_text]<\/p>\n<p style=\"text-align: center;\"><strong>pi\u00f9 kornhaus<br \/>\n<\/strong>Kornhausplatz 18<br \/>\n<a href=\"https:\/\/www.piu-ristorante.ch\/piu-kornhaus\" target=\"_blank\" rel=\"noopener noreferrer\">www.piu-ristorante.ch<\/a><br \/>\n<a href=\"tel:0041313277270\" target=\"_blank\" rel=\"noopener\">031 327 72 70<\/a><\/p>\n<p>[\/vc_column_text][vc_empty_space height=\u00a0\u00bb16px\u00a0\u00bb][\/vc_column][\/vc_row][vc_row css_animation=\u00a0\u00bb\u00a0\u00bb row_type=\u00a0\u00bbrow\u00a0\u00bb use_row_as_full_screen_section=\u00a0\u00bbno\u00a0\u00bb type=\u00a0\u00bbgrid\u00a0\u00bb angled_section=\u00a0\u00bbno\u00a0\u00bb text_align=\u00a0\u00bbleft\u00a0\u00bb background_image_as_pattern=\u00a0\u00bbwithout_pattern\u00a0\u00bb z_index=\u00a0\u00bb\u00a0\u00bb css=\u00a0\u00bb.vc_custom_1630685362506{margin-top: 32px !important;}\u00a0\u00bb][vc_column width=\u00a0\u00bb1\/4&Prime;][vc_single_image image=\u00a0\u00bb17929&Prime; img_size=\u00a0\u00bbfull\u00a0\u00bb alignment=\u00a0\u00bbcenter\u00a0\u00bb onclick=\u00a0\u00bbcustom_link\u00a0\u00bb img_link_target=\u00a0\u00bb_blank\u00a0\u00bb css=\u00a0\u00bb\u00a0\u00bb qode_css_animation=\u00a0\u00bb\u00a0\u00bb link=\u00a0\u00bbhttps:\/\/www.roeschtigrabe.ch\/\u00a0\u00bb][vc_column_text]<\/p>\n<p style=\"text-align: center;\"><strong>Restaurant R\u00f6schtigrabe<\/strong><br \/>\nB\u00e4renplatz 11<br \/>\n<a href=\"https:\/\/www.roeschtigrabe.ch\" target=\"_blank\" rel=\"noopener\">www.roeschtigrabe.ch<\/a><br \/>\n<a href=\"tel:0041313282020\" target=\"_blank\" rel=\"noopener\">031 328 20 20<\/a><\/p>\n<p>[\/vc_column_text][vc_empty_space height=\u00a0\u00bb16px\u00a0\u00bb][\/vc_column][vc_column width=\u00a0\u00bb1\/4&Prime;][vc_single_image image=\u00a0\u00bb17933&Prime; img_size=\u00a0\u00bbfull\u00a0\u00bb alignment=\u00a0\u00bbcenter\u00a0\u00bb onclick=\u00a0\u00bbcustom_link\u00a0\u00bb img_link_target=\u00a0\u00bb_blank\u00a0\u00bb css=\u00a0\u00bb\u00a0\u00bb qode_css_animation=\u00a0\u00bb\u00a0\u00bb link=\u00a0\u00bbhttps:\/\/www.bindella.ch\/gastronomie\/santa-lucia-bern\u00a0\u00bb][vc_column_text]<\/p>\n<p style=\"text-align: center;\"><strong>Santa Lucia Bern<br \/>\n<\/strong>B\u00e4renplatz 7<br \/>\n<a href=\"https:\/\/www.bindella.ch\/de\/santa-lucia-bern.html\" target=\"_blank\" rel=\"noopener noreferrer\">www.santalucia.ch<\/a><br \/>\n<a href=\"tel:0041313122050\" target=\"_blank\" rel=\"noopener\">031 312 20 50<\/a><\/p>\n<p>[\/vc_column_text][vc_empty_space height=\u00a0\u00bb16px\u00a0\u00bb][\/vc_column][vc_column width=\u00a0\u00bb1\/4&Prime;][vc_single_image image=\u00a0\u00bb18737&Prime; img_size=\u00a0\u00bbfull\u00a0\u00bb alignment=\u00a0\u00bbcenter\u00a0\u00bb onclick=\u00a0\u00bbcustom_link\u00a0\u00bb img_link_target=\u00a0\u00bb_blank\u00a0\u00bb css=\u00a0\u00bb\u00a0\u00bb qode_css_animation=\u00a0\u00bb\u00a0\u00bb link=\u00a0\u00bbhttps:\/\/www.bindella.ch\/gastronomie\/trattoria-sempre-bern\u00a0\u00bb][vc_column_text css=\u00a0\u00bb\u00a0\u00bb]<\/p>\n<p style=\"text-align: center;\"><strong>Trattoria Sempre<\/strong><br \/>\nKornhausplatz 7<br \/>\n<a href=\"https:\/\/www.bindella.ch\/gastronomie\/trattoria-sempre-bern\" target=\"_blank\" rel=\"noopener\">www.bindella.ch<\/a><br \/>\n<a href=\"tel:+41313125455\">031 312 54 55<\/a><\/p>\n<p>\n[\/vc_column_text][vc_empty_space height=\u00a0\u00bb16px\u00a0\u00bb][\/vc_column][vc_column width=\u00a0\u00bb1\/4&Prime;][vc_single_image image=\u00a0\u00bb17941&Prime; img_size=\u00a0\u00bbfull\u00a0\u00bb alignment=\u00a0\u00bbcenter\u00a0\u00bb onclick=\u00a0\u00bbcustom_link\u00a0\u00bb img_link_target=\u00a0\u00bb_blank\u00a0\u00bb css=\u00a0\u00bb\u00a0\u00bb qode_css_animation=\u00a0\u00bb\u00a0\u00bb link=\u00a0\u00bbhttps:\/\/tre-fratelli-bern.ch\/\u00a0\u00bb][vc_column_text css=\u00a0\u00bb\u00a0\u00bb]<\/p>\n<p style=\"text-align: center;\"><strong>Locanda Tre Fratelli<br \/>\n<\/strong>Laupenstrasse 17<br \/>\n<a href=\"https:\/\/tre-fratelli-bern.ch\/\" target=\"_blank\" rel=\"noopener noreferrer\">tre-fratelli-bern.ch<\/a><br \/>\n<a href=\"tel:0041313812573\" target=\"_blank\" rel=\"noopener\">031 381 25 73<\/a><\/p>\n<p>\n[\/vc_column_text][vc_empty_space height=\u00a0\u00bb16px\u00a0\u00bb][\/vc_column][\/vc_row][vc_row css_animation=\u00a0\u00bb\u00a0\u00bb row_type=\u00a0\u00bbrow\u00a0\u00bb use_row_as_full_screen_section=\u00a0\u00bbno\u00a0\u00bb type=\u00a0\u00bbgrid\u00a0\u00bb angled_section=\u00a0\u00bbno\u00a0\u00bb text_align=\u00a0\u00bbleft\u00a0\u00bb background_image_as_pattern=\u00a0\u00bbwithout_pattern\u00a0\u00bb z_index=\u00a0\u00bb\u00a0\u00bb css=\u00a0\u00bb.vc_custom_1630685362506{margin-top: 32px !important;}\u00a0\u00bb][vc_column width=\u00a0\u00bb1\/4&Prime;][vc_single_image image=\u00a0\u00bb18731&Prime; img_size=\u00a0\u00bbfull\u00a0\u00bb alignment=\u00a0\u00bbcenter\u00a0\u00bb onclick=\u00a0\u00bbcustom_link\u00a0\u00bb img_link_target=\u00a0\u00bb_blank\u00a0\u00bb css=\u00a0\u00bb\u00a0\u00bb qode_css_animation=\u00a0\u00bb\u00a0\u00bb link=\u00a0\u00bbhttps:\/\/www.bindella.ch\/gastronomie\/verdi\u00a0\u00bb][vc_column_text css=\u00a0\u00bb\u00a0\u00bb]<\/p>\n<p style=\"text-align: center;\"><span class=\"Shedule-section__contact-item\"><strong>Ristorante Verdi<\/strong><br \/>\nGerechtigkeitsgasse 7<\/span><span class=\"Shedule-section__contact-item\">3<br \/>\n<a href=\"https:\/\/www.bindella.ch\/gastronomie\/verdi\" target=\"_blank\" rel=\"noopener\">www.bindella.ch<\/a><br \/>\n<\/span><a href=\"tel:+41313126368\">031 312 63 68<\/a><\/p>\n<p>\n[\/vc_column_text][vc_empty_space height=\u00a0\u00bb16px\u00a0\u00bb][\/vc_column][vc_column width=\u00a0\u00bb1\/4&Prime;][vc_single_image image=\u00a0\u00bb18712&Prime; img_size=\u00a0\u00bbfull\u00a0\u00bb alignment=\u00a0\u00bbcenter\u00a0\u00bb onclick=\u00a0\u00bbcustom_link\u00a0\u00bb img_link_target=\u00a0\u00bb_blank\u00a0\u00bb css=\u00a0\u00bb\u00a0\u00bb qode_css_animation=\u00a0\u00bb\u00a0\u00bb link=\u00a0\u00bbhttps:\/\/www.volkshausbern.ch\/\u00a0\u00bb][vc_column_text css=\u00a0\u00bb\u00a0\u00bb]<\/p>\n<p style=\"text-align: center;\"><strong>Restaurant Volkshaus 1914<\/strong><br \/>\nZeughausgasse 9<br \/>\n<a href=\"https:\/\/www.volkshausbern.ch\/\" target=\"_blank\" rel=\"noopener\">www.volkshausbern.ch<\/a><br \/>\n<a href=\"tel:+41313292233\">031 329 22 33<\/a><\/p>\n<p>\n[\/vc_column_text][vc_empty_space height=\u00a0\u00bb16px\u00a0\u00bb][\/vc_column][vc_column width=\u00a0\u00bb1\/4&Prime;][\/vc_column][vc_column width=\u00a0\u00bb1\/4&Prime;][\/vc_column][\/vc_row][vc_row css_animation=\u00a0\u00bb\u00a0\u00bb row_type=\u00a0\u00bbrow\u00a0\u00bb use_row_as_full_screen_section=\u00a0\u00bbno\u00a0\u00bb type=\u00a0\u00bbfull_width\u00a0\u00bb angled_section=\u00a0\u00bbno\u00a0\u00bb text_align=\u00a0\u00bbleft\u00a0\u00bb background_image_as_pattern=\u00a0\u00bbwithout_pattern\u00a0\u00bb][vc_column][vc_empty_space height=\u00a0\u00bb80px\u00a0\u00bb][\/vc_column][\/vc_row]<\/p>\n<\/div>","protected":false},"excerpt":{"rendered":"<p>[vc_row css_animation=\u00a0\u00bb\u00a0\u00bb row_type=\u00a0\u00bbrow\u00a0\u00bb use_row_as_full_screen_section=\u00a0\u00bbno\u00a0\u00bb type=\u00a0\u00bbgrid\u00a0\u00bb angled_section=\u00a0\u00bbno\u00a0\u00bb text_align=\u00a0\u00bbcenter\u00a0\u00bb background_image_as_pattern=\u00a0\u00bbwithout_pattern\u00a0\u00bb z_index=\u00a0\u00bb\u00a0\u00bb][vc_column offset=\u00a0\u00bbvc_hidden-lg vc_hidden-md vc_hidden-sm vc_hidden-xs\u00a0\u00bb][vc_empty_space][vc_column_text css=\u00a0\u00bb\u00a0\u00bb] Bistro Rendez-vous Bundesplatz [\/vc_column_text][vc_column_text css=\u00a0\u00bb\u00a0\u00bb]Du 18 octobre au 22 novembre, deux cr\u00e9neaux de r\u00e9servation par jour. Starlight Events GmbH et le service de restauration de Migros Lucerne R\u00e9gion Aar vous invitent&#8230;<\/p>\n","protected":false},"author":2,"featured_media":0,"parent":0,"menu_order":0,"comment_status":"closed","ping_status":"closed","template":"full_width.php","meta":{"footnotes":""},"class_list":["post-14280","page","type-page","status-publish","hentry"],"yoast_head":"<!-- This site is optimized with the Yoast SEO plugin v27.0 - https:\/\/yoast.com\/product\/yoast-seo-wordpress\/ -->\n<title>Nos h\u00f4tels et restaurants partenaires - Rendez-vous Bundesplatz<\/title>\n<meta name=\"robots\" content=\"index, follow, max-snippet:-1, max-image-preview:large, max-video-preview:-1\" \/>\n<link rel=\"canonical\" href=\"https:\/\/www.rendezvousbundesplatz.ch\/fr\/hotels-restaurants\/\" \/>\n<meta property=\"og:locale\" content=\"fr_FR\" \/>\n<meta property=\"og:type\" content=\"article\" \/>\n<meta property=\"og:title\" content=\"Nos h\u00f4tels et restaurants partenaires - Rendez-vous Bundesplatz\" \/>\n<meta property=\"og:description\" content=\"[vc_row css_animation=\u00a0\u00bb\u00a0\u00bb row_type=\u00a0\u00bbrow\u00a0\u00bb use_row_as_full_screen_section=\u00a0\u00bbno\u00a0\u00bb type=\u00a0\u00bbgrid\u00a0\u00bb angled_section=\u00a0\u00bbno\u00a0\u00bb text_align=\u00a0\u00bbcenter\u00a0\u00bb background_image_as_pattern=\u00a0\u00bbwithout_pattern\u00a0\u00bb z_index=\u00a0\u00bb\u00a0\u00bb][vc_column offset=\u00a0\u00bbvc_hidden-lg vc_hidden-md vc_hidden-sm vc_hidden-xs\u00a0\u00bb][vc_empty_space][vc_column_text css=\u00a0\u00bb\u00a0\u00bb] Bistro Rendez-vous Bundesplatz [\/vc_column_text][vc_column_text css=\u00a0\u00bb\u00a0\u00bb]Du 18 octobre au 22 novembre, deux cr\u00e9neaux de r\u00e9servation par jour. Starlight Events GmbH et le service de restauration de Migros Lucerne R\u00e9gion Aar vous invitent...\" \/>\n<meta property=\"og:url\" content=\"https:\/\/www.rendezvousbundesplatz.ch\/fr\/hotels-restaurants\/\" \/>\n<meta property=\"og:site_name\" content=\"Rendez-vous Bundesplatz\" \/>\n<meta property=\"article:modified_time\" content=\"2025-11-26T13:04:27+00:00\" \/>\n<meta name=\"twitter:label1\" content=\"Dur\u00e9e de lecture estim\u00e9e\" \/>\n\t<meta name=\"twitter:data1\" content=\"7 minutes\" \/>\n<script type=\"application\/ld+json\" class=\"yoast-schema-graph\">{\"@context\":\"https:\/\/schema.org\",\"@graph\":[{\"@type\":\"WebPage\",\"@id\":\"https:\/\/www.rendezvousbundesplatz.ch\/fr\/hotels-restaurants\/\",\"url\":\"https:\/\/www.rendezvousbundesplatz.ch\/fr\/hotels-restaurants\/\",\"name\":\"Nos h\u00f4tels et restaurants partenaires - Rendez-vous Bundesplatz\",\"isPartOf\":{\"@id\":\"https:\/\/www.rendezvousbundesplatz.ch\/#website\"},\"datePublished\":\"2013-10-25T15:21:17+00:00\",\"dateModified\":\"2025-11-26T13:04:27+00:00\",\"breadcrumb\":{\"@id\":\"https:\/\/www.rendezvousbundesplatz.ch\/fr\/hotels-restaurants\/#breadcrumb\"},\"inLanguage\":\"fr-FR\",\"potentialAction\":[{\"@type\":\"ReadAction\",\"target\":[\"https:\/\/www.rendezvousbundesplatz.ch\/fr\/hotels-restaurants\/\"]}]},{\"@type\":\"BreadcrumbList\",\"@id\":\"https:\/\/www.rendezvousbundesplatz.ch\/fr\/hotels-restaurants\/#breadcrumb\",\"itemListElement\":[{\"@type\":\"ListItem\",\"position\":1,\"name\":\"Home\",\"item\":\"https:\/\/www.rendezvousbundesplatz.ch\/fr\/bienvenue\/\"},{\"@type\":\"ListItem\",\"position\":2,\"name\":\"Nos h\u00f4tels et restaurants partenaires\"}]},{\"@type\":\"WebSite\",\"@id\":\"https:\/\/www.rendezvousbundesplatz.ch\/#website\",\"url\":\"https:\/\/www.rendezvousbundesplatz.ch\/\",\"name\":\"Rendez-vous Bundesplatz\",\"description\":\"17 octobre au 21 novembre 2026\",\"potentialAction\":[{\"@type\":\"SearchAction\",\"target\":{\"@type\":\"EntryPoint\",\"urlTemplate\":\"https:\/\/www.rendezvousbundesplatz.ch\/?s={search_term_string}\"},\"query-input\":{\"@type\":\"PropertyValueSpecification\",\"valueRequired\":true,\"valueName\":\"search_term_string\"}}],\"inLanguage\":\"fr-FR\"}]}<\/script>\n<!-- \/ Yoast SEO plugin. -->","yoast_head_json":{"title":"Nos h\u00f4tels et restaurants partenaires - Rendez-vous Bundesplatz","robots":{"index":"index","follow":"follow","max-snippet":"max-snippet:-1","max-image-preview":"max-image-preview:large","max-video-preview":"max-video-preview:-1"},"canonical":"https:\/\/www.rendezvousbundesplatz.ch\/fr\/hotels-restaurants\/","og_locale":"fr_FR","og_type":"article","og_title":"Nos h\u00f4tels et restaurants partenaires - Rendez-vous Bundesplatz","og_description":"[vc_row css_animation=\u00a0\u00bb\u00a0\u00bb row_type=\u00a0\u00bbrow\u00a0\u00bb use_row_as_full_screen_section=\u00a0\u00bbno\u00a0\u00bb type=\u00a0\u00bbgrid\u00a0\u00bb angled_section=\u00a0\u00bbno\u00a0\u00bb text_align=\u00a0\u00bbcenter\u00a0\u00bb background_image_as_pattern=\u00a0\u00bbwithout_pattern\u00a0\u00bb z_index=\u00a0\u00bb\u00a0\u00bb][vc_column offset=\u00a0\u00bbvc_hidden-lg vc_hidden-md vc_hidden-sm vc_hidden-xs\u00a0\u00bb][vc_empty_space][vc_column_text css=\u00a0\u00bb\u00a0\u00bb] Bistro Rendez-vous Bundesplatz [\/vc_column_text][vc_column_text css=\u00a0\u00bb\u00a0\u00bb]Du 18 octobre au 22 novembre, deux cr\u00e9neaux de r\u00e9servation par jour. Starlight Events GmbH et le service de restauration de Migros Lucerne R\u00e9gion Aar vous invitent...","og_url":"https:\/\/www.rendezvousbundesplatz.ch\/fr\/hotels-restaurants\/","og_site_name":"Rendez-vous Bundesplatz","article_modified_time":"2025-11-26T13:04:27+00:00","twitter_misc":{"Dur\u00e9e de lecture estim\u00e9e":"7 minutes"},"schema":{"@context":"https:\/\/schema.org","@graph":[{"@type":"WebPage","@id":"https:\/\/www.rendezvousbundesplatz.ch\/fr\/hotels-restaurants\/","url":"https:\/\/www.rendezvousbundesplatz.ch\/fr\/hotels-restaurants\/","name":"Nos h\u00f4tels et restaurants partenaires - Rendez-vous Bundesplatz","isPartOf":{"@id":"https:\/\/www.rendezvousbundesplatz.ch\/#website"},"datePublished":"2013-10-25T15:21:17+00:00","dateModified":"2025-11-26T13:04:27+00:00","breadcrumb":{"@id":"https:\/\/www.rendezvousbundesplatz.ch\/fr\/hotels-restaurants\/#breadcrumb"},"inLanguage":"fr-FR","potentialAction":[{"@type":"ReadAction","target":["https:\/\/www.rendezvousbundesplatz.ch\/fr\/hotels-restaurants\/"]}]},{"@type":"BreadcrumbList","@id":"https:\/\/www.rendezvousbundesplatz.ch\/fr\/hotels-restaurants\/#breadcrumb","itemListElement":[{"@type":"ListItem","position":1,"name":"Home","item":"https:\/\/www.rendezvousbundesplatz.ch\/fr\/bienvenue\/"},{"@type":"ListItem","position":2,"name":"Nos h\u00f4tels et restaurants partenaires"}]},{"@type":"WebSite","@id":"https:\/\/www.rendezvousbundesplatz.ch\/#website","url":"https:\/\/www.rendezvousbundesplatz.ch\/","name":"Rendez-vous Bundesplatz","description":"17 octobre au 21 novembre 2026","potentialAction":[{"@type":"SearchAction","target":{"@type":"EntryPoint","urlTemplate":"https:\/\/www.rendezvousbundesplatz.ch\/?s={search_term_string}"},"query-input":{"@type":"PropertyValueSpecification","valueRequired":true,"valueName":"search_term_string"}}],"inLanguage":"fr-FR"}]}},"_links":{"self":[{"href":"https:\/\/www.rendezvousbundesplatz.ch\/fr\/wp-json\/wp\/v2\/pages\/14280","targetHints":{"allow":["GET"]}}],"collection":[{"href":"https:\/\/www.rendezvousbundesplatz.ch\/fr\/wp-json\/wp\/v2\/pages"}],"about":[{"href":"https:\/\/www.rendezvousbundesplatz.ch\/fr\/wp-json\/wp\/v2\/types\/page"}],"author":[{"embeddable":true,"href":"https:\/\/www.rendezvousbundesplatz.ch\/fr\/wp-json\/wp\/v2\/users\/2"}],"replies":[{"embeddable":true,"href":"https:\/\/www.rendezvousbundesplatz.ch\/fr\/wp-json\/wp\/v2\/comments?post=14280"}],"version-history":[{"count":82,"href":"https:\/\/www.rendezvousbundesplatz.ch\/fr\/wp-json\/wp\/v2\/pages\/14280\/revisions"}],"predecessor-version":[{"id":19276,"href":"https:\/\/www.rendezvousbundesplatz.ch\/fr\/wp-json\/wp\/v2\/pages\/14280\/revisions\/19276"}],"wp:attachment":[{"href":"https:\/\/www.rendezvousbundesplatz.ch\/fr\/wp-json\/wp\/v2\/media?parent=14280"}],"curies":[{"name":"wp","href":"https:\/\/api.w.org\/{rel}","templated":true}]}}