{"id":8034,"date":"2014-07-23T15:22:13","date_gmt":"2014-07-23T13:22:13","guid":{"rendered":"http:\/\/rvb.wpengine.com\/?page_id=8034"},"modified":"2018-09-17T16:01:56","modified_gmt":"2018-09-17T14:01:56","slug":"le-spectacle-2014","status":"publish","type":"page","link":"https:\/\/www.rendezvousbundesplatz.ch\/fr\/le-spectacle-2014\/","title":{"rendered":"Le Spectacle 2014"},"content":{"rendered":"<div class=\"wpb-content-wrapper\"><p>[vc_row css_animation=\u00a0\u00bb\u00a0\u00bb row_type=\u00a0\u00bbrow\u00a0\u00bb use_row_as_full_screen_section=\u00a0\u00bbno\u00a0\u00bb type=\u00a0\u00bbfull_width\u00a0\u00bb angled_section=\u00a0\u00bbno\u00a0\u00bb text_align=\u00a0\u00bbleft\u00a0\u00bb background_image_as_pattern=\u00a0\u00bbwithout_pattern\u00a0\u00bb][vc_column width=\u00a0\u00bb1\/2&Prime;][vc_empty_space][vc_column_text]<\/p>\n<h2>Histoire<\/h2>\n<p>La Fontaine Continue Suisse (FOCS) mesure \u00ab le temps de notre \u00e9poque \u00bb, qui semble sans cesse s\u2019acc\u00e9l\u00e9rer, avec une exactitude correspondant \u00e0 un \u00e9cart de 1 seconde en 30 millions d\u2019ann\u00e9es. Tout \u00e0 coup, les heures dans le monde sont perturb\u00e9es, elles reculent en partie, sont bloqu\u00e9es, les heures se succ\u00e8dent comme si elles \u00e9taient des secondes\u2026 Le temps sur la plan\u00e8te est compl\u00e8tement d\u00e9s\u00e9quilibr\u00e9, il est devenu \u00ab fou \u00bb\u2026<\/p>\n<p>Plus de 620\u2019000 spectateurs se sont envo\u00fbt\u00e9s du 17 octobre au 30 novembre 2014 par le quatri\u00e8me spectacle.[\/vc_column_text][\/vc_column][vc_column width=\u00a0\u00bb1\/2&Prime;][vc_empty_space][\/vc_column][\/vc_row][vc_row css_animation=\u00a0\u00bb\u00a0\u00bb row_type=\u00a0\u00bbrow\u00a0\u00bb use_row_as_full_screen_section=\u00a0\u00bbno\u00a0\u00bb type=\u00a0\u00bbfull_width\u00a0\u00bb angled_section=\u00a0\u00bbno\u00a0\u00bb text_align=\u00a0\u00bbleft\u00a0\u00bb background_image_as_pattern=\u00a0\u00bbwithout_pattern\u00a0\u00bb][vc_column][vc_empty_space][vc_column_text]<\/p>\n\n\t\t<style type=\"text\/css\">\n\t\t\t#gallery-2 {\n\t\t\t\tmargin: auto;\n\t\t\t}\n\t\t\t#gallery-2 .gallery-item {\n\t\t\t\tfloat: left;\n\t\t\t\tmargin-top: 10px;\n\t\t\t\ttext-align: center;\n\t\t\t\twidth: 25%;\n\t\t\t}\n\t\t\t#gallery-2 img {\n\t\t\t\tborder: 2px solid #cfcfcf;\n\t\t\t}\n\t\t\t#gallery-2 .gallery-caption {\n\t\t\t\tmargin-left: 0;\n\t\t\t}\n\t\t\t\/* see gallery_shortcode() in wp-includes\/media.php *\/\n\t\t<\/style>\n\t\t<div id='gallery-2' class='gallery galleryid-8034 gallery-columns-4 gallery-size-large'><dl class='gallery-item'>\n\t\t\t<dt class='gallery-icon landscape'>\n\t\t\t\t<a href='https:\/\/www.rendezvousbundesplatz.ch\/wp-content\/uploads\/2014\/07\/galerie_rvb2014_1_19.jpg'><img loading=\"lazy\" decoding=\"async\" width=\"1024\" height=\"683\" src=\"https:\/\/www.rendezvousbundesplatz.ch\/wp-content\/uploads\/2014\/07\/galerie_rvb2014_1_19-1024x683.jpg\" class=\"attachment-large size-large\" alt=\"\" srcset=\"https:\/\/www.rendezvousbundesplatz.ch\/wp-content\/uploads\/2014\/07\/galerie_rvb2014_1_19-1024x683.jpg 1024w, https:\/\/www.rendezvousbundesplatz.ch\/wp-content\/uploads\/2014\/07\/galerie_rvb2014_1_19-300x200.jpg 300w, https:\/\/www.rendezvousbundesplatz.ch\/wp-content\/uploads\/2014\/07\/galerie_rvb2014_1_19-768x512.jpg 768w, https:\/\/www.rendezvousbundesplatz.ch\/wp-content\/uploads\/2014\/07\/galerie_rvb2014_1_19-700x467.jpg 700w, https:\/\/www.rendezvousbundesplatz.ch\/wp-content\/uploads\/2014\/07\/galerie_rvb2014_1_19.jpg 1500w\" sizes=\"auto, (max-width: 1024px) 100vw, 1024px\" \/><\/a>\n\t\t\t<\/dt><\/dl><dl class='gallery-item'>\n\t\t\t<dt class='gallery-icon landscape'>\n\t\t\t\t<a href='https:\/\/www.rendezvousbundesplatz.ch\/wp-content\/uploads\/2014\/07\/galerie_rvb2014_1_6.jpg'><img loading=\"lazy\" decoding=\"async\" width=\"1024\" height=\"683\" src=\"https:\/\/www.rendezvousbundesplatz.ch\/wp-content\/uploads\/2014\/07\/galerie_rvb2014_1_6-1024x683.jpg\" class=\"attachment-large size-large\" alt=\"\" srcset=\"https:\/\/www.rendezvousbundesplatz.ch\/wp-content\/uploads\/2014\/07\/galerie_rvb2014_1_6-1024x683.jpg 1024w, https:\/\/www.rendezvousbundesplatz.ch\/wp-content\/uploads\/2014\/07\/galerie_rvb2014_1_6-300x200.jpg 300w, https:\/\/www.rendezvousbundesplatz.ch\/wp-content\/uploads\/2014\/07\/galerie_rvb2014_1_6-768x512.jpg 768w, https:\/\/www.rendezvousbundesplatz.ch\/wp-content\/uploads\/2014\/07\/galerie_rvb2014_1_6-700x467.jpg 700w, https:\/\/www.rendezvousbundesplatz.ch\/wp-content\/uploads\/2014\/07\/galerie_rvb2014_1_6.jpg 1500w\" sizes=\"auto, (max-width: 1024px) 100vw, 1024px\" \/><\/a>\n\t\t\t<\/dt><\/dl><dl class='gallery-item'>\n\t\t\t<dt class='gallery-icon landscape'>\n\t\t\t\t<a href='https:\/\/www.rendezvousbundesplatz.ch\/wp-content\/uploads\/2014\/07\/galerie_rvb2014_1_18.jpg'><img loading=\"lazy\" decoding=\"async\" width=\"1024\" height=\"683\" src=\"https:\/\/www.rendezvousbundesplatz.ch\/wp-content\/uploads\/2014\/07\/galerie_rvb2014_1_18-1024x683.jpg\" class=\"attachment-large size-large\" alt=\"\" srcset=\"https:\/\/www.rendezvousbundesplatz.ch\/wp-content\/uploads\/2014\/07\/galerie_rvb2014_1_18-1024x683.jpg 1024w, https:\/\/www.rendezvousbundesplatz.ch\/wp-content\/uploads\/2014\/07\/galerie_rvb2014_1_18-300x200.jpg 300w, https:\/\/www.rendezvousbundesplatz.ch\/wp-content\/uploads\/2014\/07\/galerie_rvb2014_1_18-768x512.jpg 768w, https:\/\/www.rendezvousbundesplatz.ch\/wp-content\/uploads\/2014\/07\/galerie_rvb2014_1_18-700x467.jpg 700w, https:\/\/www.rendezvousbundesplatz.ch\/wp-content\/uploads\/2014\/07\/galerie_rvb2014_1_18.jpg 1500w\" sizes=\"auto, (max-width: 1024px) 100vw, 1024px\" \/><\/a>\n\t\t\t<\/dt><\/dl><dl class='gallery-item'>\n\t\t\t<dt class='gallery-icon landscape'>\n\t\t\t\t<a href='https:\/\/www.rendezvousbundesplatz.ch\/wp-content\/uploads\/2014\/07\/galerie_rvb2014_1_12.jpg'><img loading=\"lazy\" decoding=\"async\" width=\"1024\" height=\"683\" src=\"https:\/\/www.rendezvousbundesplatz.ch\/wp-content\/uploads\/2014\/07\/galerie_rvb2014_1_12-1024x683.jpg\" class=\"attachment-large size-large\" alt=\"\" srcset=\"https:\/\/www.rendezvousbundesplatz.ch\/wp-content\/uploads\/2014\/07\/galerie_rvb2014_1_12-1024x683.jpg 1024w, https:\/\/www.rendezvousbundesplatz.ch\/wp-content\/uploads\/2014\/07\/galerie_rvb2014_1_12-300x200.jpg 300w, https:\/\/www.rendezvousbundesplatz.ch\/wp-content\/uploads\/2014\/07\/galerie_rvb2014_1_12-768x512.jpg 768w, https:\/\/www.rendezvousbundesplatz.ch\/wp-content\/uploads\/2014\/07\/galerie_rvb2014_1_12-700x467.jpg 700w, https:\/\/www.rendezvousbundesplatz.ch\/wp-content\/uploads\/2014\/07\/galerie_rvb2014_1_12.jpg 1500w\" sizes=\"auto, (max-width: 1024px) 100vw, 1024px\" \/><\/a>\n\t\t\t<\/dt><\/dl><br style=\"clear: both\" \/><dl class='gallery-item'>\n\t\t\t<dt class='gallery-icon landscape'>\n\t\t\t\t<a href='https:\/\/www.rendezvousbundesplatz.ch\/wp-content\/uploads\/2014\/07\/galerie_rvb2014_1_22.jpg'><img loading=\"lazy\" decoding=\"async\" width=\"1024\" height=\"683\" src=\"https:\/\/www.rendezvousbundesplatz.ch\/wp-content\/uploads\/2014\/07\/galerie_rvb2014_1_22-1024x683.jpg\" class=\"attachment-large size-large\" alt=\"\" srcset=\"https:\/\/www.rendezvousbundesplatz.ch\/wp-content\/uploads\/2014\/07\/galerie_rvb2014_1_22-1024x683.jpg 1024w, https:\/\/www.rendezvousbundesplatz.ch\/wp-content\/uploads\/2014\/07\/galerie_rvb2014_1_22-300x200.jpg 300w, https:\/\/www.rendezvousbundesplatz.ch\/wp-content\/uploads\/2014\/07\/galerie_rvb2014_1_22-768x512.jpg 768w, https:\/\/www.rendezvousbundesplatz.ch\/wp-content\/uploads\/2014\/07\/galerie_rvb2014_1_22-700x467.jpg 700w, https:\/\/www.rendezvousbundesplatz.ch\/wp-content\/uploads\/2014\/07\/galerie_rvb2014_1_22.jpg 1500w\" sizes=\"auto, (max-width: 1024px) 100vw, 1024px\" \/><\/a>\n\t\t\t<\/dt><\/dl><dl class='gallery-item'>\n\t\t\t<dt class='gallery-icon landscape'>\n\t\t\t\t<a href='https:\/\/www.rendezvousbundesplatz.ch\/wp-content\/uploads\/2014\/07\/galerie_rvb2014_1_17.jpg'><img loading=\"lazy\" decoding=\"async\" width=\"1024\" height=\"683\" src=\"https:\/\/www.rendezvousbundesplatz.ch\/wp-content\/uploads\/2014\/07\/galerie_rvb2014_1_17-1024x683.jpg\" class=\"attachment-large size-large\" alt=\"\" srcset=\"https:\/\/www.rendezvousbundesplatz.ch\/wp-content\/uploads\/2014\/07\/galerie_rvb2014_1_17-1024x683.jpg 1024w, https:\/\/www.rendezvousbundesplatz.ch\/wp-content\/uploads\/2014\/07\/galerie_rvb2014_1_17-300x200.jpg 300w, https:\/\/www.rendezvousbundesplatz.ch\/wp-content\/uploads\/2014\/07\/galerie_rvb2014_1_17-768x512.jpg 768w, https:\/\/www.rendezvousbundesplatz.ch\/wp-content\/uploads\/2014\/07\/galerie_rvb2014_1_17-700x467.jpg 700w, https:\/\/www.rendezvousbundesplatz.ch\/wp-content\/uploads\/2014\/07\/galerie_rvb2014_1_17.jpg 1500w\" sizes=\"auto, (max-width: 1024px) 100vw, 1024px\" \/><\/a>\n\t\t\t<\/dt><\/dl><dl class='gallery-item'>\n\t\t\t<dt class='gallery-icon landscape'>\n\t\t\t\t<a href='https:\/\/www.rendezvousbundesplatz.ch\/wp-content\/uploads\/2014\/07\/galerie_rvb2014_1_10.jpg'><img loading=\"lazy\" decoding=\"async\" width=\"1024\" height=\"683\" src=\"https:\/\/www.rendezvousbundesplatz.ch\/wp-content\/uploads\/2014\/07\/galerie_rvb2014_1_10-1024x683.jpg\" class=\"attachment-large size-large\" alt=\"\" srcset=\"https:\/\/www.rendezvousbundesplatz.ch\/wp-content\/uploads\/2014\/07\/galerie_rvb2014_1_10-1024x683.jpg 1024w, https:\/\/www.rendezvousbundesplatz.ch\/wp-content\/uploads\/2014\/07\/galerie_rvb2014_1_10-300x200.jpg 300w, https:\/\/www.rendezvousbundesplatz.ch\/wp-content\/uploads\/2014\/07\/galerie_rvb2014_1_10-768x512.jpg 768w, https:\/\/www.rendezvousbundesplatz.ch\/wp-content\/uploads\/2014\/07\/galerie_rvb2014_1_10-700x467.jpg 700w, https:\/\/www.rendezvousbundesplatz.ch\/wp-content\/uploads\/2014\/07\/galerie_rvb2014_1_10.jpg 1500w\" sizes=\"auto, (max-width: 1024px) 100vw, 1024px\" \/><\/a>\n\t\t\t<\/dt><\/dl><dl class='gallery-item'>\n\t\t\t<dt class='gallery-icon landscape'>\n\t\t\t\t<a href='https:\/\/www.rendezvousbundesplatz.ch\/wp-content\/uploads\/2014\/07\/galerie_rvb2014_1_7.jpg'><img loading=\"lazy\" decoding=\"async\" width=\"1024\" height=\"683\" src=\"https:\/\/www.rendezvousbundesplatz.ch\/wp-content\/uploads\/2014\/07\/galerie_rvb2014_1_7-1024x683.jpg\" class=\"attachment-large size-large\" alt=\"\" srcset=\"https:\/\/www.rendezvousbundesplatz.ch\/wp-content\/uploads\/2014\/07\/galerie_rvb2014_1_7-1024x683.jpg 1024w, https:\/\/www.rendezvousbundesplatz.ch\/wp-content\/uploads\/2014\/07\/galerie_rvb2014_1_7-300x200.jpg 300w, https:\/\/www.rendezvousbundesplatz.ch\/wp-content\/uploads\/2014\/07\/galerie_rvb2014_1_7-768x512.jpg 768w, https:\/\/www.rendezvousbundesplatz.ch\/wp-content\/uploads\/2014\/07\/galerie_rvb2014_1_7-700x467.jpg 700w, https:\/\/www.rendezvousbundesplatz.ch\/wp-content\/uploads\/2014\/07\/galerie_rvb2014_1_7.jpg 1500w\" sizes=\"auto, (max-width: 1024px) 100vw, 1024px\" \/><\/a>\n\t\t\t<\/dt><\/dl><br style=\"clear: both\" \/>\n\t\t<\/div>\n\n<p>[\/vc_column_text][vc_empty_space][\/vc_column][\/vc_row]<\/p>\n<\/div>","protected":false},"excerpt":{"rendered":"<p>[vc_row css_animation=\u00a0\u00bb\u00a0\u00bb row_type=\u00a0\u00bbrow\u00a0\u00bb use_row_as_full_screen_section=\u00a0\u00bbno\u00a0\u00bb type=\u00a0\u00bbfull_width\u00a0\u00bb angled_section=\u00a0\u00bbno\u00a0\u00bb text_align=\u00a0\u00bbleft\u00a0\u00bb background_image_as_pattern=\u00a0\u00bbwithout_pattern\u00a0\u00bb][vc_column width=\u00a0\u00bb1\/2&Prime;][vc_empty_space][vc_column_text] Histoire La Fontaine Continue Suisse (FOCS) mesure \u00ab le temps de notre \u00e9poque \u00bb, qui semble sans cesse s\u2019acc\u00e9l\u00e9rer, avec une exactitude correspondant \u00e0 un \u00e9cart de 1 seconde en 30 millions d\u2019ann\u00e9es. Tout \u00e0 coup,&#8230;<\/p>\n","protected":false},"author":2,"featured_media":0,"parent":0,"menu_order":0,"comment_status":"closed","ping_status":"closed","template":"","meta":{"footnotes":""},"class_list":["post-8034","page","type-page","status-publish","hentry"],"yoast_head":"<!-- This site is optimized with the Yoast SEO plugin v27.0 - https:\/\/yoast.com\/product\/yoast-seo-wordpress\/ -->\n<title>Le Spectacle 2014 - Rendez-vous Bundesplatz<\/title>\n<meta name=\"robots\" content=\"index, follow, max-snippet:-1, max-image-preview:large, max-video-preview:-1\" \/>\n<link rel=\"canonical\" href=\"https:\/\/www.rendezvousbundesplatz.ch\/fr\/le-spectacle-2014\/\" \/>\n<meta property=\"og:locale\" content=\"fr_FR\" \/>\n<meta property=\"og:type\" content=\"article\" \/>\n<meta property=\"og:title\" content=\"Le Spectacle 2014 - Rendez-vous Bundesplatz\" \/>\n<meta property=\"og:description\" content=\"[vc_row css_animation=\u00a0\u00bb\u00a0\u00bb row_type=\u00a0\u00bbrow\u00a0\u00bb use_row_as_full_screen_section=\u00a0\u00bbno\u00a0\u00bb type=\u00a0\u00bbfull_width\u00a0\u00bb angled_section=\u00a0\u00bbno\u00a0\u00bb text_align=\u00a0\u00bbleft\u00a0\u00bb background_image_as_pattern=\u00a0\u00bbwithout_pattern\u00a0\u00bb][vc_column width=\u00a0\u00bb1\/2&Prime;][vc_empty_space][vc_column_text] Histoire La Fontaine Continue Suisse (FOCS) mesure \u00ab le temps de notre \u00e9poque \u00bb, qui semble sans cesse s\u2019acc\u00e9l\u00e9rer, avec une exactitude correspondant \u00e0 un \u00e9cart de 1 seconde en 30 millions d\u2019ann\u00e9es. Tout \u00e0 coup,...\" \/>\n<meta property=\"og:url\" content=\"https:\/\/www.rendezvousbundesplatz.ch\/fr\/le-spectacle-2014\/\" \/>\n<meta property=\"og:site_name\" content=\"Rendez-vous Bundesplatz\" \/>\n<meta property=\"article:modified_time\" content=\"2018-09-17T14:01:56+00:00\" \/>\n<meta property=\"og:image\" content=\"https:\/\/www.rendezvousbundesplatz.ch\/wp-content\/uploads\/2014\/07\/galerie_rvb2014_1_6-1024x683.jpg\" \/>\n<meta name=\"twitter:label1\" content=\"Dur\u00e9e de lecture estim\u00e9e\" \/>\n\t<meta name=\"twitter:data1\" content=\"1 minute\" \/>\n<script type=\"application\/ld+json\" class=\"yoast-schema-graph\">{\"@context\":\"https:\/\/schema.org\",\"@graph\":[{\"@type\":\"WebPage\",\"@id\":\"https:\/\/www.rendezvousbundesplatz.ch\/fr\/le-spectacle-2014\/\",\"url\":\"https:\/\/www.rendezvousbundesplatz.ch\/fr\/le-spectacle-2014\/\",\"name\":\"Le Spectacle 2014 - Rendez-vous Bundesplatz\",\"isPartOf\":{\"@id\":\"https:\/\/www.rendezvousbundesplatz.ch\/#website\"},\"datePublished\":\"2014-07-23T13:22:13+00:00\",\"dateModified\":\"2018-09-17T14:01:56+00:00\",\"breadcrumb\":{\"@id\":\"https:\/\/www.rendezvousbundesplatz.ch\/fr\/le-spectacle-2014\/#breadcrumb\"},\"inLanguage\":\"fr-FR\",\"potentialAction\":[{\"@type\":\"ReadAction\",\"target\":[\"https:\/\/www.rendezvousbundesplatz.ch\/fr\/le-spectacle-2014\/\"]}]},{\"@type\":\"BreadcrumbList\",\"@id\":\"https:\/\/www.rendezvousbundesplatz.ch\/fr\/le-spectacle-2014\/#breadcrumb\",\"itemListElement\":[{\"@type\":\"ListItem\",\"position\":1,\"name\":\"Home\",\"item\":\"https:\/\/www.rendezvousbundesplatz.ch\/fr\/bienvenue\/\"},{\"@type\":\"ListItem\",\"position\":2,\"name\":\"Le Spectacle 2014\"}]},{\"@type\":\"WebSite\",\"@id\":\"https:\/\/www.rendezvousbundesplatz.ch\/#website\",\"url\":\"https:\/\/www.rendezvousbundesplatz.ch\/\",\"name\":\"Rendez-vous Bundesplatz\",\"description\":\"17 octobre au 21 novembre 2026\",\"potentialAction\":[{\"@type\":\"SearchAction\",\"target\":{\"@type\":\"EntryPoint\",\"urlTemplate\":\"https:\/\/www.rendezvousbundesplatz.ch\/?s={search_term_string}\"},\"query-input\":{\"@type\":\"PropertyValueSpecification\",\"valueRequired\":true,\"valueName\":\"search_term_string\"}}],\"inLanguage\":\"fr-FR\"}]}<\/script>\n<!-- \/ Yoast SEO plugin. -->","yoast_head_json":{"title":"Le Spectacle 2014 - Rendez-vous Bundesplatz","robots":{"index":"index","follow":"follow","max-snippet":"max-snippet:-1","max-image-preview":"max-image-preview:large","max-video-preview":"max-video-preview:-1"},"canonical":"https:\/\/www.rendezvousbundesplatz.ch\/fr\/le-spectacle-2014\/","og_locale":"fr_FR","og_type":"article","og_title":"Le Spectacle 2014 - Rendez-vous Bundesplatz","og_description":"[vc_row css_animation=\u00a0\u00bb\u00a0\u00bb row_type=\u00a0\u00bbrow\u00a0\u00bb use_row_as_full_screen_section=\u00a0\u00bbno\u00a0\u00bb type=\u00a0\u00bbfull_width\u00a0\u00bb angled_section=\u00a0\u00bbno\u00a0\u00bb text_align=\u00a0\u00bbleft\u00a0\u00bb background_image_as_pattern=\u00a0\u00bbwithout_pattern\u00a0\u00bb][vc_column width=\u00a0\u00bb1\/2&Prime;][vc_empty_space][vc_column_text] Histoire La Fontaine Continue Suisse (FOCS) mesure \u00ab le temps de notre \u00e9poque \u00bb, qui semble sans cesse s\u2019acc\u00e9l\u00e9rer, avec une exactitude correspondant \u00e0 un \u00e9cart de 1 seconde en 30 millions d\u2019ann\u00e9es. Tout \u00e0 coup,...","og_url":"https:\/\/www.rendezvousbundesplatz.ch\/fr\/le-spectacle-2014\/","og_site_name":"Rendez-vous Bundesplatz","article_modified_time":"2018-09-17T14:01:56+00:00","og_image":[{"url":"https:\/\/www.rendezvousbundesplatz.ch\/wp-content\/uploads\/2014\/07\/galerie_rvb2014_1_6-1024x683.jpg","type":"","width":"","height":""}],"twitter_misc":{"Dur\u00e9e de lecture estim\u00e9e":"1 minute"},"schema":{"@context":"https:\/\/schema.org","@graph":[{"@type":"WebPage","@id":"https:\/\/www.rendezvousbundesplatz.ch\/fr\/le-spectacle-2014\/","url":"https:\/\/www.rendezvousbundesplatz.ch\/fr\/le-spectacle-2014\/","name":"Le Spectacle 2014 - Rendez-vous Bundesplatz","isPartOf":{"@id":"https:\/\/www.rendezvousbundesplatz.ch\/#website"},"datePublished":"2014-07-23T13:22:13+00:00","dateModified":"2018-09-17T14:01:56+00:00","breadcrumb":{"@id":"https:\/\/www.rendezvousbundesplatz.ch\/fr\/le-spectacle-2014\/#breadcrumb"},"inLanguage":"fr-FR","potentialAction":[{"@type":"ReadAction","target":["https:\/\/www.rendezvousbundesplatz.ch\/fr\/le-spectacle-2014\/"]}]},{"@type":"BreadcrumbList","@id":"https:\/\/www.rendezvousbundesplatz.ch\/fr\/le-spectacle-2014\/#breadcrumb","itemListElement":[{"@type":"ListItem","position":1,"name":"Home","item":"https:\/\/www.rendezvousbundesplatz.ch\/fr\/bienvenue\/"},{"@type":"ListItem","position":2,"name":"Le Spectacle 2014"}]},{"@type":"WebSite","@id":"https:\/\/www.rendezvousbundesplatz.ch\/#website","url":"https:\/\/www.rendezvousbundesplatz.ch\/","name":"Rendez-vous Bundesplatz","description":"17 octobre au 21 novembre 2026","potentialAction":[{"@type":"SearchAction","target":{"@type":"EntryPoint","urlTemplate":"https:\/\/www.rendezvousbundesplatz.ch\/?s={search_term_string}"},"query-input":{"@type":"PropertyValueSpecification","valueRequired":true,"valueName":"search_term_string"}}],"inLanguage":"fr-FR"}]}},"_links":{"self":[{"href":"https:\/\/www.rendezvousbundesplatz.ch\/fr\/wp-json\/wp\/v2\/pages\/8034","targetHints":{"allow":["GET"]}}],"collection":[{"href":"https:\/\/www.rendezvousbundesplatz.ch\/fr\/wp-json\/wp\/v2\/pages"}],"about":[{"href":"https:\/\/www.rendezvousbundesplatz.ch\/fr\/wp-json\/wp\/v2\/types\/page"}],"author":[{"embeddable":true,"href":"https:\/\/www.rendezvousbundesplatz.ch\/fr\/wp-json\/wp\/v2\/users\/2"}],"replies":[{"embeddable":true,"href":"https:\/\/www.rendezvousbundesplatz.ch\/fr\/wp-json\/wp\/v2\/comments?post=8034"}],"version-history":[{"count":0,"href":"https:\/\/www.rendezvousbundesplatz.ch\/fr\/wp-json\/wp\/v2\/pages\/8034\/revisions"}],"wp:attachment":[{"href":"https:\/\/www.rendezvousbundesplatz.ch\/fr\/wp-json\/wp\/v2\/media?parent=8034"}],"curies":[{"name":"wp","href":"https:\/\/api.w.org\/{rel}","templated":true}]}}