{"id":12537,"date":"2019-08-21T09:50:19","date_gmt":"2019-08-21T07:50:19","guid":{"rendered":"https:\/\/rvb2020.broux.cyon.site\/si-accendano-i-riflettori\/first-step\/"},"modified":"2020-10-06T14:26:08","modified_gmt":"2020-10-06T12:26:08","slug":"lo-spettacolo-2019","status":"publish","type":"page","link":"https:\/\/www.rendezvousbundesplatz.ch\/it\/lo-spettacolo-2019\/","title":{"rendered":"Lo spettacolo 2019"},"content":{"rendered":"<div class=\"wpb-content-wrapper\"><p>[vc_row css_animation=&#8221;&#8221; row_type=&#8221;row&#8221; use_row_as_full_screen_section=&#8221;no&#8221; type=&#8221;full_width&#8221; angled_section=&#8221;no&#8221; text_align=&#8221;center&#8221; background_image_as_pattern=&#8221;without_pattern&#8221; z_index=&#8221;&#8221;][vc_column][vc_empty_space][vc_column_text el_class=&#8221;gallery_desktop&#8221;]<\/p>\n\n\t\t<style type=\"text\/css\">\n\t\t\t#gallery-2 {\n\t\t\t\tmargin: auto;\n\t\t\t}\n\t\t\t#gallery-2 .gallery-item {\n\t\t\t\tfloat: left;\n\t\t\t\tmargin-top: 10px;\n\t\t\t\ttext-align: center;\n\t\t\t\twidth: 33%;\n\t\t\t}\n\t\t\t#gallery-2 img {\n\t\t\t\tborder: 2px solid #cfcfcf;\n\t\t\t}\n\t\t\t#gallery-2 .gallery-caption {\n\t\t\t\tmargin-left: 0;\n\t\t\t}\n\t\t\t\/* see gallery_shortcode() in wp-includes\/media.php *\/\n\t\t<\/style>\n\t\t<div id='gallery-2' class='gallery galleryid-12537 gallery-columns-3 gallery-size-large'><dl class='gallery-item'>\n\t\t\t<dt class='gallery-icon landscape'>\n\t\t\t\t<a href='https:\/\/www.rendezvousbundesplatz.ch\/wp-content\/uploads\/2019\/08\/geschichte_rvb19_sz01_01.jpg'><img loading=\"lazy\" decoding=\"async\" width=\"1024\" height=\"766\" src=\"https:\/\/www.rendezvousbundesplatz.ch\/wp-content\/uploads\/2019\/08\/geschichte_rvb19_sz01_01-1024x766.jpg\" class=\"attachment-large size-large\" alt=\"\" aria-describedby=\"gallery-2-12228\" srcset=\"https:\/\/www.rendezvousbundesplatz.ch\/wp-content\/uploads\/2019\/08\/geschichte_rvb19_sz01_01-1024x766.jpg 1024w, https:\/\/www.rendezvousbundesplatz.ch\/wp-content\/uploads\/2019\/08\/geschichte_rvb19_sz01_01-300x224.jpg 300w, https:\/\/www.rendezvousbundesplatz.ch\/wp-content\/uploads\/2019\/08\/geschichte_rvb19_sz01_01-768x574.jpg 768w, https:\/\/www.rendezvousbundesplatz.ch\/wp-content\/uploads\/2019\/08\/geschichte_rvb19_sz01_01-700x523.jpg 700w, https:\/\/www.rendezvousbundesplatz.ch\/wp-content\/uploads\/2019\/08\/geschichte_rvb19_sz01_01.jpg 1680w\" sizes=\"auto, (max-width: 1024px) 100vw, 1024px\" \/><\/a>\n\t\t\t<\/dt>\n\t\t\t\t<dd class='wp-caption-text gallery-caption' id='gallery-2-12228'>\n\t\t\t\tSeit Tausenden von Jahren widmet sich der Mensch dem Universum, seiner Entstehung und der Erforschung der Himmelsk\u00f6rper. it\n\t\t\t\t<\/dd><\/dl><dl class='gallery-item'>\n\t\t\t<dt class='gallery-icon landscape'>\n\t\t\t\t<a href='https:\/\/www.rendezvousbundesplatz.ch\/wp-content\/uploads\/2019\/08\/geschichte_rvb19_sz01_02.jpg'><img loading=\"lazy\" decoding=\"async\" width=\"1024\" height=\"766\" src=\"https:\/\/www.rendezvousbundesplatz.ch\/wp-content\/uploads\/2019\/08\/geschichte_rvb19_sz01_02-1024x766.jpg\" class=\"attachment-large size-large\" alt=\"\" aria-describedby=\"gallery-2-12232\" srcset=\"https:\/\/www.rendezvousbundesplatz.ch\/wp-content\/uploads\/2019\/08\/geschichte_rvb19_sz01_02-1024x766.jpg 1024w, https:\/\/www.rendezvousbundesplatz.ch\/wp-content\/uploads\/2019\/08\/geschichte_rvb19_sz01_02-300x224.jpg 300w, https:\/\/www.rendezvousbundesplatz.ch\/wp-content\/uploads\/2019\/08\/geschichte_rvb19_sz01_02-768x574.jpg 768w, https:\/\/www.rendezvousbundesplatz.ch\/wp-content\/uploads\/2019\/08\/geschichte_rvb19_sz01_02-700x523.jpg 700w, https:\/\/www.rendezvousbundesplatz.ch\/wp-content\/uploads\/2019\/08\/geschichte_rvb19_sz01_02.jpg 1680w\" sizes=\"auto, (max-width: 1024px) 100vw, 1024px\" \/><\/a>\n\t\t\t<\/dt>\n\t\t\t\t<dd class='wp-caption-text gallery-caption' id='gallery-2-12232'>\n\t\t\t\tDie Armillarsph\u00e4re, auch Weltmaschine genannt, diente dazu, die Bewegungen der Himmelsk\u00f6rper darzustellen. \n\t\t\t\t<\/dd><\/dl><dl class='gallery-item'>\n\t\t\t<dt class='gallery-icon landscape'>\n\t\t\t\t<a href='https:\/\/www.rendezvousbundesplatz.ch\/wp-content\/uploads\/2019\/08\/geschichte_rvb19_sz01_03.jpg'><img loading=\"lazy\" decoding=\"async\" width=\"1024\" height=\"766\" src=\"https:\/\/www.rendezvousbundesplatz.ch\/wp-content\/uploads\/2019\/08\/geschichte_rvb19_sz01_03-1024x766.jpg\" class=\"attachment-large size-large\" alt=\"\" aria-describedby=\"gallery-2-12236\" srcset=\"https:\/\/www.rendezvousbundesplatz.ch\/wp-content\/uploads\/2019\/08\/geschichte_rvb19_sz01_03-1024x766.jpg 1024w, https:\/\/www.rendezvousbundesplatz.ch\/wp-content\/uploads\/2019\/08\/geschichte_rvb19_sz01_03-300x224.jpg 300w, https:\/\/www.rendezvousbundesplatz.ch\/wp-content\/uploads\/2019\/08\/geschichte_rvb19_sz01_03-768x574.jpg 768w, https:\/\/www.rendezvousbundesplatz.ch\/wp-content\/uploads\/2019\/08\/geschichte_rvb19_sz01_03-700x523.jpg 700w, https:\/\/www.rendezvousbundesplatz.ch\/wp-content\/uploads\/2019\/08\/geschichte_rvb19_sz01_03.jpg 1680w\" sizes=\"auto, (max-width: 1024px) 100vw, 1024px\" \/><\/a>\n\t\t\t<\/dt>\n\t\t\t\t<dd class='wp-caption-text gallery-caption' id='gallery-2-12236'>\n\t\t\t\tDas Bundeshaus verwandelt sich in ein historisches Filmtheater: Gezeigt werden Visionen von Mondlandungen aus dem 20. Jahrhundert. Kurze Ausschnitte aus dem Film \u00bbLe voyage dans la lune\u00bb (1902) von Georges M\u00e9li\u00e8s, inspiriert von Jules Verne und H.G. Wells. \n\t\t\t\t<\/dd><\/dl><br style=\"clear: both\" \/><dl class='gallery-item'>\n\t\t\t<dt class='gallery-icon landscape'>\n\t\t\t\t<a href='https:\/\/www.rendezvousbundesplatz.ch\/wp-content\/uploads\/2019\/08\/geschichte_rvb19_sz01_04.jpg'><img loading=\"lazy\" decoding=\"async\" width=\"1024\" height=\"766\" src=\"https:\/\/www.rendezvousbundesplatz.ch\/wp-content\/uploads\/2019\/08\/geschichte_rvb19_sz01_04-1024x766.jpg\" class=\"attachment-large size-large\" alt=\"\" aria-describedby=\"gallery-2-12240\" srcset=\"https:\/\/www.rendezvousbundesplatz.ch\/wp-content\/uploads\/2019\/08\/geschichte_rvb19_sz01_04-1024x766.jpg 1024w, https:\/\/www.rendezvousbundesplatz.ch\/wp-content\/uploads\/2019\/08\/geschichte_rvb19_sz01_04-300x224.jpg 300w, https:\/\/www.rendezvousbundesplatz.ch\/wp-content\/uploads\/2019\/08\/geschichte_rvb19_sz01_04-768x574.jpg 768w, https:\/\/www.rendezvousbundesplatz.ch\/wp-content\/uploads\/2019\/08\/geschichte_rvb19_sz01_04-700x523.jpg 700w, https:\/\/www.rendezvousbundesplatz.ch\/wp-content\/uploads\/2019\/08\/geschichte_rvb19_sz01_04.jpg 1680w\" sizes=\"auto, (max-width: 1024px) 100vw, 1024px\" \/><\/a>\n\t\t\t<\/dt>\n\t\t\t\t<dd class='wp-caption-text gallery-caption' id='gallery-2-12240'>\n\t\t\t\tAuch \u00abTim und Struppi\u00bb d\u00fcrfen nicht fehlen \u2013 mit einem Ausschnitt aus dem Band \u00abSchritte auf dem Mond\u00bb (1954). \n\t\t\t\t<\/dd><\/dl><dl class='gallery-item'>\n\t\t\t<dt class='gallery-icon landscape'>\n\t\t\t\t<a href='https:\/\/www.rendezvousbundesplatz.ch\/wp-content\/uploads\/2019\/08\/geschichte_rvb19_sz02_01.jpg'><img loading=\"lazy\" decoding=\"async\" width=\"1024\" height=\"766\" src=\"https:\/\/www.rendezvousbundesplatz.ch\/wp-content\/uploads\/2019\/08\/geschichte_rvb19_sz02_01-1024x766.jpg\" class=\"attachment-large size-large\" alt=\"\" aria-describedby=\"gallery-2-12244\" srcset=\"https:\/\/www.rendezvousbundesplatz.ch\/wp-content\/uploads\/2019\/08\/geschichte_rvb19_sz02_01-1024x766.jpg 1024w, https:\/\/www.rendezvousbundesplatz.ch\/wp-content\/uploads\/2019\/08\/geschichte_rvb19_sz02_01-300x224.jpg 300w, https:\/\/www.rendezvousbundesplatz.ch\/wp-content\/uploads\/2019\/08\/geschichte_rvb19_sz02_01-768x574.jpg 768w, https:\/\/www.rendezvousbundesplatz.ch\/wp-content\/uploads\/2019\/08\/geschichte_rvb19_sz02_01-700x523.jpg 700w, https:\/\/www.rendezvousbundesplatz.ch\/wp-content\/uploads\/2019\/08\/geschichte_rvb19_sz02_01.jpg 1680w\" sizes=\"auto, (max-width: 1024px) 100vw, 1024px\" \/><\/a>\n\t\t\t<\/dt>\n\t\t\t\t<dd class='wp-caption-text gallery-caption' id='gallery-2-12244'>\n\t\t\t\tEine Kamera entsteht, die die geplante Fahrt auf den Mond dokumentieren soll. In ihrer Linse spiegelt sich bereits das Ziel der Mission: der Mond. \n\t\t\t\t<\/dd><\/dl><dl class='gallery-item'>\n\t\t\t<dt class='gallery-icon landscape'>\n\t\t\t\t<a href='https:\/\/www.rendezvousbundesplatz.ch\/wp-content\/uploads\/2019\/08\/geschichte_rvb19_sz03_01.jpg'><img loading=\"lazy\" decoding=\"async\" width=\"1024\" height=\"766\" src=\"https:\/\/www.rendezvousbundesplatz.ch\/wp-content\/uploads\/2019\/08\/geschichte_rvb19_sz03_01-1024x766.jpg\" class=\"attachment-large size-large\" alt=\"\" aria-describedby=\"gallery-2-12248\" srcset=\"https:\/\/www.rendezvousbundesplatz.ch\/wp-content\/uploads\/2019\/08\/geschichte_rvb19_sz03_01-1024x766.jpg 1024w, https:\/\/www.rendezvousbundesplatz.ch\/wp-content\/uploads\/2019\/08\/geschichte_rvb19_sz03_01-300x224.jpg 300w, https:\/\/www.rendezvousbundesplatz.ch\/wp-content\/uploads\/2019\/08\/geschichte_rvb19_sz03_01-768x574.jpg 768w, https:\/\/www.rendezvousbundesplatz.ch\/wp-content\/uploads\/2019\/08\/geschichte_rvb19_sz03_01-700x523.jpg 700w, https:\/\/www.rendezvousbundesplatz.ch\/wp-content\/uploads\/2019\/08\/geschichte_rvb19_sz03_01.jpg 1680w\" sizes=\"auto, (max-width: 1024px) 100vw, 1024px\" \/><\/a>\n\t\t\t<\/dt>\n\t\t\t\t<dd class='wp-caption-text gallery-caption' id='gallery-2-12248'>\n\t\t\t\tIn riesigen Lagerhallen wird an allem gearbeitet, das die Mondfahrt erm\u00f6glichen soll. Dazu geh\u00f6rt auch das in Bern entwickelte Sonnenwindsegel, das als einziges Nicht-US-Experiment bei der Mondlandung dabei war. \n\t\t\t\t<\/dd><\/dl><br style=\"clear: both\" \/><dl class='gallery-item'>\n\t\t\t<dt class='gallery-icon landscape'>\n\t\t\t\t<a href='https:\/\/www.rendezvousbundesplatz.ch\/wp-content\/uploads\/2019\/08\/geschichte_rvb19_sz03_02.jpg'><img loading=\"lazy\" decoding=\"async\" width=\"1024\" height=\"766\" src=\"https:\/\/www.rendezvousbundesplatz.ch\/wp-content\/uploads\/2019\/08\/geschichte_rvb19_sz03_02-1024x766.jpg\" class=\"attachment-large size-large\" alt=\"\" aria-describedby=\"gallery-2-12252\" srcset=\"https:\/\/www.rendezvousbundesplatz.ch\/wp-content\/uploads\/2019\/08\/geschichte_rvb19_sz03_02-1024x766.jpg 1024w, https:\/\/www.rendezvousbundesplatz.ch\/wp-content\/uploads\/2019\/08\/geschichte_rvb19_sz03_02-300x224.jpg 300w, https:\/\/www.rendezvousbundesplatz.ch\/wp-content\/uploads\/2019\/08\/geschichte_rvb19_sz03_02-768x574.jpg 768w, https:\/\/www.rendezvousbundesplatz.ch\/wp-content\/uploads\/2019\/08\/geschichte_rvb19_sz03_02-700x523.jpg 700w, https:\/\/www.rendezvousbundesplatz.ch\/wp-content\/uploads\/2019\/08\/geschichte_rvb19_sz03_02.jpg 1680w\" sizes=\"auto, (max-width: 1024px) 100vw, 1024px\" \/><\/a>\n\t\t\t<\/dt>\n\t\t\t\t<dd class='wp-caption-text gallery-caption' id='gallery-2-12252'>\n\t\t\t\tDas Sonnenwindsegel \u00fcberzieht die gesamte Fassade des Bundeshauses. \n\t\t\t\t<\/dd><\/dl><dl class='gallery-item'>\n\t\t\t<dt class='gallery-icon landscape'>\n\t\t\t\t<a href='https:\/\/www.rendezvousbundesplatz.ch\/wp-content\/uploads\/2019\/08\/geschichte_rvb19_sz03_03.jpg'><img loading=\"lazy\" decoding=\"async\" width=\"1024\" height=\"766\" src=\"https:\/\/www.rendezvousbundesplatz.ch\/wp-content\/uploads\/2019\/08\/geschichte_rvb19_sz03_03-1024x766.jpg\" class=\"attachment-large size-large\" alt=\"\" aria-describedby=\"gallery-2-12256\" srcset=\"https:\/\/www.rendezvousbundesplatz.ch\/wp-content\/uploads\/2019\/08\/geschichte_rvb19_sz03_03-1024x766.jpg 1024w, https:\/\/www.rendezvousbundesplatz.ch\/wp-content\/uploads\/2019\/08\/geschichte_rvb19_sz03_03-300x224.jpg 300w, https:\/\/www.rendezvousbundesplatz.ch\/wp-content\/uploads\/2019\/08\/geschichte_rvb19_sz03_03-768x574.jpg 768w, https:\/\/www.rendezvousbundesplatz.ch\/wp-content\/uploads\/2019\/08\/geschichte_rvb19_sz03_03-700x523.jpg 700w, https:\/\/www.rendezvousbundesplatz.ch\/wp-content\/uploads\/2019\/08\/geschichte_rvb19_sz03_03.jpg 1680w\" sizes=\"auto, (max-width: 1024px) 100vw, 1024px\" \/><\/a>\n\t\t\t<\/dt>\n\t\t\t\t<dd class='wp-caption-text gallery-caption' id='gallery-2-12256'>\n\t\t\t\tZeitgleich bereiten sich auch die Astronauten auf die Mission vor. Um Schwerelosigkeit zu simulieren, findet ein Teil der Ausbildung unter Wasser statt. \n\t\t\t\t<\/dd><\/dl><dl class='gallery-item'>\n\t\t\t<dt class='gallery-icon landscape'>\n\t\t\t\t<a href='https:\/\/www.rendezvousbundesplatz.ch\/wp-content\/uploads\/2019\/08\/geschichte_rvb19_sz04_01.jpg'><img loading=\"lazy\" decoding=\"async\" width=\"1024\" height=\"766\" src=\"https:\/\/www.rendezvousbundesplatz.ch\/wp-content\/uploads\/2019\/08\/geschichte_rvb19_sz04_01-1024x766.jpg\" class=\"attachment-large size-large\" alt=\"\" aria-describedby=\"gallery-2-12260\" srcset=\"https:\/\/www.rendezvousbundesplatz.ch\/wp-content\/uploads\/2019\/08\/geschichte_rvb19_sz04_01-1024x766.jpg 1024w, https:\/\/www.rendezvousbundesplatz.ch\/wp-content\/uploads\/2019\/08\/geschichte_rvb19_sz04_01-300x224.jpg 300w, https:\/\/www.rendezvousbundesplatz.ch\/wp-content\/uploads\/2019\/08\/geschichte_rvb19_sz04_01-768x574.jpg 768w, https:\/\/www.rendezvousbundesplatz.ch\/wp-content\/uploads\/2019\/08\/geschichte_rvb19_sz04_01-700x523.jpg 700w, https:\/\/www.rendezvousbundesplatz.ch\/wp-content\/uploads\/2019\/08\/geschichte_rvb19_sz04_01.jpg 1680w\" sizes=\"auto, (max-width: 1024px) 100vw, 1024px\" \/><\/a>\n\t\t\t<\/dt>\n\t\t\t\t<dd class='wp-caption-text gallery-caption' id='gallery-2-12260'>\n\t\t\t\tDer Vergleich mit dem Berner M\u00fcnster soll die gigantischen Ausmasse der Rakete von \u00fcber 100 Metern veranschaulichen. \n\t\t\t\t<\/dd><\/dl><br style=\"clear: both\" \/><dl class='gallery-item'>\n\t\t\t<dt class='gallery-icon landscape'>\n\t\t\t\t<a href='https:\/\/www.rendezvousbundesplatz.ch\/wp-content\/uploads\/2019\/08\/geschichte_rvb19_sz04_02.jpg'><img loading=\"lazy\" decoding=\"async\" width=\"1024\" height=\"766\" src=\"https:\/\/www.rendezvousbundesplatz.ch\/wp-content\/uploads\/2019\/08\/geschichte_rvb19_sz04_02-1024x766.jpg\" class=\"attachment-large size-large\" alt=\"\" aria-describedby=\"gallery-2-12264\" srcset=\"https:\/\/www.rendezvousbundesplatz.ch\/wp-content\/uploads\/2019\/08\/geschichte_rvb19_sz04_02-1024x766.jpg 1024w, https:\/\/www.rendezvousbundesplatz.ch\/wp-content\/uploads\/2019\/08\/geschichte_rvb19_sz04_02-300x224.jpg 300w, https:\/\/www.rendezvousbundesplatz.ch\/wp-content\/uploads\/2019\/08\/geschichte_rvb19_sz04_02-768x574.jpg 768w, https:\/\/www.rendezvousbundesplatz.ch\/wp-content\/uploads\/2019\/08\/geschichte_rvb19_sz04_02-700x523.jpg 700w, https:\/\/www.rendezvousbundesplatz.ch\/wp-content\/uploads\/2019\/08\/geschichte_rvb19_sz04_02.jpg 1680w\" sizes=\"auto, (max-width: 1024px) 100vw, 1024px\" \/><\/a>\n\t\t\t<\/dt>\n\t\t\t\t<dd class='wp-caption-text gallery-caption' id='gallery-2-12264'>\n\t\t\t\tDas Bundeshaus verwandelt sich in eine Startrampe. Nach einem Countdown beginnt die Rakete ihren Weg ins Weltall. \n\t\t\t\t<\/dd><\/dl><dl class='gallery-item'>\n\t\t\t<dt class='gallery-icon landscape'>\n\t\t\t\t<a href='https:\/\/www.rendezvousbundesplatz.ch\/wp-content\/uploads\/2019\/08\/geschichte_rvb19_sz05_01.jpg'><img loading=\"lazy\" decoding=\"async\" width=\"1024\" height=\"766\" src=\"https:\/\/www.rendezvousbundesplatz.ch\/wp-content\/uploads\/2019\/08\/geschichte_rvb19_sz05_01-1024x766.jpg\" class=\"attachment-large size-large\" alt=\"\" aria-describedby=\"gallery-2-12268\" srcset=\"https:\/\/www.rendezvousbundesplatz.ch\/wp-content\/uploads\/2019\/08\/geschichte_rvb19_sz05_01-1024x766.jpg 1024w, https:\/\/www.rendezvousbundesplatz.ch\/wp-content\/uploads\/2019\/08\/geschichte_rvb19_sz05_01-300x224.jpg 300w, https:\/\/www.rendezvousbundesplatz.ch\/wp-content\/uploads\/2019\/08\/geschichte_rvb19_sz05_01-768x574.jpg 768w, https:\/\/www.rendezvousbundesplatz.ch\/wp-content\/uploads\/2019\/08\/geschichte_rvb19_sz05_01-700x523.jpg 700w, https:\/\/www.rendezvousbundesplatz.ch\/wp-content\/uploads\/2019\/08\/geschichte_rvb19_sz05_01.jpg 1680w\" sizes=\"auto, (max-width: 1024px) 100vw, 1024px\" \/><\/a>\n\t\t\t<\/dt>\n\t\t\t\t<dd class='wp-caption-text gallery-caption' id='gallery-2-12268'>\n\t\t\t\tDas Bundeshaus l\u00f6st sich auf, seine Geb\u00e4udeteile fangen an zu schweben. Dahinter erscheint das Weltall, und die Erde kommt zum Vorschein. Die Geb\u00e4udeteile gleiten ins Weltall. \n\t\t\t\t<\/dd><\/dl><dl class='gallery-item'>\n\t\t\t<dt class='gallery-icon landscape'>\n\t\t\t\t<a href='https:\/\/www.rendezvousbundesplatz.ch\/wp-content\/uploads\/2019\/08\/geschichte_rvb19_sz05_02.jpg'><img loading=\"lazy\" decoding=\"async\" width=\"1024\" height=\"766\" src=\"https:\/\/www.rendezvousbundesplatz.ch\/wp-content\/uploads\/2019\/08\/geschichte_rvb19_sz05_02-1024x766.jpg\" class=\"attachment-large size-large\" alt=\"\" aria-describedby=\"gallery-2-12272\" srcset=\"https:\/\/www.rendezvousbundesplatz.ch\/wp-content\/uploads\/2019\/08\/geschichte_rvb19_sz05_02-1024x766.jpg 1024w, https:\/\/www.rendezvousbundesplatz.ch\/wp-content\/uploads\/2019\/08\/geschichte_rvb19_sz05_02-300x224.jpg 300w, https:\/\/www.rendezvousbundesplatz.ch\/wp-content\/uploads\/2019\/08\/geschichte_rvb19_sz05_02-768x574.jpg 768w, https:\/\/www.rendezvousbundesplatz.ch\/wp-content\/uploads\/2019\/08\/geschichte_rvb19_sz05_02-700x523.jpg 700w, https:\/\/www.rendezvousbundesplatz.ch\/wp-content\/uploads\/2019\/08\/geschichte_rvb19_sz05_02.jpg 1680w\" sizes=\"auto, (max-width: 1024px) 100vw, 1024px\" \/><\/a>\n\t\t\t<\/dt>\n\t\t\t\t<dd class='wp-caption-text gallery-caption' id='gallery-2-12272'>\n\t\t\t\tBei seinem Weltraumausflug schwebt ein Astronaut auf das Publikum zu, winkt und l\u00e4dt es ein, ihn auf seiner Mission zum Mond zu begleiten.\n\t\t\t\t<\/dd><\/dl><br style=\"clear: both\" \/><dl class='gallery-item'>\n\t\t\t<dt class='gallery-icon landscape'>\n\t\t\t\t<a href='https:\/\/www.rendezvousbundesplatz.ch\/wp-content\/uploads\/2019\/08\/geschichte_rvb19_sz06_01.jpg'><img loading=\"lazy\" decoding=\"async\" width=\"1024\" height=\"766\" src=\"https:\/\/www.rendezvousbundesplatz.ch\/wp-content\/uploads\/2019\/08\/geschichte_rvb19_sz06_01-1024x766.jpg\" class=\"attachment-large size-large\" alt=\"\" aria-describedby=\"gallery-2-12276\" srcset=\"https:\/\/www.rendezvousbundesplatz.ch\/wp-content\/uploads\/2019\/08\/geschichte_rvb19_sz06_01-1024x766.jpg 1024w, https:\/\/www.rendezvousbundesplatz.ch\/wp-content\/uploads\/2019\/08\/geschichte_rvb19_sz06_01-300x224.jpg 300w, https:\/\/www.rendezvousbundesplatz.ch\/wp-content\/uploads\/2019\/08\/geschichte_rvb19_sz06_01-768x574.jpg 768w, https:\/\/www.rendezvousbundesplatz.ch\/wp-content\/uploads\/2019\/08\/geschichte_rvb19_sz06_01-700x523.jpg 700w, https:\/\/www.rendezvousbundesplatz.ch\/wp-content\/uploads\/2019\/08\/geschichte_rvb19_sz06_01.jpg 1680w\" sizes=\"auto, (max-width: 1024px) 100vw, 1024px\" \/><\/a>\n\t\t\t<\/dt>\n\t\t\t\t<dd class='wp-caption-text gallery-caption' id='gallery-2-12276'>\n\t\t\t\tAuch die dunkle Seite des Mondes wird erforscht. Ber\u00fchmt ist der Funkspruch: \u00abWe\u00b4ll see you on the other side.\u00bb Auf der dunklen Seite des Mondes erscheint ein Zifferblatt; seine Zeiger stellen im Zeitraffer die exakte Dauer und Uhrzeit der ersten Mondumrundung dar. \n\t\t\t\t<\/dd><\/dl><dl class='gallery-item'>\n\t\t\t<dt class='gallery-icon landscape'>\n\t\t\t\t<a href='https:\/\/www.rendezvousbundesplatz.ch\/wp-content\/uploads\/2019\/08\/geschichte_rvb19_sz07_01.jpg'><img loading=\"lazy\" decoding=\"async\" width=\"1024\" height=\"766\" src=\"https:\/\/www.rendezvousbundesplatz.ch\/wp-content\/uploads\/2019\/08\/geschichte_rvb19_sz07_01-1024x766.jpg\" class=\"attachment-large size-large\" alt=\"\" aria-describedby=\"gallery-2-12280\" srcset=\"https:\/\/www.rendezvousbundesplatz.ch\/wp-content\/uploads\/2019\/08\/geschichte_rvb19_sz07_01-1024x766.jpg 1024w, https:\/\/www.rendezvousbundesplatz.ch\/wp-content\/uploads\/2019\/08\/geschichte_rvb19_sz07_01-300x224.jpg 300w, https:\/\/www.rendezvousbundesplatz.ch\/wp-content\/uploads\/2019\/08\/geschichte_rvb19_sz07_01-768x574.jpg 768w, https:\/\/www.rendezvousbundesplatz.ch\/wp-content\/uploads\/2019\/08\/geschichte_rvb19_sz07_01-700x523.jpg 700w, https:\/\/www.rendezvousbundesplatz.ch\/wp-content\/uploads\/2019\/08\/geschichte_rvb19_sz07_01.jpg 1680w\" sizes=\"auto, (max-width: 1024px) 100vw, 1024px\" \/><\/a>\n\t\t\t<\/dt>\n\t\t\t\t<dd class='wp-caption-text gallery-caption' id='gallery-2-12280'>\n\t\t\t\tEs folgt der Anflug auf das Apollo-11-Kommandomodul mit dem Landemodul Eagle. Das Abkoppeln der Landef\u00e4hre wird aus Sicht der Kommandokapsel gezeigt. \n\t\t\t\t<\/dd><\/dl><dl class='gallery-item'>\n\t\t\t<dt class='gallery-icon landscape'>\n\t\t\t\t<a href='https:\/\/www.rendezvousbundesplatz.ch\/wp-content\/uploads\/2019\/08\/geschichte_rvb19_sz07_02.jpg'><img loading=\"lazy\" decoding=\"async\" width=\"1024\" height=\"766\" src=\"https:\/\/www.rendezvousbundesplatz.ch\/wp-content\/uploads\/2019\/08\/geschichte_rvb19_sz07_02-1024x766.jpg\" class=\"attachment-large size-large\" alt=\"\" aria-describedby=\"gallery-2-12284\" srcset=\"https:\/\/www.rendezvousbundesplatz.ch\/wp-content\/uploads\/2019\/08\/geschichte_rvb19_sz07_02-1024x766.jpg 1024w, https:\/\/www.rendezvousbundesplatz.ch\/wp-content\/uploads\/2019\/08\/geschichte_rvb19_sz07_02-300x224.jpg 300w, https:\/\/www.rendezvousbundesplatz.ch\/wp-content\/uploads\/2019\/08\/geschichte_rvb19_sz07_02-768x574.jpg 768w, https:\/\/www.rendezvousbundesplatz.ch\/wp-content\/uploads\/2019\/08\/geschichte_rvb19_sz07_02-700x523.jpg 700w, https:\/\/www.rendezvousbundesplatz.ch\/wp-content\/uploads\/2019\/08\/geschichte_rvb19_sz07_02.jpg 1680w\" sizes=\"auto, (max-width: 1024px) 100vw, 1024px\" \/><\/a>\n\t\t\t<\/dt>\n\t\t\t\t<dd class='wp-caption-text gallery-caption' id='gallery-2-12284'>\n\t\t\t\tEin perspektivischer Wechsel f\u00fchrt ins Innere des Landemoduls. Von hier aus kann man den Anflug zur Mondoberfl\u00e4che beobachten. Armstrong \u00fcbernimmt die manuelle Steuerung der Eagle. Es folgt der Funkspruch \u00abThe Eagle has landed\u00bb. \n\t\t\t\t<\/dd><\/dl><br style=\"clear: both\" \/><dl class='gallery-item'>\n\t\t\t<dt class='gallery-icon landscape'>\n\t\t\t\t<a href='https:\/\/www.rendezvousbundesplatz.ch\/wp-content\/uploads\/2019\/08\/geschichte_rvb19_sz07_03.jpg'><img loading=\"lazy\" decoding=\"async\" width=\"1024\" height=\"766\" src=\"https:\/\/www.rendezvousbundesplatz.ch\/wp-content\/uploads\/2019\/08\/geschichte_rvb19_sz07_03-1024x766.jpg\" class=\"attachment-large size-large\" alt=\"\" aria-describedby=\"gallery-2-12288\" srcset=\"https:\/\/www.rendezvousbundesplatz.ch\/wp-content\/uploads\/2019\/08\/geschichte_rvb19_sz07_03-1024x766.jpg 1024w, https:\/\/www.rendezvousbundesplatz.ch\/wp-content\/uploads\/2019\/08\/geschichte_rvb19_sz07_03-300x224.jpg 300w, https:\/\/www.rendezvousbundesplatz.ch\/wp-content\/uploads\/2019\/08\/geschichte_rvb19_sz07_03-768x574.jpg 768w, https:\/\/www.rendezvousbundesplatz.ch\/wp-content\/uploads\/2019\/08\/geschichte_rvb19_sz07_03-700x523.jpg 700w, https:\/\/www.rendezvousbundesplatz.ch\/wp-content\/uploads\/2019\/08\/geschichte_rvb19_sz07_03.jpg 1680w\" sizes=\"auto, (max-width: 1024px) 100vw, 1024px\" \/><\/a>\n\t\t\t<\/dt>\n\t\t\t\t<dd class='wp-caption-text gallery-caption' id='gallery-2-12288'>\n\t\t\t\tAus den Seitenfl\u00fcgeln des Bundeshauses werden Fernseht\u00fcrme: Die weltweit ausgestrahlten Bilder des Mondes werden gezeigt. Auf der Mittelfassade erscheint die Ausstiegsseite der Eagle. Armstrong klettert r\u00fcckw\u00e4rts die Leiter hinab, bis sein Fuss den Mittelteil der Fassade abdeckt. \n\t\t\t\t<\/dd><\/dl><dl class='gallery-item'>\n\t\t\t<dt class='gallery-icon landscape'>\n\t\t\t\t<a href='https:\/\/www.rendezvousbundesplatz.ch\/wp-content\/uploads\/2019\/08\/geschichte_rvb19_sz07_04.jpg'><img loading=\"lazy\" decoding=\"async\" width=\"1024\" height=\"766\" src=\"https:\/\/www.rendezvousbundesplatz.ch\/wp-content\/uploads\/2019\/08\/geschichte_rvb19_sz07_04-1024x766.jpg\" class=\"attachment-large size-large\" alt=\"\" aria-describedby=\"gallery-2-12292\" srcset=\"https:\/\/www.rendezvousbundesplatz.ch\/wp-content\/uploads\/2019\/08\/geschichte_rvb19_sz07_04-1024x766.jpg 1024w, https:\/\/www.rendezvousbundesplatz.ch\/wp-content\/uploads\/2019\/08\/geschichte_rvb19_sz07_04-300x224.jpg 300w, https:\/\/www.rendezvousbundesplatz.ch\/wp-content\/uploads\/2019\/08\/geschichte_rvb19_sz07_04-768x574.jpg 768w, https:\/\/www.rendezvousbundesplatz.ch\/wp-content\/uploads\/2019\/08\/geschichte_rvb19_sz07_04-700x523.jpg 700w, https:\/\/www.rendezvousbundesplatz.ch\/wp-content\/uploads\/2019\/08\/geschichte_rvb19_sz07_04.jpg 1680w\" sizes=\"auto, (max-width: 1024px) 100vw, 1024px\" \/><\/a>\n\t\t\t<\/dt>\n\t\t\t\t<dd class='wp-caption-text gallery-caption' id='gallery-2-12292'>\n\t\t\t\tDie Perspektive wechselt zum Fuss des Astronauten, der die Mondfl\u00e4che ber\u00fchrt: \u00abThat\u2018s one small step for a man, one giant leap for mankind.\u00bb\n\t\t\t\t<\/dd><\/dl><dl class='gallery-item'>\n\t\t\t<dt class='gallery-icon landscape'>\n\t\t\t\t<a href='https:\/\/www.rendezvousbundesplatz.ch\/wp-content\/uploads\/2019\/08\/geschichte_rvb19_sz07_05.jpg'><img loading=\"lazy\" decoding=\"async\" width=\"1024\" height=\"766\" src=\"https:\/\/www.rendezvousbundesplatz.ch\/wp-content\/uploads\/2019\/08\/geschichte_rvb19_sz07_05-1024x766.jpg\" class=\"attachment-large size-large\" alt=\"\" aria-describedby=\"gallery-2-12296\" srcset=\"https:\/\/www.rendezvousbundesplatz.ch\/wp-content\/uploads\/2019\/08\/geschichte_rvb19_sz07_05-1024x766.jpg 1024w, https:\/\/www.rendezvousbundesplatz.ch\/wp-content\/uploads\/2019\/08\/geschichte_rvb19_sz07_05-300x224.jpg 300w, https:\/\/www.rendezvousbundesplatz.ch\/wp-content\/uploads\/2019\/08\/geschichte_rvb19_sz07_05-768x574.jpg 768w, https:\/\/www.rendezvousbundesplatz.ch\/wp-content\/uploads\/2019\/08\/geschichte_rvb19_sz07_05-700x523.jpg 700w, https:\/\/www.rendezvousbundesplatz.ch\/wp-content\/uploads\/2019\/08\/geschichte_rvb19_sz07_05.jpg 1680w\" sizes=\"auto, (max-width: 1024px) 100vw, 1024px\" \/><\/a>\n\t\t\t<\/dt>\n\t\t\t\t<dd class='wp-caption-text gallery-caption' id='gallery-2-12296'>\n\t\t\t\tEs entsteht der erste menschliche Fussabdruck auf dem Mond. \n\t\t\t\t<\/dd><\/dl><br style=\"clear: both\" \/><dl class='gallery-item'>\n\t\t\t<dt class='gallery-icon landscape'>\n\t\t\t\t<a href='https:\/\/www.rendezvousbundesplatz.ch\/wp-content\/uploads\/2019\/08\/geschichte_rvb19_sz07_06.jpg'><img loading=\"lazy\" decoding=\"async\" width=\"1024\" height=\"766\" src=\"https:\/\/www.rendezvousbundesplatz.ch\/wp-content\/uploads\/2019\/08\/geschichte_rvb19_sz07_06-1024x766.jpg\" class=\"attachment-large size-large\" alt=\"\" aria-describedby=\"gallery-2-12302\" srcset=\"https:\/\/www.rendezvousbundesplatz.ch\/wp-content\/uploads\/2019\/08\/geschichte_rvb19_sz07_06-1024x766.jpg 1024w, https:\/\/www.rendezvousbundesplatz.ch\/wp-content\/uploads\/2019\/08\/geschichte_rvb19_sz07_06-300x224.jpg 300w, https:\/\/www.rendezvousbundesplatz.ch\/wp-content\/uploads\/2019\/08\/geschichte_rvb19_sz07_06-768x574.jpg 768w, https:\/\/www.rendezvousbundesplatz.ch\/wp-content\/uploads\/2019\/08\/geschichte_rvb19_sz07_06-700x523.jpg 700w, https:\/\/www.rendezvousbundesplatz.ch\/wp-content\/uploads\/2019\/08\/geschichte_rvb19_sz07_06.jpg 1680w\" sizes=\"auto, (max-width: 1024px) 100vw, 1024px\" \/><\/a>\n\t\t\t<\/dt>\n\t\t\t\t<dd class='wp-caption-text gallery-caption' id='gallery-2-12302'>\n\t\t\t\tNun beginnt die Fahrt \u00fcber die Mondoberfl\u00e4che, vorbei am Sonnenwindsegel. Am Horizont des Mondes erscheint die Erde.\n\t\t\t\t<\/dd><\/dl><dl class='gallery-item'>\n\t\t\t<dt class='gallery-icon landscape'>\n\t\t\t\t<a href='https:\/\/www.rendezvousbundesplatz.ch\/wp-content\/uploads\/2019\/08\/geschichte_rvb19_sz08_01.jpg'><img loading=\"lazy\" decoding=\"async\" width=\"1024\" height=\"766\" src=\"https:\/\/www.rendezvousbundesplatz.ch\/wp-content\/uploads\/2019\/08\/geschichte_rvb19_sz08_01-1024x766.jpg\" class=\"attachment-large size-large\" alt=\"\" aria-describedby=\"gallery-2-12306\" srcset=\"https:\/\/www.rendezvousbundesplatz.ch\/wp-content\/uploads\/2019\/08\/geschichte_rvb19_sz08_01-1024x766.jpg 1024w, https:\/\/www.rendezvousbundesplatz.ch\/wp-content\/uploads\/2019\/08\/geschichte_rvb19_sz08_01-300x224.jpg 300w, https:\/\/www.rendezvousbundesplatz.ch\/wp-content\/uploads\/2019\/08\/geschichte_rvb19_sz08_01-768x574.jpg 768w, https:\/\/www.rendezvousbundesplatz.ch\/wp-content\/uploads\/2019\/08\/geschichte_rvb19_sz08_01-700x523.jpg 700w, https:\/\/www.rendezvousbundesplatz.ch\/wp-content\/uploads\/2019\/08\/geschichte_rvb19_sz08_01.jpg 1680w\" sizes=\"auto, (max-width: 1024px) 100vw, 1024px\" \/><\/a>\n\t\t\t<\/dt>\n\t\t\t\t<dd class='wp-caption-text gallery-caption' id='gallery-2-12306'>\n\t\t\t\tMit den Worten des Apollo-8-Astronauten William Anders \u00abWe came all this way to explore the moon, and the most important thing is that we discovered the earth\u00bb startet ein Kameraflug vom Mond zur\u00fcck zur Erde \u2013 bis zum Bundesplatz. \n\t\t\t\t<\/dd><\/dl><dl class='gallery-item'>\n\t\t\t<dt class='gallery-icon landscape'>\n\t\t\t\t<a href='https:\/\/www.rendezvousbundesplatz.ch\/wp-content\/uploads\/2019\/08\/geschichte_rvb19_sz08_02.jpg'><img loading=\"lazy\" decoding=\"async\" width=\"1024\" height=\"766\" src=\"https:\/\/www.rendezvousbundesplatz.ch\/wp-content\/uploads\/2019\/08\/geschichte_rvb19_sz08_02-1024x766.jpg\" class=\"attachment-large size-large\" alt=\"\" aria-describedby=\"gallery-2-12310\" srcset=\"https:\/\/www.rendezvousbundesplatz.ch\/wp-content\/uploads\/2019\/08\/geschichte_rvb19_sz08_02-1024x766.jpg 1024w, https:\/\/www.rendezvousbundesplatz.ch\/wp-content\/uploads\/2019\/08\/geschichte_rvb19_sz08_02-300x224.jpg 300w, https:\/\/www.rendezvousbundesplatz.ch\/wp-content\/uploads\/2019\/08\/geschichte_rvb19_sz08_02-768x574.jpg 768w, https:\/\/www.rendezvousbundesplatz.ch\/wp-content\/uploads\/2019\/08\/geschichte_rvb19_sz08_02-700x523.jpg 700w, https:\/\/www.rendezvousbundesplatz.ch\/wp-content\/uploads\/2019\/08\/geschichte_rvb19_sz08_02.jpg 1680w\" sizes=\"auto, (max-width: 1024px) 100vw, 1024px\" \/><\/a>\n\t\t\t<\/dt>\n\t\t\t\t<dd class='wp-caption-text gallery-caption' id='gallery-2-12310'>\n\t\t\t\tDie Reise endet auf dem Bundesplatz in Bern. Durch die Fassade des Bundeshauses hindurch wird die Landung der Rettungskapsel im Meer gezeigt, begleitet von einem Rettungshubschrauber.\n\t\t\t\t<\/dd><\/dl><br style=\"clear: both\" \/><dl class='gallery-item'>\n\t\t\t<dt class='gallery-icon landscape'>\n\t\t\t\t<a href='https:\/\/www.rendezvousbundesplatz.ch\/wp-content\/uploads\/2019\/08\/geschichte_rvb19_sz08_03.jpg'><img loading=\"lazy\" decoding=\"async\" width=\"1024\" height=\"766\" src=\"https:\/\/www.rendezvousbundesplatz.ch\/wp-content\/uploads\/2019\/08\/geschichte_rvb19_sz08_03-1024x766.jpg\" class=\"attachment-large size-large\" alt=\"\" aria-describedby=\"gallery-2-12314\" srcset=\"https:\/\/www.rendezvousbundesplatz.ch\/wp-content\/uploads\/2019\/08\/geschichte_rvb19_sz08_03-1024x766.jpg 1024w, https:\/\/www.rendezvousbundesplatz.ch\/wp-content\/uploads\/2019\/08\/geschichte_rvb19_sz08_03-300x224.jpg 300w, https:\/\/www.rendezvousbundesplatz.ch\/wp-content\/uploads\/2019\/08\/geschichte_rvb19_sz08_03-768x574.jpg 768w, https:\/\/www.rendezvousbundesplatz.ch\/wp-content\/uploads\/2019\/08\/geschichte_rvb19_sz08_03-700x523.jpg 700w, https:\/\/www.rendezvousbundesplatz.ch\/wp-content\/uploads\/2019\/08\/geschichte_rvb19_sz08_03.jpg 1680w\" sizes=\"auto, (max-width: 1024px) 100vw, 1024px\" \/><\/a>\n\t\t\t<\/dt>\n\t\t\t\t<dd class='wp-caption-text gallery-caption' id='gallery-2-12314'>\n\t\t\t\tDer Aufschlag der Kapsel hinterl\u00e4sst Wasserspritzer. Eine Glasscheibe beschl\u00e4gt und bildet Wassertropfen. \n\t\t\t\t<\/dd><\/dl><dl class='gallery-item'>\n\t\t\t<dt class='gallery-icon landscape'>\n\t\t\t\t<a href='https:\/\/www.rendezvousbundesplatz.ch\/wp-content\/uploads\/2019\/08\/geschichte_rvb19_sz08_04.jpg'><img loading=\"lazy\" decoding=\"async\" width=\"1024\" height=\"766\" src=\"https:\/\/www.rendezvousbundesplatz.ch\/wp-content\/uploads\/2019\/08\/geschichte_rvb19_sz08_04-1024x766.jpg\" class=\"attachment-large size-large\" alt=\"\" aria-describedby=\"gallery-2-12318\" srcset=\"https:\/\/www.rendezvousbundesplatz.ch\/wp-content\/uploads\/2019\/08\/geschichte_rvb19_sz08_04-1024x766.jpg 1024w, https:\/\/www.rendezvousbundesplatz.ch\/wp-content\/uploads\/2019\/08\/geschichte_rvb19_sz08_04-300x224.jpg 300w, https:\/\/www.rendezvousbundesplatz.ch\/wp-content\/uploads\/2019\/08\/geschichte_rvb19_sz08_04-768x574.jpg 768w, https:\/\/www.rendezvousbundesplatz.ch\/wp-content\/uploads\/2019\/08\/geschichte_rvb19_sz08_04-700x523.jpg 700w, https:\/\/www.rendezvousbundesplatz.ch\/wp-content\/uploads\/2019\/08\/geschichte_rvb19_sz08_04.jpg 1680w\" sizes=\"auto, (max-width: 1024px) 100vw, 1024px\" \/><\/a>\n\t\t\t<\/dt>\n\t\t\t\t<dd class='wp-caption-text gallery-caption' id='gallery-2-12318'>\n\t\t\t\tDrei H\u00e4nde zeichnen von hinten Umrisse von Astronauten und wischen das Visier der gezeichneten Astronautenhelme frei. Die fr\u00f6hlichen Gesichter von Armstrong, Aldrin und Collins werden sichtbar. \n\t\t\t\t<\/dd><\/dl><dl class='gallery-item'>\n\t\t\t<dt class='gallery-icon landscape'>\n\t\t\t\t<a href='https:\/\/www.rendezvousbundesplatz.ch\/wp-content\/uploads\/2019\/08\/geschichte_rvb19_sz08_05.jpg'><img loading=\"lazy\" decoding=\"async\" width=\"1024\" height=\"766\" src=\"https:\/\/www.rendezvousbundesplatz.ch\/wp-content\/uploads\/2019\/08\/geschichte_rvb19_sz08_05-1024x766.jpg\" class=\"attachment-large size-large\" alt=\"\" aria-describedby=\"gallery-2-12322\" srcset=\"https:\/\/www.rendezvousbundesplatz.ch\/wp-content\/uploads\/2019\/08\/geschichte_rvb19_sz08_05-1024x766.jpg 1024w, https:\/\/www.rendezvousbundesplatz.ch\/wp-content\/uploads\/2019\/08\/geschichte_rvb19_sz08_05-300x224.jpg 300w, https:\/\/www.rendezvousbundesplatz.ch\/wp-content\/uploads\/2019\/08\/geschichte_rvb19_sz08_05-768x574.jpg 768w, https:\/\/www.rendezvousbundesplatz.ch\/wp-content\/uploads\/2019\/08\/geschichte_rvb19_sz08_05-700x523.jpg 700w, https:\/\/www.rendezvousbundesplatz.ch\/wp-content\/uploads\/2019\/08\/geschichte_rvb19_sz08_05.jpg 1680w\" sizes=\"auto, (max-width: 1024px) 100vw, 1024px\" \/><\/a>\n\t\t\t<\/dt>\n\t\t\t\t<dd class='wp-caption-text gallery-caption' id='gallery-2-12322'>\n\t\t\t\tEin Rettungsschirm der Kapsel verh\u00fcllt das Bundeshaus wie ein \u00fcberdimensionaler Vorhang. Er gleitet vom Bundeshaus herab \u2013 und das Geb\u00e4ude verneigt sich vor dem Publikum. \n\t\t\t\t<\/dd><\/dl><br style=\"clear: both\" \/>\n\t\t<\/div>\n\n<p>[\/vc_column_text][vc_column_text el_class=&#8221;gallery_tablet&#8221;]<\/p>\n\n\t\t<style type=\"text\/css\">\n\t\t\t#gallery-4 {\n\t\t\t\tmargin: auto;\n\t\t\t}\n\t\t\t#gallery-4 .gallery-item {\n\t\t\t\tfloat: left;\n\t\t\t\tmargin-top: 10px;\n\t\t\t\ttext-align: center;\n\t\t\t\twidth: 50%;\n\t\t\t}\n\t\t\t#gallery-4 img {\n\t\t\t\tborder: 2px solid #cfcfcf;\n\t\t\t}\n\t\t\t#gallery-4 .gallery-caption {\n\t\t\t\tmargin-left: 0;\n\t\t\t}\n\t\t\t\/* see gallery_shortcode() in wp-includes\/media.php *\/\n\t\t<\/style>\n\t\t<div id='gallery-4' class='gallery galleryid-12537 gallery-columns-2 gallery-size-large'><dl class='gallery-item'>\n\t\t\t<dt class='gallery-icon landscape'>\n\t\t\t\t<a href='https:\/\/www.rendezvousbundesplatz.ch\/wp-content\/uploads\/2019\/08\/geschichte_rvb19_sz01_01.jpg'><img loading=\"lazy\" decoding=\"async\" width=\"1024\" height=\"766\" src=\"https:\/\/www.rendezvousbundesplatz.ch\/wp-content\/uploads\/2019\/08\/geschichte_rvb19_sz01_01-1024x766.jpg\" class=\"attachment-large size-large\" alt=\"\" aria-describedby=\"gallery-4-12228\" srcset=\"https:\/\/www.rendezvousbundesplatz.ch\/wp-content\/uploads\/2019\/08\/geschichte_rvb19_sz01_01-1024x766.jpg 1024w, https:\/\/www.rendezvousbundesplatz.ch\/wp-content\/uploads\/2019\/08\/geschichte_rvb19_sz01_01-300x224.jpg 300w, https:\/\/www.rendezvousbundesplatz.ch\/wp-content\/uploads\/2019\/08\/geschichte_rvb19_sz01_01-768x574.jpg 768w, https:\/\/www.rendezvousbundesplatz.ch\/wp-content\/uploads\/2019\/08\/geschichte_rvb19_sz01_01-700x523.jpg 700w, https:\/\/www.rendezvousbundesplatz.ch\/wp-content\/uploads\/2019\/08\/geschichte_rvb19_sz01_01.jpg 1680w\" sizes=\"auto, (max-width: 1024px) 100vw, 1024px\" \/><\/a>\n\t\t\t<\/dt>\n\t\t\t\t<dd class='wp-caption-text gallery-caption' id='gallery-4-12228'>\n\t\t\t\tSeit Tausenden von Jahren widmet sich der Mensch dem Universum, seiner Entstehung und der Erforschung der Himmelsk\u00f6rper. it\n\t\t\t\t<\/dd><\/dl><dl class='gallery-item'>\n\t\t\t<dt class='gallery-icon landscape'>\n\t\t\t\t<a href='https:\/\/www.rendezvousbundesplatz.ch\/wp-content\/uploads\/2019\/08\/geschichte_rvb19_sz01_02.jpg'><img loading=\"lazy\" decoding=\"async\" width=\"1024\" height=\"766\" src=\"https:\/\/www.rendezvousbundesplatz.ch\/wp-content\/uploads\/2019\/08\/geschichte_rvb19_sz01_02-1024x766.jpg\" class=\"attachment-large size-large\" alt=\"\" aria-describedby=\"gallery-4-12232\" srcset=\"https:\/\/www.rendezvousbundesplatz.ch\/wp-content\/uploads\/2019\/08\/geschichte_rvb19_sz01_02-1024x766.jpg 1024w, https:\/\/www.rendezvousbundesplatz.ch\/wp-content\/uploads\/2019\/08\/geschichte_rvb19_sz01_02-300x224.jpg 300w, https:\/\/www.rendezvousbundesplatz.ch\/wp-content\/uploads\/2019\/08\/geschichte_rvb19_sz01_02-768x574.jpg 768w, https:\/\/www.rendezvousbundesplatz.ch\/wp-content\/uploads\/2019\/08\/geschichte_rvb19_sz01_02-700x523.jpg 700w, https:\/\/www.rendezvousbundesplatz.ch\/wp-content\/uploads\/2019\/08\/geschichte_rvb19_sz01_02.jpg 1680w\" sizes=\"auto, (max-width: 1024px) 100vw, 1024px\" \/><\/a>\n\t\t\t<\/dt>\n\t\t\t\t<dd class='wp-caption-text gallery-caption' id='gallery-4-12232'>\n\t\t\t\tDie Armillarsph\u00e4re, auch Weltmaschine genannt, diente dazu, die Bewegungen der Himmelsk\u00f6rper darzustellen. \n\t\t\t\t<\/dd><\/dl><br style=\"clear: both\" \/><dl class='gallery-item'>\n\t\t\t<dt class='gallery-icon landscape'>\n\t\t\t\t<a href='https:\/\/www.rendezvousbundesplatz.ch\/wp-content\/uploads\/2019\/08\/geschichte_rvb19_sz01_03.jpg'><img loading=\"lazy\" decoding=\"async\" width=\"1024\" height=\"766\" src=\"https:\/\/www.rendezvousbundesplatz.ch\/wp-content\/uploads\/2019\/08\/geschichte_rvb19_sz01_03-1024x766.jpg\" class=\"attachment-large size-large\" alt=\"\" aria-describedby=\"gallery-4-12236\" srcset=\"https:\/\/www.rendezvousbundesplatz.ch\/wp-content\/uploads\/2019\/08\/geschichte_rvb19_sz01_03-1024x766.jpg 1024w, https:\/\/www.rendezvousbundesplatz.ch\/wp-content\/uploads\/2019\/08\/geschichte_rvb19_sz01_03-300x224.jpg 300w, https:\/\/www.rendezvousbundesplatz.ch\/wp-content\/uploads\/2019\/08\/geschichte_rvb19_sz01_03-768x574.jpg 768w, https:\/\/www.rendezvousbundesplatz.ch\/wp-content\/uploads\/2019\/08\/geschichte_rvb19_sz01_03-700x523.jpg 700w, https:\/\/www.rendezvousbundesplatz.ch\/wp-content\/uploads\/2019\/08\/geschichte_rvb19_sz01_03.jpg 1680w\" sizes=\"auto, (max-width: 1024px) 100vw, 1024px\" \/><\/a>\n\t\t\t<\/dt>\n\t\t\t\t<dd class='wp-caption-text gallery-caption' id='gallery-4-12236'>\n\t\t\t\tDas Bundeshaus verwandelt sich in ein historisches Filmtheater: Gezeigt werden Visionen von Mondlandungen aus dem 20. Jahrhundert. Kurze Ausschnitte aus dem Film \u00bbLe voyage dans la lune\u00bb (1902) von Georges M\u00e9li\u00e8s, inspiriert von Jules Verne und H.G. Wells. \n\t\t\t\t<\/dd><\/dl><dl class='gallery-item'>\n\t\t\t<dt class='gallery-icon landscape'>\n\t\t\t\t<a href='https:\/\/www.rendezvousbundesplatz.ch\/wp-content\/uploads\/2019\/08\/geschichte_rvb19_sz01_04.jpg'><img loading=\"lazy\" decoding=\"async\" width=\"1024\" height=\"766\" src=\"https:\/\/www.rendezvousbundesplatz.ch\/wp-content\/uploads\/2019\/08\/geschichte_rvb19_sz01_04-1024x766.jpg\" class=\"attachment-large size-large\" alt=\"\" aria-describedby=\"gallery-4-12240\" srcset=\"https:\/\/www.rendezvousbundesplatz.ch\/wp-content\/uploads\/2019\/08\/geschichte_rvb19_sz01_04-1024x766.jpg 1024w, https:\/\/www.rendezvousbundesplatz.ch\/wp-content\/uploads\/2019\/08\/geschichte_rvb19_sz01_04-300x224.jpg 300w, https:\/\/www.rendezvousbundesplatz.ch\/wp-content\/uploads\/2019\/08\/geschichte_rvb19_sz01_04-768x574.jpg 768w, https:\/\/www.rendezvousbundesplatz.ch\/wp-content\/uploads\/2019\/08\/geschichte_rvb19_sz01_04-700x523.jpg 700w, https:\/\/www.rendezvousbundesplatz.ch\/wp-content\/uploads\/2019\/08\/geschichte_rvb19_sz01_04.jpg 1680w\" sizes=\"auto, (max-width: 1024px) 100vw, 1024px\" \/><\/a>\n\t\t\t<\/dt>\n\t\t\t\t<dd class='wp-caption-text gallery-caption' id='gallery-4-12240'>\n\t\t\t\tAuch \u00abTim und Struppi\u00bb d\u00fcrfen nicht fehlen \u2013 mit einem Ausschnitt aus dem Band \u00abSchritte auf dem Mond\u00bb (1954). \n\t\t\t\t<\/dd><\/dl><br style=\"clear: both\" \/><dl class='gallery-item'>\n\t\t\t<dt class='gallery-icon landscape'>\n\t\t\t\t<a href='https:\/\/www.rendezvousbundesplatz.ch\/wp-content\/uploads\/2019\/08\/geschichte_rvb19_sz02_01.jpg'><img loading=\"lazy\" decoding=\"async\" width=\"1024\" height=\"766\" src=\"https:\/\/www.rendezvousbundesplatz.ch\/wp-content\/uploads\/2019\/08\/geschichte_rvb19_sz02_01-1024x766.jpg\" class=\"attachment-large size-large\" alt=\"\" aria-describedby=\"gallery-4-12244\" srcset=\"https:\/\/www.rendezvousbundesplatz.ch\/wp-content\/uploads\/2019\/08\/geschichte_rvb19_sz02_01-1024x766.jpg 1024w, https:\/\/www.rendezvousbundesplatz.ch\/wp-content\/uploads\/2019\/08\/geschichte_rvb19_sz02_01-300x224.jpg 300w, https:\/\/www.rendezvousbundesplatz.ch\/wp-content\/uploads\/2019\/08\/geschichte_rvb19_sz02_01-768x574.jpg 768w, https:\/\/www.rendezvousbundesplatz.ch\/wp-content\/uploads\/2019\/08\/geschichte_rvb19_sz02_01-700x523.jpg 700w, https:\/\/www.rendezvousbundesplatz.ch\/wp-content\/uploads\/2019\/08\/geschichte_rvb19_sz02_01.jpg 1680w\" sizes=\"auto, (max-width: 1024px) 100vw, 1024px\" \/><\/a>\n\t\t\t<\/dt>\n\t\t\t\t<dd class='wp-caption-text gallery-caption' id='gallery-4-12244'>\n\t\t\t\tEine Kamera entsteht, die die geplante Fahrt auf den Mond dokumentieren soll. In ihrer Linse spiegelt sich bereits das Ziel der Mission: der Mond. \n\t\t\t\t<\/dd><\/dl><dl class='gallery-item'>\n\t\t\t<dt class='gallery-icon landscape'>\n\t\t\t\t<a href='https:\/\/www.rendezvousbundesplatz.ch\/wp-content\/uploads\/2019\/08\/geschichte_rvb19_sz03_01.jpg'><img loading=\"lazy\" decoding=\"async\" width=\"1024\" height=\"766\" src=\"https:\/\/www.rendezvousbundesplatz.ch\/wp-content\/uploads\/2019\/08\/geschichte_rvb19_sz03_01-1024x766.jpg\" class=\"attachment-large size-large\" alt=\"\" aria-describedby=\"gallery-4-12248\" srcset=\"https:\/\/www.rendezvousbundesplatz.ch\/wp-content\/uploads\/2019\/08\/geschichte_rvb19_sz03_01-1024x766.jpg 1024w, https:\/\/www.rendezvousbundesplatz.ch\/wp-content\/uploads\/2019\/08\/geschichte_rvb19_sz03_01-300x224.jpg 300w, https:\/\/www.rendezvousbundesplatz.ch\/wp-content\/uploads\/2019\/08\/geschichte_rvb19_sz03_01-768x574.jpg 768w, https:\/\/www.rendezvousbundesplatz.ch\/wp-content\/uploads\/2019\/08\/geschichte_rvb19_sz03_01-700x523.jpg 700w, https:\/\/www.rendezvousbundesplatz.ch\/wp-content\/uploads\/2019\/08\/geschichte_rvb19_sz03_01.jpg 1680w\" sizes=\"auto, (max-width: 1024px) 100vw, 1024px\" \/><\/a>\n\t\t\t<\/dt>\n\t\t\t\t<dd class='wp-caption-text gallery-caption' id='gallery-4-12248'>\n\t\t\t\tIn riesigen Lagerhallen wird an allem gearbeitet, das die Mondfahrt erm\u00f6glichen soll. Dazu geh\u00f6rt auch das in Bern entwickelte Sonnenwindsegel, das als einziges Nicht-US-Experiment bei der Mondlandung dabei war. \n\t\t\t\t<\/dd><\/dl><br style=\"clear: both\" \/><dl class='gallery-item'>\n\t\t\t<dt class='gallery-icon landscape'>\n\t\t\t\t<a href='https:\/\/www.rendezvousbundesplatz.ch\/wp-content\/uploads\/2019\/08\/geschichte_rvb19_sz03_02.jpg'><img loading=\"lazy\" decoding=\"async\" width=\"1024\" height=\"766\" src=\"https:\/\/www.rendezvousbundesplatz.ch\/wp-content\/uploads\/2019\/08\/geschichte_rvb19_sz03_02-1024x766.jpg\" class=\"attachment-large size-large\" alt=\"\" aria-describedby=\"gallery-4-12252\" srcset=\"https:\/\/www.rendezvousbundesplatz.ch\/wp-content\/uploads\/2019\/08\/geschichte_rvb19_sz03_02-1024x766.jpg 1024w, https:\/\/www.rendezvousbundesplatz.ch\/wp-content\/uploads\/2019\/08\/geschichte_rvb19_sz03_02-300x224.jpg 300w, https:\/\/www.rendezvousbundesplatz.ch\/wp-content\/uploads\/2019\/08\/geschichte_rvb19_sz03_02-768x574.jpg 768w, https:\/\/www.rendezvousbundesplatz.ch\/wp-content\/uploads\/2019\/08\/geschichte_rvb19_sz03_02-700x523.jpg 700w, https:\/\/www.rendezvousbundesplatz.ch\/wp-content\/uploads\/2019\/08\/geschichte_rvb19_sz03_02.jpg 1680w\" sizes=\"auto, (max-width: 1024px) 100vw, 1024px\" \/><\/a>\n\t\t\t<\/dt>\n\t\t\t\t<dd class='wp-caption-text gallery-caption' id='gallery-4-12252'>\n\t\t\t\tDas Sonnenwindsegel \u00fcberzieht die gesamte Fassade des Bundeshauses. \n\t\t\t\t<\/dd><\/dl><dl class='gallery-item'>\n\t\t\t<dt class='gallery-icon landscape'>\n\t\t\t\t<a href='https:\/\/www.rendezvousbundesplatz.ch\/wp-content\/uploads\/2019\/08\/geschichte_rvb19_sz03_03.jpg'><img loading=\"lazy\" decoding=\"async\" width=\"1024\" height=\"766\" src=\"https:\/\/www.rendezvousbundesplatz.ch\/wp-content\/uploads\/2019\/08\/geschichte_rvb19_sz03_03-1024x766.jpg\" class=\"attachment-large size-large\" alt=\"\" aria-describedby=\"gallery-4-12256\" srcset=\"https:\/\/www.rendezvousbundesplatz.ch\/wp-content\/uploads\/2019\/08\/geschichte_rvb19_sz03_03-1024x766.jpg 1024w, https:\/\/www.rendezvousbundesplatz.ch\/wp-content\/uploads\/2019\/08\/geschichte_rvb19_sz03_03-300x224.jpg 300w, https:\/\/www.rendezvousbundesplatz.ch\/wp-content\/uploads\/2019\/08\/geschichte_rvb19_sz03_03-768x574.jpg 768w, https:\/\/www.rendezvousbundesplatz.ch\/wp-content\/uploads\/2019\/08\/geschichte_rvb19_sz03_03-700x523.jpg 700w, https:\/\/www.rendezvousbundesplatz.ch\/wp-content\/uploads\/2019\/08\/geschichte_rvb19_sz03_03.jpg 1680w\" sizes=\"auto, (max-width: 1024px) 100vw, 1024px\" \/><\/a>\n\t\t\t<\/dt>\n\t\t\t\t<dd class='wp-caption-text gallery-caption' id='gallery-4-12256'>\n\t\t\t\tZeitgleich bereiten sich auch die Astronauten auf die Mission vor. Um Schwerelosigkeit zu simulieren, findet ein Teil der Ausbildung unter Wasser statt. \n\t\t\t\t<\/dd><\/dl><br style=\"clear: both\" \/><dl class='gallery-item'>\n\t\t\t<dt class='gallery-icon landscape'>\n\t\t\t\t<a href='https:\/\/www.rendezvousbundesplatz.ch\/wp-content\/uploads\/2019\/08\/geschichte_rvb19_sz04_01.jpg'><img loading=\"lazy\" decoding=\"async\" width=\"1024\" height=\"766\" src=\"https:\/\/www.rendezvousbundesplatz.ch\/wp-content\/uploads\/2019\/08\/geschichte_rvb19_sz04_01-1024x766.jpg\" class=\"attachment-large size-large\" alt=\"\" aria-describedby=\"gallery-4-12260\" srcset=\"https:\/\/www.rendezvousbundesplatz.ch\/wp-content\/uploads\/2019\/08\/geschichte_rvb19_sz04_01-1024x766.jpg 1024w, https:\/\/www.rendezvousbundesplatz.ch\/wp-content\/uploads\/2019\/08\/geschichte_rvb19_sz04_01-300x224.jpg 300w, https:\/\/www.rendezvousbundesplatz.ch\/wp-content\/uploads\/2019\/08\/geschichte_rvb19_sz04_01-768x574.jpg 768w, https:\/\/www.rendezvousbundesplatz.ch\/wp-content\/uploads\/2019\/08\/geschichte_rvb19_sz04_01-700x523.jpg 700w, https:\/\/www.rendezvousbundesplatz.ch\/wp-content\/uploads\/2019\/08\/geschichte_rvb19_sz04_01.jpg 1680w\" sizes=\"auto, (max-width: 1024px) 100vw, 1024px\" \/><\/a>\n\t\t\t<\/dt>\n\t\t\t\t<dd class='wp-caption-text gallery-caption' id='gallery-4-12260'>\n\t\t\t\tDer Vergleich mit dem Berner M\u00fcnster soll die gigantischen Ausmasse der Rakete von \u00fcber 100 Metern veranschaulichen. \n\t\t\t\t<\/dd><\/dl><dl class='gallery-item'>\n\t\t\t<dt class='gallery-icon landscape'>\n\t\t\t\t<a href='https:\/\/www.rendezvousbundesplatz.ch\/wp-content\/uploads\/2019\/08\/geschichte_rvb19_sz04_02.jpg'><img loading=\"lazy\" decoding=\"async\" width=\"1024\" height=\"766\" src=\"https:\/\/www.rendezvousbundesplatz.ch\/wp-content\/uploads\/2019\/08\/geschichte_rvb19_sz04_02-1024x766.jpg\" class=\"attachment-large size-large\" alt=\"\" aria-describedby=\"gallery-4-12264\" srcset=\"https:\/\/www.rendezvousbundesplatz.ch\/wp-content\/uploads\/2019\/08\/geschichte_rvb19_sz04_02-1024x766.jpg 1024w, https:\/\/www.rendezvousbundesplatz.ch\/wp-content\/uploads\/2019\/08\/geschichte_rvb19_sz04_02-300x224.jpg 300w, https:\/\/www.rendezvousbundesplatz.ch\/wp-content\/uploads\/2019\/08\/geschichte_rvb19_sz04_02-768x574.jpg 768w, https:\/\/www.rendezvousbundesplatz.ch\/wp-content\/uploads\/2019\/08\/geschichte_rvb19_sz04_02-700x523.jpg 700w, https:\/\/www.rendezvousbundesplatz.ch\/wp-content\/uploads\/2019\/08\/geschichte_rvb19_sz04_02.jpg 1680w\" sizes=\"auto, (max-width: 1024px) 100vw, 1024px\" \/><\/a>\n\t\t\t<\/dt>\n\t\t\t\t<dd class='wp-caption-text gallery-caption' id='gallery-4-12264'>\n\t\t\t\tDas Bundeshaus verwandelt sich in eine Startrampe. Nach einem Countdown beginnt die Rakete ihren Weg ins Weltall. \n\t\t\t\t<\/dd><\/dl><br style=\"clear: both\" \/><dl class='gallery-item'>\n\t\t\t<dt class='gallery-icon landscape'>\n\t\t\t\t<a href='https:\/\/www.rendezvousbundesplatz.ch\/wp-content\/uploads\/2019\/08\/geschichte_rvb19_sz05_01.jpg'><img loading=\"lazy\" decoding=\"async\" width=\"1024\" height=\"766\" src=\"https:\/\/www.rendezvousbundesplatz.ch\/wp-content\/uploads\/2019\/08\/geschichte_rvb19_sz05_01-1024x766.jpg\" class=\"attachment-large size-large\" alt=\"\" aria-describedby=\"gallery-4-12268\" srcset=\"https:\/\/www.rendezvousbundesplatz.ch\/wp-content\/uploads\/2019\/08\/geschichte_rvb19_sz05_01-1024x766.jpg 1024w, https:\/\/www.rendezvousbundesplatz.ch\/wp-content\/uploads\/2019\/08\/geschichte_rvb19_sz05_01-300x224.jpg 300w, https:\/\/www.rendezvousbundesplatz.ch\/wp-content\/uploads\/2019\/08\/geschichte_rvb19_sz05_01-768x574.jpg 768w, https:\/\/www.rendezvousbundesplatz.ch\/wp-content\/uploads\/2019\/08\/geschichte_rvb19_sz05_01-700x523.jpg 700w, https:\/\/www.rendezvousbundesplatz.ch\/wp-content\/uploads\/2019\/08\/geschichte_rvb19_sz05_01.jpg 1680w\" sizes=\"auto, (max-width: 1024px) 100vw, 1024px\" \/><\/a>\n\t\t\t<\/dt>\n\t\t\t\t<dd class='wp-caption-text gallery-caption' id='gallery-4-12268'>\n\t\t\t\tDas Bundeshaus l\u00f6st sich auf, seine Geb\u00e4udeteile fangen an zu schweben. Dahinter erscheint das Weltall, und die Erde kommt zum Vorschein. Die Geb\u00e4udeteile gleiten ins Weltall. \n\t\t\t\t<\/dd><\/dl><dl class='gallery-item'>\n\t\t\t<dt class='gallery-icon landscape'>\n\t\t\t\t<a href='https:\/\/www.rendezvousbundesplatz.ch\/wp-content\/uploads\/2019\/08\/geschichte_rvb19_sz05_02.jpg'><img loading=\"lazy\" decoding=\"async\" width=\"1024\" height=\"766\" src=\"https:\/\/www.rendezvousbundesplatz.ch\/wp-content\/uploads\/2019\/08\/geschichte_rvb19_sz05_02-1024x766.jpg\" class=\"attachment-large size-large\" alt=\"\" aria-describedby=\"gallery-4-12272\" srcset=\"https:\/\/www.rendezvousbundesplatz.ch\/wp-content\/uploads\/2019\/08\/geschichte_rvb19_sz05_02-1024x766.jpg 1024w, https:\/\/www.rendezvousbundesplatz.ch\/wp-content\/uploads\/2019\/08\/geschichte_rvb19_sz05_02-300x224.jpg 300w, https:\/\/www.rendezvousbundesplatz.ch\/wp-content\/uploads\/2019\/08\/geschichte_rvb19_sz05_02-768x574.jpg 768w, https:\/\/www.rendezvousbundesplatz.ch\/wp-content\/uploads\/2019\/08\/geschichte_rvb19_sz05_02-700x523.jpg 700w, https:\/\/www.rendezvousbundesplatz.ch\/wp-content\/uploads\/2019\/08\/geschichte_rvb19_sz05_02.jpg 1680w\" sizes=\"auto, (max-width: 1024px) 100vw, 1024px\" \/><\/a>\n\t\t\t<\/dt>\n\t\t\t\t<dd class='wp-caption-text gallery-caption' id='gallery-4-12272'>\n\t\t\t\tBei seinem Weltraumausflug schwebt ein Astronaut auf das Publikum zu, winkt und l\u00e4dt es ein, ihn auf seiner Mission zum Mond zu begleiten.\n\t\t\t\t<\/dd><\/dl><br style=\"clear: both\" \/><dl class='gallery-item'>\n\t\t\t<dt class='gallery-icon landscape'>\n\t\t\t\t<a href='https:\/\/www.rendezvousbundesplatz.ch\/wp-content\/uploads\/2019\/08\/geschichte_rvb19_sz06_01.jpg'><img loading=\"lazy\" decoding=\"async\" width=\"1024\" height=\"766\" src=\"https:\/\/www.rendezvousbundesplatz.ch\/wp-content\/uploads\/2019\/08\/geschichte_rvb19_sz06_01-1024x766.jpg\" class=\"attachment-large size-large\" alt=\"\" aria-describedby=\"gallery-4-12276\" srcset=\"https:\/\/www.rendezvousbundesplatz.ch\/wp-content\/uploads\/2019\/08\/geschichte_rvb19_sz06_01-1024x766.jpg 1024w, https:\/\/www.rendezvousbundesplatz.ch\/wp-content\/uploads\/2019\/08\/geschichte_rvb19_sz06_01-300x224.jpg 300w, https:\/\/www.rendezvousbundesplatz.ch\/wp-content\/uploads\/2019\/08\/geschichte_rvb19_sz06_01-768x574.jpg 768w, https:\/\/www.rendezvousbundesplatz.ch\/wp-content\/uploads\/2019\/08\/geschichte_rvb19_sz06_01-700x523.jpg 700w, https:\/\/www.rendezvousbundesplatz.ch\/wp-content\/uploads\/2019\/08\/geschichte_rvb19_sz06_01.jpg 1680w\" sizes=\"auto, (max-width: 1024px) 100vw, 1024px\" \/><\/a>\n\t\t\t<\/dt>\n\t\t\t\t<dd class='wp-caption-text gallery-caption' id='gallery-4-12276'>\n\t\t\t\tAuch die dunkle Seite des Mondes wird erforscht. Ber\u00fchmt ist der Funkspruch: \u00abWe\u00b4ll see you on the other side.\u00bb Auf der dunklen Seite des Mondes erscheint ein Zifferblatt; seine Zeiger stellen im Zeitraffer die exakte Dauer und Uhrzeit der ersten Mondumrundung dar. \n\t\t\t\t<\/dd><\/dl><dl class='gallery-item'>\n\t\t\t<dt class='gallery-icon landscape'>\n\t\t\t\t<a href='https:\/\/www.rendezvousbundesplatz.ch\/wp-content\/uploads\/2019\/08\/geschichte_rvb19_sz07_01.jpg'><img loading=\"lazy\" decoding=\"async\" width=\"1024\" height=\"766\" src=\"https:\/\/www.rendezvousbundesplatz.ch\/wp-content\/uploads\/2019\/08\/geschichte_rvb19_sz07_01-1024x766.jpg\" class=\"attachment-large size-large\" alt=\"\" aria-describedby=\"gallery-4-12280\" srcset=\"https:\/\/www.rendezvousbundesplatz.ch\/wp-content\/uploads\/2019\/08\/geschichte_rvb19_sz07_01-1024x766.jpg 1024w, https:\/\/www.rendezvousbundesplatz.ch\/wp-content\/uploads\/2019\/08\/geschichte_rvb19_sz07_01-300x224.jpg 300w, https:\/\/www.rendezvousbundesplatz.ch\/wp-content\/uploads\/2019\/08\/geschichte_rvb19_sz07_01-768x574.jpg 768w, https:\/\/www.rendezvousbundesplatz.ch\/wp-content\/uploads\/2019\/08\/geschichte_rvb19_sz07_01-700x523.jpg 700w, https:\/\/www.rendezvousbundesplatz.ch\/wp-content\/uploads\/2019\/08\/geschichte_rvb19_sz07_01.jpg 1680w\" sizes=\"auto, (max-width: 1024px) 100vw, 1024px\" \/><\/a>\n\t\t\t<\/dt>\n\t\t\t\t<dd class='wp-caption-text gallery-caption' id='gallery-4-12280'>\n\t\t\t\tEs folgt der Anflug auf das Apollo-11-Kommandomodul mit dem Landemodul Eagle. Das Abkoppeln der Landef\u00e4hre wird aus Sicht der Kommandokapsel gezeigt. \n\t\t\t\t<\/dd><\/dl><br style=\"clear: both\" \/><dl class='gallery-item'>\n\t\t\t<dt class='gallery-icon landscape'>\n\t\t\t\t<a href='https:\/\/www.rendezvousbundesplatz.ch\/wp-content\/uploads\/2019\/08\/geschichte_rvb19_sz07_02.jpg'><img loading=\"lazy\" decoding=\"async\" width=\"1024\" height=\"766\" src=\"https:\/\/www.rendezvousbundesplatz.ch\/wp-content\/uploads\/2019\/08\/geschichte_rvb19_sz07_02-1024x766.jpg\" class=\"attachment-large size-large\" alt=\"\" aria-describedby=\"gallery-4-12284\" srcset=\"https:\/\/www.rendezvousbundesplatz.ch\/wp-content\/uploads\/2019\/08\/geschichte_rvb19_sz07_02-1024x766.jpg 1024w, https:\/\/www.rendezvousbundesplatz.ch\/wp-content\/uploads\/2019\/08\/geschichte_rvb19_sz07_02-300x224.jpg 300w, https:\/\/www.rendezvousbundesplatz.ch\/wp-content\/uploads\/2019\/08\/geschichte_rvb19_sz07_02-768x574.jpg 768w, https:\/\/www.rendezvousbundesplatz.ch\/wp-content\/uploads\/2019\/08\/geschichte_rvb19_sz07_02-700x523.jpg 700w, https:\/\/www.rendezvousbundesplatz.ch\/wp-content\/uploads\/2019\/08\/geschichte_rvb19_sz07_02.jpg 1680w\" sizes=\"auto, (max-width: 1024px) 100vw, 1024px\" \/><\/a>\n\t\t\t<\/dt>\n\t\t\t\t<dd class='wp-caption-text gallery-caption' id='gallery-4-12284'>\n\t\t\t\tEin perspektivischer Wechsel f\u00fchrt ins Innere des Landemoduls. Von hier aus kann man den Anflug zur Mondoberfl\u00e4che beobachten. Armstrong \u00fcbernimmt die manuelle Steuerung der Eagle. Es folgt der Funkspruch \u00abThe Eagle has landed\u00bb. \n\t\t\t\t<\/dd><\/dl><dl class='gallery-item'>\n\t\t\t<dt class='gallery-icon landscape'>\n\t\t\t\t<a href='https:\/\/www.rendezvousbundesplatz.ch\/wp-content\/uploads\/2019\/08\/geschichte_rvb19_sz07_03.jpg'><img loading=\"lazy\" decoding=\"async\" width=\"1024\" height=\"766\" src=\"https:\/\/www.rendezvousbundesplatz.ch\/wp-content\/uploads\/2019\/08\/geschichte_rvb19_sz07_03-1024x766.jpg\" class=\"attachment-large size-large\" alt=\"\" aria-describedby=\"gallery-4-12288\" srcset=\"https:\/\/www.rendezvousbundesplatz.ch\/wp-content\/uploads\/2019\/08\/geschichte_rvb19_sz07_03-1024x766.jpg 1024w, https:\/\/www.rendezvousbundesplatz.ch\/wp-content\/uploads\/2019\/08\/geschichte_rvb19_sz07_03-300x224.jpg 300w, https:\/\/www.rendezvousbundesplatz.ch\/wp-content\/uploads\/2019\/08\/geschichte_rvb19_sz07_03-768x574.jpg 768w, https:\/\/www.rendezvousbundesplatz.ch\/wp-content\/uploads\/2019\/08\/geschichte_rvb19_sz07_03-700x523.jpg 700w, https:\/\/www.rendezvousbundesplatz.ch\/wp-content\/uploads\/2019\/08\/geschichte_rvb19_sz07_03.jpg 1680w\" sizes=\"auto, (max-width: 1024px) 100vw, 1024px\" \/><\/a>\n\t\t\t<\/dt>\n\t\t\t\t<dd class='wp-caption-text gallery-caption' id='gallery-4-12288'>\n\t\t\t\tAus den Seitenfl\u00fcgeln des Bundeshauses werden Fernseht\u00fcrme: Die weltweit ausgestrahlten Bilder des Mondes werden gezeigt. Auf der Mittelfassade erscheint die Ausstiegsseite der Eagle. Armstrong klettert r\u00fcckw\u00e4rts die Leiter hinab, bis sein Fuss den Mittelteil der Fassade abdeckt. \n\t\t\t\t<\/dd><\/dl><br style=\"clear: both\" \/><dl class='gallery-item'>\n\t\t\t<dt class='gallery-icon landscape'>\n\t\t\t\t<a href='https:\/\/www.rendezvousbundesplatz.ch\/wp-content\/uploads\/2019\/08\/geschichte_rvb19_sz07_04.jpg'><img loading=\"lazy\" decoding=\"async\" width=\"1024\" height=\"766\" src=\"https:\/\/www.rendezvousbundesplatz.ch\/wp-content\/uploads\/2019\/08\/geschichte_rvb19_sz07_04-1024x766.jpg\" class=\"attachment-large size-large\" alt=\"\" aria-describedby=\"gallery-4-12292\" srcset=\"https:\/\/www.rendezvousbundesplatz.ch\/wp-content\/uploads\/2019\/08\/geschichte_rvb19_sz07_04-1024x766.jpg 1024w, https:\/\/www.rendezvousbundesplatz.ch\/wp-content\/uploads\/2019\/08\/geschichte_rvb19_sz07_04-300x224.jpg 300w, https:\/\/www.rendezvousbundesplatz.ch\/wp-content\/uploads\/2019\/08\/geschichte_rvb19_sz07_04-768x574.jpg 768w, https:\/\/www.rendezvousbundesplatz.ch\/wp-content\/uploads\/2019\/08\/geschichte_rvb19_sz07_04-700x523.jpg 700w, https:\/\/www.rendezvousbundesplatz.ch\/wp-content\/uploads\/2019\/08\/geschichte_rvb19_sz07_04.jpg 1680w\" sizes=\"auto, (max-width: 1024px) 100vw, 1024px\" \/><\/a>\n\t\t\t<\/dt>\n\t\t\t\t<dd class='wp-caption-text gallery-caption' id='gallery-4-12292'>\n\t\t\t\tDie Perspektive wechselt zum Fuss des Astronauten, der die Mondfl\u00e4che ber\u00fchrt: \u00abThat\u2018s one small step for a man, one giant leap for mankind.\u00bb\n\t\t\t\t<\/dd><\/dl><dl class='gallery-item'>\n\t\t\t<dt class='gallery-icon landscape'>\n\t\t\t\t<a href='https:\/\/www.rendezvousbundesplatz.ch\/wp-content\/uploads\/2019\/08\/geschichte_rvb19_sz07_05.jpg'><img loading=\"lazy\" decoding=\"async\" width=\"1024\" height=\"766\" src=\"https:\/\/www.rendezvousbundesplatz.ch\/wp-content\/uploads\/2019\/08\/geschichte_rvb19_sz07_05-1024x766.jpg\" class=\"attachment-large size-large\" alt=\"\" aria-describedby=\"gallery-4-12296\" srcset=\"https:\/\/www.rendezvousbundesplatz.ch\/wp-content\/uploads\/2019\/08\/geschichte_rvb19_sz07_05-1024x766.jpg 1024w, https:\/\/www.rendezvousbundesplatz.ch\/wp-content\/uploads\/2019\/08\/geschichte_rvb19_sz07_05-300x224.jpg 300w, https:\/\/www.rendezvousbundesplatz.ch\/wp-content\/uploads\/2019\/08\/geschichte_rvb19_sz07_05-768x574.jpg 768w, https:\/\/www.rendezvousbundesplatz.ch\/wp-content\/uploads\/2019\/08\/geschichte_rvb19_sz07_05-700x523.jpg 700w, https:\/\/www.rendezvousbundesplatz.ch\/wp-content\/uploads\/2019\/08\/geschichte_rvb19_sz07_05.jpg 1680w\" sizes=\"auto, (max-width: 1024px) 100vw, 1024px\" \/><\/a>\n\t\t\t<\/dt>\n\t\t\t\t<dd class='wp-caption-text gallery-caption' id='gallery-4-12296'>\n\t\t\t\tEs entsteht der erste menschliche Fussabdruck auf dem Mond. \n\t\t\t\t<\/dd><\/dl><br style=\"clear: both\" \/><dl class='gallery-item'>\n\t\t\t<dt class='gallery-icon landscape'>\n\t\t\t\t<a href='https:\/\/www.rendezvousbundesplatz.ch\/wp-content\/uploads\/2019\/08\/geschichte_rvb19_sz07_06.jpg'><img loading=\"lazy\" decoding=\"async\" width=\"1024\" height=\"766\" src=\"https:\/\/www.rendezvousbundesplatz.ch\/wp-content\/uploads\/2019\/08\/geschichte_rvb19_sz07_06-1024x766.jpg\" class=\"attachment-large size-large\" alt=\"\" aria-describedby=\"gallery-4-12302\" srcset=\"https:\/\/www.rendezvousbundesplatz.ch\/wp-content\/uploads\/2019\/08\/geschichte_rvb19_sz07_06-1024x766.jpg 1024w, https:\/\/www.rendezvousbundesplatz.ch\/wp-content\/uploads\/2019\/08\/geschichte_rvb19_sz07_06-300x224.jpg 300w, https:\/\/www.rendezvousbundesplatz.ch\/wp-content\/uploads\/2019\/08\/geschichte_rvb19_sz07_06-768x574.jpg 768w, https:\/\/www.rendezvousbundesplatz.ch\/wp-content\/uploads\/2019\/08\/geschichte_rvb19_sz07_06-700x523.jpg 700w, https:\/\/www.rendezvousbundesplatz.ch\/wp-content\/uploads\/2019\/08\/geschichte_rvb19_sz07_06.jpg 1680w\" sizes=\"auto, (max-width: 1024px) 100vw, 1024px\" \/><\/a>\n\t\t\t<\/dt>\n\t\t\t\t<dd class='wp-caption-text gallery-caption' id='gallery-4-12302'>\n\t\t\t\tNun beginnt die Fahrt \u00fcber die Mondoberfl\u00e4che, vorbei am Sonnenwindsegel. Am Horizont des Mondes erscheint die Erde.\n\t\t\t\t<\/dd><\/dl><dl class='gallery-item'>\n\t\t\t<dt class='gallery-icon landscape'>\n\t\t\t\t<a href='https:\/\/www.rendezvousbundesplatz.ch\/wp-content\/uploads\/2019\/08\/geschichte_rvb19_sz08_01.jpg'><img loading=\"lazy\" decoding=\"async\" width=\"1024\" height=\"766\" src=\"https:\/\/www.rendezvousbundesplatz.ch\/wp-content\/uploads\/2019\/08\/geschichte_rvb19_sz08_01-1024x766.jpg\" class=\"attachment-large size-large\" alt=\"\" aria-describedby=\"gallery-4-12306\" srcset=\"https:\/\/www.rendezvousbundesplatz.ch\/wp-content\/uploads\/2019\/08\/geschichte_rvb19_sz08_01-1024x766.jpg 1024w, https:\/\/www.rendezvousbundesplatz.ch\/wp-content\/uploads\/2019\/08\/geschichte_rvb19_sz08_01-300x224.jpg 300w, https:\/\/www.rendezvousbundesplatz.ch\/wp-content\/uploads\/2019\/08\/geschichte_rvb19_sz08_01-768x574.jpg 768w, https:\/\/www.rendezvousbundesplatz.ch\/wp-content\/uploads\/2019\/08\/geschichte_rvb19_sz08_01-700x523.jpg 700w, https:\/\/www.rendezvousbundesplatz.ch\/wp-content\/uploads\/2019\/08\/geschichte_rvb19_sz08_01.jpg 1680w\" sizes=\"auto, (max-width: 1024px) 100vw, 1024px\" \/><\/a>\n\t\t\t<\/dt>\n\t\t\t\t<dd class='wp-caption-text gallery-caption' id='gallery-4-12306'>\n\t\t\t\tMit den Worten des Apollo-8-Astronauten William Anders \u00abWe came all this way to explore the moon, and the most important thing is that we discovered the earth\u00bb startet ein Kameraflug vom Mond zur\u00fcck zur Erde \u2013 bis zum Bundesplatz. \n\t\t\t\t<\/dd><\/dl><br style=\"clear: both\" \/><dl class='gallery-item'>\n\t\t\t<dt class='gallery-icon landscape'>\n\t\t\t\t<a href='https:\/\/www.rendezvousbundesplatz.ch\/wp-content\/uploads\/2019\/08\/geschichte_rvb19_sz08_02.jpg'><img loading=\"lazy\" decoding=\"async\" width=\"1024\" height=\"766\" src=\"https:\/\/www.rendezvousbundesplatz.ch\/wp-content\/uploads\/2019\/08\/geschichte_rvb19_sz08_02-1024x766.jpg\" class=\"attachment-large size-large\" alt=\"\" aria-describedby=\"gallery-4-12310\" srcset=\"https:\/\/www.rendezvousbundesplatz.ch\/wp-content\/uploads\/2019\/08\/geschichte_rvb19_sz08_02-1024x766.jpg 1024w, https:\/\/www.rendezvousbundesplatz.ch\/wp-content\/uploads\/2019\/08\/geschichte_rvb19_sz08_02-300x224.jpg 300w, https:\/\/www.rendezvousbundesplatz.ch\/wp-content\/uploads\/2019\/08\/geschichte_rvb19_sz08_02-768x574.jpg 768w, https:\/\/www.rendezvousbundesplatz.ch\/wp-content\/uploads\/2019\/08\/geschichte_rvb19_sz08_02-700x523.jpg 700w, https:\/\/www.rendezvousbundesplatz.ch\/wp-content\/uploads\/2019\/08\/geschichte_rvb19_sz08_02.jpg 1680w\" sizes=\"auto, (max-width: 1024px) 100vw, 1024px\" \/><\/a>\n\t\t\t<\/dt>\n\t\t\t\t<dd class='wp-caption-text gallery-caption' id='gallery-4-12310'>\n\t\t\t\tDie Reise endet auf dem Bundesplatz in Bern. Durch die Fassade des Bundeshauses hindurch wird die Landung der Rettungskapsel im Meer gezeigt, begleitet von einem Rettungshubschrauber.\n\t\t\t\t<\/dd><\/dl><dl class='gallery-item'>\n\t\t\t<dt class='gallery-icon landscape'>\n\t\t\t\t<a href='https:\/\/www.rendezvousbundesplatz.ch\/wp-content\/uploads\/2019\/08\/geschichte_rvb19_sz08_03.jpg'><img loading=\"lazy\" decoding=\"async\" width=\"1024\" height=\"766\" src=\"https:\/\/www.rendezvousbundesplatz.ch\/wp-content\/uploads\/2019\/08\/geschichte_rvb19_sz08_03-1024x766.jpg\" class=\"attachment-large size-large\" alt=\"\" aria-describedby=\"gallery-4-12314\" srcset=\"https:\/\/www.rendezvousbundesplatz.ch\/wp-content\/uploads\/2019\/08\/geschichte_rvb19_sz08_03-1024x766.jpg 1024w, https:\/\/www.rendezvousbundesplatz.ch\/wp-content\/uploads\/2019\/08\/geschichte_rvb19_sz08_03-300x224.jpg 300w, https:\/\/www.rendezvousbundesplatz.ch\/wp-content\/uploads\/2019\/08\/geschichte_rvb19_sz08_03-768x574.jpg 768w, https:\/\/www.rendezvousbundesplatz.ch\/wp-content\/uploads\/2019\/08\/geschichte_rvb19_sz08_03-700x523.jpg 700w, https:\/\/www.rendezvousbundesplatz.ch\/wp-content\/uploads\/2019\/08\/geschichte_rvb19_sz08_03.jpg 1680w\" sizes=\"auto, (max-width: 1024px) 100vw, 1024px\" \/><\/a>\n\t\t\t<\/dt>\n\t\t\t\t<dd class='wp-caption-text gallery-caption' id='gallery-4-12314'>\n\t\t\t\tDer Aufschlag der Kapsel hinterl\u00e4sst Wasserspritzer. Eine Glasscheibe beschl\u00e4gt und bildet Wassertropfen. \n\t\t\t\t<\/dd><\/dl><br style=\"clear: both\" \/><dl class='gallery-item'>\n\t\t\t<dt class='gallery-icon landscape'>\n\t\t\t\t<a href='https:\/\/www.rendezvousbundesplatz.ch\/wp-content\/uploads\/2019\/08\/geschichte_rvb19_sz08_04.jpg'><img loading=\"lazy\" decoding=\"async\" width=\"1024\" height=\"766\" src=\"https:\/\/www.rendezvousbundesplatz.ch\/wp-content\/uploads\/2019\/08\/geschichte_rvb19_sz08_04-1024x766.jpg\" class=\"attachment-large size-large\" alt=\"\" aria-describedby=\"gallery-4-12318\" srcset=\"https:\/\/www.rendezvousbundesplatz.ch\/wp-content\/uploads\/2019\/08\/geschichte_rvb19_sz08_04-1024x766.jpg 1024w, https:\/\/www.rendezvousbundesplatz.ch\/wp-content\/uploads\/2019\/08\/geschichte_rvb19_sz08_04-300x224.jpg 300w, https:\/\/www.rendezvousbundesplatz.ch\/wp-content\/uploads\/2019\/08\/geschichte_rvb19_sz08_04-768x574.jpg 768w, https:\/\/www.rendezvousbundesplatz.ch\/wp-content\/uploads\/2019\/08\/geschichte_rvb19_sz08_04-700x523.jpg 700w, https:\/\/www.rendezvousbundesplatz.ch\/wp-content\/uploads\/2019\/08\/geschichte_rvb19_sz08_04.jpg 1680w\" sizes=\"auto, (max-width: 1024px) 100vw, 1024px\" \/><\/a>\n\t\t\t<\/dt>\n\t\t\t\t<dd class='wp-caption-text gallery-caption' id='gallery-4-12318'>\n\t\t\t\tDrei H\u00e4nde zeichnen von hinten Umrisse von Astronauten und wischen das Visier der gezeichneten Astronautenhelme frei. Die fr\u00f6hlichen Gesichter von Armstrong, Aldrin und Collins werden sichtbar. \n\t\t\t\t<\/dd><\/dl><dl class='gallery-item'>\n\t\t\t<dt class='gallery-icon landscape'>\n\t\t\t\t<a href='https:\/\/www.rendezvousbundesplatz.ch\/wp-content\/uploads\/2019\/08\/geschichte_rvb19_sz08_05.jpg'><img loading=\"lazy\" decoding=\"async\" width=\"1024\" height=\"766\" src=\"https:\/\/www.rendezvousbundesplatz.ch\/wp-content\/uploads\/2019\/08\/geschichte_rvb19_sz08_05-1024x766.jpg\" class=\"attachment-large size-large\" alt=\"\" aria-describedby=\"gallery-4-12322\" srcset=\"https:\/\/www.rendezvousbundesplatz.ch\/wp-content\/uploads\/2019\/08\/geschichte_rvb19_sz08_05-1024x766.jpg 1024w, https:\/\/www.rendezvousbundesplatz.ch\/wp-content\/uploads\/2019\/08\/geschichte_rvb19_sz08_05-300x224.jpg 300w, https:\/\/www.rendezvousbundesplatz.ch\/wp-content\/uploads\/2019\/08\/geschichte_rvb19_sz08_05-768x574.jpg 768w, https:\/\/www.rendezvousbundesplatz.ch\/wp-content\/uploads\/2019\/08\/geschichte_rvb19_sz08_05-700x523.jpg 700w, https:\/\/www.rendezvousbundesplatz.ch\/wp-content\/uploads\/2019\/08\/geschichte_rvb19_sz08_05.jpg 1680w\" sizes=\"auto, (max-width: 1024px) 100vw, 1024px\" \/><\/a>\n\t\t\t<\/dt>\n\t\t\t\t<dd class='wp-caption-text gallery-caption' id='gallery-4-12322'>\n\t\t\t\tEin Rettungsschirm der Kapsel verh\u00fcllt das Bundeshaus wie ein \u00fcberdimensionaler Vorhang. Er gleitet vom Bundeshaus herab \u2013 und das Geb\u00e4ude verneigt sich vor dem Publikum. \n\t\t\t\t<\/dd><\/dl><br style=\"clear: both\" \/>\n\t\t<\/div>\n\n<p>[\/vc_column_text][vc_column_text el_class=&#8221;gallery_mobile&#8221;]<\/p>\n\n\t\t<style type=\"text\/css\">\n\t\t\t#gallery-6 {\n\t\t\t\tmargin: auto;\n\t\t\t}\n\t\t\t#gallery-6 .gallery-item {\n\t\t\t\tfloat: left;\n\t\t\t\tmargin-top: 10px;\n\t\t\t\ttext-align: center;\n\t\t\t\twidth: 100%;\n\t\t\t}\n\t\t\t#gallery-6 img {\n\t\t\t\tborder: 2px solid #cfcfcf;\n\t\t\t}\n\t\t\t#gallery-6 .gallery-caption {\n\t\t\t\tmargin-left: 0;\n\t\t\t}\n\t\t\t\/* see gallery_shortcode() in wp-includes\/media.php *\/\n\t\t<\/style>\n\t\t<div id='gallery-6' class='gallery galleryid-12537 gallery-columns-1 gallery-size-large'><dl class='gallery-item'>\n\t\t\t<dt class='gallery-icon landscape'>\n\t\t\t\t<a href='https:\/\/www.rendezvousbundesplatz.ch\/wp-content\/uploads\/2019\/08\/geschichte_rvb19_sz01_01.jpg'><img loading=\"lazy\" decoding=\"async\" width=\"1024\" height=\"766\" src=\"https:\/\/www.rendezvousbundesplatz.ch\/wp-content\/uploads\/2019\/08\/geschichte_rvb19_sz01_01-1024x766.jpg\" class=\"attachment-large size-large\" alt=\"\" aria-describedby=\"gallery-6-12228\" srcset=\"https:\/\/www.rendezvousbundesplatz.ch\/wp-content\/uploads\/2019\/08\/geschichte_rvb19_sz01_01-1024x766.jpg 1024w, https:\/\/www.rendezvousbundesplatz.ch\/wp-content\/uploads\/2019\/08\/geschichte_rvb19_sz01_01-300x224.jpg 300w, https:\/\/www.rendezvousbundesplatz.ch\/wp-content\/uploads\/2019\/08\/geschichte_rvb19_sz01_01-768x574.jpg 768w, https:\/\/www.rendezvousbundesplatz.ch\/wp-content\/uploads\/2019\/08\/geschichte_rvb19_sz01_01-700x523.jpg 700w, https:\/\/www.rendezvousbundesplatz.ch\/wp-content\/uploads\/2019\/08\/geschichte_rvb19_sz01_01.jpg 1680w\" sizes=\"auto, (max-width: 1024px) 100vw, 1024px\" \/><\/a>\n\t\t\t<\/dt>\n\t\t\t\t<dd class='wp-caption-text gallery-caption' id='gallery-6-12228'>\n\t\t\t\tSeit Tausenden von Jahren widmet sich der Mensch dem Universum, seiner Entstehung und der Erforschung der Himmelsk\u00f6rper. it\n\t\t\t\t<\/dd><\/dl><br style=\"clear: both\" \/><dl class='gallery-item'>\n\t\t\t<dt class='gallery-icon landscape'>\n\t\t\t\t<a href='https:\/\/www.rendezvousbundesplatz.ch\/wp-content\/uploads\/2019\/08\/geschichte_rvb19_sz01_02.jpg'><img loading=\"lazy\" decoding=\"async\" width=\"1024\" height=\"766\" src=\"https:\/\/www.rendezvousbundesplatz.ch\/wp-content\/uploads\/2019\/08\/geschichte_rvb19_sz01_02-1024x766.jpg\" class=\"attachment-large size-large\" alt=\"\" aria-describedby=\"gallery-6-12232\" srcset=\"https:\/\/www.rendezvousbundesplatz.ch\/wp-content\/uploads\/2019\/08\/geschichte_rvb19_sz01_02-1024x766.jpg 1024w, https:\/\/www.rendezvousbundesplatz.ch\/wp-content\/uploads\/2019\/08\/geschichte_rvb19_sz01_02-300x224.jpg 300w, https:\/\/www.rendezvousbundesplatz.ch\/wp-content\/uploads\/2019\/08\/geschichte_rvb19_sz01_02-768x574.jpg 768w, https:\/\/www.rendezvousbundesplatz.ch\/wp-content\/uploads\/2019\/08\/geschichte_rvb19_sz01_02-700x523.jpg 700w, https:\/\/www.rendezvousbundesplatz.ch\/wp-content\/uploads\/2019\/08\/geschichte_rvb19_sz01_02.jpg 1680w\" sizes=\"auto, (max-width: 1024px) 100vw, 1024px\" \/><\/a>\n\t\t\t<\/dt>\n\t\t\t\t<dd class='wp-caption-text gallery-caption' id='gallery-6-12232'>\n\t\t\t\tDie Armillarsph\u00e4re, auch Weltmaschine genannt, diente dazu, die Bewegungen der Himmelsk\u00f6rper darzustellen. \n\t\t\t\t<\/dd><\/dl><br style=\"clear: both\" \/><dl class='gallery-item'>\n\t\t\t<dt class='gallery-icon landscape'>\n\t\t\t\t<a href='https:\/\/www.rendezvousbundesplatz.ch\/wp-content\/uploads\/2019\/08\/geschichte_rvb19_sz01_03.jpg'><img loading=\"lazy\" decoding=\"async\" width=\"1024\" height=\"766\" src=\"https:\/\/www.rendezvousbundesplatz.ch\/wp-content\/uploads\/2019\/08\/geschichte_rvb19_sz01_03-1024x766.jpg\" class=\"attachment-large size-large\" alt=\"\" aria-describedby=\"gallery-6-12236\" srcset=\"https:\/\/www.rendezvousbundesplatz.ch\/wp-content\/uploads\/2019\/08\/geschichte_rvb19_sz01_03-1024x766.jpg 1024w, https:\/\/www.rendezvousbundesplatz.ch\/wp-content\/uploads\/2019\/08\/geschichte_rvb19_sz01_03-300x224.jpg 300w, https:\/\/www.rendezvousbundesplatz.ch\/wp-content\/uploads\/2019\/08\/geschichte_rvb19_sz01_03-768x574.jpg 768w, https:\/\/www.rendezvousbundesplatz.ch\/wp-content\/uploads\/2019\/08\/geschichte_rvb19_sz01_03-700x523.jpg 700w, https:\/\/www.rendezvousbundesplatz.ch\/wp-content\/uploads\/2019\/08\/geschichte_rvb19_sz01_03.jpg 1680w\" sizes=\"auto, (max-width: 1024px) 100vw, 1024px\" \/><\/a>\n\t\t\t<\/dt>\n\t\t\t\t<dd class='wp-caption-text gallery-caption' id='gallery-6-12236'>\n\t\t\t\tDas Bundeshaus verwandelt sich in ein historisches Filmtheater: Gezeigt werden Visionen von Mondlandungen aus dem 20. Jahrhundert. Kurze Ausschnitte aus dem Film \u00bbLe voyage dans la lune\u00bb (1902) von Georges M\u00e9li\u00e8s, inspiriert von Jules Verne und H.G. Wells. \n\t\t\t\t<\/dd><\/dl><br style=\"clear: both\" \/><dl class='gallery-item'>\n\t\t\t<dt class='gallery-icon landscape'>\n\t\t\t\t<a href='https:\/\/www.rendezvousbundesplatz.ch\/wp-content\/uploads\/2019\/08\/geschichte_rvb19_sz01_04.jpg'><img loading=\"lazy\" decoding=\"async\" width=\"1024\" height=\"766\" src=\"https:\/\/www.rendezvousbundesplatz.ch\/wp-content\/uploads\/2019\/08\/geschichte_rvb19_sz01_04-1024x766.jpg\" class=\"attachment-large size-large\" alt=\"\" aria-describedby=\"gallery-6-12240\" srcset=\"https:\/\/www.rendezvousbundesplatz.ch\/wp-content\/uploads\/2019\/08\/geschichte_rvb19_sz01_04-1024x766.jpg 1024w, https:\/\/www.rendezvousbundesplatz.ch\/wp-content\/uploads\/2019\/08\/geschichte_rvb19_sz01_04-300x224.jpg 300w, https:\/\/www.rendezvousbundesplatz.ch\/wp-content\/uploads\/2019\/08\/geschichte_rvb19_sz01_04-768x574.jpg 768w, https:\/\/www.rendezvousbundesplatz.ch\/wp-content\/uploads\/2019\/08\/geschichte_rvb19_sz01_04-700x523.jpg 700w, https:\/\/www.rendezvousbundesplatz.ch\/wp-content\/uploads\/2019\/08\/geschichte_rvb19_sz01_04.jpg 1680w\" sizes=\"auto, (max-width: 1024px) 100vw, 1024px\" \/><\/a>\n\t\t\t<\/dt>\n\t\t\t\t<dd class='wp-caption-text gallery-caption' id='gallery-6-12240'>\n\t\t\t\tAuch \u00abTim und Struppi\u00bb d\u00fcrfen nicht fehlen \u2013 mit einem Ausschnitt aus dem Band \u00abSchritte auf dem Mond\u00bb (1954). \n\t\t\t\t<\/dd><\/dl><br style=\"clear: both\" \/><dl class='gallery-item'>\n\t\t\t<dt class='gallery-icon landscape'>\n\t\t\t\t<a href='https:\/\/www.rendezvousbundesplatz.ch\/wp-content\/uploads\/2019\/08\/geschichte_rvb19_sz02_01.jpg'><img loading=\"lazy\" decoding=\"async\" width=\"1024\" height=\"766\" src=\"https:\/\/www.rendezvousbundesplatz.ch\/wp-content\/uploads\/2019\/08\/geschichte_rvb19_sz02_01-1024x766.jpg\" class=\"attachment-large size-large\" alt=\"\" aria-describedby=\"gallery-6-12244\" srcset=\"https:\/\/www.rendezvousbundesplatz.ch\/wp-content\/uploads\/2019\/08\/geschichte_rvb19_sz02_01-1024x766.jpg 1024w, https:\/\/www.rendezvousbundesplatz.ch\/wp-content\/uploads\/2019\/08\/geschichte_rvb19_sz02_01-300x224.jpg 300w, https:\/\/www.rendezvousbundesplatz.ch\/wp-content\/uploads\/2019\/08\/geschichte_rvb19_sz02_01-768x574.jpg 768w, https:\/\/www.rendezvousbundesplatz.ch\/wp-content\/uploads\/2019\/08\/geschichte_rvb19_sz02_01-700x523.jpg 700w, https:\/\/www.rendezvousbundesplatz.ch\/wp-content\/uploads\/2019\/08\/geschichte_rvb19_sz02_01.jpg 1680w\" sizes=\"auto, (max-width: 1024px) 100vw, 1024px\" \/><\/a>\n\t\t\t<\/dt>\n\t\t\t\t<dd class='wp-caption-text gallery-caption' id='gallery-6-12244'>\n\t\t\t\tEine Kamera entsteht, die die geplante Fahrt auf den Mond dokumentieren soll. In ihrer Linse spiegelt sich bereits das Ziel der Mission: der Mond. \n\t\t\t\t<\/dd><\/dl><br style=\"clear: both\" \/><dl class='gallery-item'>\n\t\t\t<dt class='gallery-icon landscape'>\n\t\t\t\t<a href='https:\/\/www.rendezvousbundesplatz.ch\/wp-content\/uploads\/2019\/08\/geschichte_rvb19_sz03_01.jpg'><img loading=\"lazy\" decoding=\"async\" width=\"1024\" height=\"766\" src=\"https:\/\/www.rendezvousbundesplatz.ch\/wp-content\/uploads\/2019\/08\/geschichte_rvb19_sz03_01-1024x766.jpg\" class=\"attachment-large size-large\" alt=\"\" aria-describedby=\"gallery-6-12248\" srcset=\"https:\/\/www.rendezvousbundesplatz.ch\/wp-content\/uploads\/2019\/08\/geschichte_rvb19_sz03_01-1024x766.jpg 1024w, https:\/\/www.rendezvousbundesplatz.ch\/wp-content\/uploads\/2019\/08\/geschichte_rvb19_sz03_01-300x224.jpg 300w, https:\/\/www.rendezvousbundesplatz.ch\/wp-content\/uploads\/2019\/08\/geschichte_rvb19_sz03_01-768x574.jpg 768w, https:\/\/www.rendezvousbundesplatz.ch\/wp-content\/uploads\/2019\/08\/geschichte_rvb19_sz03_01-700x523.jpg 700w, https:\/\/www.rendezvousbundesplatz.ch\/wp-content\/uploads\/2019\/08\/geschichte_rvb19_sz03_01.jpg 1680w\" sizes=\"auto, (max-width: 1024px) 100vw, 1024px\" \/><\/a>\n\t\t\t<\/dt>\n\t\t\t\t<dd class='wp-caption-text gallery-caption' id='gallery-6-12248'>\n\t\t\t\tIn riesigen Lagerhallen wird an allem gearbeitet, das die Mondfahrt erm\u00f6glichen soll. Dazu geh\u00f6rt auch das in Bern entwickelte Sonnenwindsegel, das als einziges Nicht-US-Experiment bei der Mondlandung dabei war. \n\t\t\t\t<\/dd><\/dl><br style=\"clear: both\" \/><dl class='gallery-item'>\n\t\t\t<dt class='gallery-icon landscape'>\n\t\t\t\t<a href='https:\/\/www.rendezvousbundesplatz.ch\/wp-content\/uploads\/2019\/08\/geschichte_rvb19_sz03_02.jpg'><img loading=\"lazy\" decoding=\"async\" width=\"1024\" height=\"766\" src=\"https:\/\/www.rendezvousbundesplatz.ch\/wp-content\/uploads\/2019\/08\/geschichte_rvb19_sz03_02-1024x766.jpg\" class=\"attachment-large size-large\" alt=\"\" aria-describedby=\"gallery-6-12252\" srcset=\"https:\/\/www.rendezvousbundesplatz.ch\/wp-content\/uploads\/2019\/08\/geschichte_rvb19_sz03_02-1024x766.jpg 1024w, https:\/\/www.rendezvousbundesplatz.ch\/wp-content\/uploads\/2019\/08\/geschichte_rvb19_sz03_02-300x224.jpg 300w, https:\/\/www.rendezvousbundesplatz.ch\/wp-content\/uploads\/2019\/08\/geschichte_rvb19_sz03_02-768x574.jpg 768w, https:\/\/www.rendezvousbundesplatz.ch\/wp-content\/uploads\/2019\/08\/geschichte_rvb19_sz03_02-700x523.jpg 700w, https:\/\/www.rendezvousbundesplatz.ch\/wp-content\/uploads\/2019\/08\/geschichte_rvb19_sz03_02.jpg 1680w\" sizes=\"auto, (max-width: 1024px) 100vw, 1024px\" \/><\/a>\n\t\t\t<\/dt>\n\t\t\t\t<dd class='wp-caption-text gallery-caption' id='gallery-6-12252'>\n\t\t\t\tDas Sonnenwindsegel \u00fcberzieht die gesamte Fassade des Bundeshauses. \n\t\t\t\t<\/dd><\/dl><br style=\"clear: both\" \/><dl class='gallery-item'>\n\t\t\t<dt class='gallery-icon landscape'>\n\t\t\t\t<a href='https:\/\/www.rendezvousbundesplatz.ch\/wp-content\/uploads\/2019\/08\/geschichte_rvb19_sz03_03.jpg'><img loading=\"lazy\" decoding=\"async\" width=\"1024\" height=\"766\" src=\"https:\/\/www.rendezvousbundesplatz.ch\/wp-content\/uploads\/2019\/08\/geschichte_rvb19_sz03_03-1024x766.jpg\" class=\"attachment-large size-large\" alt=\"\" aria-describedby=\"gallery-6-12256\" srcset=\"https:\/\/www.rendezvousbundesplatz.ch\/wp-content\/uploads\/2019\/08\/geschichte_rvb19_sz03_03-1024x766.jpg 1024w, https:\/\/www.rendezvousbundesplatz.ch\/wp-content\/uploads\/2019\/08\/geschichte_rvb19_sz03_03-300x224.jpg 300w, https:\/\/www.rendezvousbundesplatz.ch\/wp-content\/uploads\/2019\/08\/geschichte_rvb19_sz03_03-768x574.jpg 768w, https:\/\/www.rendezvousbundesplatz.ch\/wp-content\/uploads\/2019\/08\/geschichte_rvb19_sz03_03-700x523.jpg 700w, https:\/\/www.rendezvousbundesplatz.ch\/wp-content\/uploads\/2019\/08\/geschichte_rvb19_sz03_03.jpg 1680w\" sizes=\"auto, (max-width: 1024px) 100vw, 1024px\" \/><\/a>\n\t\t\t<\/dt>\n\t\t\t\t<dd class='wp-caption-text gallery-caption' id='gallery-6-12256'>\n\t\t\t\tZeitgleich bereiten sich auch die Astronauten auf die Mission vor. Um Schwerelosigkeit zu simulieren, findet ein Teil der Ausbildung unter Wasser statt. \n\t\t\t\t<\/dd><\/dl><br style=\"clear: both\" \/><dl class='gallery-item'>\n\t\t\t<dt class='gallery-icon landscape'>\n\t\t\t\t<a href='https:\/\/www.rendezvousbundesplatz.ch\/wp-content\/uploads\/2019\/08\/geschichte_rvb19_sz04_01.jpg'><img loading=\"lazy\" decoding=\"async\" width=\"1024\" height=\"766\" src=\"https:\/\/www.rendezvousbundesplatz.ch\/wp-content\/uploads\/2019\/08\/geschichte_rvb19_sz04_01-1024x766.jpg\" class=\"attachment-large size-large\" alt=\"\" aria-describedby=\"gallery-6-12260\" srcset=\"https:\/\/www.rendezvousbundesplatz.ch\/wp-content\/uploads\/2019\/08\/geschichte_rvb19_sz04_01-1024x766.jpg 1024w, https:\/\/www.rendezvousbundesplatz.ch\/wp-content\/uploads\/2019\/08\/geschichte_rvb19_sz04_01-300x224.jpg 300w, https:\/\/www.rendezvousbundesplatz.ch\/wp-content\/uploads\/2019\/08\/geschichte_rvb19_sz04_01-768x574.jpg 768w, https:\/\/www.rendezvousbundesplatz.ch\/wp-content\/uploads\/2019\/08\/geschichte_rvb19_sz04_01-700x523.jpg 700w, https:\/\/www.rendezvousbundesplatz.ch\/wp-content\/uploads\/2019\/08\/geschichte_rvb19_sz04_01.jpg 1680w\" sizes=\"auto, (max-width: 1024px) 100vw, 1024px\" \/><\/a>\n\t\t\t<\/dt>\n\t\t\t\t<dd class='wp-caption-text gallery-caption' id='gallery-6-12260'>\n\t\t\t\tDer Vergleich mit dem Berner M\u00fcnster soll die gigantischen Ausmasse der Rakete von \u00fcber 100 Metern veranschaulichen. \n\t\t\t\t<\/dd><\/dl><br style=\"clear: both\" \/><dl class='gallery-item'>\n\t\t\t<dt class='gallery-icon landscape'>\n\t\t\t\t<a href='https:\/\/www.rendezvousbundesplatz.ch\/wp-content\/uploads\/2019\/08\/geschichte_rvb19_sz04_02.jpg'><img loading=\"lazy\" decoding=\"async\" width=\"1024\" height=\"766\" src=\"https:\/\/www.rendezvousbundesplatz.ch\/wp-content\/uploads\/2019\/08\/geschichte_rvb19_sz04_02-1024x766.jpg\" class=\"attachment-large size-large\" alt=\"\" aria-describedby=\"gallery-6-12264\" srcset=\"https:\/\/www.rendezvousbundesplatz.ch\/wp-content\/uploads\/2019\/08\/geschichte_rvb19_sz04_02-1024x766.jpg 1024w, https:\/\/www.rendezvousbundesplatz.ch\/wp-content\/uploads\/2019\/08\/geschichte_rvb19_sz04_02-300x224.jpg 300w, https:\/\/www.rendezvousbundesplatz.ch\/wp-content\/uploads\/2019\/08\/geschichte_rvb19_sz04_02-768x574.jpg 768w, https:\/\/www.rendezvousbundesplatz.ch\/wp-content\/uploads\/2019\/08\/geschichte_rvb19_sz04_02-700x523.jpg 700w, https:\/\/www.rendezvousbundesplatz.ch\/wp-content\/uploads\/2019\/08\/geschichte_rvb19_sz04_02.jpg 1680w\" sizes=\"auto, (max-width: 1024px) 100vw, 1024px\" \/><\/a>\n\t\t\t<\/dt>\n\t\t\t\t<dd class='wp-caption-text gallery-caption' id='gallery-6-12264'>\n\t\t\t\tDas Bundeshaus verwandelt sich in eine Startrampe. Nach einem Countdown beginnt die Rakete ihren Weg ins Weltall. \n\t\t\t\t<\/dd><\/dl><br style=\"clear: both\" \/><dl class='gallery-item'>\n\t\t\t<dt class='gallery-icon landscape'>\n\t\t\t\t<a href='https:\/\/www.rendezvousbundesplatz.ch\/wp-content\/uploads\/2019\/08\/geschichte_rvb19_sz05_01.jpg'><img loading=\"lazy\" decoding=\"async\" width=\"1024\" height=\"766\" src=\"https:\/\/www.rendezvousbundesplatz.ch\/wp-content\/uploads\/2019\/08\/geschichte_rvb19_sz05_01-1024x766.jpg\" class=\"attachment-large size-large\" alt=\"\" aria-describedby=\"gallery-6-12268\" srcset=\"https:\/\/www.rendezvousbundesplatz.ch\/wp-content\/uploads\/2019\/08\/geschichte_rvb19_sz05_01-1024x766.jpg 1024w, https:\/\/www.rendezvousbundesplatz.ch\/wp-content\/uploads\/2019\/08\/geschichte_rvb19_sz05_01-300x224.jpg 300w, https:\/\/www.rendezvousbundesplatz.ch\/wp-content\/uploads\/2019\/08\/geschichte_rvb19_sz05_01-768x574.jpg 768w, https:\/\/www.rendezvousbundesplatz.ch\/wp-content\/uploads\/2019\/08\/geschichte_rvb19_sz05_01-700x523.jpg 700w, https:\/\/www.rendezvousbundesplatz.ch\/wp-content\/uploads\/2019\/08\/geschichte_rvb19_sz05_01.jpg 1680w\" sizes=\"auto, (max-width: 1024px) 100vw, 1024px\" \/><\/a>\n\t\t\t<\/dt>\n\t\t\t\t<dd class='wp-caption-text gallery-caption' id='gallery-6-12268'>\n\t\t\t\tDas Bundeshaus l\u00f6st sich auf, seine Geb\u00e4udeteile fangen an zu schweben. Dahinter erscheint das Weltall, und die Erde kommt zum Vorschein. Die Geb\u00e4udeteile gleiten ins Weltall. \n\t\t\t\t<\/dd><\/dl><br style=\"clear: both\" \/><dl class='gallery-item'>\n\t\t\t<dt class='gallery-icon landscape'>\n\t\t\t\t<a href='https:\/\/www.rendezvousbundesplatz.ch\/wp-content\/uploads\/2019\/08\/geschichte_rvb19_sz05_02.jpg'><img loading=\"lazy\" decoding=\"async\" width=\"1024\" height=\"766\" src=\"https:\/\/www.rendezvousbundesplatz.ch\/wp-content\/uploads\/2019\/08\/geschichte_rvb19_sz05_02-1024x766.jpg\" class=\"attachment-large size-large\" alt=\"\" aria-describedby=\"gallery-6-12272\" srcset=\"https:\/\/www.rendezvousbundesplatz.ch\/wp-content\/uploads\/2019\/08\/geschichte_rvb19_sz05_02-1024x766.jpg 1024w, https:\/\/www.rendezvousbundesplatz.ch\/wp-content\/uploads\/2019\/08\/geschichte_rvb19_sz05_02-300x224.jpg 300w, https:\/\/www.rendezvousbundesplatz.ch\/wp-content\/uploads\/2019\/08\/geschichte_rvb19_sz05_02-768x574.jpg 768w, https:\/\/www.rendezvousbundesplatz.ch\/wp-content\/uploads\/2019\/08\/geschichte_rvb19_sz05_02-700x523.jpg 700w, https:\/\/www.rendezvousbundesplatz.ch\/wp-content\/uploads\/2019\/08\/geschichte_rvb19_sz05_02.jpg 1680w\" sizes=\"auto, (max-width: 1024px) 100vw, 1024px\" \/><\/a>\n\t\t\t<\/dt>\n\t\t\t\t<dd class='wp-caption-text gallery-caption' id='gallery-6-12272'>\n\t\t\t\tBei seinem Weltraumausflug schwebt ein Astronaut auf das Publikum zu, winkt und l\u00e4dt es ein, ihn auf seiner Mission zum Mond zu begleiten.\n\t\t\t\t<\/dd><\/dl><br style=\"clear: both\" \/><dl class='gallery-item'>\n\t\t\t<dt class='gallery-icon landscape'>\n\t\t\t\t<a href='https:\/\/www.rendezvousbundesplatz.ch\/wp-content\/uploads\/2019\/08\/geschichte_rvb19_sz06_01.jpg'><img loading=\"lazy\" decoding=\"async\" width=\"1024\" height=\"766\" src=\"https:\/\/www.rendezvousbundesplatz.ch\/wp-content\/uploads\/2019\/08\/geschichte_rvb19_sz06_01-1024x766.jpg\" class=\"attachment-large size-large\" alt=\"\" aria-describedby=\"gallery-6-12276\" srcset=\"https:\/\/www.rendezvousbundesplatz.ch\/wp-content\/uploads\/2019\/08\/geschichte_rvb19_sz06_01-1024x766.jpg 1024w, https:\/\/www.rendezvousbundesplatz.ch\/wp-content\/uploads\/2019\/08\/geschichte_rvb19_sz06_01-300x224.jpg 300w, https:\/\/www.rendezvousbundesplatz.ch\/wp-content\/uploads\/2019\/08\/geschichte_rvb19_sz06_01-768x574.jpg 768w, https:\/\/www.rendezvousbundesplatz.ch\/wp-content\/uploads\/2019\/08\/geschichte_rvb19_sz06_01-700x523.jpg 700w, https:\/\/www.rendezvousbundesplatz.ch\/wp-content\/uploads\/2019\/08\/geschichte_rvb19_sz06_01.jpg 1680w\" sizes=\"auto, (max-width: 1024px) 100vw, 1024px\" \/><\/a>\n\t\t\t<\/dt>\n\t\t\t\t<dd class='wp-caption-text gallery-caption' id='gallery-6-12276'>\n\t\t\t\tAuch die dunkle Seite des Mondes wird erforscht. Ber\u00fchmt ist der Funkspruch: \u00abWe\u00b4ll see you on the other side.\u00bb Auf der dunklen Seite des Mondes erscheint ein Zifferblatt; seine Zeiger stellen im Zeitraffer die exakte Dauer und Uhrzeit der ersten Mondumrundung dar. \n\t\t\t\t<\/dd><\/dl><br style=\"clear: both\" \/><dl class='gallery-item'>\n\t\t\t<dt class='gallery-icon landscape'>\n\t\t\t\t<a href='https:\/\/www.rendezvousbundesplatz.ch\/wp-content\/uploads\/2019\/08\/geschichte_rvb19_sz07_01.jpg'><img loading=\"lazy\" decoding=\"async\" width=\"1024\" height=\"766\" src=\"https:\/\/www.rendezvousbundesplatz.ch\/wp-content\/uploads\/2019\/08\/geschichte_rvb19_sz07_01-1024x766.jpg\" class=\"attachment-large size-large\" alt=\"\" aria-describedby=\"gallery-6-12280\" srcset=\"https:\/\/www.rendezvousbundesplatz.ch\/wp-content\/uploads\/2019\/08\/geschichte_rvb19_sz07_01-1024x766.jpg 1024w, https:\/\/www.rendezvousbundesplatz.ch\/wp-content\/uploads\/2019\/08\/geschichte_rvb19_sz07_01-300x224.jpg 300w, https:\/\/www.rendezvousbundesplatz.ch\/wp-content\/uploads\/2019\/08\/geschichte_rvb19_sz07_01-768x574.jpg 768w, https:\/\/www.rendezvousbundesplatz.ch\/wp-content\/uploads\/2019\/08\/geschichte_rvb19_sz07_01-700x523.jpg 700w, https:\/\/www.rendezvousbundesplatz.ch\/wp-content\/uploads\/2019\/08\/geschichte_rvb19_sz07_01.jpg 1680w\" sizes=\"auto, (max-width: 1024px) 100vw, 1024px\" \/><\/a>\n\t\t\t<\/dt>\n\t\t\t\t<dd class='wp-caption-text gallery-caption' id='gallery-6-12280'>\n\t\t\t\tEs folgt der Anflug auf das Apollo-11-Kommandomodul mit dem Landemodul Eagle. Das Abkoppeln der Landef\u00e4hre wird aus Sicht der Kommandokapsel gezeigt. \n\t\t\t\t<\/dd><\/dl><br style=\"clear: both\" \/><dl class='gallery-item'>\n\t\t\t<dt class='gallery-icon landscape'>\n\t\t\t\t<a href='https:\/\/www.rendezvousbundesplatz.ch\/wp-content\/uploads\/2019\/08\/geschichte_rvb19_sz07_02.jpg'><img loading=\"lazy\" decoding=\"async\" width=\"1024\" height=\"766\" src=\"https:\/\/www.rendezvousbundesplatz.ch\/wp-content\/uploads\/2019\/08\/geschichte_rvb19_sz07_02-1024x766.jpg\" class=\"attachment-large size-large\" alt=\"\" aria-describedby=\"gallery-6-12284\" srcset=\"https:\/\/www.rendezvousbundesplatz.ch\/wp-content\/uploads\/2019\/08\/geschichte_rvb19_sz07_02-1024x766.jpg 1024w, https:\/\/www.rendezvousbundesplatz.ch\/wp-content\/uploads\/2019\/08\/geschichte_rvb19_sz07_02-300x224.jpg 300w, https:\/\/www.rendezvousbundesplatz.ch\/wp-content\/uploads\/2019\/08\/geschichte_rvb19_sz07_02-768x574.jpg 768w, https:\/\/www.rendezvousbundesplatz.ch\/wp-content\/uploads\/2019\/08\/geschichte_rvb19_sz07_02-700x523.jpg 700w, https:\/\/www.rendezvousbundesplatz.ch\/wp-content\/uploads\/2019\/08\/geschichte_rvb19_sz07_02.jpg 1680w\" sizes=\"auto, (max-width: 1024px) 100vw, 1024px\" \/><\/a>\n\t\t\t<\/dt>\n\t\t\t\t<dd class='wp-caption-text gallery-caption' id='gallery-6-12284'>\n\t\t\t\tEin perspektivischer Wechsel f\u00fchrt ins Innere des Landemoduls. Von hier aus kann man den Anflug zur Mondoberfl\u00e4che beobachten. Armstrong \u00fcbernimmt die manuelle Steuerung der Eagle. Es folgt der Funkspruch \u00abThe Eagle has landed\u00bb. \n\t\t\t\t<\/dd><\/dl><br style=\"clear: both\" \/><dl class='gallery-item'>\n\t\t\t<dt class='gallery-icon landscape'>\n\t\t\t\t<a href='https:\/\/www.rendezvousbundesplatz.ch\/wp-content\/uploads\/2019\/08\/geschichte_rvb19_sz07_03.jpg'><img loading=\"lazy\" decoding=\"async\" width=\"1024\" height=\"766\" src=\"https:\/\/www.rendezvousbundesplatz.ch\/wp-content\/uploads\/2019\/08\/geschichte_rvb19_sz07_03-1024x766.jpg\" class=\"attachment-large size-large\" alt=\"\" aria-describedby=\"gallery-6-12288\" srcset=\"https:\/\/www.rendezvousbundesplatz.ch\/wp-content\/uploads\/2019\/08\/geschichte_rvb19_sz07_03-1024x766.jpg 1024w, https:\/\/www.rendezvousbundesplatz.ch\/wp-content\/uploads\/2019\/08\/geschichte_rvb19_sz07_03-300x224.jpg 300w, https:\/\/www.rendezvousbundesplatz.ch\/wp-content\/uploads\/2019\/08\/geschichte_rvb19_sz07_03-768x574.jpg 768w, https:\/\/www.rendezvousbundesplatz.ch\/wp-content\/uploads\/2019\/08\/geschichte_rvb19_sz07_03-700x523.jpg 700w, https:\/\/www.rendezvousbundesplatz.ch\/wp-content\/uploads\/2019\/08\/geschichte_rvb19_sz07_03.jpg 1680w\" sizes=\"auto, (max-width: 1024px) 100vw, 1024px\" \/><\/a>\n\t\t\t<\/dt>\n\t\t\t\t<dd class='wp-caption-text gallery-caption' id='gallery-6-12288'>\n\t\t\t\tAus den Seitenfl\u00fcgeln des Bundeshauses werden Fernseht\u00fcrme: Die weltweit ausgestrahlten Bilder des Mondes werden gezeigt. Auf der Mittelfassade erscheint die Ausstiegsseite der Eagle. Armstrong klettert r\u00fcckw\u00e4rts die Leiter hinab, bis sein Fuss den Mittelteil der Fassade abdeckt. \n\t\t\t\t<\/dd><\/dl><br style=\"clear: both\" \/><dl class='gallery-item'>\n\t\t\t<dt class='gallery-icon landscape'>\n\t\t\t\t<a href='https:\/\/www.rendezvousbundesplatz.ch\/wp-content\/uploads\/2019\/08\/geschichte_rvb19_sz07_04.jpg'><img loading=\"lazy\" decoding=\"async\" width=\"1024\" height=\"766\" src=\"https:\/\/www.rendezvousbundesplatz.ch\/wp-content\/uploads\/2019\/08\/geschichte_rvb19_sz07_04-1024x766.jpg\" class=\"attachment-large size-large\" alt=\"\" aria-describedby=\"gallery-6-12292\" srcset=\"https:\/\/www.rendezvousbundesplatz.ch\/wp-content\/uploads\/2019\/08\/geschichte_rvb19_sz07_04-1024x766.jpg 1024w, https:\/\/www.rendezvousbundesplatz.ch\/wp-content\/uploads\/2019\/08\/geschichte_rvb19_sz07_04-300x224.jpg 300w, https:\/\/www.rendezvousbundesplatz.ch\/wp-content\/uploads\/2019\/08\/geschichte_rvb19_sz07_04-768x574.jpg 768w, https:\/\/www.rendezvousbundesplatz.ch\/wp-content\/uploads\/2019\/08\/geschichte_rvb19_sz07_04-700x523.jpg 700w, https:\/\/www.rendezvousbundesplatz.ch\/wp-content\/uploads\/2019\/08\/geschichte_rvb19_sz07_04.jpg 1680w\" sizes=\"auto, (max-width: 1024px) 100vw, 1024px\" \/><\/a>\n\t\t\t<\/dt>\n\t\t\t\t<dd class='wp-caption-text gallery-caption' id='gallery-6-12292'>\n\t\t\t\tDie Perspektive wechselt zum Fuss des Astronauten, der die Mondfl\u00e4che ber\u00fchrt: \u00abThat\u2018s one small step for a man, one giant leap for mankind.\u00bb\n\t\t\t\t<\/dd><\/dl><br style=\"clear: both\" \/><dl class='gallery-item'>\n\t\t\t<dt class='gallery-icon landscape'>\n\t\t\t\t<a href='https:\/\/www.rendezvousbundesplatz.ch\/wp-content\/uploads\/2019\/08\/geschichte_rvb19_sz07_05.jpg'><img loading=\"lazy\" decoding=\"async\" width=\"1024\" height=\"766\" src=\"https:\/\/www.rendezvousbundesplatz.ch\/wp-content\/uploads\/2019\/08\/geschichte_rvb19_sz07_05-1024x766.jpg\" class=\"attachment-large size-large\" alt=\"\" aria-describedby=\"gallery-6-12296\" srcset=\"https:\/\/www.rendezvousbundesplatz.ch\/wp-content\/uploads\/2019\/08\/geschichte_rvb19_sz07_05-1024x766.jpg 1024w, https:\/\/www.rendezvousbundesplatz.ch\/wp-content\/uploads\/2019\/08\/geschichte_rvb19_sz07_05-300x224.jpg 300w, https:\/\/www.rendezvousbundesplatz.ch\/wp-content\/uploads\/2019\/08\/geschichte_rvb19_sz07_05-768x574.jpg 768w, https:\/\/www.rendezvousbundesplatz.ch\/wp-content\/uploads\/2019\/08\/geschichte_rvb19_sz07_05-700x523.jpg 700w, https:\/\/www.rendezvousbundesplatz.ch\/wp-content\/uploads\/2019\/08\/geschichte_rvb19_sz07_05.jpg 1680w\" sizes=\"auto, (max-width: 1024px) 100vw, 1024px\" \/><\/a>\n\t\t\t<\/dt>\n\t\t\t\t<dd class='wp-caption-text gallery-caption' id='gallery-6-12296'>\n\t\t\t\tEs entsteht der erste menschliche Fussabdruck auf dem Mond. \n\t\t\t\t<\/dd><\/dl><br style=\"clear: both\" \/><dl class='gallery-item'>\n\t\t\t<dt class='gallery-icon landscape'>\n\t\t\t\t<a href='https:\/\/www.rendezvousbundesplatz.ch\/wp-content\/uploads\/2019\/08\/geschichte_rvb19_sz07_06.jpg'><img loading=\"lazy\" decoding=\"async\" width=\"1024\" height=\"766\" src=\"https:\/\/www.rendezvousbundesplatz.ch\/wp-content\/uploads\/2019\/08\/geschichte_rvb19_sz07_06-1024x766.jpg\" class=\"attachment-large size-large\" alt=\"\" aria-describedby=\"gallery-6-12302\" srcset=\"https:\/\/www.rendezvousbundesplatz.ch\/wp-content\/uploads\/2019\/08\/geschichte_rvb19_sz07_06-1024x766.jpg 1024w, https:\/\/www.rendezvousbundesplatz.ch\/wp-content\/uploads\/2019\/08\/geschichte_rvb19_sz07_06-300x224.jpg 300w, https:\/\/www.rendezvousbundesplatz.ch\/wp-content\/uploads\/2019\/08\/geschichte_rvb19_sz07_06-768x574.jpg 768w, https:\/\/www.rendezvousbundesplatz.ch\/wp-content\/uploads\/2019\/08\/geschichte_rvb19_sz07_06-700x523.jpg 700w, https:\/\/www.rendezvousbundesplatz.ch\/wp-content\/uploads\/2019\/08\/geschichte_rvb19_sz07_06.jpg 1680w\" sizes=\"auto, (max-width: 1024px) 100vw, 1024px\" \/><\/a>\n\t\t\t<\/dt>\n\t\t\t\t<dd class='wp-caption-text gallery-caption' id='gallery-6-12302'>\n\t\t\t\tNun beginnt die Fahrt \u00fcber die Mondoberfl\u00e4che, vorbei am Sonnenwindsegel. Am Horizont des Mondes erscheint die Erde.\n\t\t\t\t<\/dd><\/dl><br style=\"clear: both\" \/><dl class='gallery-item'>\n\t\t\t<dt class='gallery-icon landscape'>\n\t\t\t\t<a href='https:\/\/www.rendezvousbundesplatz.ch\/wp-content\/uploads\/2019\/08\/geschichte_rvb19_sz08_01.jpg'><img loading=\"lazy\" decoding=\"async\" width=\"1024\" height=\"766\" src=\"https:\/\/www.rendezvousbundesplatz.ch\/wp-content\/uploads\/2019\/08\/geschichte_rvb19_sz08_01-1024x766.jpg\" class=\"attachment-large size-large\" alt=\"\" aria-describedby=\"gallery-6-12306\" srcset=\"https:\/\/www.rendezvousbundesplatz.ch\/wp-content\/uploads\/2019\/08\/geschichte_rvb19_sz08_01-1024x766.jpg 1024w, https:\/\/www.rendezvousbundesplatz.ch\/wp-content\/uploads\/2019\/08\/geschichte_rvb19_sz08_01-300x224.jpg 300w, https:\/\/www.rendezvousbundesplatz.ch\/wp-content\/uploads\/2019\/08\/geschichte_rvb19_sz08_01-768x574.jpg 768w, https:\/\/www.rendezvousbundesplatz.ch\/wp-content\/uploads\/2019\/08\/geschichte_rvb19_sz08_01-700x523.jpg 700w, https:\/\/www.rendezvousbundesplatz.ch\/wp-content\/uploads\/2019\/08\/geschichte_rvb19_sz08_01.jpg 1680w\" sizes=\"auto, (max-width: 1024px) 100vw, 1024px\" \/><\/a>\n\t\t\t<\/dt>\n\t\t\t\t<dd class='wp-caption-text gallery-caption' id='gallery-6-12306'>\n\t\t\t\tMit den Worten des Apollo-8-Astronauten William Anders \u00abWe came all this way to explore the moon, and the most important thing is that we discovered the earth\u00bb startet ein Kameraflug vom Mond zur\u00fcck zur Erde \u2013 bis zum Bundesplatz. \n\t\t\t\t<\/dd><\/dl><br style=\"clear: both\" \/><dl class='gallery-item'>\n\t\t\t<dt class='gallery-icon landscape'>\n\t\t\t\t<a href='https:\/\/www.rendezvousbundesplatz.ch\/wp-content\/uploads\/2019\/08\/geschichte_rvb19_sz08_02.jpg'><img loading=\"lazy\" decoding=\"async\" width=\"1024\" height=\"766\" src=\"https:\/\/www.rendezvousbundesplatz.ch\/wp-content\/uploads\/2019\/08\/geschichte_rvb19_sz08_02-1024x766.jpg\" class=\"attachment-large size-large\" alt=\"\" aria-describedby=\"gallery-6-12310\" srcset=\"https:\/\/www.rendezvousbundesplatz.ch\/wp-content\/uploads\/2019\/08\/geschichte_rvb19_sz08_02-1024x766.jpg 1024w, https:\/\/www.rendezvousbundesplatz.ch\/wp-content\/uploads\/2019\/08\/geschichte_rvb19_sz08_02-300x224.jpg 300w, https:\/\/www.rendezvousbundesplatz.ch\/wp-content\/uploads\/2019\/08\/geschichte_rvb19_sz08_02-768x574.jpg 768w, https:\/\/www.rendezvousbundesplatz.ch\/wp-content\/uploads\/2019\/08\/geschichte_rvb19_sz08_02-700x523.jpg 700w, https:\/\/www.rendezvousbundesplatz.ch\/wp-content\/uploads\/2019\/08\/geschichte_rvb19_sz08_02.jpg 1680w\" sizes=\"auto, (max-width: 1024px) 100vw, 1024px\" \/><\/a>\n\t\t\t<\/dt>\n\t\t\t\t<dd class='wp-caption-text gallery-caption' id='gallery-6-12310'>\n\t\t\t\tDie Reise endet auf dem Bundesplatz in Bern. Durch die Fassade des Bundeshauses hindurch wird die Landung der Rettungskapsel im Meer gezeigt, begleitet von einem Rettungshubschrauber.\n\t\t\t\t<\/dd><\/dl><br style=\"clear: both\" \/><dl class='gallery-item'>\n\t\t\t<dt class='gallery-icon landscape'>\n\t\t\t\t<a href='https:\/\/www.rendezvousbundesplatz.ch\/wp-content\/uploads\/2019\/08\/geschichte_rvb19_sz08_03.jpg'><img loading=\"lazy\" decoding=\"async\" width=\"1024\" height=\"766\" src=\"https:\/\/www.rendezvousbundesplatz.ch\/wp-content\/uploads\/2019\/08\/geschichte_rvb19_sz08_03-1024x766.jpg\" class=\"attachment-large size-large\" alt=\"\" aria-describedby=\"gallery-6-12314\" srcset=\"https:\/\/www.rendezvousbundesplatz.ch\/wp-content\/uploads\/2019\/08\/geschichte_rvb19_sz08_03-1024x766.jpg 1024w, https:\/\/www.rendezvousbundesplatz.ch\/wp-content\/uploads\/2019\/08\/geschichte_rvb19_sz08_03-300x224.jpg 300w, https:\/\/www.rendezvousbundesplatz.ch\/wp-content\/uploads\/2019\/08\/geschichte_rvb19_sz08_03-768x574.jpg 768w, https:\/\/www.rendezvousbundesplatz.ch\/wp-content\/uploads\/2019\/08\/geschichte_rvb19_sz08_03-700x523.jpg 700w, https:\/\/www.rendezvousbundesplatz.ch\/wp-content\/uploads\/2019\/08\/geschichte_rvb19_sz08_03.jpg 1680w\" sizes=\"auto, (max-width: 1024px) 100vw, 1024px\" \/><\/a>\n\t\t\t<\/dt>\n\t\t\t\t<dd class='wp-caption-text gallery-caption' id='gallery-6-12314'>\n\t\t\t\tDer Aufschlag der Kapsel hinterl\u00e4sst Wasserspritzer. Eine Glasscheibe beschl\u00e4gt und bildet Wassertropfen. \n\t\t\t\t<\/dd><\/dl><br style=\"clear: both\" \/><dl class='gallery-item'>\n\t\t\t<dt class='gallery-icon landscape'>\n\t\t\t\t<a href='https:\/\/www.rendezvousbundesplatz.ch\/wp-content\/uploads\/2019\/08\/geschichte_rvb19_sz08_04.jpg'><img loading=\"lazy\" decoding=\"async\" width=\"1024\" height=\"766\" src=\"https:\/\/www.rendezvousbundesplatz.ch\/wp-content\/uploads\/2019\/08\/geschichte_rvb19_sz08_04-1024x766.jpg\" class=\"attachment-large size-large\" alt=\"\" aria-describedby=\"gallery-6-12318\" srcset=\"https:\/\/www.rendezvousbundesplatz.ch\/wp-content\/uploads\/2019\/08\/geschichte_rvb19_sz08_04-1024x766.jpg 1024w, https:\/\/www.rendezvousbundesplatz.ch\/wp-content\/uploads\/2019\/08\/geschichte_rvb19_sz08_04-300x224.jpg 300w, https:\/\/www.rendezvousbundesplatz.ch\/wp-content\/uploads\/2019\/08\/geschichte_rvb19_sz08_04-768x574.jpg 768w, https:\/\/www.rendezvousbundesplatz.ch\/wp-content\/uploads\/2019\/08\/geschichte_rvb19_sz08_04-700x523.jpg 700w, https:\/\/www.rendezvousbundesplatz.ch\/wp-content\/uploads\/2019\/08\/geschichte_rvb19_sz08_04.jpg 1680w\" sizes=\"auto, (max-width: 1024px) 100vw, 1024px\" \/><\/a>\n\t\t\t<\/dt>\n\t\t\t\t<dd class='wp-caption-text gallery-caption' id='gallery-6-12318'>\n\t\t\t\tDrei H\u00e4nde zeichnen von hinten Umrisse von Astronauten und wischen das Visier der gezeichneten Astronautenhelme frei. Die fr\u00f6hlichen Gesichter von Armstrong, Aldrin und Collins werden sichtbar. \n\t\t\t\t<\/dd><\/dl><br style=\"clear: both\" \/><dl class='gallery-item'>\n\t\t\t<dt class='gallery-icon landscape'>\n\t\t\t\t<a href='https:\/\/www.rendezvousbundesplatz.ch\/wp-content\/uploads\/2019\/08\/geschichte_rvb19_sz08_05.jpg'><img loading=\"lazy\" decoding=\"async\" width=\"1024\" height=\"766\" src=\"https:\/\/www.rendezvousbundesplatz.ch\/wp-content\/uploads\/2019\/08\/geschichte_rvb19_sz08_05-1024x766.jpg\" class=\"attachment-large size-large\" alt=\"\" aria-describedby=\"gallery-6-12322\" srcset=\"https:\/\/www.rendezvousbundesplatz.ch\/wp-content\/uploads\/2019\/08\/geschichte_rvb19_sz08_05-1024x766.jpg 1024w, https:\/\/www.rendezvousbundesplatz.ch\/wp-content\/uploads\/2019\/08\/geschichte_rvb19_sz08_05-300x224.jpg 300w, https:\/\/www.rendezvousbundesplatz.ch\/wp-content\/uploads\/2019\/08\/geschichte_rvb19_sz08_05-768x574.jpg 768w, https:\/\/www.rendezvousbundesplatz.ch\/wp-content\/uploads\/2019\/08\/geschichte_rvb19_sz08_05-700x523.jpg 700w, https:\/\/www.rendezvousbundesplatz.ch\/wp-content\/uploads\/2019\/08\/geschichte_rvb19_sz08_05.jpg 1680w\" sizes=\"auto, (max-width: 1024px) 100vw, 1024px\" \/><\/a>\n\t\t\t<\/dt>\n\t\t\t\t<dd class='wp-caption-text gallery-caption' id='gallery-6-12322'>\n\t\t\t\tEin Rettungsschirm der Kapsel verh\u00fcllt das Bundeshaus wie ein \u00fcberdimensionaler Vorhang. Er gleitet vom Bundeshaus herab \u2013 und das Geb\u00e4ude verneigt sich vor dem Publikum. \n\t\t\t\t<\/dd><\/dl><br style=\"clear: both\" \/>\n\t\t<\/div>\n\n<p>[\/vc_column_text][vc_empty_space][vc_column_text]<\/p>\n<h2 style=\"text-align: center;\">Grazie per il supporto<\/h2>\n<p>[\/vc_column_text][vc_empty_space height=&#8221;16px&#8221;][vc_column_text]<\/p>\n<p style=\"text-align: center;\"><a href=\"http:\/\/tintin.com\/\" target=\"_blank\" rel=\"noopener noreferrer\"><strong>Herg\u00e9 \/ Moulinsart S.A.<\/strong><\/a><br \/>\n* per il gentile permesso di usare le illustrazioni di Tintin\u00a0\u00ab On a march\u00e9 sur la Lune \u00bb<\/p>\n<p style=\"text-align: center;\"><strong><a href=\"https:\/\/www.nasa.gov\" target=\"_blank\" rel=\"noopener noreferrer\">NASA<\/a><\/strong><\/p>\n<p style=\"text-align: center;\"><strong><a href=\"https:\/\/www.hasselblad.com\/\" target=\"_blank\" rel=\"noopener noreferrer\">Hasselblad AB<\/a><\/strong><\/p>\n<p>[\/vc_column_text][vc_empty_space][\/vc_column][\/vc_row][vc_row css_animation=&#8221;&#8221; row_type=&#8221;row&#8221; use_row_as_full_screen_section=&#8221;no&#8221; type=&#8221;full_width&#8221; angled_section=&#8221;no&#8221; text_align=&#8221;center&#8221; background_image_as_pattern=&#8221;without_pattern&#8221; z_index=&#8221;&#8221;][vc_column][vc_empty_space][vc_column_text]<\/p>\n<h2 style=\"text-align: center;\">Titoli di musica spettacolo 2019<\/h2>\n<p>[\/vc_column_text][vc_empty_space height=&#8221;16px&#8221;][vc_column_text]<\/p>\n<p style=\"text-align: center;\"><strong>Prologo<\/strong>: <em>Ludovico Einaudi \u2013 Nuvole Nere<\/em><\/p>\n<p style=\"text-align: center;\"><strong>Costruzione di una telecamera<\/strong>: <em>Pink Floyd \u2013 Time<\/em><\/p>\n<p style=\"text-align: center;\"><strong>Preparazione degli astronauti<\/strong>: <em>Van Morrison \u2013 Moondance<\/em><\/p>\n<p style=\"text-align: center;\"><strong>Lancio del razzo<\/strong>: <em>L\u00e9o Delibes \u2013 Blumenduett aus Lakm\u00e9<\/em><\/p>\n<p style=\"text-align: center;\"><strong>Assenza di gravit\u00e0<\/strong>: <em>David Bowie \u2013 Space Oddity<\/em><\/p>\n<p style=\"text-align: center;\"><strong>Orbita lunare dell&#8217;Apollo 8<\/strong>: <em>Pink Floyd \u2013 Breathe<\/em><\/p>\n<p style=\"text-align: center;\"><strong>Allunaggio<\/strong>: <em>Murcof \u2013 Unison<\/em><\/p>\n<p style=\"text-align: center;\"><strong>Epilogo<\/strong>: Sido \u2013 <em>Astronaut (Instrumental mit Refrain)<\/em><\/p>\n<p style=\"text-align: center;\"><strong>Crediti, inclinazione Palazzo Federale:<\/strong> <em>Patent Ochsner \u2013 Apollo 11<\/em><\/p>\n<p>[\/vc_column_text][vc_empty_space][vc_empty_space][\/vc_column][\/vc_row]<\/p>\n<\/div>","protected":false},"excerpt":{"rendered":"<p>[vc_row css_animation=&#8221;&#8221; row_type=&#8221;row&#8221; use_row_as_full_screen_section=&#8221;no&#8221; type=&#8221;full_width&#8221; angled_section=&#8221;no&#8221; text_align=&#8221;center&#8221; background_image_as_pattern=&#8221;without_pattern&#8221; z_index=&#8221;&#8221;][vc_column][vc_empty_space][vc_column_text el_class=&#8221;gallery_desktop&#8221;] [\/vc_column_text][vc_column_text el_class=&#8221;gallery_tablet&#8221;] [\/vc_column_text][vc_column_text el_class=&#8221;gallery_mobile&#8221;] [\/vc_column_text][vc_empty_space][vc_column_text] Grazie per il supporto [\/vc_column_text][vc_empty_space height=&#8221;16px&#8221;][vc_column_text] Herg\u00e9 \/ Moulinsart S.A. * per il gentile permesso di usare le illustrazioni di Tintin\u00a0\u00ab On a march\u00e9 sur la Lune \u00bb NASA Hasselblad&#8230;<\/p>\n","protected":false},"author":2,"featured_media":0,"parent":0,"menu_order":0,"comment_status":"closed","ping_status":"closed","template":"","meta":{"footnotes":""},"class_list":["post-12537","page","type-page","status-publish","hentry"],"yoast_head":"<!-- This site is optimized with the Yoast SEO plugin v27.0 - https:\/\/yoast.com\/product\/yoast-seo-wordpress\/ -->\n<title>Lo spettacolo 2019 - Rendez-vous Bundesplatz<\/title>\n<meta name=\"robots\" content=\"index, follow, max-snippet:-1, max-image-preview:large, max-video-preview:-1\" \/>\n<link rel=\"canonical\" href=\"https:\/\/www.rendezvousbundesplatz.ch\/it\/lo-spettacolo-2019\/\" \/>\n<meta property=\"og:locale\" content=\"it_IT\" \/>\n<meta property=\"og:type\" content=\"article\" \/>\n<meta property=\"og:title\" content=\"Lo spettacolo 2019 - Rendez-vous Bundesplatz\" \/>\n<meta property=\"og:description\" content=\"[vc_row css_animation=&#8221;&#8221; row_type=&#8221;row&#8221; use_row_as_full_screen_section=&#8221;no&#8221; type=&#8221;full_width&#8221; angled_section=&#8221;no&#8221; text_align=&#8221;center&#8221; background_image_as_pattern=&#8221;without_pattern&#8221; z_index=&#8221;&#8221;][vc_column][vc_empty_space][vc_column_text el_class=&#8221;gallery_desktop&#8221;] [\/vc_column_text][vc_column_text el_class=&#8221;gallery_tablet&#8221;] [\/vc_column_text][vc_column_text el_class=&#8221;gallery_mobile&#8221;] [\/vc_column_text][vc_empty_space][vc_column_text] Grazie per il supporto [\/vc_column_text][vc_empty_space height=&#8221;16px&#8221;][vc_column_text] Herg\u00e9 \/ Moulinsart S.A. * per il gentile permesso di usare le illustrazioni di Tintin\u00a0\u00ab On a march\u00e9 sur la Lune \u00bb NASA Hasselblad...\" \/>\n<meta property=\"og:url\" content=\"https:\/\/www.rendezvousbundesplatz.ch\/it\/lo-spettacolo-2019\/\" \/>\n<meta property=\"og:site_name\" content=\"Rendez-vous Bundesplatz\" \/>\n<meta property=\"article:modified_time\" content=\"2020-10-06T12:26:08+00:00\" \/>\n<meta property=\"og:image\" content=\"https:\/\/www.rendezvousbundesplatz.ch\/wp-content\/uploads\/2019\/08\/geschichte_rvb19_sz01_01-1024x766.jpg\" \/>\n<meta name=\"twitter:label1\" content=\"Tempo di lettura stimato\" \/>\n\t<meta name=\"twitter:data1\" content=\"1 minuto\" \/>\n<script type=\"application\/ld+json\" class=\"yoast-schema-graph\">{\"@context\":\"https:\/\/schema.org\",\"@graph\":[{\"@type\":\"WebPage\",\"@id\":\"https:\/\/www.rendezvousbundesplatz.ch\/it\/lo-spettacolo-2019\/\",\"url\":\"https:\/\/www.rendezvousbundesplatz.ch\/it\/lo-spettacolo-2019\/\",\"name\":\"Lo spettacolo 2019 - Rendez-vous Bundesplatz\",\"isPartOf\":{\"@id\":\"https:\/\/www.rendezvousbundesplatz.ch\/#website\"},\"datePublished\":\"2019-08-21T07:50:19+00:00\",\"dateModified\":\"2020-10-06T12:26:08+00:00\",\"breadcrumb\":{\"@id\":\"https:\/\/www.rendezvousbundesplatz.ch\/it\/lo-spettacolo-2019\/#breadcrumb\"},\"inLanguage\":\"it-IT\",\"potentialAction\":[{\"@type\":\"ReadAction\",\"target\":[\"https:\/\/www.rendezvousbundesplatz.ch\/it\/lo-spettacolo-2019\/\"]}]},{\"@type\":\"BreadcrumbList\",\"@id\":\"https:\/\/www.rendezvousbundesplatz.ch\/it\/lo-spettacolo-2019\/#breadcrumb\",\"itemListElement\":[{\"@type\":\"ListItem\",\"position\":1,\"name\":\"Home\",\"item\":\"https:\/\/www.rendezvousbundesplatz.ch\/it\/benvenuti\/\"},{\"@type\":\"ListItem\",\"position\":2,\"name\":\"Lo spettacolo 2019\"}]},{\"@type\":\"WebSite\",\"@id\":\"https:\/\/www.rendezvousbundesplatz.ch\/#website\",\"url\":\"https:\/\/www.rendezvousbundesplatz.ch\/\",\"name\":\"Rendez-vous Bundesplatz\",\"description\":\"Dal 17 ottobre al 21 novembre 2026\",\"potentialAction\":[{\"@type\":\"SearchAction\",\"target\":{\"@type\":\"EntryPoint\",\"urlTemplate\":\"https:\/\/www.rendezvousbundesplatz.ch\/?s={search_term_string}\"},\"query-input\":{\"@type\":\"PropertyValueSpecification\",\"valueRequired\":true,\"valueName\":\"search_term_string\"}}],\"inLanguage\":\"it-IT\"}]}<\/script>\n<!-- \/ Yoast SEO plugin. -->","yoast_head_json":{"title":"Lo spettacolo 2019 - Rendez-vous Bundesplatz","robots":{"index":"index","follow":"follow","max-snippet":"max-snippet:-1","max-image-preview":"max-image-preview:large","max-video-preview":"max-video-preview:-1"},"canonical":"https:\/\/www.rendezvousbundesplatz.ch\/it\/lo-spettacolo-2019\/","og_locale":"it_IT","og_type":"article","og_title":"Lo spettacolo 2019 - Rendez-vous Bundesplatz","og_description":"[vc_row css_animation=&#8221;&#8221; row_type=&#8221;row&#8221; use_row_as_full_screen_section=&#8221;no&#8221; type=&#8221;full_width&#8221; angled_section=&#8221;no&#8221; text_align=&#8221;center&#8221; background_image_as_pattern=&#8221;without_pattern&#8221; z_index=&#8221;&#8221;][vc_column][vc_empty_space][vc_column_text el_class=&#8221;gallery_desktop&#8221;] [\/vc_column_text][vc_column_text el_class=&#8221;gallery_tablet&#8221;] [\/vc_column_text][vc_column_text el_class=&#8221;gallery_mobile&#8221;] [\/vc_column_text][vc_empty_space][vc_column_text] Grazie per il supporto [\/vc_column_text][vc_empty_space height=&#8221;16px&#8221;][vc_column_text] Herg\u00e9 \/ Moulinsart S.A. * per il gentile permesso di usare le illustrazioni di Tintin\u00a0\u00ab On a march\u00e9 sur la Lune \u00bb NASA Hasselblad...","og_url":"https:\/\/www.rendezvousbundesplatz.ch\/it\/lo-spettacolo-2019\/","og_site_name":"Rendez-vous Bundesplatz","article_modified_time":"2020-10-06T12:26:08+00:00","og_image":[{"url":"https:\/\/www.rendezvousbundesplatz.ch\/wp-content\/uploads\/2019\/08\/geschichte_rvb19_sz01_01-1024x766.jpg","type":"","width":"","height":""}],"twitter_misc":{"Tempo di lettura stimato":"1 minuto"},"schema":{"@context":"https:\/\/schema.org","@graph":[{"@type":"WebPage","@id":"https:\/\/www.rendezvousbundesplatz.ch\/it\/lo-spettacolo-2019\/","url":"https:\/\/www.rendezvousbundesplatz.ch\/it\/lo-spettacolo-2019\/","name":"Lo spettacolo 2019 - Rendez-vous Bundesplatz","isPartOf":{"@id":"https:\/\/www.rendezvousbundesplatz.ch\/#website"},"datePublished":"2019-08-21T07:50:19+00:00","dateModified":"2020-10-06T12:26:08+00:00","breadcrumb":{"@id":"https:\/\/www.rendezvousbundesplatz.ch\/it\/lo-spettacolo-2019\/#breadcrumb"},"inLanguage":"it-IT","potentialAction":[{"@type":"ReadAction","target":["https:\/\/www.rendezvousbundesplatz.ch\/it\/lo-spettacolo-2019\/"]}]},{"@type":"BreadcrumbList","@id":"https:\/\/www.rendezvousbundesplatz.ch\/it\/lo-spettacolo-2019\/#breadcrumb","itemListElement":[{"@type":"ListItem","position":1,"name":"Home","item":"https:\/\/www.rendezvousbundesplatz.ch\/it\/benvenuti\/"},{"@type":"ListItem","position":2,"name":"Lo spettacolo 2019"}]},{"@type":"WebSite","@id":"https:\/\/www.rendezvousbundesplatz.ch\/#website","url":"https:\/\/www.rendezvousbundesplatz.ch\/","name":"Rendez-vous Bundesplatz","description":"Dal 17 ottobre al 21 novembre 2026","potentialAction":[{"@type":"SearchAction","target":{"@type":"EntryPoint","urlTemplate":"https:\/\/www.rendezvousbundesplatz.ch\/?s={search_term_string}"},"query-input":{"@type":"PropertyValueSpecification","valueRequired":true,"valueName":"search_term_string"}}],"inLanguage":"it-IT"}]}},"_links":{"self":[{"href":"https:\/\/www.rendezvousbundesplatz.ch\/it\/wp-json\/wp\/v2\/pages\/12537","targetHints":{"allow":["GET"]}}],"collection":[{"href":"https:\/\/www.rendezvousbundesplatz.ch\/it\/wp-json\/wp\/v2\/pages"}],"about":[{"href":"https:\/\/www.rendezvousbundesplatz.ch\/it\/wp-json\/wp\/v2\/types\/page"}],"author":[{"embeddable":true,"href":"https:\/\/www.rendezvousbundesplatz.ch\/it\/wp-json\/wp\/v2\/users\/2"}],"replies":[{"embeddable":true,"href":"https:\/\/www.rendezvousbundesplatz.ch\/it\/wp-json\/wp\/v2\/comments?post=12537"}],"version-history":[{"count":10,"href":"https:\/\/www.rendezvousbundesplatz.ch\/it\/wp-json\/wp\/v2\/pages\/12537\/revisions"}],"predecessor-version":[{"id":13819,"href":"https:\/\/www.rendezvousbundesplatz.ch\/it\/wp-json\/wp\/v2\/pages\/12537\/revisions\/13819"}],"wp:attachment":[{"href":"https:\/\/www.rendezvousbundesplatz.ch\/it\/wp-json\/wp\/v2\/media?parent=12537"}],"curies":[{"name":"wp","href":"https:\/\/api.w.org\/{rel}","templated":true}]}}