{"id":12537,"date":"2019-08-21T09:50:19","date_gmt":"2019-08-21T07:50:19","guid":{"rendered":"https:\/\/rvb2020.broux.cyon.site\/si-accendano-i-riflettori\/first-step\/"},"modified":"2026-08-19T14:07:56","modified_gmt":"2026-08-19T12:07:56","slug":"lo-spettacolo-2019","status":"publish","type":"page","link":"https:\/\/www.rendezvousbundesplatz.ch\/it\/lo-spettacolo-2019\/","title":{"rendered":"Lo spettacolo 2019"},"content":{"rendered":"<div class=\"wpb-content-wrapper\"><p>[vc_row_inner][vc_column_inner width=&#8221;1\/3&#8243;][vc_single_image image=&#8221;12228&#8243; img_size=&#8221;full&#8221; alignment=&#8221;center&#8221; style=&#8221;vc_box_border_grey&#8221;][vc_empty_space height=&#8221;10px&#8221;][vc_column_text]<\/p>\n<p style=\"text-align: center;\">Da migliaia di anni l&#8217;uomo si dedica allo studio dell&#8217;universo, della sua origine e all&#8217;esplorazione dei corpi celesti.<\/p>\n<p>[\/vc_column_text][vc_empty_space][\/vc_column_inner][vc_column_inner width=&#8221;1\/3&#8243;][vc_single_image image=&#8221;12232&#8243; img_size=&#8221;full&#8221; alignment=&#8221;center&#8221; style=&#8221;vc_box_border_grey&#8221;][vc_empty_space height=&#8221;10px&#8221;][vc_column_text]<\/p>\n<p style=\"text-align: center;\">La sfera armillare, detta anche \u201cmacchina del mondo\u201d, serviva a rappresentare i movimenti dei corpi celesti.<\/p>\n<p>[\/vc_column_text][vc_empty_space][\/vc_column_inner][vc_column_inner width=&#8221;1\/3&#8243;][vc_single_image image=&#8221;12236&#8243; img_size=&#8221;full&#8221; alignment=&#8221;center&#8221; style=&#8221;vc_box_border_grey&#8221;][vc_empty_space height=&#8221;10px&#8221;][vc_column_text]<\/p>\n<p style=\"text-align: center;\">Il Palazzo Federale si trasforma in un cinema d\u2019epoca: vengono proiettate visioni degli sbarchi sulla Luna del XX secolo. Brevi spezzoni del film \u00abLe voyage dans la lune\u00bb (1902) di Georges M\u00e9li\u00e8s, ispirato a Jules Verne e H.G. Wells.<\/p>\n<p>[\/vc_column_text][vc_empty_space][\/vc_column_inner][\/vc_row_inner]<br \/>[vc_row_inner][vc_column_inner width=&#8221;1\/3&#8243;][vc_single_image image=&#8221;12240&#8243; img_size=&#8221;full&#8221; alignment=&#8221;center&#8221; style=&#8221;vc_box_border_grey&#8221;][vc_empty_space height=&#8221;10px&#8221;][vc_column_text]<\/p>\n<p style=\"text-align: center;\">Non pu\u00f2 mancare nemmeno \u00abTintin\u00bb, con un estratto dal volume \u00abI primi passi sulla Luna\u00bb (1954). *<\/p>\n<p>[\/vc_column_text][vc_empty_space][\/vc_column_inner][vc_column_inner width=&#8221;1\/3&#8243;][vc_single_image image=&#8221;12244&#8243; img_size=&#8221;full&#8221; alignment=&#8221;center&#8221; style=&#8221;vc_box_border_grey&#8221;][vc_empty_space height=&#8221;10px&#8221;][vc_column_text]<\/p>\n<p style=\"text-align: center;\">Viene realizzata una telecamera destinata a documentare il viaggio sulla Luna. Nel suo obiettivo si riflette gi\u00e0 l&#8217;obiettivo della missione: la Luna.<\/p>\n<p>[\/vc_column_text][vc_empty_space][\/vc_column_inner][vc_column_inner width=&#8221;1\/3&#8243;][vc_single_image image=&#8221;12248&#8243; img_size=&#8221;full&#8221; alignment=&#8221;center&#8221; style=&#8221;vc_box_border_grey&#8221;][vc_empty_space height=&#8221;10px&#8221;][vc_column_text]<\/p>\n<p style=\"text-align: center;\">In enormi capannoni si lavora a tutto ci\u00f2 che servir\u00e0 a rendere possibile il viaggio sulla Luna. Tra questi vi \u00e8 anche la vela solare sviluppata a Berna, l\u2019unico esperimento non statunitense presente durante lo sbarco sulla Luna.<\/p>\n<p>[\/vc_column_text][vc_empty_space][\/vc_column_inner][\/vc_row_inner]<br \/>[vc_row_inner][vc_column_inner width=&#8221;1\/3&#8243;][vc_single_image image=&#8221;12252&#8243; img_size=&#8221;full&#8221; alignment=&#8221;center&#8221; style=&#8221;vc_box_border_grey&#8221;][vc_empty_space height=&#8221;10px&#8221;][vc_column_text]<\/p>\n<p style=\"text-align: center;\">La vela solare copre l&#8217;intera facciata del Palazzo Federale.<\/p>\n<p>[\/vc_column_text][vc_empty_space][\/vc_column_inner][vc_column_inner width=&#8221;1\/3&#8243;][vc_single_image image=&#8221;12256&#8243; img_size=&#8221;full&#8221; alignment=&#8221;center&#8221; style=&#8221;vc_box_border_grey&#8221;][vc_empty_space height=&#8221;10px&#8221;][vc_column_text]<\/p>\n<p style=\"text-align: center;\">Contemporaneamente, anche gli astronauti si preparano alla missione. Per simulare l\u2019assenza di gravit\u00e0, una parte dell\u2019addestramento si svolge sott\u2019acqua.<\/p>\n<p>[\/vc_column_text][vc_empty_space][\/vc_column_inner][vc_column_inner width=&#8221;1\/3&#8243;][vc_single_image image=&#8221;12260&#8243; img_size=&#8221;full&#8221; alignment=&#8221;center&#8221; style=&#8221;vc_box_border_grey&#8221;][vc_empty_space height=&#8221;10px&#8221;][vc_column_text]<\/p>\n<p style=\"text-align: center;\">Il confronto con la Cattedrale di Berna serve a illustrare le dimensioni gigantesche del razzo, che supera i 100 metri.<\/p>\n<p>[\/vc_column_text][vc_empty_space][\/vc_column_inner][\/vc_row_inner]<br \/>[vc_row_inner][vc_column_inner width=&#8221;1\/3&#8243;][vc_single_image image=&#8221;12264&#8243; img_size=&#8221;full&#8221; alignment=&#8221;center&#8221; style=&#8221;vc_box_border_grey&#8221;][vc_empty_space height=&#8221;10px&#8221;][vc_column_text]<\/p>\n<p style=\"text-align: center;\">Il Palazzo federale si trasforma in una rampa di lancio. Dopo un conto alla rovescia, il razzo inizia il suo viaggio verso lo spazio.<\/p>\n<p>[\/vc_column_text][vc_empty_space][\/vc_column_inner][vc_column_inner width=&#8221;1\/3&#8243;][vc_single_image image=&#8221;12268&#8243; img_size=&#8221;full&#8221; alignment=&#8221;center&#8221; style=&#8221;vc_box_border_grey&#8221;][vc_empty_space height=&#8221;10px&#8221;][vc_column_text]<\/p>\n<p style=\"text-align: center;\">Il Palazzo federale si dissolve, le sue parti iniziano a fluttuare. Dietro di esse appare lo spazio, e la Terra viene alla luce. Le parti dell&#8217;edificio scivolano nello spazio.<\/p>\n<p>[\/vc_column_text][vc_empty_space][\/vc_column_inner][vc_column_inner width=&#8221;1\/3&#8243;][vc_single_image image=&#8221;12272&#8243; img_size=&#8221;full&#8221; alignment=&#8221;center&#8221; style=&#8221;vc_box_border_grey&#8221;][vc_empty_space height=&#8221;10px&#8221;][vc_column_text]<\/p>\n<p style=\"text-align: center;\">Durante la sua escursione spaziale, un astronauta fluttua verso il pubblico, saluta con la mano e lo invita ad accompagnarlo nella sua missione sulla Luna.<\/p>\n<p>[\/vc_column_text][vc_empty_space][\/vc_column_inner][\/vc_row_inner]<br \/>[vc_row_inner][vc_column_inner width=&#8221;1\/3&#8243;][vc_single_image image=&#8221;12276&#8243; img_size=&#8221;full&#8221; alignment=&#8221;center&#8221; style=&#8221;vc_box_border_grey&#8221;][vc_empty_space height=&#8221;10px&#8221;][vc_column_text]<\/p>\n<p style=\"text-align: center;\">Anche il lato oscuro della Luna \u00e8 oggetto di studio. \u00c8 famosa la frase trasmessa via radio: \u00abWe\u2019ll see you on the other side\u00bb. Sul lato oscuro della Luna appare un quadrante; le sue lancette indicano, in time-lapse, la durata esatta e l\u2019ora del primo giro intorno alla Luna.<\/p>\n<p>[\/vc_column_text][vc_empty_space][\/vc_column_inner][vc_column_inner width=&#8221;1\/3&#8243;][vc_single_image image=&#8221;12280&#8243; img_size=&#8221;full&#8221; alignment=&#8221;center&#8221; style=&#8221;vc_box_border_grey&#8221;][vc_empty_space height=&#8221;10px&#8221;][vc_column_text]<\/p>\n<p style=\"text-align: center;\">Segue l&#8217;avvicinamento al modulo di comando dell&#8217;Apollo 11 con il modulo di atterraggio Eagle. Il distacco del modulo di atterraggio viene mostrato dal punto di vista della capsula di comando.<\/p>\n<p>[\/vc_column_text][vc_empty_space][\/vc_column_inner][vc_column_inner width=&#8221;1\/3&#8243;][vc_single_image image=&#8221;12284&#8243; img_size=&#8221;full&#8221; alignment=&#8221;center&#8221; style=&#8221;vc_box_border_grey&#8221;][vc_empty_space height=&#8221;10px&#8221;][vc_column_text]<\/p>\n<p style=\"text-align: center;\">Un cambio di prospettiva ci porta all\u2019interno del modulo lunare. Da qui \u00e8 possibile osservare l\u2019avvicinamento alla superficie lunare. Armstrong assume il controllo manuale dell\u2019Eagle. Segue il messaggio radio: \u00abThe Eagle has landed\u00bb.<\/p>\n<p>[\/vc_column_text][vc_empty_space][\/vc_column_inner][\/vc_row_inner]<br \/>[vc_row_inner][vc_column_inner width=&#8221;1\/3&#8243;][vc_single_image image=&#8221;12288&#8243; img_size=&#8221;full&#8221; alignment=&#8221;center&#8221; style=&#8221;vc_box_border_grey&#8221;][vc_empty_space height=&#8221;10px&#8221;][vc_column_text]<\/p>\n<p style=\"text-align: center;\">Le ali laterali del Palazzo federale si trasformano in torri televisive: vengono trasmesse le immagini della Luna visibili in tutto il mondo. Sulla facciata centrale appare il lato di uscita dell\u2019Eagle. Armstrong scende all\u2019indietro lungo la scaletta, finch\u00e9 il suo piede non copre la parte centrale della facciata.<\/p>\n<p>[\/vc_column_text][vc_empty_space][\/vc_column_inner][vc_column_inner width=&#8221;1\/3&#8243;][vc_single_image image=&#8221;12292&#8243; img_size=&#8221;full&#8221; alignment=&#8221;center&#8221; style=&#8221;vc_box_border_grey&#8221;][vc_empty_space height=&#8221;10px&#8221;][vc_column_text]<\/p>\n<p style=\"text-align: center;\">La prospettiva si sposta sui piedi dell\u2019astronauta che toccano la superficie lunare: \u00abThat\u2019s one small step for a man, one giant leap for mankind.\u00bb<\/p>\n<p>[\/vc_column_text][vc_empty_space][\/vc_column_inner][vc_column_inner width=&#8221;1\/3&#8243;][vc_single_image image=&#8221;12296&#8243; img_size=&#8221;full&#8221; alignment=&#8221;center&#8221; style=&#8221;vc_box_border_grey&#8221;][vc_empty_space height=&#8221;10px&#8221;][vc_column_text]<\/p>\n<p style=\"text-align: center;\">Viene lasciata la prima impronta umana sulla Luna.<\/p>\n<p>[\/vc_column_text][vc_empty_space][\/vc_column_inner][\/vc_row_inner]<br \/>[vc_row_inner][vc_column_inner width=&#8221;1\/3&#8243;][vc_single_image image=&#8221;12302&#8243; img_size=&#8221;full&#8221; alignment=&#8221;center&#8221; style=&#8221;vc_box_border_grey&#8221;][vc_empty_space height=&#8221;10px&#8221;][vc_column_text]<\/p>\n<p style=\"text-align: center;\">Ora inizia il viaggio sulla superficie lunare, passando accanto alla vela solare. All\u2019orizzonte della Luna appare la Terra.<\/p>\n<p>[\/vc_column_text][vc_empty_space][\/vc_column_inner][vc_column_inner width=&#8221;1\/3&#8243;][vc_single_image image=&#8221;12306&#8243; img_size=&#8221;full&#8221; alignment=&#8221;center&#8221; style=&#8221;vc_box_border_grey&#8221;][vc_empty_space height=&#8221;10px&#8221;][vc_column_text]<\/p>\n<p style=\"text-align: center;\">Con le parole dell\u2019astronauta dell\u2019Apollo 8 William Anders \u00abSiamo venuti fin qui per esplorare la Luna, e la cosa pi\u00f9 importante \u00e8 che abbiamo scoperto la Terra\u00bb, prende il via un volo della telecamera dalla Luna verso la Terra \u2013 fino alla Bundesplatz.<\/p>\n<p>[\/vc_column_text][vc_empty_space][\/vc_column_inner][vc_column_inner width=&#8221;1\/3&#8243;][vc_single_image image=&#8221;12310&#8243; img_size=&#8221;full&#8221; alignment=&#8221;center&#8221; style=&#8221;vc_box_border_grey&#8221;][vc_empty_space height=&#8221;10px&#8221;][vc_column_text]<\/p>\n<p style=\"text-align: center;\">Il viaggio termina sulla Piazza federale a Berna. Attraverso la facciata del Palazzo federale viene mostrato l&#8217;ammaraggio della capsula di salvataggio, accompagnato da un elicottero di soccorso.<\/p>\n<p>[\/vc_column_text][vc_empty_space][\/vc_column_inner][\/vc_row_inner]<br \/>[vc_row_inner][vc_column_inner width=&#8221;1\/3&#8243;][vc_single_image image=&#8221;12314&#8243; img_size=&#8221;full&#8221; alignment=&#8221;center&#8221; style=&#8221;vc_box_border_grey&#8221;][vc_empty_space height=&#8221;10px&#8221;][vc_column_text]<\/p>\n<p style=\"text-align: center;\">L&#8217;impatto della capsula provoca spruzzi d&#8217;acqua. Una lastra di vetro si appanna e si formano delle gocce d&#8217;acqua.<\/p>\n<p>[\/vc_column_text][vc_empty_space][\/vc_column_inner][vc_column_inner width=&#8221;1\/3&#8243;][vc_single_image image=&#8221;12318&#8243; img_size=&#8221;full&#8221; alignment=&#8221;center&#8221; style=&#8221;vc_box_border_grey&#8221;][vc_empty_space height=&#8221;10px&#8221;][vc_column_text]<\/p>\n<p style=\"text-align: center;\">Tre mani disegnano da dietro le sagome degli astronauti e puliscono la visiera dei caschi disegnati. Diventano visibili i volti sorridenti di Armstrong, Aldrin e Collins.<\/p>\n<p>[\/vc_column_text][vc_empty_space][\/vc_column_inner][vc_column_inner width=&#8221;1\/3&#8243;][vc_single_image image=&#8221;12322&#8243; img_size=&#8221;full&#8221; alignment=&#8221;center&#8221; style=&#8221;vc_box_border_grey&#8221;][vc_empty_space height=&#8221;10px&#8221;][vc_column_text]<\/p>\n<p style=\"text-align: center;\">Un paracadute di salvataggio della capsula avvolge il Palazzo federale come un sipario gigantesco. Scende dal Palazzo federale \u2013 e l\u2019edificio si inchina davanti al pubblico.<\/p>\n<p>[\/vc_column_text][vc_empty_space][\/vc_column_inner][\/vc_row_inner][vc_empty_space][vc_column_text]<\/p>\n<h2 style=\"text-align: center;\">Grazie per il sostegno<\/h2>\n<p>[\/vc_column_text][vc_empty_space height=&#8221;16px&#8221;][vc_column_text]<\/p>\n<p style=\"text-align: center;\">* Rappresentazione visiva delle opere di Herg\u00e9: \u00a9 Herg\u00e9-Moulinsart<\/p>\n<p><\/p>\n<p style=\"text-align: center;\"><strong><a href=\"https:\/\/www.nasa.gov\" target=\"_blank\" rel=\"noopener noreferrer\">NASA<\/a><\/strong><\/p>\n<p><\/p>\n<p style=\"text-align: center;\"><strong><a href=\"https:\/\/www.hasselblad.com\/\" target=\"_blank\" rel=\"noopener noreferrer\">Hasselblad AB<\/a><\/strong><\/p>\n<p>[\/vc_column_text][vc_empty_space][vc_row css_animation=&#8221;&#8221; row_type=&#8221;row&#8221; use_row_as_full_screen_section=&#8221;no&#8221; type=&#8221;full_width&#8221; angled_section=&#8221;no&#8221; text_align=&#8221;center&#8221; background_image_as_pattern=&#8221;without_pattern&#8221; z_index=&#8221;&#8221;][vc_column][vc_empty_space][vc_column_text]<\/p>\n<h2 style=\"text-align: center;\">Elenco musicale<\/h2>\n<p>[\/vc_column_text][vc_empty_space height=&#8221;16px&#8221;][vc_column_text]<\/p>\n<p style=\"text-align: center;\"><strong>Prolog<\/strong>: <em>Ludovico Einaudi \u2013 Nuvole Nere<\/em><\/p>\n<p><\/p>\n<p style=\"text-align: center;\"><strong>Konstruktion einer Kamera<\/strong>: <em>Pink Floyd \u2013 Time<\/em><\/p>\n<p><\/p>\n<p style=\"text-align: center;\"><strong>Vorbereitung der Astronauten<\/strong>: <em>Van Morrison \u2013 Moondance<\/em><\/p>\n<p><\/p>\n<p style=\"text-align: center;\"><strong>Start der Rakete<\/strong>: <em>L\u00e9o Delibes \u2013 Blumenduett aus Lakm\u00e9<\/em><\/p>\n<p><\/p>\n<p style=\"text-align: center;\"><strong>Schwerelosigkeit<\/strong>: <em>David Bowie &#8211; Space Oddity<\/em><\/p>\n<p><\/p>\n<p style=\"text-align: center;\"><strong>Mondumrundung Apollo 8<\/strong>: <em>Pink Floyd \u2013 Breathe<\/em><\/p>\n<p><\/p>\n<p style=\"text-align: center;\"><strong>Mondlandung<\/strong>: <em>Murcof \u2013 Unison<\/em><\/p>\n<p><\/p>\n<p style=\"text-align: center;\"><strong>Epilog<\/strong>: Sido \u2013 <em>Astronaut (Instrumental mit Refrain)<br \/>\n<\/em><\/p>\n<p><\/p>\n<p style=\"text-align: center;\"><strong>Abspann, Verneigung des Bundeshauses:<\/strong> <em>Patent Ochsner \u2013 Apollo 11<\/em><\/p>\n<p>[\/vc_column_text][vc_empty_space][vc_empty_space]<\/p>\n<p>&nbsp;<\/p>\n<\/div>","protected":false},"excerpt":{"rendered":"<p>[vc_row_inner][vc_column_inner width=&#8221;1\/3&#8243;][vc_single_image image=&#8221;12228&#8243; img_size=&#8221;full&#8221; alignment=&#8221;center&#8221; style=&#8221;vc_box_border_grey&#8221;][vc_empty_space height=&#8221;10px&#8221;][vc_column_text] Da migliaia di anni l&#8217;uomo si dedica allo studio dell&#8217;universo, della sua origine e all&#8217;esplorazione dei corpi celesti. [\/vc_column_text][vc_empty_space][\/vc_column_inner][vc_column_inner width=&#8221;1\/3&#8243;][vc_single_image image=&#8221;12232&#8243; img_size=&#8221;full&#8221; alignment=&#8221;center&#8221; style=&#8221;vc_box_border_grey&#8221;][vc_empty_space height=&#8221;10px&#8221;][vc_column_text] La sfera armillare, detta anche \u201cmacchina del mondo\u201d, serviva a rappresentare i movimenti dei corpi celesti. [\/vc_column_text][vc_empty_space][\/vc_column_inner][vc_column_inner width=&#8221;1\/3&#8243;][vc_single_image image=&#8221;12236&#8243; img_size=&#8221;full&#8221; alignment=&#8221;center&#8221; style=&#8221;vc_box_border_grey&#8221;][vc_empty_space height=&#8221;10px&#8221;][vc_column_text] [&hellip;]<\/p>\n","protected":false},"author":2,"featured_media":0,"parent":0,"menu_order":0,"comment_status":"closed","ping_status":"closed","template":"","meta":{"_acf_changed":false,"footnotes":""},"class_list":["post-12537","page","type-page","status-publish","hentry"],"acf":[],"yoast_head":"<!-- This site is optimized with the Yoast SEO plugin v28.3 - https:\/\/yoast.com\/product\/yoast-seo-wordpress\/ -->\n<title>Lo spettacolo 2019 - Rendez-vous Bundesplatz<\/title>\n<meta name=\"robots\" content=\"index, follow, max-snippet:-1, max-image-preview:large, max-video-preview:-1\" \/>\n<link rel=\"canonical\" href=\"https:\/\/www.rendezvousbundesplatz.ch\/it\/lo-spettacolo-2019\/\" \/>\n<meta property=\"og:locale\" content=\"it_IT\" \/>\n<meta property=\"og:type\" content=\"article\" \/>\n<meta property=\"og:title\" content=\"Lo spettacolo 2019 - Rendez-vous Bundesplatz\" \/>\n<meta property=\"og:description\" content=\"[vc_row_inner][vc_column_inner width=&#8221;1\/3&#8243;][vc_single_image image=&#8221;12228&#8243; img_size=&#8221;full&#8221; alignment=&#8221;center&#8221; style=&#8221;vc_box_border_grey&#8221;][vc_empty_space height=&#8221;10px&#8221;][vc_column_text] Da migliaia di anni l&#8217;uomo si dedica allo studio dell&#8217;universo, della sua origine e all&#8217;esplorazione dei corpi celesti. [\/vc_column_text][vc_empty_space][\/vc_column_inner][vc_column_inner width=&#8221;1\/3&#8243;][vc_single_image image=&#8221;12232&#8243; img_size=&#8221;full&#8221; alignment=&#8221;center&#8221; style=&#8221;vc_box_border_grey&#8221;][vc_empty_space height=&#8221;10px&#8221;][vc_column_text] La sfera armillare, detta anche \u201cmacchina del mondo\u201d, serviva a rappresentare i movimenti dei corpi celesti. [\/vc_column_text][vc_empty_space][\/vc_column_inner][vc_column_inner width=&#8221;1\/3&#8243;][vc_single_image image=&#8221;12236&#8243; img_size=&#8221;full&#8221; alignment=&#8221;center&#8221; style=&#8221;vc_box_border_grey&#8221;][vc_empty_space height=&#8221;10px&#8221;][vc_column_text] [&hellip;]\" \/>\n<meta property=\"og:url\" content=\"https:\/\/www.rendezvousbundesplatz.ch\/it\/lo-spettacolo-2019\/\" \/>\n<meta property=\"og:site_name\" content=\"Rendez-vous Bundesplatz\" \/>\n<meta property=\"article:modified_time\" content=\"2026-08-19T12:07:56+00:00\" \/>\n<meta name=\"twitter:label1\" content=\"Tempo di lettura stimato\" \/>\n\t<meta name=\"twitter:data1\" content=\"8 minuti\" \/>\n<script type=\"application\/ld+json\" class=\"yoast-schema-graph\">{\"@context\":\"https:\\\/\\\/schema.org\",\"@graph\":[{\"@type\":\"WebPage\",\"@id\":\"https:\\\/\\\/www.rendezvousbundesplatz.ch\\\/it\\\/lo-spettacolo-2019\\\/\",\"url\":\"https:\\\/\\\/www.rendezvousbundesplatz.ch\\\/it\\\/lo-spettacolo-2019\\\/\",\"name\":\"Lo spettacolo 2019 - Rendez-vous Bundesplatz\",\"isPartOf\":{\"@id\":\"https:\\\/\\\/www.rendezvousbundesplatz.ch\\\/#website\"},\"datePublished\":\"2019-08-21T07:50:19+00:00\",\"dateModified\":\"2026-08-19T12:07:56+00:00\",\"breadcrumb\":{\"@id\":\"https:\\\/\\\/www.rendezvousbundesplatz.ch\\\/it\\\/lo-spettacolo-2019\\\/#breadcrumb\"},\"inLanguage\":\"it-IT\",\"potentialAction\":[{\"@type\":\"ReadAction\",\"target\":[\"https:\\\/\\\/www.rendezvousbundesplatz.ch\\\/it\\\/lo-spettacolo-2019\\\/\"]}]},{\"@type\":\"BreadcrumbList\",\"@id\":\"https:\\\/\\\/www.rendezvousbundesplatz.ch\\\/it\\\/lo-spettacolo-2019\\\/#breadcrumb\",\"itemListElement\":[{\"@type\":\"ListItem\",\"position\":1,\"name\":\"Home\",\"item\":\"https:\\\/\\\/www.rendezvousbundesplatz.ch\\\/it\\\/benvenuti-2\\\/\"},{\"@type\":\"ListItem\",\"position\":2,\"name\":\"Lo spettacolo 2019\"}]},{\"@type\":\"WebSite\",\"@id\":\"https:\\\/\\\/www.rendezvousbundesplatz.ch\\\/#website\",\"url\":\"https:\\\/\\\/www.rendezvousbundesplatz.ch\\\/\",\"name\":\"Rendez-vous Bundesplatz\",\"description\":\"Dal 17 ottobre al 21 novembre 2026\",\"publisher\":{\"@id\":\"https:\\\/\\\/www.rendezvousbundesplatz.ch\\\/#organization\"},\"potentialAction\":[{\"@type\":\"SearchAction\",\"target\":{\"@type\":\"EntryPoint\",\"urlTemplate\":\"https:\\\/\\\/www.rendezvousbundesplatz.ch\\\/?s={search_term_string}\"},\"query-input\":{\"@type\":\"PropertyValueSpecification\",\"valueRequired\":true,\"valueName\":\"search_term_string\"}}],\"inLanguage\":\"it-IT\"},{\"@type\":\"Organization\",\"@id\":\"https:\\\/\\\/www.rendezvousbundesplatz.ch\\\/#organization\",\"name\":\"Rendez-vous Bundesplatz\",\"url\":\"https:\\\/\\\/www.rendezvousbundesplatz.ch\\\/\",\"logo\":{\"@type\":\"ImageObject\",\"inLanguage\":\"it-IT\",\"@id\":\"https:\\\/\\\/www.rendezvousbundesplatz.ch\\\/#\\\/schema\\\/logo\\\/image\\\/\",\"url\":\"https:\\\/\\\/www.rendezvousbundesplatz.ch\\\/wp-content\\\/uploads\\\/2016\\\/05\\\/logo_rvb_neg_os.png\",\"contentUrl\":\"https:\\\/\\\/www.rendezvousbundesplatz.ch\\\/wp-content\\\/uploads\\\/2016\\\/05\\\/logo_rvb_neg_os.png\",\"width\":824,\"height\":381,\"caption\":\"Rendez-vous Bundesplatz\"},\"image\":{\"@id\":\"https:\\\/\\\/www.rendezvousbundesplatz.ch\\\/#\\\/schema\\\/logo\\\/image\\\/\"}}]}<\/script>\n<!-- \/ Yoast SEO plugin. -->","yoast_head_json":{"title":"Lo spettacolo 2019 - Rendez-vous Bundesplatz","robots":{"index":"index","follow":"follow","max-snippet":"max-snippet:-1","max-image-preview":"max-image-preview:large","max-video-preview":"max-video-preview:-1"},"canonical":"https:\/\/www.rendezvousbundesplatz.ch\/it\/lo-spettacolo-2019\/","og_locale":"it_IT","og_type":"article","og_title":"Lo spettacolo 2019 - Rendez-vous Bundesplatz","og_description":"[vc_row_inner][vc_column_inner width=&#8221;1\/3&#8243;][vc_single_image image=&#8221;12228&#8243; img_size=&#8221;full&#8221; alignment=&#8221;center&#8221; style=&#8221;vc_box_border_grey&#8221;][vc_empty_space height=&#8221;10px&#8221;][vc_column_text] Da migliaia di anni l&#8217;uomo si dedica allo studio dell&#8217;universo, della sua origine e all&#8217;esplorazione dei corpi celesti. [\/vc_column_text][vc_empty_space][\/vc_column_inner][vc_column_inner width=&#8221;1\/3&#8243;][vc_single_image image=&#8221;12232&#8243; img_size=&#8221;full&#8221; alignment=&#8221;center&#8221; style=&#8221;vc_box_border_grey&#8221;][vc_empty_space height=&#8221;10px&#8221;][vc_column_text] La sfera armillare, detta anche \u201cmacchina del mondo\u201d, serviva a rappresentare i movimenti dei corpi celesti. [\/vc_column_text][vc_empty_space][\/vc_column_inner][vc_column_inner width=&#8221;1\/3&#8243;][vc_single_image image=&#8221;12236&#8243; img_size=&#8221;full&#8221; alignment=&#8221;center&#8221; style=&#8221;vc_box_border_grey&#8221;][vc_empty_space height=&#8221;10px&#8221;][vc_column_text] [&hellip;]","og_url":"https:\/\/www.rendezvousbundesplatz.ch\/it\/lo-spettacolo-2019\/","og_site_name":"Rendez-vous Bundesplatz","article_modified_time":"2026-08-19T12:07:56+00:00","twitter_misc":{"Tempo di lettura stimato":"8 minuti"},"schema":{"@context":"https:\/\/schema.org","@graph":[{"@type":"WebPage","@id":"https:\/\/www.rendezvousbundesplatz.ch\/it\/lo-spettacolo-2019\/","url":"https:\/\/www.rendezvousbundesplatz.ch\/it\/lo-spettacolo-2019\/","name":"Lo spettacolo 2019 - Rendez-vous Bundesplatz","isPartOf":{"@id":"https:\/\/www.rendezvousbundesplatz.ch\/#website"},"datePublished":"2019-08-21T07:50:19+00:00","dateModified":"2026-08-19T12:07:56+00:00","breadcrumb":{"@id":"https:\/\/www.rendezvousbundesplatz.ch\/it\/lo-spettacolo-2019\/#breadcrumb"},"inLanguage":"it-IT","potentialAction":[{"@type":"ReadAction","target":["https:\/\/www.rendezvousbundesplatz.ch\/it\/lo-spettacolo-2019\/"]}]},{"@type":"BreadcrumbList","@id":"https:\/\/www.rendezvousbundesplatz.ch\/it\/lo-spettacolo-2019\/#breadcrumb","itemListElement":[{"@type":"ListItem","position":1,"name":"Home","item":"https:\/\/www.rendezvousbundesplatz.ch\/it\/benvenuti-2\/"},{"@type":"ListItem","position":2,"name":"Lo spettacolo 2019"}]},{"@type":"WebSite","@id":"https:\/\/www.rendezvousbundesplatz.ch\/#website","url":"https:\/\/www.rendezvousbundesplatz.ch\/","name":"Rendez-vous Bundesplatz","description":"Dal 17 ottobre al 21 novembre 2026","publisher":{"@id":"https:\/\/www.rendezvousbundesplatz.ch\/#organization"},"potentialAction":[{"@type":"SearchAction","target":{"@type":"EntryPoint","urlTemplate":"https:\/\/www.rendezvousbundesplatz.ch\/?s={search_term_string}"},"query-input":{"@type":"PropertyValueSpecification","valueRequired":true,"valueName":"search_term_string"}}],"inLanguage":"it-IT"},{"@type":"Organization","@id":"https:\/\/www.rendezvousbundesplatz.ch\/#organization","name":"Rendez-vous Bundesplatz","url":"https:\/\/www.rendezvousbundesplatz.ch\/","logo":{"@type":"ImageObject","inLanguage":"it-IT","@id":"https:\/\/www.rendezvousbundesplatz.ch\/#\/schema\/logo\/image\/","url":"https:\/\/www.rendezvousbundesplatz.ch\/wp-content\/uploads\/2016\/05\/logo_rvb_neg_os.png","contentUrl":"https:\/\/www.rendezvousbundesplatz.ch\/wp-content\/uploads\/2016\/05\/logo_rvb_neg_os.png","width":824,"height":381,"caption":"Rendez-vous Bundesplatz"},"image":{"@id":"https:\/\/www.rendezvousbundesplatz.ch\/#\/schema\/logo\/image\/"}}]}},"_links":{"self":[{"href":"https:\/\/www.rendezvousbundesplatz.ch\/it\/wp-json\/wp\/v2\/pages\/12537","targetHints":{"allow":["GET"]}}],"collection":[{"href":"https:\/\/www.rendezvousbundesplatz.ch\/it\/wp-json\/wp\/v2\/pages"}],"about":[{"href":"https:\/\/www.rendezvousbundesplatz.ch\/it\/wp-json\/wp\/v2\/types\/page"}],"author":[{"embeddable":true,"href":"https:\/\/www.rendezvousbundesplatz.ch\/it\/wp-json\/wp\/v2\/users\/2"}],"replies":[{"embeddable":true,"href":"https:\/\/www.rendezvousbundesplatz.ch\/it\/wp-json\/wp\/v2\/comments?post=12537"}],"version-history":[{"count":13,"href":"https:\/\/www.rendezvousbundesplatz.ch\/it\/wp-json\/wp\/v2\/pages\/12537\/revisions"}],"predecessor-version":[{"id":20816,"href":"https:\/\/www.rendezvousbundesplatz.ch\/it\/wp-json\/wp\/v2\/pages\/12537\/revisions\/20816"}],"wp:attachment":[{"href":"https:\/\/www.rendezvousbundesplatz.ch\/it\/wp-json\/wp\/v2\/media?parent=12537"}],"curies":[{"name":"wp","href":"https:\/\/api.w.org\/{rel}","templated":true}]}}