{"id":17603,"date":"2024-04-16T17:22:25","date_gmt":"2024-04-16T15:22:25","guid":{"rendered":"https:\/\/2k231ucfore.preview.infomaniak.website\/lo-spettacolo-2024\/"},"modified":"2026-08-19T13:46:49","modified_gmt":"2026-08-19T11:46:49","slug":"lo-spettacolo-2024","status":"publish","type":"page","link":"https:\/\/www.rendezvousbundesplatz.ch\/it\/lo-spettacolo-2024\/","title":{"rendered":"Lo spettacolo 2024"},"content":{"rendered":"<div class=\"wpb-content-wrapper\">\t\t<div data-elementor-type=\"wp-page\" data-elementor-id=\"17603\" class=\"elementor elementor-17603 elementor-17459\" data-elementor-post-type=\"page\">\n\t\t\t\t<div class=\"elementor-element elementor-element-3017508c e-flex e-con-boxed elementor-repeater-item-default_padding elementor-repeater-item-none elementor-repeater-item-none_hover e-con e-parent\" data-id=\"3017508c\" data-element_type=\"container\" data-e-type=\"container\" data-settings=\"{&quot;ang_container_spacing_size&quot;:&quot;default_padding&quot;}\">\n\t\t\t\t\t<div class=\"e-con-inner\">\n\t\t\t\t<div class=\"elementor-element elementor-element-74d4f2d5 elementor-repeater-item-none elementor-repeater-item-none_hover elementor-widget elementor-widget-text-editor\" data-id=\"74d4f2d5\" data-element_type=\"widget\" data-e-type=\"widget\" data-widget_type=\"text-editor.default\">\n\t\t\t\t<div class=\"elementor-widget-container\">\n\t\t\t\t\t\t\t\t\t<h2 style=\"text-align: center;\">Un viaggio affascinante nel mondo degli uccelli locale.<\/h2>\n<p><\/p>\n<div class=\"vc_row wpb_row vc_row-fluid\">\n<div class=\"wpb_column vc_column_container vc_col-sm-12\">\n<div class=\"vc_column-inner\">\n<div class=\"wpb_wrapper\">\n<div class=\"wpb_text_column wpb_content_element\">\n<div class=\"wpb_wrapper\">\n<p style=\"text-align: center;\">La storia ci porta nel meraviglioso mondo degli uccelli della Svizzera. Voliamo verso il cielo con gli acrobati aerei, osserviamo le loro caratteristiche sorprendenti e ascoltiamo il loro canto. I visitatori possono assistere a una serie di emozionanti episodi in cui la facciata del Palazzo federale viene trasformata in modo fantasioso nei pi\u00f9 diversi habitat del mondo degli uccelli. Su questo sfondo sperimentiamo da vicino alcune delle pi\u00f9 fantastiche peculiarit\u00e0 del mondo animale piumato della Svizzera, accompagnate da una musica selezionata ed emozionante.<\/p>\n<\/div>\n<p><\/div>\n<p><\/div>\n<p><\/div>\n<p><\/div>\n<p><\/div>\n\t\t\t\t\t\t\t\t<\/div>\n\t\t\t\t<\/div>\n\t\t\t\t\t<\/div>\n\t\t\t\t<\/div>\n\t\t<div class=\"elementor-element elementor-element-9e54cb5 e-flex e-con-boxed elementor-repeater-item-default_padding elementor-repeater-item-none elementor-repeater-item-none_hover e-con e-parent\" data-id=\"9e54cb5\" data-element_type=\"container\" data-e-type=\"container\" data-settings=\"{&quot;ang_container_spacing_size&quot;:&quot;default_padding&quot;}\">\n\t\t\t\t\t<div class=\"e-con-inner\">\n\t\t\t\t<div data-dce-text-color=\"#737373\" data-dce-title-color=\"#000000\" class=\"elementor-element elementor-element-f9876ec elementor-repeater-item-none elementor-repeater-item-none_hover elementor-widget elementor-widget-ucaddon_timeline_bullets\" data-id=\"f9876ec\" data-element_type=\"widget\" data-e-type=\"widget\" data-widget_type=\"ucaddon_timeline_bullets.default\">\n\t\t\t\t<div class=\"elementor-widget-container\">\n\t\t\t\t\t\n<!-- start Timeline Bullets -->\n\t\t<link id='font-awesome-css' href='https:\/\/www.rendezvousbundesplatz.ch\/wp-content\/plugins\/unlimited-elements-for-elementor__\/assets_libraries\/font-awesome6\/fontawesome-all.min.css' type='text\/css' rel='stylesheet' >\n\t\t<link id='font-awesome-4-shim-css' href='https:\/\/www.rendezvousbundesplatz.ch\/wp-content\/plugins\/unlimited-elements-for-elementor__\/assets_libraries\/font-awesome6\/fontawesome-v4-shims.min.css' type='text\/css' rel='stylesheet' >\n\n<style>\/* widget: Timeline Bullets *\/\n\n\n\n#uc_timeline_bullets_elementor_f9876ec .ue_item{\n  display:flex;\n  position:relative;\n}\n\n#uc_timeline_bullets_elementor_f9876ec .ue_item_icon{ \n  display:flex;\n  align-items:center;\n  justify-content:center;\n  flex-grow:0;\n  flex-shrink:0;\n  line-height:1em;\n  overflow:hidden;\n}\n\n#uc_timeline_bullets_elementor_f9876ec .ue_item_icon img{\n  object-fit: cover;\n}\n\n#uc_timeline_bullets_elementor_f9876ec .ue_item_icon svg{ \n  height:1em;\n  width:1em;\n}\n\n#uc_timeline_bullets_elementor_f9876ec .ue_item_spacer{\n  flex-grow:0;\n  flex-shrink:0;\n}\n\n#uc_timeline_bullets_elementor_f9876ec .ue_item_hr_line{\n  flex-grow:0;\n  flex-shrink:0;\n}\n\n#uc_timeline_bullets_elementor_f9876ec .ue_item_vr_line{\n  height:100%;\n  position:absolute;\n  flex-grow:0;\n  flex-shrink:0;\n}\n\n#uc_timeline_bullets_elementor_f9876ec .ue_item_title, \n#uc_timeline_bullets_elementor_f9876ec .ue_item_text,\n#uc_timeline_bullets_elementor_f9876ec .ue_item_icon{\n  transition: all .3s ease-out;\n}\n\n.ue_item_title{\n  font-size:21px;\n}\n\n#uc_timeline_bullets_elementor_f9876ec.uc-remote-parent .ue_item{\n  cursor:pointer;\n}\n\n<\/style>\n\n<div id=\"uc_timeline_bullets_elementor_f9876ec\" class=\"uc-items-wrapper  \"   role=\"list\">\n  <div class=\"ue_item elementor-repeater-item-0f58b51\" role=\"listitem\" tabindex=\"0\">\n  <div class=\"ue_item_vr_line\"><\/div>\n  <div class=\"ue_item_hr_line\"><\/div>\n  <div class=\"ue_item_icon\">\n            <img fetchpriority=\"high\" decoding=\"async\" src=\"https:\/\/www.rendezvousbundesplatz.ch\/wp-content\/uploads\/2024\/04\/rvb24-1-Volare-Start-768x549.jpg\"  src=\"https:\/\/www.rendezvousbundesplatz.ch\/wp-content\/uploads\/2024\/04\/rvb24-1-Volare-Start-768x549.jpg\" alt=\"rvb24-1-Volare-Start\" width=\"768\" height=\"549\">  <\/div>\n  <div class=\"ue_item_spacer\"><\/div>\n  <div class=\"ue_item_content\">\n    <div class=\"ue_item_title\">\u00abAndiamo!\u00bb con le peppole<\/div>    <div class=\"ue_item_text\">Innumerevoli peppole cinguettanti volano allegramente verso il Palazzo Federale e si posano sulla facciata. Viene proiettata una scena dal titolo \u00abVolare\u00bb. Le peppole tacciono in modo curioso. La scena si chiude con un forte botto. Gli uccelli volano eccitati in aria e poi escono dall'immagine. La facciata del Palazzo federale scompare.<\/div>  <\/div>\n<\/div>\n<div class=\"ue_item elementor-repeater-item-49dcd2c\" role=\"listitem\" tabindex=\"0\">\n  <div class=\"ue_item_vr_line\"><\/div>\n  <div class=\"ue_item_hr_line\"><\/div>\n  <div class=\"ue_item_icon\">\n            <img decoding=\"async\" src=\"https:\/\/www.rendezvousbundesplatz.ch\/wp-content\/uploads\/2024\/04\/rvb24-2-Volare-Grammophon-768x549.jpg\"  src=\"https:\/\/www.rendezvousbundesplatz.ch\/wp-content\/uploads\/2024\/04\/rvb24-2-Volare-Grammophon-768x549.jpg\" alt=\"rvb24-2-Volare-Grammophon\" width=\"768\" height=\"549\">  <\/div>\n  <div class=\"ue_item_spacer\"><\/div>\n  <div class=\"ue_item_content\">\n    <div class=\"ue_item_title\">Il grammofono \u00abVolare\u00bb e gli storni<\/div>    <div class=\"ue_item_text\">Un disco vola verso l'edificio. Il Palazzo Federale \u00e8 visibile come un'etichetta sul disco dal titolo \u00abVolare\u00bb, che si fonde con la facciata. La facciata si trasforma poi in un vecchio grammofono. Le note di \u00abVolare\u00bb cominciano a risuonare. Un grande stormo di storni esce dall'imbuto del grammofono.<\/div>  <\/div>\n<\/div>\n<div class=\"ue_item elementor-repeater-item-c47f9c1\" role=\"listitem\" tabindex=\"0\">\n  <div class=\"ue_item_vr_line\"><\/div>\n  <div class=\"ue_item_hr_line\"><\/div>\n  <div class=\"ue_item_icon\">\n            <img decoding=\"async\" src=\"https:\/\/www.rendezvousbundesplatz.ch\/wp-content\/uploads\/2024\/04\/rvb24-3-Volare-Wasseramsel-768x549.jpg\"  src=\"https:\/\/www.rendezvousbundesplatz.ch\/wp-content\/uploads\/2024\/04\/rvb24-3-Volare-Wasseramsel-768x549.jpg\" alt=\"rvb24-3-Volare-Wasseramsel\" width=\"768\" height=\"549\">  <\/div>\n  <div class=\"ue_item_spacer\"><\/div>\n  <div class=\"ue_item_content\">\n    <div class=\"ue_item_title\">Il merlo acquaiolo<\/div>    <div class=\"ue_item_text\">Dopo un'impressionante trasformazione, torniamo alla facciata dell'edificio. Poi l'edificio ruota. Sul retro c'\u00e8 un crepaccio simile a una grotta. Dal frontone sgorga una grande cascata. Un merlo acquaiolo \u00e8 posato su una roccia e poi vola attraverso la cascata fino al suo nido. I suoi cuccioli la seguono attraverso la cascata.<\/div>  <\/div>\n<\/div>\n<div class=\"ue_item elementor-repeater-item-9cf8682\" role=\"listitem\" tabindex=\"0\">\n  <div class=\"ue_item_vr_line\"><\/div>\n  <div class=\"ue_item_hr_line\"><\/div>\n  <div class=\"ue_item_icon\">\n            <img loading=\"lazy\" decoding=\"async\" src=\"https:\/\/www.rendezvousbundesplatz.ch\/wp-content\/uploads\/2024\/04\/rvb24-4-Volare-Eisvogel-768x549.jpg\"  src=\"https:\/\/www.rendezvousbundesplatz.ch\/wp-content\/uploads\/2024\/04\/rvb24-4-Volare-Eisvogel-768x549.jpg\" alt=\"rvb24-4-Volare-Eisvogel\" width=\"768\" height=\"549\">  <\/div>\n  <div class=\"ue_item_spacer\"><\/div>\n  <div class=\"ue_item_content\">\n    <div class=\"ue_item_title\">Il martin pescatore fischiettante<\/div>    <div class=\"ue_item_text\">La facciata ruota in senso contrario e appare come un letto di fiume roccioso. L'acqua limpida si leva davanti all'edificio. Un martin pescatore \u00e8 posato sul frontone e osserva i piccoli pesci nell'acqua. Si tuffa in acqua e pesca un pesciolino. La facciata continua a riempirsi d'acqua. Il martin pescatore si tuffa di nuovo in acqua in primo piano e al rallentatore e cattura un altro pesce. L'acqua scorre poi lentamente e la facciata scompare.<\/div>  <\/div>\n<\/div>\n<div class=\"ue_item elementor-repeater-item-07dd872\" role=\"listitem\" tabindex=\"0\">\n  <div class=\"ue_item_vr_line\"><\/div>\n  <div class=\"ue_item_hr_line\"><\/div>\n  <div class=\"ue_item_icon\">\n            <img loading=\"lazy\" decoding=\"async\" src=\"https:\/\/www.rendezvousbundesplatz.ch\/wp-content\/uploads\/2024\/04\/rvb24-5-Volare-Birdwatching-768x549.jpg\"  src=\"https:\/\/www.rendezvousbundesplatz.ch\/wp-content\/uploads\/2024\/04\/rvb24-5-Volare-Birdwatching-768x549.jpg\" alt=\"rvb24-5-Volare-Birdwatching\" width=\"768\" height=\"549\">  <\/div>\n  <div class=\"ue_item_spacer\"><\/div>\n  <div class=\"ue_item_content\">\n    <div class=\"ue_item_title\">Il birdwatching e la pavoncella<\/div>    <div class=\"ue_item_text\">La ricerca di una pavoncella in un biotopo inizia con un'occhiata attraverso il telescopio. Una parte della pavoncella lampeggia ripetutamente finch\u00e9 il telescopio non la fissa e la osserva. Altre pavoncelle si uniscono a loro. Le pavoncelle volano poi verso il pubblico attraverso le lenti telescopiche con grande effetto.<\/div>  <\/div>\n<\/div>\n<div class=\"ue_item elementor-repeater-item-44450b0\" role=\"listitem\" tabindex=\"0\">\n  <div class=\"ue_item_vr_line\"><\/div>\n  <div class=\"ue_item_hr_line\"><\/div>\n  <div class=\"ue_item_icon\">\n            <img loading=\"lazy\" decoding=\"async\" src=\"https:\/\/www.rendezvousbundesplatz.ch\/wp-content\/uploads\/2024\/04\/rvb24-6-Volare-Singphonie-768x549.jpg\"  src=\"https:\/\/www.rendezvousbundesplatz.ch\/wp-content\/uploads\/2024\/04\/rvb24-6-Volare-Singphonie-768x549.jpg\" alt=\"rvb24-6-Volare-Singphonie\" width=\"768\" height=\"549\">  <\/div>\n  <div class=\"ue_item_spacer\"><\/div>\n  <div class=\"ue_item_content\">\n    <div class=\"ue_item_title\">\u00abSingfonie\u00bb<\/div>    <div class=\"ue_item_text\">I picchi muraioli corrono lungo la facciata e aprono i portali laterali su una sala da concerto. I passeri si affacciano dalle finestre dei portali laterali della sala da concerto. Il portale centrale del Palazzo federale \u00e8 rappresentato come una scenografia in cui sono presenti varie specie di uccelli. Risuona la \u00abPastorale\u00bb di Beethoven. Un martin pescatore dirige il coro di uccelli, che cinguetta felicemente a ritmo di musica. Tra gli applausi di un battito d'ali, cala il sipario e termina la scena.<\/div>  <\/div>\n<\/div>\n<div class=\"ue_item elementor-repeater-item-a0b5e92\" role=\"listitem\" tabindex=\"0\">\n  <div class=\"ue_item_vr_line\"><\/div>\n  <div class=\"ue_item_hr_line\"><\/div>\n  <div class=\"ue_item_icon\">\n            <img loading=\"lazy\" decoding=\"async\" src=\"https:\/\/www.rendezvousbundesplatz.ch\/wp-content\/uploads\/2024\/04\/rvb24-7-Volare-Fuetterung-768x549.jpg\"  src=\"https:\/\/www.rendezvousbundesplatz.ch\/wp-content\/uploads\/2024\/04\/rvb24-7-Volare-Fuetterung-768x549.jpg\" alt=\"rvb24-7-Volare-Fu\u0308tterung\" width=\"768\" height=\"549\">  <\/div>\n  <div class=\"ue_item_spacer\"><\/div>\n  <div class=\"ue_item_content\">\n    <div class=\"ue_item_title\">Rondini che si nutrono<\/div>    <div class=\"ue_item_text\">Il sipario si apre e si vede una struttura di legno. Le rondini ronzano intorno. La struttura di base si trasforma in un fienile agricolo, sulla cui facciata le rondini costruiscono i loro nidi. Tre giovani uccelli affamati allungano il becco da ogni nido di rondine. Un gruppo di rondini comuni ondeggia seguendo il ritmo e osserva il via vai dei suoi simili.<\/div>  <\/div>\n<\/div>\n<div class=\"ue_item elementor-repeater-item-db6e843\" role=\"listitem\" tabindex=\"0\">\n  <div class=\"ue_item_vr_line\"><\/div>\n  <div class=\"ue_item_hr_line\"><\/div>\n  <div class=\"ue_item_icon\">\n            <img loading=\"lazy\" decoding=\"async\" src=\"https:\/\/www.rendezvousbundesplatz.ch\/wp-content\/uploads\/2024\/04\/rvb24-8-Volare-Balzszene-768x549.jpg\"  src=\"https:\/\/www.rendezvousbundesplatz.ch\/wp-content\/uploads\/2024\/04\/rvb24-8-Volare-Balzszene-768x549.jpg\" alt=\"rvb24-8-Volare-Balzszene\" width=\"768\" height=\"549\">  <\/div>\n  <div class=\"ue_item_spacer\"><\/div>\n  <div class=\"ue_item_content\">\n    <div class=\"ue_item_title\">Il corteggiamento delle gru<\/div>    <div class=\"ue_item_text\">La facciata si trasforma gradualmente in una lussuosa sala da ballo. Una luce rossa illumina la facciata. Due gru si avvicinano lentamente e iniziano a danzare l'una intorno all'altra. Una palla da discoteca a forma di cuore appare e illumina la pista da ballo. Le gru si avvicinano molto l'una all'altra nella loro danza di corteggiamento e concludono il loro rituale con un bacio. Emozionate e sbattendo le ali, lasciano il palco. Singole piume volano e ricoprono la facciata con un piumaggio.<\/div>  <\/div>\n<\/div>\n<div class=\"ue_item elementor-repeater-item-b119e2d\" role=\"listitem\" tabindex=\"0\">\n  <div class=\"ue_item_vr_line\"><\/div>\n  <div class=\"ue_item_hr_line\"><\/div>\n  <div class=\"ue_item_icon\">\n            <img loading=\"lazy\" decoding=\"async\" src=\"https:\/\/www.rendezvousbundesplatz.ch\/wp-content\/uploads\/2024\/04\/rvb24-9-Volare-Federtanz-768x549.jpg\"  src=\"https:\/\/www.rendezvousbundesplatz.ch\/wp-content\/uploads\/2024\/04\/rvb24-9-Volare-Federtanz-768x549.jpg\" alt=\"rvb24-9-Volare-Federtanz\" width=\"768\" height=\"549\">  <\/div>\n  <div class=\"ue_item_spacer\"><\/div>\n  <div class=\"ue_item_content\">\n    <div class=\"ue_item_title\">Piumaggi danzanti<\/div>    <div class=\"ue_item_text\">L'edificio ricoperto di piume inizia a danzare. Diverse trame di piume ricoprono alternativamente l'edificio, che si muove ritmicamente a ritmo di musica. Singole piume si staccano e volano in giro. Alla fine, tutte le piume si staccano e il Palazzo Federale diventa visibile.<\/div>  <\/div>\n<\/div>\n<div class=\"ue_item elementor-repeater-item-b5a0989\" role=\"listitem\" tabindex=\"0\">\n  <div class=\"ue_item_vr_line\"><\/div>\n  <div class=\"ue_item_hr_line\"><\/div>\n  <div class=\"ue_item_icon\">\n            <img loading=\"lazy\" decoding=\"async\" src=\"https:\/\/www.rendezvousbundesplatz.ch\/wp-content\/uploads\/2024\/04\/rvb24-10-Volare-Adler-768x549.jpg\"  src=\"https:\/\/www.rendezvousbundesplatz.ch\/wp-content\/uploads\/2024\/04\/rvb24-10-Volare-Adler-768x549.jpg\" alt=\"rvb24-10-Volare-Adler\" width=\"768\" height=\"549\">  <\/div>\n  <div class=\"ue_item_spacer\"><\/div>\n  <div class=\"ue_item_content\">\n    <div class=\"ue_item_title\">L'aquila reale, re dei cieli<\/div>    <div class=\"ue_item_text\">La facciata riflette il paesaggio alpino svizzero con un grande effetto. Davanti a montagne innevate sotto un cielo azzurro, un'aquila reale plana sul suo territorio come \u00abMr. Bluesky\u00bb. La scena rappresenta la visione nitida dell'aquila attraverso effetti dinamici e nitidi di specchio e ingrandimento. Il risultato \u00e8 un gioco dinamico di riflessi delle montagne, del cielo blu e dei primi piani dell'aquila reale.<\/div>  <\/div>\n<\/div>\n<div class=\"ue_item elementor-repeater-item-1cd1bcc\" role=\"listitem\" tabindex=\"0\">\n  <div class=\"ue_item_vr_line\"><\/div>\n  <div class=\"ue_item_hr_line\"><\/div>\n  <div class=\"ue_item_icon\">\n            <img loading=\"lazy\" decoding=\"async\" src=\"https:\/\/www.rendezvousbundesplatz.ch\/wp-content\/uploads\/2024\/04\/rvb24-11-Volare-Verwandlung-768x549.jpg\"  src=\"https:\/\/www.rendezvousbundesplatz.ch\/wp-content\/uploads\/2024\/04\/rvb24-11-Volare-Verwandlung-768x549.jpg\" alt=\"rvb24-11-Volare-Verwandlung\" width=\"768\" height=\"549\">  <\/div>\n  <div class=\"ue_item_spacer\"><\/div>\n  <div class=\"ue_item_content\">\n    <div class=\"ue_item_title\">Musica incantevole che ispira sogni<\/div>    <div class=\"ue_item_text\">Sulle melodie oniriche del nostro tempo, il Palazzo Federale si trasforma da migliaia di punti luce in sagome di uccelli graziosamente luminosi. Suoni romantici accompagnano le trasformazioni fantasiose e invitano a sognare. Non possono mancare i suoni familiari di un gruppo musicale di Berna, che ha tratto ispirazione dal mondo degli uccelli per uno dei suoi successi.<\/div>  <\/div>\n<\/div>\n<div class=\"ue_item elementor-repeater-item-afaed26\" role=\"listitem\" tabindex=\"0\">\n  <div class=\"ue_item_vr_line\"><\/div>\n  <div class=\"ue_item_hr_line\"><\/div>\n  <div class=\"ue_item_icon\">\n            <img loading=\"lazy\" decoding=\"async\" src=\"https:\/\/www.rendezvousbundesplatz.ch\/wp-content\/uploads\/2024\/04\/rvb24-12-Volare-Greifvoegel-768x549.jpg\"  src=\"https:\/\/www.rendezvousbundesplatz.ch\/wp-content\/uploads\/2024\/04\/rvb24-12-Volare-Greifvoegel-768x549.jpg\" alt=\"rvb24-12-Volare-Greifvoegel\" width=\"768\" height=\"549\">  <\/div>\n  <div class=\"ue_item_spacer\"><\/div>\n  <div class=\"ue_item_content\">\n    <div class=\"ue_item_title\">Uccelli rapaci di notte<\/div>    <div class=\"ue_item_text\">Il risultato \u00e8 una scena notturna ispirata a un classico gioco di ombre di silhouette. Gufi e civette vegliano nella mistica foresta. I suoni provenienti dalla boscaglia della foresta indicano una preda. Un gufo reale chiama, la musica risuona in lontananza. Gli uccelli da preda passano silenziosamente come ombre. Inizia a nevicare e arriva l'inverno. Una fitta nevicata avvolge il paesaggio.<\/div>  <\/div>\n<\/div>\n<div class=\"ue_item elementor-repeater-item-f06915f\" role=\"listitem\" tabindex=\"0\">\n  <div class=\"ue_item_vr_line\"><\/div>\n  <div class=\"ue_item_hr_line\"><\/div>\n  <div class=\"ue_item_icon\">\n            <img loading=\"lazy\" decoding=\"async\" src=\"https:\/\/www.rendezvousbundesplatz.ch\/wp-content\/uploads\/2024\/04\/rvb24-13-Volare-Zugvoegel-768x549.jpg\"  src=\"https:\/\/www.rendezvousbundesplatz.ch\/wp-content\/uploads\/2024\/04\/rvb24-13-Volare-Zugvoegel-768x549.jpg\" alt=\"rvb24-13-Volare-Zugvoegel\" width=\"768\" height=\"549\">  <\/div>\n  <div class=\"ue_item_spacer\"><\/div>\n  <div class=\"ue_item_content\">\n    <div class=\"ue_item_title\">Uccelli migratori, storni in primavera<\/div>    <div class=\"ue_item_text\">La neve si attenua e la facciata del Bundeshaus appare pesantemente ghiacciata. Il ghiaccio si scioglie lentamente e i caldi raggi del sole penetrano nell'aria. Uno stormo di storni cinguettanti esce dal sole, forma le tipiche nuvole bizzarre e si posa sul frontone del Palazzo federale.<\/div>  <\/div>\n<\/div>\n<div class=\"ue_item elementor-repeater-item-eb5abfd\" role=\"listitem\" tabindex=\"0\">\n  <div class=\"ue_item_vr_line\"><\/div>\n  <div class=\"ue_item_hr_line\"><\/div>\n  <div class=\"ue_item_icon\">\n            <img loading=\"lazy\" decoding=\"async\" src=\"https:\/\/www.rendezvousbundesplatz.ch\/wp-content\/uploads\/2024\/04\/rvb24-14-1-Volare-Abschluss-Spechte-768x549.jpg\"  src=\"https:\/\/www.rendezvousbundesplatz.ch\/wp-content\/uploads\/2024\/04\/rvb24-14-1-Volare-Abschluss-Spechte-768x549.jpg\" alt=\"rvb24-14-1-Volare-Abschluss-Spechte\" width=\"768\" height=\"549\">  <\/div>\n  <div class=\"ue_item_spacer\"><\/div>\n  <div class=\"ue_item_content\">\n    <div class=\"ue_item_title\">Chiusura e inchino<\/div>    <div class=\"ue_item_text\">Picchi colorati volano verso la facciata e scalpellano frettolosamente i nomi dei produttori sui mattoni in quattro lingue. L'edificio con i nomi si inchina. Infine, il Palazzo federale viene portato fuori dall'immagine da un'aquila. Fine dello spettacolo.<\/div>  <\/div>\n<\/div>\n\n<\/div>\n<!-- end Timeline Bullets -->\t\t\t\t<\/div>\n\t\t\t\t<\/div>\n\t\t\t\t\t<\/div>\n\t\t\t\t<\/div>\n\t\t<div class=\"elementor-element elementor-element-7b88436 e-con e-atomic-element e-flexbox-base e-727bfec \" data-id=\"7b88436\" data-element_type=\"e-flexbox\" data-e-type=\"e-flexbox\" data-interaction-id=\"7b88436\" data-e-type=\"e-flexbox\" data-id=\"7b88436\">\n    \t\t<div class=\"elementor-element elementor-element-deb1a1b elementor-repeater-item-none elementor-repeater-item-none_hover elementor-widget elementor-widget-text-editor\" data-id=\"deb1a1b\" data-element_type=\"widget\" data-e-type=\"widget\" data-widget_type=\"text-editor.default\">\n\t\t\t\t<div class=\"elementor-widget-container\">\n\t\t\t\t\t\t\t\t\t<h2 style=\"text-align: center;\">Elenco musicale<\/h2>\n<hr \/>\n<h3 style=\"text-align: center;\">\u00ab\u00abAndiamo!\u00bb con le peppole<\/h3>\n<p><\/p>\n<p style=\"text-align: center;\">James Last \u2013 \u00abAlle V\u00f6gel sind schon da\u00bb (Instrumental)<\/p>\n<h3 style=\"text-align: center;\">Il grammofono \u00abVolare\u00bb e gli storni<\/h3>\n<p><\/p>\n<p style=\"text-align: center;\">Domenico Modugno \u2013 \u00abVolare\u00bb<\/p>\n<h3 style=\"text-align: center;\">Il merlo acquaiolo \/h3&gt;<\/h3>\n<p><\/p>\n<p style=\"text-align: center;\">\n<p><\/p>\n<p style=\"text-align: center;\">Aurora \u2013 \u00abBlack Water Lilies\u00bb<\/p>\n<h3 style=\"text-align: center;\">Il martin pescatore fischiettante<\/h3>\n<p><\/p>\n<p style=\"text-align: center;\">Edvard Grieg \u2013 \u00abPeer-Gynt-Suite Nr. 1, Morgenstimmung\u00bb<\/p>\n<h3 style=\"text-align: center;\">Il birdwatching e la pavoncella<\/h3>\n<p><\/p>\n<p style=\"text-align: center;\">Instrumental Champions \u2013 \u00abPink Panther\u00bb<\/p>\n<h3 style=\"text-align: center;\">\u00abSingfonie\u00bb<\/h3>\n<p><\/p>\n<p style=\"text-align: center;\">Wiener Philharmoniker &amp; Karl B\u00f6hm \u2013 Ludwig van Beethoven: \u00abSinfonie Nr 6 in F-Dur, Pastorale\u00bb<\/p>\n<h3 style=\"text-align: center;\">Rondini che si nutrono<\/h3>\n<p><\/p>\n<p style=\"text-align: center;\">Bob Marley \u2013 \u00abThree Little Birds\u00bb<\/p>\n<h3 style=\"text-align: center;\">Il corteggiamento delle gru<\/h3>\n<p><\/p>\n<p style=\"text-align: center;\">Edith Piaf \u2013 \u00abNon, je ne regrette rien\u00bb<\/p>\n<h3 style=\"text-align: center;\">Piumaggi danzanti<\/h3>\n<p><\/p>\n<p style=\"text-align: center;\">Moondog \u2013 \u00abBird\u00b4s Lament\u00bb (Remix)<\/p>\n<h3 style=\"text-align: center;\">L\u2019aquila reale, re dei cieli<\/h3>\n<p><\/p>\n<p style=\"text-align: center;\">Electric Light Orchestra \u2013 \u00abMr. Bluesky\u00bb<\/p>\n<h3 style=\"text-align: center;\">Musica incantevole che ispira sogni<\/h3>\n<p><\/p>\n<p style=\"text-align: center;\">James Last and Orchestra \u2013 \u00abTristesse\u00bb (Chopin)<\/p>\n<p><\/p>\n<p style=\"text-align: center;\">Peter, Sue &amp; Marc \u2013 \u00abBirds of Paradise\u00bb<\/p>\n<h3 style=\"text-align: center;\">Uccelli rapaci di notte<\/h3>\n<p><\/p>\n<p style=\"text-align: center;\">The Doors \u2013 \u00abBirds of Prey\u00bb<\/p>\n<h3 style=\"text-align: center;\">Uccelli migratori, storni in primavera<\/h3>\n<p><\/p>\n<p style=\"text-align: center;\">The Beatles \u2013 \u00abHere Comes the Sun\u00bb<\/p>\n<h3 style=\"text-align: center;\">Chiusura e inchino<\/h3>\n<p><\/p>\n<p style=\"text-align: center;\">Royal Philharmonic Orchestra \u2013 \u00abEagle\u00bb (Abba)<\/p>\n\t\t\t\t\t\t\t\t<\/div>\n\t\t\t\t<\/div>\n\t\t\n<\/div>\n\t\t<\/div>\n\t\t<\/div>","protected":false},"excerpt":{"rendered":"<p>Un viaggio affascinante nel mondo degli uccelli locale. La storia ci porta nel meraviglioso mondo degli uccelli della Svizzera. Voliamo verso il cielo con gli acrobati aerei, osserviamo le loro caratteristiche sorprendenti e ascoltiamo il loro canto. I visitatori possono assistere a una serie di emozionanti episodi in cui la facciata del Palazzo federale viene [&hellip;]<\/p>\n","protected":false},"author":2,"featured_media":0,"parent":0,"menu_order":0,"comment_status":"closed","ping_status":"closed","template":"","meta":{"_acf_changed":false,"footnotes":""},"class_list":["post-17603","page","type-page","status-publish","hentry"],"acf":[],"yoast_head":"<!-- This site is optimized with the Yoast SEO plugin v28.3 - https:\/\/yoast.com\/product\/yoast-seo-wordpress\/ -->\n<title>Lo spettacolo 2024 - Rendez-vous Bundesplatz<\/title>\n<meta name=\"robots\" content=\"noindex, nofollow\" \/>\n<meta property=\"og:locale\" content=\"it_IT\" \/>\n<meta property=\"og:type\" content=\"article\" \/>\n<meta property=\"og:title\" content=\"Lo spettacolo 2024 - Rendez-vous Bundesplatz\" \/>\n<meta property=\"og:description\" content=\"Un viaggio affascinante nel mondo degli uccelli locale. La storia ci porta nel meraviglioso mondo degli uccelli della Svizzera. Voliamo verso il cielo con gli acrobati aerei, osserviamo le loro caratteristiche sorprendenti e ascoltiamo il loro canto. I visitatori possono assistere a una serie di emozionanti episodi in cui la facciata del Palazzo federale viene [&hellip;]\" \/>\n<meta property=\"og:url\" content=\"https:\/\/www.rendezvousbundesplatz.ch\/it\/lo-spettacolo-2024\/\" \/>\n<meta property=\"og:site_name\" content=\"Rendez-vous Bundesplatz\" \/>\n<meta property=\"article:modified_time\" content=\"2026-08-19T11:46:49+00:00\" \/>\n<meta property=\"og:image\" content=\"https:\/\/www.rendezvousbundesplatz.ch\/wp-content\/uploads\/2024\/04\/rvb24-1-Volare-Start-768x549.jpg\" \/>\n<meta name=\"twitter:label1\" content=\"Tempo di lettura stimato\" \/>\n\t<meta name=\"twitter:data1\" content=\"5 minuti\" \/>\n<script type=\"application\/ld+json\" class=\"yoast-schema-graph\">{\"@context\":\"https:\\\/\\\/schema.org\",\"@graph\":[{\"@type\":\"WebPage\",\"@id\":\"https:\\\/\\\/www.rendezvousbundesplatz.ch\\\/it\\\/lo-spettacolo-2024\\\/\",\"url\":\"https:\\\/\\\/www.rendezvousbundesplatz.ch\\\/it\\\/lo-spettacolo-2024\\\/\",\"name\":\"Lo spettacolo 2024 - Rendez-vous Bundesplatz\",\"isPartOf\":{\"@id\":\"https:\\\/\\\/www.rendezvousbundesplatz.ch\\\/#website\"},\"primaryImageOfPage\":{\"@id\":\"https:\\\/\\\/www.rendezvousbundesplatz.ch\\\/it\\\/lo-spettacolo-2024\\\/#primaryimage\"},\"image\":{\"@id\":\"https:\\\/\\\/www.rendezvousbundesplatz.ch\\\/it\\\/lo-spettacolo-2024\\\/#primaryimage\"},\"thumbnailUrl\":\"https:\\\/\\\/www.rendezvousbundesplatz.ch\\\/wp-content\\\/uploads\\\/2024\\\/04\\\/rvb24-1-Volare-Start-768x549.jpg\",\"datePublished\":\"2024-04-16T15:22:25+00:00\",\"dateModified\":\"2026-08-19T11:46:49+00:00\",\"breadcrumb\":{\"@id\":\"https:\\\/\\\/www.rendezvousbundesplatz.ch\\\/it\\\/lo-spettacolo-2024\\\/#breadcrumb\"},\"inLanguage\":\"it-IT\",\"potentialAction\":[{\"@type\":\"ReadAction\",\"target\":[\"https:\\\/\\\/www.rendezvousbundesplatz.ch\\\/it\\\/lo-spettacolo-2024\\\/\"]}]},{\"@type\":\"ImageObject\",\"inLanguage\":\"it-IT\",\"@id\":\"https:\\\/\\\/www.rendezvousbundesplatz.ch\\\/it\\\/lo-spettacolo-2024\\\/#primaryimage\",\"url\":\"https:\\\/\\\/www.rendezvousbundesplatz.ch\\\/wp-content\\\/uploads\\\/2024\\\/04\\\/rvb24-1-Volare-Start-768x549.jpg\",\"contentUrl\":\"https:\\\/\\\/www.rendezvousbundesplatz.ch\\\/wp-content\\\/uploads\\\/2024\\\/04\\\/rvb24-1-Volare-Start-768x549.jpg\"},{\"@type\":\"BreadcrumbList\",\"@id\":\"https:\\\/\\\/www.rendezvousbundesplatz.ch\\\/it\\\/lo-spettacolo-2024\\\/#breadcrumb\",\"itemListElement\":[{\"@type\":\"ListItem\",\"position\":1,\"name\":\"Home\",\"item\":\"https:\\\/\\\/www.rendezvousbundesplatz.ch\\\/it\\\/benvenuti-2\\\/\"},{\"@type\":\"ListItem\",\"position\":2,\"name\":\"Lo spettacolo 2024\"}]},{\"@type\":\"WebSite\",\"@id\":\"https:\\\/\\\/www.rendezvousbundesplatz.ch\\\/#website\",\"url\":\"https:\\\/\\\/www.rendezvousbundesplatz.ch\\\/\",\"name\":\"Rendez-vous Bundesplatz\",\"description\":\"Dal 17 ottobre al 21 novembre 2026\",\"publisher\":{\"@id\":\"https:\\\/\\\/www.rendezvousbundesplatz.ch\\\/#organization\"},\"potentialAction\":[{\"@type\":\"SearchAction\",\"target\":{\"@type\":\"EntryPoint\",\"urlTemplate\":\"https:\\\/\\\/www.rendezvousbundesplatz.ch\\\/?s={search_term_string}\"},\"query-input\":{\"@type\":\"PropertyValueSpecification\",\"valueRequired\":true,\"valueName\":\"search_term_string\"}}],\"inLanguage\":\"it-IT\"},{\"@type\":\"Organization\",\"@id\":\"https:\\\/\\\/www.rendezvousbundesplatz.ch\\\/#organization\",\"name\":\"Rendez-vous Bundesplatz\",\"url\":\"https:\\\/\\\/www.rendezvousbundesplatz.ch\\\/\",\"logo\":{\"@type\":\"ImageObject\",\"inLanguage\":\"it-IT\",\"@id\":\"https:\\\/\\\/www.rendezvousbundesplatz.ch\\\/#\\\/schema\\\/logo\\\/image\\\/\",\"url\":\"https:\\\/\\\/www.rendezvousbundesplatz.ch\\\/wp-content\\\/uploads\\\/2016\\\/05\\\/logo_rvb_neg_os.png\",\"contentUrl\":\"https:\\\/\\\/www.rendezvousbundesplatz.ch\\\/wp-content\\\/uploads\\\/2016\\\/05\\\/logo_rvb_neg_os.png\",\"width\":824,\"height\":381,\"caption\":\"Rendez-vous Bundesplatz\"},\"image\":{\"@id\":\"https:\\\/\\\/www.rendezvousbundesplatz.ch\\\/#\\\/schema\\\/logo\\\/image\\\/\"}}]}<\/script>\n<!-- \/ Yoast SEO plugin. -->","yoast_head_json":{"title":"Lo spettacolo 2024 - Rendez-vous Bundesplatz","robots":{"index":"noindex","follow":"nofollow"},"og_locale":"it_IT","og_type":"article","og_title":"Lo spettacolo 2024 - Rendez-vous Bundesplatz","og_description":"Un viaggio affascinante nel mondo degli uccelli locale. La storia ci porta nel meraviglioso mondo degli uccelli della Svizzera. Voliamo verso il cielo con gli acrobati aerei, osserviamo le loro caratteristiche sorprendenti e ascoltiamo il loro canto. I visitatori possono assistere a una serie di emozionanti episodi in cui la facciata del Palazzo federale viene [&hellip;]","og_url":"https:\/\/www.rendezvousbundesplatz.ch\/it\/lo-spettacolo-2024\/","og_site_name":"Rendez-vous Bundesplatz","article_modified_time":"2026-08-19T11:46:49+00:00","og_image":[{"url":"https:\/\/www.rendezvousbundesplatz.ch\/wp-content\/uploads\/2024\/04\/rvb24-1-Volare-Start-768x549.jpg","type":"","width":"","height":""}],"twitter_misc":{"Tempo di lettura stimato":"5 minuti"},"schema":{"@context":"https:\/\/schema.org","@graph":[{"@type":"WebPage","@id":"https:\/\/www.rendezvousbundesplatz.ch\/it\/lo-spettacolo-2024\/","url":"https:\/\/www.rendezvousbundesplatz.ch\/it\/lo-spettacolo-2024\/","name":"Lo spettacolo 2024 - Rendez-vous Bundesplatz","isPartOf":{"@id":"https:\/\/www.rendezvousbundesplatz.ch\/#website"},"primaryImageOfPage":{"@id":"https:\/\/www.rendezvousbundesplatz.ch\/it\/lo-spettacolo-2024\/#primaryimage"},"image":{"@id":"https:\/\/www.rendezvousbundesplatz.ch\/it\/lo-spettacolo-2024\/#primaryimage"},"thumbnailUrl":"https:\/\/www.rendezvousbundesplatz.ch\/wp-content\/uploads\/2024\/04\/rvb24-1-Volare-Start-768x549.jpg","datePublished":"2024-04-16T15:22:25+00:00","dateModified":"2026-08-19T11:46:49+00:00","breadcrumb":{"@id":"https:\/\/www.rendezvousbundesplatz.ch\/it\/lo-spettacolo-2024\/#breadcrumb"},"inLanguage":"it-IT","potentialAction":[{"@type":"ReadAction","target":["https:\/\/www.rendezvousbundesplatz.ch\/it\/lo-spettacolo-2024\/"]}]},{"@type":"ImageObject","inLanguage":"it-IT","@id":"https:\/\/www.rendezvousbundesplatz.ch\/it\/lo-spettacolo-2024\/#primaryimage","url":"https:\/\/www.rendezvousbundesplatz.ch\/wp-content\/uploads\/2024\/04\/rvb24-1-Volare-Start-768x549.jpg","contentUrl":"https:\/\/www.rendezvousbundesplatz.ch\/wp-content\/uploads\/2024\/04\/rvb24-1-Volare-Start-768x549.jpg"},{"@type":"BreadcrumbList","@id":"https:\/\/www.rendezvousbundesplatz.ch\/it\/lo-spettacolo-2024\/#breadcrumb","itemListElement":[{"@type":"ListItem","position":1,"name":"Home","item":"https:\/\/www.rendezvousbundesplatz.ch\/it\/benvenuti-2\/"},{"@type":"ListItem","position":2,"name":"Lo spettacolo 2024"}]},{"@type":"WebSite","@id":"https:\/\/www.rendezvousbundesplatz.ch\/#website","url":"https:\/\/www.rendezvousbundesplatz.ch\/","name":"Rendez-vous Bundesplatz","description":"Dal 17 ottobre al 21 novembre 2026","publisher":{"@id":"https:\/\/www.rendezvousbundesplatz.ch\/#organization"},"potentialAction":[{"@type":"SearchAction","target":{"@type":"EntryPoint","urlTemplate":"https:\/\/www.rendezvousbundesplatz.ch\/?s={search_term_string}"},"query-input":{"@type":"PropertyValueSpecification","valueRequired":true,"valueName":"search_term_string"}}],"inLanguage":"it-IT"},{"@type":"Organization","@id":"https:\/\/www.rendezvousbundesplatz.ch\/#organization","name":"Rendez-vous Bundesplatz","url":"https:\/\/www.rendezvousbundesplatz.ch\/","logo":{"@type":"ImageObject","inLanguage":"it-IT","@id":"https:\/\/www.rendezvousbundesplatz.ch\/#\/schema\/logo\/image\/","url":"https:\/\/www.rendezvousbundesplatz.ch\/wp-content\/uploads\/2016\/05\/logo_rvb_neg_os.png","contentUrl":"https:\/\/www.rendezvousbundesplatz.ch\/wp-content\/uploads\/2016\/05\/logo_rvb_neg_os.png","width":824,"height":381,"caption":"Rendez-vous Bundesplatz"},"image":{"@id":"https:\/\/www.rendezvousbundesplatz.ch\/#\/schema\/logo\/image\/"}}]}},"_links":{"self":[{"href":"https:\/\/www.rendezvousbundesplatz.ch\/it\/wp-json\/wp\/v2\/pages\/17603","targetHints":{"allow":["GET"]}}],"collection":[{"href":"https:\/\/www.rendezvousbundesplatz.ch\/it\/wp-json\/wp\/v2\/pages"}],"about":[{"href":"https:\/\/www.rendezvousbundesplatz.ch\/it\/wp-json\/wp\/v2\/types\/page"}],"author":[{"embeddable":true,"href":"https:\/\/www.rendezvousbundesplatz.ch\/it\/wp-json\/wp\/v2\/users\/2"}],"replies":[{"embeddable":true,"href":"https:\/\/www.rendezvousbundesplatz.ch\/it\/wp-json\/wp\/v2\/comments?post=17603"}],"version-history":[{"count":13,"href":"https:\/\/www.rendezvousbundesplatz.ch\/it\/wp-json\/wp\/v2\/pages\/17603\/revisions"}],"predecessor-version":[{"id":20790,"href":"https:\/\/www.rendezvousbundesplatz.ch\/it\/wp-json\/wp\/v2\/pages\/17603\/revisions\/20790"}],"wp:attachment":[{"href":"https:\/\/www.rendezvousbundesplatz.ch\/it\/wp-json\/wp\/v2\/media?parent=17603"}],"curies":[{"name":"wp","href":"https:\/\/api.w.org\/{rel}","templated":true}]}}