{"id":8439,"date":"2015-08-28T10:33:15","date_gmt":"2015-08-28T08:33:15","guid":{"rendered":"http:\/\/rvb.wpengine.com\/it\/das-spektakel-2015\/"},"modified":"2019-02-01T11:04:39","modified_gmt":"2019-02-01T10:04:39","slug":"lo-spettacolo-2015","status":"publish","type":"page","link":"https:\/\/www.rendezvousbundesplatz.ch\/it\/lo-spettacolo-2015\/","title":{"rendered":"Lo spettacolo 2015"},"content":{"rendered":"<div class=\"wpb-content-wrapper\"><p>[vc_row css_animation=&#8221;&#8221; row_type=&#8221;row&#8221; use_row_as_full_screen_section=&#8221;no&#8221; type=&#8221;full_width&#8221; angled_section=&#8221;no&#8221; text_align=&#8221;left&#8221; background_image_as_pattern=&#8221;without_pattern&#8221;][vc_column width=&#8221;1\/2&#8243;][vc_empty_space][vc_column_text]<\/p>\n<h2>Story<\/h2>\n<p>La storia comincia all\u2019inizio dei tempi, quando la Terra era ancora una sfera di fuoco incandescente. Lentamente il giovane pianeta assume la sua forma per effetto di impatti tuonanti con le comete, improvvise ere glaciali e spostamenti tettonici.<\/p>\n<p>Dalle profondit\u00e0 della Terra ancora giovane crescono le Alpi. E con esse il Cervino. In tutta la sua maest\u00e0 e vivacit\u00e0. Pieno di meraviglia, il gioiello delle montagne osserva la natura e gli animali. Egli ne \u00e8 parte e troneggia nella sua maestosit\u00e0 e unicit\u00e0. Per un periodo rimane tranquillo, la flora e la fauna si sviluppano insieme al massiccio montuoso.<\/p>\n<p>Il \u00ab Gioiello delle montagne \u00bb \u00e8 una storia che trabocca di poesia. Mostra il Cervino come non lo si \u00e8 mai visto finora. Rumori, musica, luci e immagini si intrecciano sapientemente, dando vita a un\u2019esperienza speciale e unica.\u00a0La quinta edizione dello spettacolo luci e suoni di Starlight Events \u00e8 stata la prima produzione completamente svizzera, realizzata insieme con il collettivo di artisti<br \/>\n\u00ab Projektil \u00bb di Zurigo e con il nostro partner tecnico \u00ab Auviso \u00bb di Kriens.[\/vc_column_text][\/vc_column][vc_column width=&#8221;1\/2&#8243;][vc_empty_space][vc_video link=&#8221;https:\/\/www.youtube.com\/watch?v=xnAHGCEBUJY&#8221; align=&#8221;center&#8221;][vc_column_text]<a href=\"https:\/\/www.youtube.com\/watch?v=5piINDxIrGU\" target=\"_blank\" rel=\"noopener\">Trailer Show 2015<\/a> (YouTube)[\/vc_column_text][\/vc_column][\/vc_row][vc_row css_animation=&#8221;&#8221; row_type=&#8221;row&#8221; use_row_as_full_screen_section=&#8221;no&#8221; type=&#8221;full_width&#8221; angled_section=&#8221;no&#8221; text_align=&#8221;left&#8221; background_image_as_pattern=&#8221;without_pattern&#8221;][vc_column][vc_empty_space][vc_column_text]<\/p>\n\n\t\t<style type=\"text\/css\">\n\t\t\t#gallery-2 {\n\t\t\t\tmargin: auto;\n\t\t\t}\n\t\t\t#gallery-2 .gallery-item {\n\t\t\t\tfloat: left;\n\t\t\t\tmargin-top: 10px;\n\t\t\t\ttext-align: center;\n\t\t\t\twidth: 25%;\n\t\t\t}\n\t\t\t#gallery-2 img {\n\t\t\t\tborder: 2px solid #cfcfcf;\n\t\t\t}\n\t\t\t#gallery-2 .gallery-caption {\n\t\t\t\tmargin-left: 0;\n\t\t\t}\n\t\t\t\/* see gallery_shortcode() in wp-includes\/media.php *\/\n\t\t<\/style>\n\t\t<div id='gallery-2' class='gallery galleryid-8439 gallery-columns-4 gallery-size-medium'><dl class='gallery-item'>\n\t\t\t<dt class='gallery-icon landscape'>\n\t\t\t\t<a href='https:\/\/www.rendezvousbundesplatz.ch\/wp-content\/uploads\/2016\/02\/RVBP9893.jpg'><img loading=\"lazy\" decoding=\"async\" width=\"300\" height=\"200\" src=\"https:\/\/www.rendezvousbundesplatz.ch\/wp-content\/uploads\/2016\/02\/RVBP9893-300x200.jpg\" class=\"attachment-medium size-medium\" alt=\"\" srcset=\"https:\/\/www.rendezvousbundesplatz.ch\/wp-content\/uploads\/2016\/02\/RVBP9893-300x200.jpg 300w, https:\/\/www.rendezvousbundesplatz.ch\/wp-content\/uploads\/2016\/02\/RVBP9893-768x512.jpg 768w, https:\/\/www.rendezvousbundesplatz.ch\/wp-content\/uploads\/2016\/02\/RVBP9893-1024x683.jpg 1024w, https:\/\/www.rendezvousbundesplatz.ch\/wp-content\/uploads\/2016\/02\/RVBP9893-968x645.jpg 968w, https:\/\/www.rendezvousbundesplatz.ch\/wp-content\/uploads\/2016\/02\/RVBP9893-636x424.jpg 636w, https:\/\/www.rendezvousbundesplatz.ch\/wp-content\/uploads\/2016\/02\/RVBP9893-320x213.jpg 320w, https:\/\/www.rendezvousbundesplatz.ch\/wp-content\/uploads\/2016\/02\/RVBP9893-239x159.jpg 239w\" sizes=\"auto, (max-width: 300px) 100vw, 300px\" \/><\/a>\n\t\t\t<\/dt><\/dl><dl class='gallery-item'>\n\t\t\t<dt class='gallery-icon landscape'>\n\t\t\t\t<a href='https:\/\/www.rendezvousbundesplatz.ch\/wp-content\/uploads\/2016\/02\/RVBP9969.jpg'><img loading=\"lazy\" decoding=\"async\" width=\"300\" height=\"200\" src=\"https:\/\/www.rendezvousbundesplatz.ch\/wp-content\/uploads\/2016\/02\/RVBP9969-300x200.jpg\" class=\"attachment-medium size-medium\" alt=\"\" srcset=\"https:\/\/www.rendezvousbundesplatz.ch\/wp-content\/uploads\/2016\/02\/RVBP9969-300x200.jpg 300w, https:\/\/www.rendezvousbundesplatz.ch\/wp-content\/uploads\/2016\/02\/RVBP9969-768x512.jpg 768w, https:\/\/www.rendezvousbundesplatz.ch\/wp-content\/uploads\/2016\/02\/RVBP9969-1024x683.jpg 1024w, https:\/\/www.rendezvousbundesplatz.ch\/wp-content\/uploads\/2016\/02\/RVBP9969-968x645.jpg 968w, https:\/\/www.rendezvousbundesplatz.ch\/wp-content\/uploads\/2016\/02\/RVBP9969-636x424.jpg 636w, https:\/\/www.rendezvousbundesplatz.ch\/wp-content\/uploads\/2016\/02\/RVBP9969-320x213.jpg 320w, https:\/\/www.rendezvousbundesplatz.ch\/wp-content\/uploads\/2016\/02\/RVBP9969-239x159.jpg 239w\" sizes=\"auto, (max-width: 300px) 100vw, 300px\" \/><\/a>\n\t\t\t<\/dt><\/dl><dl class='gallery-item'>\n\t\t\t<dt class='gallery-icon landscape'>\n\t\t\t\t<a href='https:\/\/www.rendezvousbundesplatz.ch\/wp-content\/uploads\/2016\/02\/RVBP9783.jpg'><img loading=\"lazy\" decoding=\"async\" width=\"300\" height=\"200\" src=\"https:\/\/www.rendezvousbundesplatz.ch\/wp-content\/uploads\/2016\/02\/RVBP9783-300x200.jpg\" class=\"attachment-medium size-medium\" alt=\"\" srcset=\"https:\/\/www.rendezvousbundesplatz.ch\/wp-content\/uploads\/2016\/02\/RVBP9783-300x200.jpg 300w, https:\/\/www.rendezvousbundesplatz.ch\/wp-content\/uploads\/2016\/02\/RVBP9783-768x512.jpg 768w, https:\/\/www.rendezvousbundesplatz.ch\/wp-content\/uploads\/2016\/02\/RVBP9783-1024x683.jpg 1024w, https:\/\/www.rendezvousbundesplatz.ch\/wp-content\/uploads\/2016\/02\/RVBP9783-968x645.jpg 968w, https:\/\/www.rendezvousbundesplatz.ch\/wp-content\/uploads\/2016\/02\/RVBP9783-636x424.jpg 636w, https:\/\/www.rendezvousbundesplatz.ch\/wp-content\/uploads\/2016\/02\/RVBP9783-320x213.jpg 320w, https:\/\/www.rendezvousbundesplatz.ch\/wp-content\/uploads\/2016\/02\/RVBP9783-239x159.jpg 239w\" sizes=\"auto, (max-width: 300px) 100vw, 300px\" \/><\/a>\n\t\t\t<\/dt><\/dl><dl class='gallery-item'>\n\t\t\t<dt class='gallery-icon landscape'>\n\t\t\t\t<a href='https:\/\/www.rendezvousbundesplatz.ch\/wp-content\/uploads\/2016\/02\/RVBP9883.jpg'><img loading=\"lazy\" decoding=\"async\" width=\"300\" height=\"200\" src=\"https:\/\/www.rendezvousbundesplatz.ch\/wp-content\/uploads\/2016\/02\/RVBP9883-300x200.jpg\" class=\"attachment-medium size-medium\" alt=\"\" srcset=\"https:\/\/www.rendezvousbundesplatz.ch\/wp-content\/uploads\/2016\/02\/RVBP9883-300x200.jpg 300w, https:\/\/www.rendezvousbundesplatz.ch\/wp-content\/uploads\/2016\/02\/RVBP9883-768x512.jpg 768w, https:\/\/www.rendezvousbundesplatz.ch\/wp-content\/uploads\/2016\/02\/RVBP9883-1024x683.jpg 1024w, https:\/\/www.rendezvousbundesplatz.ch\/wp-content\/uploads\/2016\/02\/RVBP9883-968x645.jpg 968w, https:\/\/www.rendezvousbundesplatz.ch\/wp-content\/uploads\/2016\/02\/RVBP9883-636x424.jpg 636w, https:\/\/www.rendezvousbundesplatz.ch\/wp-content\/uploads\/2016\/02\/RVBP9883-320x213.jpg 320w, https:\/\/www.rendezvousbundesplatz.ch\/wp-content\/uploads\/2016\/02\/RVBP9883-239x159.jpg 239w\" sizes=\"auto, (max-width: 300px) 100vw, 300px\" \/><\/a>\n\t\t\t<\/dt><\/dl><br style=\"clear: both\" \/><dl class='gallery-item'>\n\t\t\t<dt class='gallery-icon landscape'>\n\t\t\t\t<a href='https:\/\/www.rendezvousbundesplatz.ch\/wp-content\/uploads\/2016\/02\/RVBP9831.jpg'><img loading=\"lazy\" decoding=\"async\" width=\"300\" height=\"200\" src=\"https:\/\/www.rendezvousbundesplatz.ch\/wp-content\/uploads\/2016\/02\/RVBP9831-300x200.jpg\" class=\"attachment-medium size-medium\" alt=\"\" srcset=\"https:\/\/www.rendezvousbundesplatz.ch\/wp-content\/uploads\/2016\/02\/RVBP9831-300x200.jpg 300w, https:\/\/www.rendezvousbundesplatz.ch\/wp-content\/uploads\/2016\/02\/RVBP9831-768x512.jpg 768w, https:\/\/www.rendezvousbundesplatz.ch\/wp-content\/uploads\/2016\/02\/RVBP9831-1024x683.jpg 1024w, https:\/\/www.rendezvousbundesplatz.ch\/wp-content\/uploads\/2016\/02\/RVBP9831-968x645.jpg 968w, https:\/\/www.rendezvousbundesplatz.ch\/wp-content\/uploads\/2016\/02\/RVBP9831-636x424.jpg 636w, https:\/\/www.rendezvousbundesplatz.ch\/wp-content\/uploads\/2016\/02\/RVBP9831-320x213.jpg 320w, https:\/\/www.rendezvousbundesplatz.ch\/wp-content\/uploads\/2016\/02\/RVBP9831-239x159.jpg 239w\" sizes=\"auto, (max-width: 300px) 100vw, 300px\" \/><\/a>\n\t\t\t<\/dt><\/dl><dl class='gallery-item'>\n\t\t\t<dt class='gallery-icon landscape'>\n\t\t\t\t<a href='https:\/\/www.rendezvousbundesplatz.ch\/wp-content\/uploads\/2016\/02\/RVBP9955.jpg'><img loading=\"lazy\" decoding=\"async\" width=\"300\" height=\"200\" src=\"https:\/\/www.rendezvousbundesplatz.ch\/wp-content\/uploads\/2016\/02\/RVBP9955-300x200.jpg\" class=\"attachment-medium size-medium\" alt=\"\" srcset=\"https:\/\/www.rendezvousbundesplatz.ch\/wp-content\/uploads\/2016\/02\/RVBP9955-300x200.jpg 300w, https:\/\/www.rendezvousbundesplatz.ch\/wp-content\/uploads\/2016\/02\/RVBP9955-768x512.jpg 768w, https:\/\/www.rendezvousbundesplatz.ch\/wp-content\/uploads\/2016\/02\/RVBP9955-1024x683.jpg 1024w, https:\/\/www.rendezvousbundesplatz.ch\/wp-content\/uploads\/2016\/02\/RVBP9955-968x645.jpg 968w, https:\/\/www.rendezvousbundesplatz.ch\/wp-content\/uploads\/2016\/02\/RVBP9955-636x424.jpg 636w, https:\/\/www.rendezvousbundesplatz.ch\/wp-content\/uploads\/2016\/02\/RVBP9955-320x213.jpg 320w, https:\/\/www.rendezvousbundesplatz.ch\/wp-content\/uploads\/2016\/02\/RVBP9955-239x159.jpg 239w\" sizes=\"auto, (max-width: 300px) 100vw, 300px\" \/><\/a>\n\t\t\t<\/dt><\/dl><dl class='gallery-item'>\n\t\t\t<dt class='gallery-icon landscape'>\n\t\t\t\t<a href='https:\/\/www.rendezvousbundesplatz.ch\/wp-content\/uploads\/2016\/02\/RVBP9928.jpg'><img loading=\"lazy\" decoding=\"async\" width=\"300\" height=\"200\" src=\"https:\/\/www.rendezvousbundesplatz.ch\/wp-content\/uploads\/2016\/02\/RVBP9928-300x200.jpg\" class=\"attachment-medium size-medium\" alt=\"\" srcset=\"https:\/\/www.rendezvousbundesplatz.ch\/wp-content\/uploads\/2016\/02\/RVBP9928-300x200.jpg 300w, https:\/\/www.rendezvousbundesplatz.ch\/wp-content\/uploads\/2016\/02\/RVBP9928-768x512.jpg 768w, https:\/\/www.rendezvousbundesplatz.ch\/wp-content\/uploads\/2016\/02\/RVBP9928-1024x683.jpg 1024w, https:\/\/www.rendezvousbundesplatz.ch\/wp-content\/uploads\/2016\/02\/RVBP9928-968x645.jpg 968w, https:\/\/www.rendezvousbundesplatz.ch\/wp-content\/uploads\/2016\/02\/RVBP9928-636x424.jpg 636w, https:\/\/www.rendezvousbundesplatz.ch\/wp-content\/uploads\/2016\/02\/RVBP9928-320x213.jpg 320w, https:\/\/www.rendezvousbundesplatz.ch\/wp-content\/uploads\/2016\/02\/RVBP9928-239x159.jpg 239w\" sizes=\"auto, (max-width: 300px) 100vw, 300px\" \/><\/a>\n\t\t\t<\/dt><\/dl><dl class='gallery-item'>\n\t\t\t<dt class='gallery-icon landscape'>\n\t\t\t\t<a href='https:\/\/www.rendezvousbundesplatz.ch\/wp-content\/uploads\/2016\/02\/RVBP0032.jpg'><img loading=\"lazy\" decoding=\"async\" width=\"300\" height=\"200\" src=\"https:\/\/www.rendezvousbundesplatz.ch\/wp-content\/uploads\/2016\/02\/RVBP0032-300x200.jpg\" class=\"attachment-medium size-medium\" alt=\"\" srcset=\"https:\/\/www.rendezvousbundesplatz.ch\/wp-content\/uploads\/2016\/02\/RVBP0032-300x200.jpg 300w, https:\/\/www.rendezvousbundesplatz.ch\/wp-content\/uploads\/2016\/02\/RVBP0032-768x512.jpg 768w, https:\/\/www.rendezvousbundesplatz.ch\/wp-content\/uploads\/2016\/02\/RVBP0032-1024x683.jpg 1024w, https:\/\/www.rendezvousbundesplatz.ch\/wp-content\/uploads\/2016\/02\/RVBP0032-968x645.jpg 968w, https:\/\/www.rendezvousbundesplatz.ch\/wp-content\/uploads\/2016\/02\/RVBP0032-636x424.jpg 636w, https:\/\/www.rendezvousbundesplatz.ch\/wp-content\/uploads\/2016\/02\/RVBP0032-320x213.jpg 320w, https:\/\/www.rendezvousbundesplatz.ch\/wp-content\/uploads\/2016\/02\/RVBP0032-239x159.jpg 239w\" sizes=\"auto, (max-width: 300px) 100vw, 300px\" \/><\/a>\n\t\t\t<\/dt><\/dl><br style=\"clear: both\" \/><dl class='gallery-item'>\n\t\t\t<dt class='gallery-icon landscape'>\n\t\t\t\t<a href='https:\/\/www.rendezvousbundesplatz.ch\/wp-content\/uploads\/2016\/02\/RVBP9909.jpg'><img loading=\"lazy\" decoding=\"async\" width=\"300\" height=\"200\" src=\"https:\/\/www.rendezvousbundesplatz.ch\/wp-content\/uploads\/2016\/02\/RVBP9909-300x200.jpg\" class=\"attachment-medium size-medium\" alt=\"\" srcset=\"https:\/\/www.rendezvousbundesplatz.ch\/wp-content\/uploads\/2016\/02\/RVBP9909-300x200.jpg 300w, https:\/\/www.rendezvousbundesplatz.ch\/wp-content\/uploads\/2016\/02\/RVBP9909-768x512.jpg 768w, https:\/\/www.rendezvousbundesplatz.ch\/wp-content\/uploads\/2016\/02\/RVBP9909-1024x683.jpg 1024w, https:\/\/www.rendezvousbundesplatz.ch\/wp-content\/uploads\/2016\/02\/RVBP9909-968x645.jpg 968w, https:\/\/www.rendezvousbundesplatz.ch\/wp-content\/uploads\/2016\/02\/RVBP9909-636x424.jpg 636w, https:\/\/www.rendezvousbundesplatz.ch\/wp-content\/uploads\/2016\/02\/RVBP9909-320x213.jpg 320w, https:\/\/www.rendezvousbundesplatz.ch\/wp-content\/uploads\/2016\/02\/RVBP9909-239x159.jpg 239w\" sizes=\"auto, (max-width: 300px) 100vw, 300px\" \/><\/a>\n\t\t\t<\/dt><\/dl><dl class='gallery-item'>\n\t\t\t<dt class='gallery-icon landscape'>\n\t\t\t\t<a href='https:\/\/www.rendezvousbundesplatz.ch\/wp-content\/uploads\/2016\/02\/RVBP9937.jpg'><img loading=\"lazy\" decoding=\"async\" width=\"300\" height=\"200\" src=\"https:\/\/www.rendezvousbundesplatz.ch\/wp-content\/uploads\/2016\/02\/RVBP9937-300x200.jpg\" class=\"attachment-medium size-medium\" alt=\"\" srcset=\"https:\/\/www.rendezvousbundesplatz.ch\/wp-content\/uploads\/2016\/02\/RVBP9937-300x200.jpg 300w, https:\/\/www.rendezvousbundesplatz.ch\/wp-content\/uploads\/2016\/02\/RVBP9937-768x512.jpg 768w, https:\/\/www.rendezvousbundesplatz.ch\/wp-content\/uploads\/2016\/02\/RVBP9937-1024x683.jpg 1024w, https:\/\/www.rendezvousbundesplatz.ch\/wp-content\/uploads\/2016\/02\/RVBP9937-968x645.jpg 968w, https:\/\/www.rendezvousbundesplatz.ch\/wp-content\/uploads\/2016\/02\/RVBP9937-636x424.jpg 636w, https:\/\/www.rendezvousbundesplatz.ch\/wp-content\/uploads\/2016\/02\/RVBP9937-320x213.jpg 320w, https:\/\/www.rendezvousbundesplatz.ch\/wp-content\/uploads\/2016\/02\/RVBP9937-239x159.jpg 239w\" sizes=\"auto, (max-width: 300px) 100vw, 300px\" \/><\/a>\n\t\t\t<\/dt><\/dl><dl class='gallery-item'>\n\t\t\t<dt class='gallery-icon landscape'>\n\t\t\t\t<a href='https:\/\/www.rendezvousbundesplatz.ch\/wp-content\/uploads\/2016\/02\/RVBP0004.jpg'><img loading=\"lazy\" decoding=\"async\" width=\"300\" height=\"200\" src=\"https:\/\/www.rendezvousbundesplatz.ch\/wp-content\/uploads\/2016\/02\/RVBP0004-300x200.jpg\" class=\"attachment-medium size-medium\" alt=\"\" srcset=\"https:\/\/www.rendezvousbundesplatz.ch\/wp-content\/uploads\/2016\/02\/RVBP0004-300x200.jpg 300w, https:\/\/www.rendezvousbundesplatz.ch\/wp-content\/uploads\/2016\/02\/RVBP0004-768x512.jpg 768w, https:\/\/www.rendezvousbundesplatz.ch\/wp-content\/uploads\/2016\/02\/RVBP0004-1024x683.jpg 1024w, https:\/\/www.rendezvousbundesplatz.ch\/wp-content\/uploads\/2016\/02\/RVBP0004-968x645.jpg 968w, https:\/\/www.rendezvousbundesplatz.ch\/wp-content\/uploads\/2016\/02\/RVBP0004-636x424.jpg 636w, https:\/\/www.rendezvousbundesplatz.ch\/wp-content\/uploads\/2016\/02\/RVBP0004-320x213.jpg 320w, https:\/\/www.rendezvousbundesplatz.ch\/wp-content\/uploads\/2016\/02\/RVBP0004-239x159.jpg 239w\" sizes=\"auto, (max-width: 300px) 100vw, 300px\" \/><\/a>\n\t\t\t<\/dt><\/dl><dl class='gallery-item'>\n\t\t\t<dt class='gallery-icon landscape'>\n\t\t\t\t<a href='https:\/\/www.rendezvousbundesplatz.ch\/wp-content\/uploads\/2016\/02\/RVBP9970.jpg'><img loading=\"lazy\" decoding=\"async\" width=\"300\" height=\"200\" src=\"https:\/\/www.rendezvousbundesplatz.ch\/wp-content\/uploads\/2016\/02\/RVBP9970-300x200.jpg\" class=\"attachment-medium size-medium\" alt=\"\" srcset=\"https:\/\/www.rendezvousbundesplatz.ch\/wp-content\/uploads\/2016\/02\/RVBP9970-300x200.jpg 300w, https:\/\/www.rendezvousbundesplatz.ch\/wp-content\/uploads\/2016\/02\/RVBP9970-768x512.jpg 768w, https:\/\/www.rendezvousbundesplatz.ch\/wp-content\/uploads\/2016\/02\/RVBP9970-1024x683.jpg 1024w, https:\/\/www.rendezvousbundesplatz.ch\/wp-content\/uploads\/2016\/02\/RVBP9970-968x645.jpg 968w, https:\/\/www.rendezvousbundesplatz.ch\/wp-content\/uploads\/2016\/02\/RVBP9970-636x424.jpg 636w, https:\/\/www.rendezvousbundesplatz.ch\/wp-content\/uploads\/2016\/02\/RVBP9970-320x213.jpg 320w, https:\/\/www.rendezvousbundesplatz.ch\/wp-content\/uploads\/2016\/02\/RVBP9970-239x159.jpg 239w\" sizes=\"auto, (max-width: 300px) 100vw, 300px\" \/><\/a>\n\t\t\t<\/dt><\/dl><br style=\"clear: both\" \/>\n\t\t<\/div>\n\n<p>[\/vc_column_text][\/vc_column][\/vc_row][vc_row css_animation=&#8221;&#8221; row_type=&#8221;row&#8221; use_row_as_full_screen_section=&#8221;no&#8221; type=&#8221;full_width&#8221; angled_section=&#8221;no&#8221; text_align=&#8221;left&#8221; background_image_as_pattern=&#8221;without_pattern&#8221;][vc_column][vc_empty_space][\/vc_column][\/vc_row]<\/p>\n<\/div>","protected":false},"excerpt":{"rendered":"<p>[vc_row css_animation=&#8221;&#8221; row_type=&#8221;row&#8221; use_row_as_full_screen_section=&#8221;no&#8221; type=&#8221;full_width&#8221; angled_section=&#8221;no&#8221; text_align=&#8221;left&#8221; background_image_as_pattern=&#8221;without_pattern&#8221;][vc_column width=&#8221;1\/2&#8243;][vc_empty_space][vc_column_text] Story La storia comincia all\u2019inizio dei tempi, quando la Terra era ancora una sfera di fuoco incandescente. Lentamente il giovane pianeta assume la sua forma per effetto di impatti tuonanti con le comete, improvvise ere glaciali&#8230;<\/p>\n","protected":false},"author":2,"featured_media":0,"parent":0,"menu_order":0,"comment_status":"closed","ping_status":"closed","template":"","meta":{"footnotes":""},"class_list":["post-8439","page","type-page","status-publish","hentry"],"yoast_head":"<!-- This site is optimized with the Yoast SEO plugin v27.0 - https:\/\/yoast.com\/product\/yoast-seo-wordpress\/ -->\n<title>Lo spettacolo 2015 - Rendez-vous Bundesplatz<\/title>\n<meta name=\"robots\" content=\"index, follow, max-snippet:-1, max-image-preview:large, max-video-preview:-1\" \/>\n<link rel=\"canonical\" href=\"https:\/\/www.rendezvousbundesplatz.ch\/it\/lo-spettacolo-2015\/\" \/>\n<meta property=\"og:locale\" content=\"it_IT\" \/>\n<meta property=\"og:type\" content=\"article\" \/>\n<meta property=\"og:title\" content=\"Lo spettacolo 2015 - Rendez-vous Bundesplatz\" \/>\n<meta property=\"og:description\" content=\"[vc_row css_animation=&#8221;&#8221; row_type=&#8221;row&#8221; use_row_as_full_screen_section=&#8221;no&#8221; type=&#8221;full_width&#8221; angled_section=&#8221;no&#8221; text_align=&#8221;left&#8221; background_image_as_pattern=&#8221;without_pattern&#8221;][vc_column width=&#8221;1\/2&#8243;][vc_empty_space][vc_column_text] Story La storia comincia all\u2019inizio dei tempi, quando la Terra era ancora una sfera di fuoco incandescente. Lentamente il giovane pianeta assume la sua forma per effetto di impatti tuonanti con le comete, improvvise ere glaciali...\" \/>\n<meta property=\"og:url\" content=\"https:\/\/www.rendezvousbundesplatz.ch\/it\/lo-spettacolo-2015\/\" \/>\n<meta property=\"og:site_name\" content=\"Rendez-vous Bundesplatz\" \/>\n<meta property=\"article:modified_time\" content=\"2019-02-01T10:04:39+00:00\" \/>\n<meta name=\"twitter:label1\" content=\"Tempo di lettura stimato\" \/>\n\t<meta name=\"twitter:data1\" content=\"2 minuti\" \/>\n<script type=\"application\/ld+json\" class=\"yoast-schema-graph\">{\"@context\":\"https:\/\/schema.org\",\"@graph\":[{\"@type\":\"WebPage\",\"@id\":\"https:\/\/www.rendezvousbundesplatz.ch\/it\/lo-spettacolo-2015\/\",\"url\":\"https:\/\/www.rendezvousbundesplatz.ch\/it\/lo-spettacolo-2015\/\",\"name\":\"Lo spettacolo 2015 - Rendez-vous Bundesplatz\",\"isPartOf\":{\"@id\":\"https:\/\/www.rendezvousbundesplatz.ch\/#website\"},\"datePublished\":\"2015-08-28T08:33:15+00:00\",\"dateModified\":\"2019-02-01T10:04:39+00:00\",\"breadcrumb\":{\"@id\":\"https:\/\/www.rendezvousbundesplatz.ch\/it\/lo-spettacolo-2015\/#breadcrumb\"},\"inLanguage\":\"it-IT\",\"potentialAction\":[{\"@type\":\"ReadAction\",\"target\":[\"https:\/\/www.rendezvousbundesplatz.ch\/it\/lo-spettacolo-2015\/\"]}]},{\"@type\":\"BreadcrumbList\",\"@id\":\"https:\/\/www.rendezvousbundesplatz.ch\/it\/lo-spettacolo-2015\/#breadcrumb\",\"itemListElement\":[{\"@type\":\"ListItem\",\"position\":1,\"name\":\"Home\",\"item\":\"https:\/\/www.rendezvousbundesplatz.ch\/it\/benvenuti\/\"},{\"@type\":\"ListItem\",\"position\":2,\"name\":\"Lo spettacolo 2015\"}]},{\"@type\":\"WebSite\",\"@id\":\"https:\/\/www.rendezvousbundesplatz.ch\/#website\",\"url\":\"https:\/\/www.rendezvousbundesplatz.ch\/\",\"name\":\"Rendez-vous Bundesplatz\",\"description\":\"Dal 17 ottobre al 21 novembre 2026\",\"potentialAction\":[{\"@type\":\"SearchAction\",\"target\":{\"@type\":\"EntryPoint\",\"urlTemplate\":\"https:\/\/www.rendezvousbundesplatz.ch\/?s={search_term_string}\"},\"query-input\":{\"@type\":\"PropertyValueSpecification\",\"valueRequired\":true,\"valueName\":\"search_term_string\"}}],\"inLanguage\":\"it-IT\"}]}<\/script>\n<!-- \/ Yoast SEO plugin. -->","yoast_head_json":{"title":"Lo spettacolo 2015 - Rendez-vous Bundesplatz","robots":{"index":"index","follow":"follow","max-snippet":"max-snippet:-1","max-image-preview":"max-image-preview:large","max-video-preview":"max-video-preview:-1"},"canonical":"https:\/\/www.rendezvousbundesplatz.ch\/it\/lo-spettacolo-2015\/","og_locale":"it_IT","og_type":"article","og_title":"Lo spettacolo 2015 - Rendez-vous Bundesplatz","og_description":"[vc_row css_animation=&#8221;&#8221; row_type=&#8221;row&#8221; use_row_as_full_screen_section=&#8221;no&#8221; type=&#8221;full_width&#8221; angled_section=&#8221;no&#8221; text_align=&#8221;left&#8221; background_image_as_pattern=&#8221;without_pattern&#8221;][vc_column width=&#8221;1\/2&#8243;][vc_empty_space][vc_column_text] Story La storia comincia all\u2019inizio dei tempi, quando la Terra era ancora una sfera di fuoco incandescente. Lentamente il giovane pianeta assume la sua forma per effetto di impatti tuonanti con le comete, improvvise ere glaciali...","og_url":"https:\/\/www.rendezvousbundesplatz.ch\/it\/lo-spettacolo-2015\/","og_site_name":"Rendez-vous Bundesplatz","article_modified_time":"2019-02-01T10:04:39+00:00","twitter_misc":{"Tempo di lettura stimato":"2 minuti"},"schema":{"@context":"https:\/\/schema.org","@graph":[{"@type":"WebPage","@id":"https:\/\/www.rendezvousbundesplatz.ch\/it\/lo-spettacolo-2015\/","url":"https:\/\/www.rendezvousbundesplatz.ch\/it\/lo-spettacolo-2015\/","name":"Lo spettacolo 2015 - Rendez-vous Bundesplatz","isPartOf":{"@id":"https:\/\/www.rendezvousbundesplatz.ch\/#website"},"datePublished":"2015-08-28T08:33:15+00:00","dateModified":"2019-02-01T10:04:39+00:00","breadcrumb":{"@id":"https:\/\/www.rendezvousbundesplatz.ch\/it\/lo-spettacolo-2015\/#breadcrumb"},"inLanguage":"it-IT","potentialAction":[{"@type":"ReadAction","target":["https:\/\/www.rendezvousbundesplatz.ch\/it\/lo-spettacolo-2015\/"]}]},{"@type":"BreadcrumbList","@id":"https:\/\/www.rendezvousbundesplatz.ch\/it\/lo-spettacolo-2015\/#breadcrumb","itemListElement":[{"@type":"ListItem","position":1,"name":"Home","item":"https:\/\/www.rendezvousbundesplatz.ch\/it\/benvenuti\/"},{"@type":"ListItem","position":2,"name":"Lo spettacolo 2015"}]},{"@type":"WebSite","@id":"https:\/\/www.rendezvousbundesplatz.ch\/#website","url":"https:\/\/www.rendezvousbundesplatz.ch\/","name":"Rendez-vous Bundesplatz","description":"Dal 17 ottobre al 21 novembre 2026","potentialAction":[{"@type":"SearchAction","target":{"@type":"EntryPoint","urlTemplate":"https:\/\/www.rendezvousbundesplatz.ch\/?s={search_term_string}"},"query-input":{"@type":"PropertyValueSpecification","valueRequired":true,"valueName":"search_term_string"}}],"inLanguage":"it-IT"}]}},"_links":{"self":[{"href":"https:\/\/www.rendezvousbundesplatz.ch\/it\/wp-json\/wp\/v2\/pages\/8439","targetHints":{"allow":["GET"]}}],"collection":[{"href":"https:\/\/www.rendezvousbundesplatz.ch\/it\/wp-json\/wp\/v2\/pages"}],"about":[{"href":"https:\/\/www.rendezvousbundesplatz.ch\/it\/wp-json\/wp\/v2\/types\/page"}],"author":[{"embeddable":true,"href":"https:\/\/www.rendezvousbundesplatz.ch\/it\/wp-json\/wp\/v2\/users\/2"}],"replies":[{"embeddable":true,"href":"https:\/\/www.rendezvousbundesplatz.ch\/it\/wp-json\/wp\/v2\/comments?post=8439"}],"version-history":[{"count":0,"href":"https:\/\/www.rendezvousbundesplatz.ch\/it\/wp-json\/wp\/v2\/pages\/8439\/revisions"}],"wp:attachment":[{"href":"https:\/\/www.rendezvousbundesplatz.ch\/it\/wp-json\/wp\/v2\/media?parent=8439"}],"curies":[{"name":"wp","href":"https:\/\/api.w.org\/{rel}","templated":true}]}}