{"id":8441,"date":"2016-06-23T10:17:04","date_gmt":"2016-06-23T08:17:04","guid":{"rendered":"http:\/\/rvb.wpengine.com\/it\/das-spektakel-2016\/"},"modified":"2026-08-19T14:13:31","modified_gmt":"2026-08-19T12:13:31","slug":"lo-spettacolo-2016","status":"publish","type":"page","link":"https:\/\/www.rendezvousbundesplatz.ch\/it\/lo-spettacolo-2016\/","title":{"rendered":"Lo spettacolo 2016"},"content":{"rendered":"<div class=\"wpb-content-wrapper\"><p>[vc_row row_type=&#8221;row&#8221; use_row_as_full_screen_section=&#8221;no&#8221; type=&#8221;full_width&#8221; angled_section=&#8221;no&#8221; text_align=&#8221;left&#8221; background_image_as_pattern=&#8221;without_pattern&#8221;][vc_column width=&#8221;1\/2&#8243;][vc_empty_space height=&#8221;14px&#8221;][vc_column_text]<\/p>\n<h2>Spettacolo 2016: \u00ab Tutti Fratelli \u00bb<\/h2>\n<p><strong>Ed ecco che la facciata del Palazzo federale riprende vita: l\u2019eccezionale spettacolo di luci e suoni di Starlight Events quest\u2019anno \u00e8 dedicato alla Croce Rossa Svizzera (CRS). La sua storia, i suoi principi \u2013 in occasione del suo 150\u00b0 anniversario.<\/strong><\/p>\n<p>La croce rossa e la croce bianca sono strettamente legate l\u2019una all\u2019altra: la CRS fa parte della Svizzera. Tutto quello che la Croce Rossa Svizzera incarna e fa sul territorio nazionale e all\u2019estero rientra tra i valori principali della Svizzera.<\/p>\n<p>Quest\u2019anno si celebrano i 150 anni della CRS &#8211; e tutta la Svizzera festeggia. Anche nel cuore della Citt\u00e0 federale, per due volte ogni sera, alle ore 19.00 e alle 20.30 e <strong>ORA anche: gioved\u00ec, venerd\u00ec e sabato con uno spettacolo supplementare alle ore 21.30.<\/strong><\/p>\n<p>Appuntamento in Piazza Federale \u00e8 dedicato, nella sua sesta edizione, alla splendida storia della CRS e quindi anche ad aspetti importanti della storia del nostro paese. Proietteremo sulla facciata del Palazzo federale immagini toccanti e commoventi \u2013 e guarderemo oltre.<\/p>\n<p>Anche quest\u2019anno vi aspetta uno spettacolo di luci e suoni davvero unico. E anche questa volta si tratta di una produzione svizzera. Starlight Events collabora nuovamente con il collettivo di artisti \u00ab Projektil \u00bb di Zurigo e con il partner tecnico \u00ab Auviso \u00bb di Kriens.<\/p>\n<p>A met\u00e0 agosto ne sapremo di pi\u00f9. E anche voi.<br \/>\nSar\u00e0 una splendida esperienza![\/vc_column_text][vc_empty_space][\/vc_column][vc_column width=&#8221;1\/2&#8243;][vc_empty_space][vc_video link=&#8221;https:\/\/www.youtube.com\/watch?v=KgNqkyqUj-8&#8243; align=&#8221;center&#8221;][vc_empty_space][vc_column_text]<a href=\"https:\/\/www.youtube.com\/watch?v=Qq3FWsqMntE\" target=\"_blank\" rel=\"noopener\">Lo spettacolo 2017 (Trailer)<\/a>[\/vc_column_text][\/vc_column][\/vc_row][vc_row][vc_column][vc_column_text]<\/p>\n<p>[\/vc_column_text][\/vc_column][\/vc_row][vc_row row_type=&#8221;row&#8221; use_row_as_full_screen_section=&#8221;yes&#8221; type=&#8221;grid&#8221; angled_section=&#8221;no&#8221; text_align=&#8221;left&#8221; background_image_as_pattern=&#8221;without_pattern&#8221;][vc_column width=&#8221;1\/3&#8243;][vc_single_image image=&#8221;11420&#8243; img_size=&#8221;full&#8221; alignment=&#8221;center&#8221; style=&#8221;vc_box_border_grey&#8221;][vc_empty_space][\/vc_column][vc_column width=&#8221;1\/3&#8243;][vc_single_image image=&#8221;11423&#8243; img_size=&#8221;full&#8221; alignment=&#8221;center&#8221; style=&#8221;vc_box_border_grey&#8221;][vc_empty_space][\/vc_column][vc_column width=&#8221;1\/3&#8243;][vc_single_image image=&#8221;11435&#8243; img_size=&#8221;full&#8221; alignment=&#8221;center&#8221; style=&#8221;vc_box_border_grey&#8221;][vc_empty_space][\/vc_column][\/vc_row][vc_row][vc_column][vc_column_text]<br \/>\n[\/vc_column_text][\/vc_column][\/vc_row][vc_row row_type=&#8221;row&#8221; use_row_as_full_screen_section=&#8221;yes&#8221; type=&#8221;grid&#8221; angled_section=&#8221;no&#8221; text_align=&#8221;left&#8221; background_image_as_pattern=&#8221;without_pattern&#8221;][vc_column width=&#8221;1\/3&#8243;][vc_single_image image=&#8221;11417&#8243; img_size=&#8221;full&#8221; alignment=&#8221;center&#8221; style=&#8221;vc_box_border_grey&#8221;][vc_empty_space][\/vc_column][vc_column width=&#8221;1\/3&#8243;][vc_single_image image=&#8221;11414&#8243; img_size=&#8221;full&#8221; alignment=&#8221;center&#8221; style=&#8221;vc_box_border_grey&#8221;][vc_empty_space][\/vc_column][vc_column width=&#8221;1\/3&#8243;][vc_single_image image=&#8221;11426&#8243; img_size=&#8221;full&#8221; alignment=&#8221;center&#8221; style=&#8221;vc_box_border_grey&#8221;][vc_empty_space][\/vc_column][\/vc_row][vc_row][vc_column][vc_column_text]<br \/>\n[\/vc_column_text][\/vc_column][\/vc_row][vc_row row_type=&#8221;row&#8221; use_row_as_full_screen_section=&#8221;yes&#8221; type=&#8221;grid&#8221; angled_section=&#8221;no&#8221; text_align=&#8221;left&#8221; background_image_as_pattern=&#8221;without_pattern&#8221;][vc_column width=&#8221;1\/3&#8243;][vc_single_image image=&#8221;11429&#8243; img_size=&#8221;full&#8221; alignment=&#8221;center&#8221; style=&#8221;vc_box_border_grey&#8221;][vc_empty_space][\/vc_column][vc_column width=&#8221;1\/3&#8243;][vc_single_image image=&#8221;11411&#8243; img_size=&#8221;full&#8221; alignment=&#8221;center&#8221; style=&#8221;vc_box_border_grey&#8221;][vc_empty_space][\/vc_column][vc_column width=&#8221;1\/3&#8243;][vc_single_image image=&#8221;11408&#8243; img_size=&#8221;full&#8221; alignment=&#8221;center&#8221; style=&#8221;vc_box_border_grey&#8221;][vc_empty_space][\/vc_column][\/vc_row][vc_row][vc_column][vc_column_text]<br \/>\n[\/vc_column_text][\/vc_column][\/vc_row][vc_row row_type=&#8221;row&#8221; use_row_as_full_screen_section=&#8221;yes&#8221; type=&#8221;grid&#8221; angled_section=&#8221;no&#8221; text_align=&#8221;left&#8221; background_image_as_pattern=&#8221;without_pattern&#8221;][vc_column width=&#8221;1\/3&#8243;][vc_single_image image=&#8221;11405&#8243; img_size=&#8221;full&#8221; alignment=&#8221;center&#8221; style=&#8221;vc_box_border_grey&#8221;][vc_empty_space][\/vc_column][vc_column width=&#8221;1\/3&#8243;][vc_single_image image=&#8221;11402&#8243; img_size=&#8221;full&#8221; alignment=&#8221;center&#8221; style=&#8221;vc_box_border_grey&#8221;][vc_empty_space][\/vc_column][vc_column width=&#8221;1\/3&#8243;][vc_single_image image=&#8221;11399&#8243; img_size=&#8221;full&#8221; alignment=&#8221;center&#8221; style=&#8221;vc_box_border_grey&#8221;][vc_empty_space][\/vc_column][\/vc_row]<\/p>\n<\/div>","protected":false},"excerpt":{"rendered":"<p>[vc_row row_type=&#8221;row&#8221; use_row_as_full_screen_section=&#8221;no&#8221; type=&#8221;full_width&#8221; angled_section=&#8221;no&#8221; text_align=&#8221;left&#8221; background_image_as_pattern=&#8221;without_pattern&#8221;][vc_column width=&#8221;1\/2&#8243;][vc_empty_space height=&#8221;14px&#8221;][vc_column_text] Spettacolo 2016: \u00ab Tutti Fratelli \u00bb Ed ecco che la facciata del Palazzo federale riprende vita: l\u2019eccezionale spettacolo di luci e suoni di Starlight Events quest\u2019anno \u00e8 dedicato alla Croce Rossa Svizzera (CRS). La sua storia, i suoi principi \u2013 in occasione del suo 150\u00b0 anniversario. [&hellip;]<\/p>\n","protected":false},"author":2,"featured_media":0,"parent":0,"menu_order":0,"comment_status":"closed","ping_status":"closed","template":"","meta":{"_acf_changed":false,"footnotes":""},"class_list":["post-8441","page","type-page","status-publish","hentry"],"acf":[],"yoast_head":"<!-- This site is optimized with the Yoast SEO plugin v28.3 - https:\/\/yoast.com\/product\/yoast-seo-wordpress\/ -->\n<title>Lo spettacolo 2016 - Rendez-vous Bundesplatz<\/title>\n<meta name=\"robots\" content=\"index, follow, max-snippet:-1, max-image-preview:large, max-video-preview:-1\" \/>\n<link rel=\"canonical\" href=\"https:\/\/www.rendezvousbundesplatz.ch\/it\/lo-spettacolo-2016\/\" \/>\n<meta property=\"og:locale\" content=\"it_IT\" \/>\n<meta property=\"og:type\" content=\"article\" \/>\n<meta property=\"og:title\" content=\"Lo spettacolo 2016 - Rendez-vous Bundesplatz\" \/>\n<meta property=\"og:description\" content=\"[vc_row row_type=&#8221;row&#8221; use_row_as_full_screen_section=&#8221;no&#8221; type=&#8221;full_width&#8221; angled_section=&#8221;no&#8221; text_align=&#8221;left&#8221; background_image_as_pattern=&#8221;without_pattern&#8221;][vc_column width=&#8221;1\/2&#8243;][vc_empty_space height=&#8221;14px&#8221;][vc_column_text] Spettacolo 2016: \u00ab Tutti Fratelli \u00bb Ed ecco che la facciata del Palazzo federale riprende vita: l\u2019eccezionale spettacolo di luci e suoni di Starlight Events quest\u2019anno \u00e8 dedicato alla Croce Rossa Svizzera (CRS). La sua storia, i suoi principi \u2013 in occasione del suo 150\u00b0 anniversario. [&hellip;]\" \/>\n<meta property=\"og:url\" content=\"https:\/\/www.rendezvousbundesplatz.ch\/it\/lo-spettacolo-2016\/\" \/>\n<meta property=\"og:site_name\" content=\"Rendez-vous Bundesplatz\" \/>\n<meta property=\"article:modified_time\" content=\"2026-08-19T12:13:31+00:00\" \/>\n<meta name=\"twitter:label1\" content=\"Tempo di lettura stimato\" \/>\n\t<meta name=\"twitter:data1\" content=\"4 minuti\" \/>\n<script type=\"application\/ld+json\" class=\"yoast-schema-graph\">{\"@context\":\"https:\\\/\\\/schema.org\",\"@graph\":[{\"@type\":\"WebPage\",\"@id\":\"https:\\\/\\\/www.rendezvousbundesplatz.ch\\\/it\\\/lo-spettacolo-2016\\\/\",\"url\":\"https:\\\/\\\/www.rendezvousbundesplatz.ch\\\/it\\\/lo-spettacolo-2016\\\/\",\"name\":\"Lo spettacolo 2016 - Rendez-vous Bundesplatz\",\"isPartOf\":{\"@id\":\"https:\\\/\\\/www.rendezvousbundesplatz.ch\\\/#website\"},\"datePublished\":\"2016-06-23T08:17:04+00:00\",\"dateModified\":\"2026-08-19T12:13:31+00:00\",\"breadcrumb\":{\"@id\":\"https:\\\/\\\/www.rendezvousbundesplatz.ch\\\/it\\\/lo-spettacolo-2016\\\/#breadcrumb\"},\"inLanguage\":\"it-IT\",\"potentialAction\":[{\"@type\":\"ReadAction\",\"target\":[\"https:\\\/\\\/www.rendezvousbundesplatz.ch\\\/it\\\/lo-spettacolo-2016\\\/\"]}]},{\"@type\":\"BreadcrumbList\",\"@id\":\"https:\\\/\\\/www.rendezvousbundesplatz.ch\\\/it\\\/lo-spettacolo-2016\\\/#breadcrumb\",\"itemListElement\":[{\"@type\":\"ListItem\",\"position\":1,\"name\":\"Home\",\"item\":\"https:\\\/\\\/www.rendezvousbundesplatz.ch\\\/it\\\/benvenuti-2\\\/\"},{\"@type\":\"ListItem\",\"position\":2,\"name\":\"Lo spettacolo 2016\"}]},{\"@type\":\"WebSite\",\"@id\":\"https:\\\/\\\/www.rendezvousbundesplatz.ch\\\/#website\",\"url\":\"https:\\\/\\\/www.rendezvousbundesplatz.ch\\\/\",\"name\":\"Rendez-vous Bundesplatz\",\"description\":\"Dal 17 ottobre al 21 novembre 2026\",\"publisher\":{\"@id\":\"https:\\\/\\\/www.rendezvousbundesplatz.ch\\\/#organization\"},\"potentialAction\":[{\"@type\":\"SearchAction\",\"target\":{\"@type\":\"EntryPoint\",\"urlTemplate\":\"https:\\\/\\\/www.rendezvousbundesplatz.ch\\\/?s={search_term_string}\"},\"query-input\":{\"@type\":\"PropertyValueSpecification\",\"valueRequired\":true,\"valueName\":\"search_term_string\"}}],\"inLanguage\":\"it-IT\"},{\"@type\":\"Organization\",\"@id\":\"https:\\\/\\\/www.rendezvousbundesplatz.ch\\\/#organization\",\"name\":\"Rendez-vous Bundesplatz\",\"url\":\"https:\\\/\\\/www.rendezvousbundesplatz.ch\\\/\",\"logo\":{\"@type\":\"ImageObject\",\"inLanguage\":\"it-IT\",\"@id\":\"https:\\\/\\\/www.rendezvousbundesplatz.ch\\\/#\\\/schema\\\/logo\\\/image\\\/\",\"url\":\"https:\\\/\\\/www.rendezvousbundesplatz.ch\\\/wp-content\\\/uploads\\\/2016\\\/05\\\/logo_rvb_neg_os.png\",\"contentUrl\":\"https:\\\/\\\/www.rendezvousbundesplatz.ch\\\/wp-content\\\/uploads\\\/2016\\\/05\\\/logo_rvb_neg_os.png\",\"width\":824,\"height\":381,\"caption\":\"Rendez-vous Bundesplatz\"},\"image\":{\"@id\":\"https:\\\/\\\/www.rendezvousbundesplatz.ch\\\/#\\\/schema\\\/logo\\\/image\\\/\"}}]}<\/script>\n<!-- \/ Yoast SEO plugin. -->","yoast_head_json":{"title":"Lo spettacolo 2016 - Rendez-vous Bundesplatz","robots":{"index":"index","follow":"follow","max-snippet":"max-snippet:-1","max-image-preview":"max-image-preview:large","max-video-preview":"max-video-preview:-1"},"canonical":"https:\/\/www.rendezvousbundesplatz.ch\/it\/lo-spettacolo-2016\/","og_locale":"it_IT","og_type":"article","og_title":"Lo spettacolo 2016 - Rendez-vous Bundesplatz","og_description":"[vc_row row_type=&#8221;row&#8221; use_row_as_full_screen_section=&#8221;no&#8221; type=&#8221;full_width&#8221; angled_section=&#8221;no&#8221; text_align=&#8221;left&#8221; background_image_as_pattern=&#8221;without_pattern&#8221;][vc_column width=&#8221;1\/2&#8243;][vc_empty_space height=&#8221;14px&#8221;][vc_column_text] Spettacolo 2016: \u00ab Tutti Fratelli \u00bb Ed ecco che la facciata del Palazzo federale riprende vita: l\u2019eccezionale spettacolo di luci e suoni di Starlight Events quest\u2019anno \u00e8 dedicato alla Croce Rossa Svizzera (CRS). La sua storia, i suoi principi \u2013 in occasione del suo 150\u00b0 anniversario. [&hellip;]","og_url":"https:\/\/www.rendezvousbundesplatz.ch\/it\/lo-spettacolo-2016\/","og_site_name":"Rendez-vous Bundesplatz","article_modified_time":"2026-08-19T12:13:31+00:00","twitter_misc":{"Tempo di lettura stimato":"4 minuti"},"schema":{"@context":"https:\/\/schema.org","@graph":[{"@type":"WebPage","@id":"https:\/\/www.rendezvousbundesplatz.ch\/it\/lo-spettacolo-2016\/","url":"https:\/\/www.rendezvousbundesplatz.ch\/it\/lo-spettacolo-2016\/","name":"Lo spettacolo 2016 - Rendez-vous Bundesplatz","isPartOf":{"@id":"https:\/\/www.rendezvousbundesplatz.ch\/#website"},"datePublished":"2016-06-23T08:17:04+00:00","dateModified":"2026-08-19T12:13:31+00:00","breadcrumb":{"@id":"https:\/\/www.rendezvousbundesplatz.ch\/it\/lo-spettacolo-2016\/#breadcrumb"},"inLanguage":"it-IT","potentialAction":[{"@type":"ReadAction","target":["https:\/\/www.rendezvousbundesplatz.ch\/it\/lo-spettacolo-2016\/"]}]},{"@type":"BreadcrumbList","@id":"https:\/\/www.rendezvousbundesplatz.ch\/it\/lo-spettacolo-2016\/#breadcrumb","itemListElement":[{"@type":"ListItem","position":1,"name":"Home","item":"https:\/\/www.rendezvousbundesplatz.ch\/it\/benvenuti-2\/"},{"@type":"ListItem","position":2,"name":"Lo spettacolo 2016"}]},{"@type":"WebSite","@id":"https:\/\/www.rendezvousbundesplatz.ch\/#website","url":"https:\/\/www.rendezvousbundesplatz.ch\/","name":"Rendez-vous Bundesplatz","description":"Dal 17 ottobre al 21 novembre 2026","publisher":{"@id":"https:\/\/www.rendezvousbundesplatz.ch\/#organization"},"potentialAction":[{"@type":"SearchAction","target":{"@type":"EntryPoint","urlTemplate":"https:\/\/www.rendezvousbundesplatz.ch\/?s={search_term_string}"},"query-input":{"@type":"PropertyValueSpecification","valueRequired":true,"valueName":"search_term_string"}}],"inLanguage":"it-IT"},{"@type":"Organization","@id":"https:\/\/www.rendezvousbundesplatz.ch\/#organization","name":"Rendez-vous Bundesplatz","url":"https:\/\/www.rendezvousbundesplatz.ch\/","logo":{"@type":"ImageObject","inLanguage":"it-IT","@id":"https:\/\/www.rendezvousbundesplatz.ch\/#\/schema\/logo\/image\/","url":"https:\/\/www.rendezvousbundesplatz.ch\/wp-content\/uploads\/2016\/05\/logo_rvb_neg_os.png","contentUrl":"https:\/\/www.rendezvousbundesplatz.ch\/wp-content\/uploads\/2016\/05\/logo_rvb_neg_os.png","width":824,"height":381,"caption":"Rendez-vous Bundesplatz"},"image":{"@id":"https:\/\/www.rendezvousbundesplatz.ch\/#\/schema\/logo\/image\/"}}]}},"_links":{"self":[{"href":"https:\/\/www.rendezvousbundesplatz.ch\/it\/wp-json\/wp\/v2\/pages\/8441","targetHints":{"allow":["GET"]}}],"collection":[{"href":"https:\/\/www.rendezvousbundesplatz.ch\/it\/wp-json\/wp\/v2\/pages"}],"about":[{"href":"https:\/\/www.rendezvousbundesplatz.ch\/it\/wp-json\/wp\/v2\/types\/page"}],"author":[{"embeddable":true,"href":"https:\/\/www.rendezvousbundesplatz.ch\/it\/wp-json\/wp\/v2\/users\/2"}],"replies":[{"embeddable":true,"href":"https:\/\/www.rendezvousbundesplatz.ch\/it\/wp-json\/wp\/v2\/comments?post=8441"}],"version-history":[{"count":2,"href":"https:\/\/www.rendezvousbundesplatz.ch\/it\/wp-json\/wp\/v2\/pages\/8441\/revisions"}],"predecessor-version":[{"id":20824,"href":"https:\/\/www.rendezvousbundesplatz.ch\/it\/wp-json\/wp\/v2\/pages\/8441\/revisions\/20824"}],"wp:attachment":[{"href":"https:\/\/www.rendezvousbundesplatz.ch\/it\/wp-json\/wp\/v2\/media?parent=8441"}],"curies":[{"name":"wp","href":"https:\/\/api.w.org\/{rel}","templated":true}]}}